{"id":97800,"date":"2025-10-27T09:25:32","date_gmt":"2025-10-27T08:25:32","guid":{"rendered":"https:\/\/www.editorialjuventud.es\/herois-de-lhospital-al-rescat-9788426149589\/"},"modified":"2026-04-29T10:15:10","modified_gmt":"2026-04-29T08:15:10","slug":"herois-de-lhospital-al-rescat-9788426149589","status":"publish","type":"product","link":"https:\/\/www.editorialjuventud.es\/ca\/herois-de-lhospital-al-rescat-9788426149589\/","title":{"rendered":"Herois de l&#8217;hospital al rescat!"},"content":{"rendered":"<p>Comen\u00e7a una nova jornada a Vall Alegre! \u00c9s el dia abans de la Gran Desfilada, on actuar\u00e0 el magn\u00edfic L\u00e8mur orquestra, i Vall Alegre s&#8217;est\u00e0 preparant; per\u00f2, alerta! Riiing-riiing, niiinoo- niiinooo, sonen els tel\u00e8fons i les alarmes, i les ambul\u00e0ncies surten ben r\u00e0pidament a buscar el pacient. Oh, no! \u00c9s el L\u00e8mur, qu\u00e8 passar\u00e0 ara amb la Gran Desfilada?<br \/>\nEn aquesta segona entrega de la s\u00e8rie Vall Alegre en acci\u00f3, seguim tot l&#8217;equip m\u00e8dic de l&#8217;hospital, i a trav\u00e9s d&#8217;il\u00b7lustracions ben riques de detalls, coneixerem tot el material, les eines, el vestuari i les infraestructures que utilitza el personal sanitari amb un fil narratiu que fa que avanci la hist\u00f2ria. De nou, el llibre disposa d&#8217;unes p\u00e0gines interactives al final.<\/p>\n","protected":false},"excerpt":{"rendered":"Comen\u00e7a una nova jornada a Vall Alegre! \u00c9s el dia abans de la Gran Desfilada, on actuar\u00e0 el magn\u00edfic L\u00e8mur orquestra, i Vall Alegre s&#8217;est\u00e0 preparant; per\u00f2, alerta! Riiing-riiing, niiinoo- niiinooo, sonen els tel\u00e8fons i les alarmes, i les ambul\u00e0ncies [&hellip;]","protected":false},"featured_media":97801,"template":"","meta":{"_acf_changed":false,"_exactmetrics_skip_tracking":false,"_exactmetrics_sitenote_active":false,"_exactmetrics_sitenote_note":"","_exactmetrics_sitenote_category":0},"product_brand":[],"product_cat":[900,1121,1138,1156,909,1177,1215,1227,910],"product_tag":[],"coleccion":[917,915,946],"class_list":{"0":"post-97800","1":"product","2":"type-product","3":"status-publish","4":"has-post-thumbnail","6":"product_cat-a-partir-de-5-anos","7":"product_cat-albumes-ilustrados","8":"product_cat-animales","9":"product_cat-cooperacion","10":"product_cat-este-mes","11":"product_cat-funcionamiento-de-las-cosas","12":"product_cat-profesiones-trabajo","13":"product_cat-transportes","14":"product_cat-ultimas-novedades","15":"coleccion-albums-illustrats","16":"coleccion-catala","17":"coleccion-com-i-per-que","19":"first","20":"instock","21":"taxable","22":"shipping-taxable","23":"purchasable","24":"product-type-simple"},"acf":{"autor":"Alley, R.W.","codart":"4958","ediciones":"1","encuadernacion":"Carton\u00e9","fecha_de_publicacion":"01\/11\/2025","novedad":"0","paginas":"40","subtitulo":"","texto_web_adicional":"","texto_web_novedad":"","orden":"999","portada":"0","texto_web_resaltado":"","autores-libros":[79899],"traductores-libros":[58414],"descripcion_corta":"","recomendamos":"","mas_vendido":"","indice":"","ilustradores-libros":"","idioma-libro":"","fecha_de_reimpresion":"","color":false,"formato":"","mas_informacion_del_producto":false,"premios":false,"deshabilitar_compra":[],"texto_enlace_cubierta":"","enlace_cubierta":false,"texto_enlace_ficha_tecnica":"","enlace_ficha_tecnica":{"ID":99416,"id":99416,"title":"Herois de l'hospital al rescat_CAT","filename":"Herois-de-lhospital-al-rescat_CAT.pdf","filesize":2865682,"url":"https:\/\/www.editorialjuventud.es\/wp-content\/uploads\/Herois-de-lhospital-al-rescat_CAT.pdf","link":"https:\/\/www.editorialjuventud.es\/ca\/?attachment_id=99416","alt":"","author":"1519","description":"","caption":"","name":"herois-de-lhospital-al-rescat_cat","status":"inherit","uploaded_to":97803,"date":"2025-11-03 11:49:46","modified":"2025-11-03 11:49:46","menu_order":0,"mime_type":"application\/pdf","type":"application","subtype":"pdf","icon":"https:\/\/www.editorialjuventud.es\/wp-includes\/images\/media\/document.png"},"ficheros":false,"titulo-fr":"","texto-fr":""},"yoast_head":"<!-- This site is optimized with the Yoast SEO plugin v27.3 - https:\/\/yoast.com\/product\/yoast-seo-wordpress\/ -->\n<title>Herois de l&#039;hospital al rescat! - Editorial Juventud<\/title>\n<meta name=\"description\" content=\"Comen\u00e7a una nova jornada a Vall Alegre! \u00c9s el dia abans de la Gran Desfilada, on actuar\u00e0 el magn\u00edfic L\u00e8mur orquestra, i Vall Alegre s&#039;est\u00e0 preparant;\" \/>\n<meta name=\"robots\" content=\"index, follow, max-snippet:-1, max-image-preview:large, max-video-preview:-1\" \/>\n<link rel=\"canonical\" href=\"https:\/\/www.editorialjuventud.es\/herois-de-lhospital-al-rescat-9788426149589\/\" \/>\n<meta property=\"og:locale\" content=\"ca_ES\" \/>\n<meta property=\"og:type\" content=\"article\" \/>\n<meta property=\"og:title\" content=\"Herois de l&#039;hospital al rescat! - Editorial Juventud\" \/>\n<meta property=\"og:description\" content=\"Comen\u00e7a una nova jornada a Vall Alegre! \u00c9s el dia abans de la Gran Desfilada, on actuar\u00e0 el magn\u00edfic L\u00e8mur orquestra, i Vall Alegre s&#039;est\u00e0 preparant;\" \/>\n<meta property=\"og:url\" content=\"https:\/\/www.editorialjuventud.es\/herois-de-lhospital-al-rescat-9788426149589\/\" \/>\n<meta property=\"og:site_name\" content=\"Editorial Juventud\" \/>\n<meta property=\"article:modified_time\" content=\"2026-04-29T08:15:10+00:00\" \/>\n<meta property=\"og:image\" content=\"https:\/\/www.editorialjuventud.es\/wp-content\/uploads\/9788426149589.jpg\" \/>\n\t<meta property=\"og:image:width\" content=\"1528\" \/>\n\t<meta property=\"og:image:height\" content=\"2000\" \/>\n\t<meta property=\"og:image:type\" content=\"image\/jpeg\" \/>\n<meta name=\"twitter:card\" content=\"summary_large_image\" \/>\n<meta name=\"twitter:label1\" content=\"Temps estimat de lectura\" \/>\n\t<meta name=\"twitter:data1\" content=\"1 minut\" \/>\n<script type=\"application\/ld+json\" class=\"yoast-schema-graph\">{\"@context\":\"https:\\\/\\\/schema.org\",\"@graph\":[{\"@type\":\"WebPage\",\"@id\":\"https:\\\/\\\/www.editorialjuventud.es\\\/herois-de-lhospital-al-rescat-9788426149589\\\/\",\"url\":\"https:\\\/\\\/www.editorialjuventud.es\\\/herois-de-lhospital-al-rescat-9788426149589\\\/\",\"name\":\"Herois de l'hospital al rescat! - Editorial Juventud\",\"isPartOf\":{\"@id\":\"https:\\\/\\\/www.editorialjuventud.es\\\/#website\"},\"primaryImageOfPage\":{\"@id\":\"https:\\\/\\\/www.editorialjuventud.es\\\/herois-de-lhospital-al-rescat-9788426149589\\\/#primaryimage\"},\"image\":{\"@id\":\"https:\\\/\\\/www.editorialjuventud.es\\\/herois-de-lhospital-al-rescat-9788426149589\\\/#primaryimage\"},\"thumbnailUrl\":\"https:\\\/\\\/www.editorialjuventud.es\\\/wp-content\\\/uploads\\\/9788426149589.jpg\",\"datePublished\":\"2025-10-27T08:25:32+00:00\",\"dateModified\":\"2026-04-29T08:15:10+00:00\",\"description\":\"Comen\u00e7a una nova jornada a Vall Alegre! \u00c9s el dia abans de la Gran Desfilada, on actuar\u00e0 el magn\u00edfic L\u00e8mur orquestra, i Vall Alegre s'est\u00e0 preparant;\",\"breadcrumb\":{\"@id\":\"https:\\\/\\\/www.editorialjuventud.es\\\/herois-de-lhospital-al-rescat-9788426149589\\\/#breadcrumb\"},\"inLanguage\":\"ca\",\"potentialAction\":[{\"@type\":\"ReadAction\",\"target\":[\"https:\\\/\\\/www.editorialjuventud.es\\\/herois-de-lhospital-al-rescat-9788426149589\\\/\"]}]},{\"@type\":\"ImageObject\",\"inLanguage\":\"ca\",\"@id\":\"https:\\\/\\\/www.editorialjuventud.es\\\/herois-de-lhospital-al-rescat-9788426149589\\\/#primaryimage\",\"url\":\"https:\\\/\\\/www.editorialjuventud.es\\\/wp-content\\\/uploads\\\/9788426149589.jpg\",\"contentUrl\":\"https:\\\/\\\/www.editorialjuventud.es\\\/wp-content\\\/uploads\\\/9788426149589.jpg\",\"width\":1528,\"height\":2000,\"caption\":\"9788426149589.jpg\"},{\"@type\":\"BreadcrumbList\",\"@id\":\"https:\\\/\\\/www.editorialjuventud.es\\\/herois-de-lhospital-al-rescat-9788426149589\\\/#breadcrumb\",\"itemListElement\":[{\"@type\":\"ListItem\",\"position\":1,\"name\":\"Portada\",\"item\":\"https:\\\/\\\/www.editorialjuventud.es\\\/\"},{\"@type\":\"ListItem\",\"position\":2,\"name\":\"cat\u00e1logo\",\"item\":\"https:\\\/\\\/www.editorialjuventud.es\\\/coleccion\\\/catalogo\\\/\"},{\"@type\":\"ListItem\",\"position\":3,\"name\":\"catal\u00e0\",\"item\":\"https:\\\/\\\/www.editorialjuventud.es\\\/coleccion\\\/catala\\\/\"},{\"@type\":\"ListItem\",\"position\":4,\"name\":\"\u00c0lbums Il\u00b7lustrats\",\"item\":\"https:\\\/\\\/www.editorialjuventud.es\\\/coleccion\\\/albums-il%c2%b7lustrats\\\/\"},{\"@type\":\"ListItem\",\"position\":5,\"name\":\"Com i Per qu\u00e8\",\"item\":\"https:\\\/\\\/www.editorialjuventud.es\\\/coleccion\\\/com-i-per-que\\\/\"},{\"@type\":\"ListItem\",\"position\":6,\"name\":\"Herois de l'hospital al rescat!\"}]},{\"@type\":\"WebSite\",\"@id\":\"https:\\\/\\\/www.editorialjuventud.es\\\/#website\",\"url\":\"https:\\\/\\\/www.editorialjuventud.es\\\/\",\"name\":\"Editorial Juventud\",\"description\":\"\",\"potentialAction\":[{\"@type\":\"SearchAction\",\"target\":{\"@type\":\"EntryPoint\",\"urlTemplate\":\"https:\\\/\\\/www.editorialjuventud.es\\\/?s={search_term_string}\"},\"query-input\":{\"@type\":\"PropertyValueSpecification\",\"valueRequired\":true,\"valueName\":\"search_term_string\"}}],\"inLanguage\":\"ca\"}]}<\/script>\n<!-- \/ Yoast SEO plugin. -->","yoast_head_json":{"title":"Herois de l'hospital al rescat! - Editorial Juventud","description":"Comen\u00e7a una nova jornada a Vall Alegre! \u00c9s el dia abans de la Gran Desfilada, on actuar\u00e0 el magn\u00edfic L\u00e8mur orquestra, i Vall Alegre s'est\u00e0 preparant;","robots":{"index":"index","follow":"follow","max-snippet":"max-snippet:-1","max-image-preview":"max-image-preview:large","max-video-preview":"max-video-preview:-1"},"canonical":"https:\/\/www.editorialjuventud.es\/herois-de-lhospital-al-rescat-9788426149589\/","og_locale":"ca_ES","og_type":"article","og_title":"Herois de l'hospital al rescat! - Editorial Juventud","og_description":"Comen\u00e7a una nova jornada a Vall Alegre! \u00c9s el dia abans de la Gran Desfilada, on actuar\u00e0 el magn\u00edfic L\u00e8mur orquestra, i Vall Alegre s'est\u00e0 preparant;","og_url":"https:\/\/www.editorialjuventud.es\/herois-de-lhospital-al-rescat-9788426149589\/","og_site_name":"Editorial Juventud","article_modified_time":"2026-04-29T08:15:10+00:00","og_image":[{"width":1528,"height":2000,"url":"https:\/\/www.editorialjuventud.es\/wp-content\/uploads\/9788426149589.jpg","type":"image\/jpeg"}],"twitter_card":"summary_large_image","twitter_misc":{"Temps estimat de lectura":"1 minut"},"schema":{"@context":"https:\/\/schema.org","@graph":[{"@type":"WebPage","@id":"https:\/\/www.editorialjuventud.es\/herois-de-lhospital-al-rescat-9788426149589\/","url":"https:\/\/www.editorialjuventud.es\/herois-de-lhospital-al-rescat-9788426149589\/","name":"Herois de l'hospital al rescat! - Editorial Juventud","isPartOf":{"@id":"https:\/\/www.editorialjuventud.es\/#website"},"primaryImageOfPage":{"@id":"https:\/\/www.editorialjuventud.es\/herois-de-lhospital-al-rescat-9788426149589\/#primaryimage"},"image":{"@id":"https:\/\/www.editorialjuventud.es\/herois-de-lhospital-al-rescat-9788426149589\/#primaryimage"},"thumbnailUrl":"https:\/\/www.editorialjuventud.es\/wp-content\/uploads\/9788426149589.jpg","datePublished":"2025-10-27T08:25:32+00:00","dateModified":"2026-04-29T08:15:10+00:00","description":"Comen\u00e7a una nova jornada a Vall Alegre! \u00c9s el dia abans de la Gran Desfilada, on actuar\u00e0 el magn\u00edfic L\u00e8mur orquestra, i Vall Alegre s'est\u00e0 preparant;","breadcrumb":{"@id":"https:\/\/www.editorialjuventud.es\/herois-de-lhospital-al-rescat-9788426149589\/#breadcrumb"},"inLanguage":"ca","potentialAction":[{"@type":"ReadAction","target":["https:\/\/www.editorialjuventud.es\/herois-de-lhospital-al-rescat-9788426149589\/"]}]},{"@type":"ImageObject","inLanguage":"ca","@id":"https:\/\/www.editorialjuventud.es\/herois-de-lhospital-al-rescat-9788426149589\/#primaryimage","url":"https:\/\/www.editorialjuventud.es\/wp-content\/uploads\/9788426149589.jpg","contentUrl":"https:\/\/www.editorialjuventud.es\/wp-content\/uploads\/9788426149589.jpg","width":1528,"height":2000,"caption":"9788426149589.jpg"},{"@type":"BreadcrumbList","@id":"https:\/\/www.editorialjuventud.es\/herois-de-lhospital-al-rescat-9788426149589\/#breadcrumb","itemListElement":[{"@type":"ListItem","position":1,"name":"Portada","item":"https:\/\/www.editorialjuventud.es\/"},{"@type":"ListItem","position":2,"name":"cat\u00e1logo","item":"https:\/\/www.editorialjuventud.es\/coleccion\/catalogo\/"},{"@type":"ListItem","position":3,"name":"catal\u00e0","item":"https:\/\/www.editorialjuventud.es\/coleccion\/catala\/"},{"@type":"ListItem","position":4,"name":"\u00c0lbums Il\u00b7lustrats","item":"https:\/\/www.editorialjuventud.es\/coleccion\/albums-il%c2%b7lustrats\/"},{"@type":"ListItem","position":5,"name":"Com i Per qu\u00e8","item":"https:\/\/www.editorialjuventud.es\/coleccion\/com-i-per-que\/"},{"@type":"ListItem","position":6,"name":"Herois de l'hospital al rescat!"}]},{"@type":"WebSite","@id":"https:\/\/www.editorialjuventud.es\/#website","url":"https:\/\/www.editorialjuventud.es\/","name":"Editorial Juventud","description":"","potentialAction":[{"@type":"SearchAction","target":{"@type":"EntryPoint","urlTemplate":"https:\/\/www.editorialjuventud.es\/?s={search_term_string}"},"query-input":{"@type":"PropertyValueSpecification","valueRequired":true,"valueName":"search_term_string"}}],"inLanguage":"ca"}]}},"_links":{"self":[{"href":"https:\/\/www.editorialjuventud.es\/ca\/wp-json\/wp\/v2\/product\/97800","targetHints":{"allow":["GET"]}}],"collection":[{"href":"https:\/\/www.editorialjuventud.es\/ca\/wp-json\/wp\/v2\/product"}],"about":[{"href":"https:\/\/www.editorialjuventud.es\/ca\/wp-json\/wp\/v2\/types\/product"}],"wp:featuredmedia":[{"embeddable":true,"href":"https:\/\/www.editorialjuventud.es\/ca\/wp-json\/wp\/v2\/media\/97801"}],"wp:attachment":[{"href":"https:\/\/www.editorialjuventud.es\/ca\/wp-json\/wp\/v2\/media?parent=97800"}],"wp:term":[{"taxonomy":"product_brand","embeddable":true,"href":"https:\/\/www.editorialjuventud.es\/ca\/wp-json\/wp\/v2\/product_brand?post=97800"},{"taxonomy":"product_cat","embeddable":true,"href":"https:\/\/www.editorialjuventud.es\/ca\/wp-json\/wp\/v2\/product_cat?post=97800"},{"taxonomy":"product_tag","embeddable":true,"href":"https:\/\/www.editorialjuventud.es\/ca\/wp-json\/wp\/v2\/product_tag?post=97800"},{"taxonomy":"coleccion","embeddable":true,"href":"https:\/\/www.editorialjuventud.es\/ca\/wp-json\/wp\/v2\/coleccion?post=97800"}],"curies":[{"name":"wp","href":"https:\/\/api.w.org\/{rel}","templated":true}]}}