{"id":96943,"date":"2025-10-24T10:35:17","date_gmt":"2025-10-24T08:35:17","guid":{"rendered":"https:\/\/www.editorialjuventud.es\/belzi-el-sensebanyes-3-festa-en-flames-9788426149602\/"},"modified":"2026-04-29T11:35:07","modified_gmt":"2026-04-29T09:35:07","slug":"belzi-el-sensebanyes-3-festa-en-flames-9788426149602","status":"publish","type":"product","link":"https:\/\/www.editorialjuventud.es\/ca\/belzi-el-sensebanyes-3-festa-en-flames-9788426149602\/","title":{"rendered":"Belzi el sensebanyes 3. Festa en flames"},"content":{"rendered":"<p>Avui \u00e9s l&#8217;aniversari dels bessons Alex i Vera! Tenen una festa organitzada d&#8217;all\u00f2 m\u00e9s divertida, per\u00f2 sembla que el dia far\u00e0 un gir inesperat arran d&#8217;un regal molt i molt especial que els dona en Belzi. En aquesta tercera aventura, els nostres cadells d&#8217;hum\u00e0 i dimoniet preferits canvien d&#8217;escenari i viatgen a l&#8217;Inframon! All\u00e0 coneixeran l&#8217;h\u00e0bitat d&#8217;en Belzi, per\u00f2 s&#8217;hauran d&#8217;enfrontar a algun contratemps&#8230; Podran sortir-ne els humans? I m\u00e9s important&#8230; s&#8217;hi quedar\u00e0 en Belzi?<br \/>\n\u00c9s el tercer volum de la nostra primera s\u00e8rie de c\u00f2mic infantil de producci\u00f3 pr\u00f2pia, que enganxa tant a lectors com a prescriptors.<\/p>\n","protected":false},"excerpt":{"rendered":"Avui \u00e9s l&#8217;aniversari dels bessons Alex i Vera! Tenen una festa organitzada d&#8217;all\u00f2 m\u00e9s divertida, per\u00f2 sembla que el dia far\u00e0 un gir inesperat arran d&#8217;un regal molt i molt especial que els dona en Belzi. En aquesta tercera aventura, [&hellip;]","protected":false},"featured_media":96944,"template":"","meta":{"_acf_changed":false,"_exactmetrics_skip_tracking":false,"_exactmetrics_sitenote_active":false,"_exactmetrics_sitenote_note":"","_exactmetrics_sitenote_category":0},"product_brand":[],"product_cat":[902,1136,1142,1127,1284,1160,909,1182,910],"product_tag":[],"coleccion":[1368,915,922],"class_list":{"0":"post-96943","1":"product","2":"type-product","3":"status-publish","4":"has-post-thumbnail","6":"product_cat-a-partir-de-7-anos","7":"product_cat-amistad","8":"product_cat-aventura","9":"product_cat-comic","10":"product_cat-comic-tematica","11":"product_cat-cumpleanos","12":"product_cat-este-mes","13":"product_cat-hermanos","14":"product_cat-ultimas-novedades","15":"coleccion-belzi-el-sensebanyes","16":"coleccion-catala","17":"coleccion-joventut-comic","19":"first","20":"instock","21":"taxable","22":"shipping-taxable","23":"purchasable","24":"product-type-simple"},"acf":{"autor":"Brie, Gemma ; Richardson, Vincas","codart":"4960","ediciones":"1","encuadernacion":"Carton\u00e9","fecha_de_publicacion":"01\/11\/2025","novedad":"0","paginas":"144","subtitulo":"","texto_web_adicional":"","texto_web_novedad":"","orden":"999","portada":"0","texto_web_resaltado":"","autores-libros":[77887,77888],"ilustradores-libros":[77889],"descripcion_corta":"","recomendamos":"","mas_vendido":"","indice":"","traductores-libros":"","idioma-libro":"","fecha_de_reimpresion":"","color":false,"formato":"","mas_informacion_del_producto":false,"premios":false,"deshabilitar_compra":[],"texto_enlace_cubierta":"","enlace_cubierta":false,"texto_enlace_ficha_tecnica":"","enlace_ficha_tecnica":{"ID":99412,"id":99412,"title":"Belziel Sensebanyes 3_CAT","filename":"Belziel-Sensebanyes-3_CAT.pdf","filesize":1849835,"url":"https:\/\/www.editorialjuventud.es\/wp-content\/uploads\/Belziel-Sensebanyes-3_CAT.pdf","link":"https:\/\/www.editorialjuventud.es\/ca\/?attachment_id=99412","alt":"","author":"1519","description":"","caption":"","name":"belziel-sensebanyes-3_cat","status":"inherit","uploaded_to":97803,"date":"2025-11-03 11:49:40","modified":"2025-11-03 11:49:40","menu_order":0,"mime_type":"application\/pdf","type":"application","subtype":"pdf","icon":"https:\/\/www.editorialjuventud.es\/wp-includes\/images\/media\/document.png"},"ficheros":false,"titulo-fr":"","texto-fr":""},"yoast_head":"<!-- This site is optimized with the Yoast SEO plugin v27.3 - https:\/\/yoast.com\/product\/yoast-seo-wordpress\/ -->\n<title>Belzi el sensebanyes 3. Festa en flames - Editorial Juventud<\/title>\n<meta name=\"description\" content=\"Avui \u00e9s l&#039;aniversari dels bessons Alex i Vera! Tenen una festa organitzada d&#039;all\u00f2 m\u00e9s divertida, per\u00f2 sembla que el dia far\u00e0 un gir inesperat arran d&#039;un\" \/>\n<meta name=\"robots\" content=\"index, follow, max-snippet:-1, max-image-preview:large, max-video-preview:-1\" \/>\n<link rel=\"canonical\" href=\"https:\/\/www.editorialjuventud.es\/belzi-el-sensebanyes-3-festa-en-flames-9788426149602\/\" \/>\n<meta property=\"og:locale\" content=\"ca_ES\" \/>\n<meta property=\"og:type\" content=\"article\" \/>\n<meta property=\"og:title\" content=\"Belzi el sensebanyes 3. Festa en flames - Editorial Juventud\" \/>\n<meta property=\"og:description\" content=\"Avui \u00e9s l&#039;aniversari dels bessons Alex i Vera! Tenen una festa organitzada d&#039;all\u00f2 m\u00e9s divertida, per\u00f2 sembla que el dia far\u00e0 un gir inesperat arran d&#039;un\" \/>\n<meta property=\"og:url\" content=\"https:\/\/www.editorialjuventud.es\/belzi-el-sensebanyes-3-festa-en-flames-9788426149602\/\" \/>\n<meta property=\"og:site_name\" content=\"Editorial Juventud\" \/>\n<meta property=\"article:modified_time\" content=\"2026-04-29T09:35:07+00:00\" \/>\n<meta property=\"og:image\" content=\"https:\/\/www.editorialjuventud.es\/wp-content\/uploads\/9788426149602.jpg\" \/>\n\t<meta property=\"og:image:width\" content=\"1468\" \/>\n\t<meta property=\"og:image:height\" content=\"2000\" \/>\n\t<meta property=\"og:image:type\" content=\"image\/jpeg\" \/>\n<meta name=\"twitter:card\" content=\"summary_large_image\" \/>\n<meta name=\"twitter:label1\" content=\"Temps estimat de lectura\" \/>\n\t<meta name=\"twitter:data1\" content=\"1 minut\" \/>\n<script type=\"application\/ld+json\" class=\"yoast-schema-graph\">{\"@context\":\"https:\\\/\\\/schema.org\",\"@graph\":[{\"@type\":\"WebPage\",\"@id\":\"https:\\\/\\\/www.editorialjuventud.es\\\/belzi-el-sensebanyes-3-festa-en-flames-9788426149602\\\/\",\"url\":\"https:\\\/\\\/www.editorialjuventud.es\\\/belzi-el-sensebanyes-3-festa-en-flames-9788426149602\\\/\",\"name\":\"Belzi el sensebanyes 3. Festa en flames - Editorial Juventud\",\"isPartOf\":{\"@id\":\"https:\\\/\\\/www.editorialjuventud.es\\\/#website\"},\"primaryImageOfPage\":{\"@id\":\"https:\\\/\\\/www.editorialjuventud.es\\\/belzi-el-sensebanyes-3-festa-en-flames-9788426149602\\\/#primaryimage\"},\"image\":{\"@id\":\"https:\\\/\\\/www.editorialjuventud.es\\\/belzi-el-sensebanyes-3-festa-en-flames-9788426149602\\\/#primaryimage\"},\"thumbnailUrl\":\"https:\\\/\\\/www.editorialjuventud.es\\\/wp-content\\\/uploads\\\/9788426149602.jpg\",\"datePublished\":\"2025-10-24T08:35:17+00:00\",\"dateModified\":\"2026-04-29T09:35:07+00:00\",\"description\":\"Avui \u00e9s l'aniversari dels bessons Alex i Vera! Tenen una festa organitzada d'all\u00f2 m\u00e9s divertida, per\u00f2 sembla que el dia far\u00e0 un gir inesperat arran d'un\",\"breadcrumb\":{\"@id\":\"https:\\\/\\\/www.editorialjuventud.es\\\/belzi-el-sensebanyes-3-festa-en-flames-9788426149602\\\/#breadcrumb\"},\"inLanguage\":\"ca\",\"potentialAction\":[{\"@type\":\"ReadAction\",\"target\":[\"https:\\\/\\\/www.editorialjuventud.es\\\/belzi-el-sensebanyes-3-festa-en-flames-9788426149602\\\/\"]}]},{\"@type\":\"ImageObject\",\"inLanguage\":\"ca\",\"@id\":\"https:\\\/\\\/www.editorialjuventud.es\\\/belzi-el-sensebanyes-3-festa-en-flames-9788426149602\\\/#primaryimage\",\"url\":\"https:\\\/\\\/www.editorialjuventud.es\\\/wp-content\\\/uploads\\\/9788426149602.jpg\",\"contentUrl\":\"https:\\\/\\\/www.editorialjuventud.es\\\/wp-content\\\/uploads\\\/9788426149602.jpg\",\"width\":1468,\"height\":2000,\"caption\":\"9788426149602.jpg\"},{\"@type\":\"BreadcrumbList\",\"@id\":\"https:\\\/\\\/www.editorialjuventud.es\\\/belzi-el-sensebanyes-3-festa-en-flames-9788426149602\\\/#breadcrumb\",\"itemListElement\":[{\"@type\":\"ListItem\",\"position\":1,\"name\":\"Portada\",\"item\":\"https:\\\/\\\/www.editorialjuventud.es\\\/\"},{\"@type\":\"ListItem\",\"position\":2,\"name\":\"cat\u00e1logo\",\"item\":\"https:\\\/\\\/www.editorialjuventud.es\\\/coleccion\\\/catalogo\\\/\"},{\"@type\":\"ListItem\",\"position\":3,\"name\":\"catal\u00e0\",\"item\":\"https:\\\/\\\/www.editorialjuventud.es\\\/coleccion\\\/catala\\\/\"},{\"@type\":\"ListItem\",\"position\":4,\"name\":\"Joventut C\u00f2mic\",\"item\":\"https:\\\/\\\/www.editorialjuventud.es\\\/ca\\\/coleccion\\\/joventut-comic\\\/\"},{\"@type\":\"ListItem\",\"position\":5,\"name\":\"Belzi el Sensebanyes\",\"item\":\"https:\\\/\\\/www.editorialjuventud.es\\\/ca\\\/coleccion\\\/belzi-el-sensebanyes\\\/\"},{\"@type\":\"ListItem\",\"position\":6,\"name\":\"Belzi el sensebanyes 3. Festa en flames\"}]},{\"@type\":\"WebSite\",\"@id\":\"https:\\\/\\\/www.editorialjuventud.es\\\/#website\",\"url\":\"https:\\\/\\\/www.editorialjuventud.es\\\/\",\"name\":\"Editorial Juventud\",\"description\":\"\",\"potentialAction\":[{\"@type\":\"SearchAction\",\"target\":{\"@type\":\"EntryPoint\",\"urlTemplate\":\"https:\\\/\\\/www.editorialjuventud.es\\\/?s={search_term_string}\"},\"query-input\":{\"@type\":\"PropertyValueSpecification\",\"valueRequired\":true,\"valueName\":\"search_term_string\"}}],\"inLanguage\":\"ca\"}]}<\/script>\n<!-- \/ Yoast SEO plugin. -->","yoast_head_json":{"title":"Belzi el sensebanyes 3. Festa en flames - Editorial Juventud","description":"Avui \u00e9s l'aniversari dels bessons Alex i Vera! Tenen una festa organitzada d'all\u00f2 m\u00e9s divertida, per\u00f2 sembla que el dia far\u00e0 un gir inesperat arran d'un","robots":{"index":"index","follow":"follow","max-snippet":"max-snippet:-1","max-image-preview":"max-image-preview:large","max-video-preview":"max-video-preview:-1"},"canonical":"https:\/\/www.editorialjuventud.es\/belzi-el-sensebanyes-3-festa-en-flames-9788426149602\/","og_locale":"ca_ES","og_type":"article","og_title":"Belzi el sensebanyes 3. Festa en flames - Editorial Juventud","og_description":"Avui \u00e9s l'aniversari dels bessons Alex i Vera! Tenen una festa organitzada d'all\u00f2 m\u00e9s divertida, per\u00f2 sembla que el dia far\u00e0 un gir inesperat arran d'un","og_url":"https:\/\/www.editorialjuventud.es\/belzi-el-sensebanyes-3-festa-en-flames-9788426149602\/","og_site_name":"Editorial Juventud","article_modified_time":"2026-04-29T09:35:07+00:00","og_image":[{"width":1468,"height":2000,"url":"https:\/\/www.editorialjuventud.es\/wp-content\/uploads\/9788426149602.jpg","type":"image\/jpeg"}],"twitter_card":"summary_large_image","twitter_misc":{"Temps estimat de lectura":"1 minut"},"schema":{"@context":"https:\/\/schema.org","@graph":[{"@type":"WebPage","@id":"https:\/\/www.editorialjuventud.es\/belzi-el-sensebanyes-3-festa-en-flames-9788426149602\/","url":"https:\/\/www.editorialjuventud.es\/belzi-el-sensebanyes-3-festa-en-flames-9788426149602\/","name":"Belzi el sensebanyes 3. Festa en flames - Editorial Juventud","isPartOf":{"@id":"https:\/\/www.editorialjuventud.es\/#website"},"primaryImageOfPage":{"@id":"https:\/\/www.editorialjuventud.es\/belzi-el-sensebanyes-3-festa-en-flames-9788426149602\/#primaryimage"},"image":{"@id":"https:\/\/www.editorialjuventud.es\/belzi-el-sensebanyes-3-festa-en-flames-9788426149602\/#primaryimage"},"thumbnailUrl":"https:\/\/www.editorialjuventud.es\/wp-content\/uploads\/9788426149602.jpg","datePublished":"2025-10-24T08:35:17+00:00","dateModified":"2026-04-29T09:35:07+00:00","description":"Avui \u00e9s l'aniversari dels bessons Alex i Vera! Tenen una festa organitzada d'all\u00f2 m\u00e9s divertida, per\u00f2 sembla que el dia far\u00e0 un gir inesperat arran d'un","breadcrumb":{"@id":"https:\/\/www.editorialjuventud.es\/belzi-el-sensebanyes-3-festa-en-flames-9788426149602\/#breadcrumb"},"inLanguage":"ca","potentialAction":[{"@type":"ReadAction","target":["https:\/\/www.editorialjuventud.es\/belzi-el-sensebanyes-3-festa-en-flames-9788426149602\/"]}]},{"@type":"ImageObject","inLanguage":"ca","@id":"https:\/\/www.editorialjuventud.es\/belzi-el-sensebanyes-3-festa-en-flames-9788426149602\/#primaryimage","url":"https:\/\/www.editorialjuventud.es\/wp-content\/uploads\/9788426149602.jpg","contentUrl":"https:\/\/www.editorialjuventud.es\/wp-content\/uploads\/9788426149602.jpg","width":1468,"height":2000,"caption":"9788426149602.jpg"},{"@type":"BreadcrumbList","@id":"https:\/\/www.editorialjuventud.es\/belzi-el-sensebanyes-3-festa-en-flames-9788426149602\/#breadcrumb","itemListElement":[{"@type":"ListItem","position":1,"name":"Portada","item":"https:\/\/www.editorialjuventud.es\/"},{"@type":"ListItem","position":2,"name":"cat\u00e1logo","item":"https:\/\/www.editorialjuventud.es\/coleccion\/catalogo\/"},{"@type":"ListItem","position":3,"name":"catal\u00e0","item":"https:\/\/www.editorialjuventud.es\/coleccion\/catala\/"},{"@type":"ListItem","position":4,"name":"Joventut C\u00f2mic","item":"https:\/\/www.editorialjuventud.es\/ca\/coleccion\/joventut-comic\/"},{"@type":"ListItem","position":5,"name":"Belzi el Sensebanyes","item":"https:\/\/www.editorialjuventud.es\/ca\/coleccion\/belzi-el-sensebanyes\/"},{"@type":"ListItem","position":6,"name":"Belzi el sensebanyes 3. Festa en flames"}]},{"@type":"WebSite","@id":"https:\/\/www.editorialjuventud.es\/#website","url":"https:\/\/www.editorialjuventud.es\/","name":"Editorial Juventud","description":"","potentialAction":[{"@type":"SearchAction","target":{"@type":"EntryPoint","urlTemplate":"https:\/\/www.editorialjuventud.es\/?s={search_term_string}"},"query-input":{"@type":"PropertyValueSpecification","valueRequired":true,"valueName":"search_term_string"}}],"inLanguage":"ca"}]}},"_links":{"self":[{"href":"https:\/\/www.editorialjuventud.es\/ca\/wp-json\/wp\/v2\/product\/96943","targetHints":{"allow":["GET"]}}],"collection":[{"href":"https:\/\/www.editorialjuventud.es\/ca\/wp-json\/wp\/v2\/product"}],"about":[{"href":"https:\/\/www.editorialjuventud.es\/ca\/wp-json\/wp\/v2\/types\/product"}],"wp:featuredmedia":[{"embeddable":true,"href":"https:\/\/www.editorialjuventud.es\/ca\/wp-json\/wp\/v2\/media\/96944"}],"wp:attachment":[{"href":"https:\/\/www.editorialjuventud.es\/ca\/wp-json\/wp\/v2\/media?parent=96943"}],"wp:term":[{"taxonomy":"product_brand","embeddable":true,"href":"https:\/\/www.editorialjuventud.es\/ca\/wp-json\/wp\/v2\/product_brand?post=96943"},{"taxonomy":"product_cat","embeddable":true,"href":"https:\/\/www.editorialjuventud.es\/ca\/wp-json\/wp\/v2\/product_cat?post=96943"},{"taxonomy":"product_tag","embeddable":true,"href":"https:\/\/www.editorialjuventud.es\/ca\/wp-json\/wp\/v2\/product_tag?post=96943"},{"taxonomy":"coleccion","embeddable":true,"href":"https:\/\/www.editorialjuventud.es\/ca\/wp-json\/wp\/v2\/coleccion?post=96943"}],"curies":[{"name":"wp","href":"https:\/\/api.w.org\/{rel}","templated":true}]}}