{"id":96940,"date":"2025-10-24T10:35:06","date_gmt":"2025-10-24T08:35:06","guid":{"rendered":"https:\/\/www.editorialjuventud.es\/belzi-el-sin-cuernos-3-fiesta-en-llamas-9788426149596\/"},"modified":"2026-03-11T15:06:36","modified_gmt":"2026-03-11T14:06:36","slug":"belzi-el-sincuernos-3-fiesta-en-llamas-9788426149596","status":"publish","type":"product","link":"https:\/\/www.editorialjuventud.es\/ca\/belzi-el-sincuernos-3-fiesta-en-llamas-9788426149596\/","title":{"rendered":"Belzi el Sincuernos 3. Fiesta en llamas"},"content":{"rendered":"<p>\u00a1Hoy es el cumplea\u00f1os de los gemelos Alex y Vera! Tienen una fiesta organizada de lo m\u00e1s divertida, pero el d\u00eda da un giro inesperado cuando Belzi les entrega su regalo de cumplea\u00f1os. En esta tercera aventura, \u00a1nuestros cachorros humanos y demonio favoritos, cambian de escenario y viajan al Inframundo! All\u00ed conocer\u00e1n el h\u00e1bitat natural de Belzi, y tendr\u00e1n que enfrentarse a alg\u00fan contratiempo. \u00bfPodr\u00e1n salir despu\u00e9s los humanos? Y a\u00fan m\u00e1s importante&#8230; \u00bfSe quedar\u00e1 all\u00ed Belzi?<br \/>\nEs el tercer volumen de nuestra primera serie de c\u00f3mics de producci\u00f3n propia, que atrapa tanto a lectores como a prescriptores.<\/p>\n","protected":false},"excerpt":{"rendered":"\u00a1Hoy es el cumplea\u00f1os de los gemelos Alex y Vera! Tienen una fiesta organizada de lo m\u00e1s divertida, pero el d\u00eda da un giro inesperado cuando Belzi les entrega su regalo de cumplea\u00f1os. En esta tercera aventura, \u00a1nuestros cachorros humanos [&hellip;]","protected":false},"featured_media":96941,"template":"","meta":{"_acf_changed":false,"_exactmetrics_skip_tracking":false,"_exactmetrics_sitenote_active":false,"_exactmetrics_sitenote_note":"","_exactmetrics_sitenote_category":0},"product_brand":[],"product_cat":[902,1136,1142,1127,1284,1160,909,1182,910],"product_tag":[],"coleccion":[916,935],"class_list":{"0":"post-96940","1":"product","2":"type-product","3":"status-publish","4":"has-post-thumbnail","6":"product_cat-a-partir-de-7-anos","7":"product_cat-amistad","8":"product_cat-aventura","9":"product_cat-comic","10":"product_cat-comic-tematica","11":"product_cat-cumpleanos","12":"product_cat-este-mes","13":"product_cat-hermanos","14":"product_cat-ultimas-novedades","15":"coleccion-castellano","16":"coleccion-juventud-comic","18":"first","19":"instock","20":"taxable","21":"shipping-taxable","22":"purchasable","23":"product-type-simple"},"acf":{"autor":"Brie, Gemma ; Richardson, Vincas","codart":"4959","ediciones":"1","encuadernacion":"Carton\u00e9","fecha_de_publicacion":"01\/11\/2025","novedad":"0","paginas":"144","subtitulo":"","texto_web_adicional":"","texto_web_novedad":"","orden":"999","portada":"0","texto_web_resaltado":"","autores-libros":[77887,77888],"ilustradores-libros":[77889],"descripcion_corta":"","recomendamos":"","mas_vendido":"","indice":"","traductores-libros":"","idioma-libro":"","fecha_de_reimpresion":"","color":false,"formato":"","mas_informacion_del_producto":false,"premios":false,"deshabilitar_compra":[],"texto_enlace_cubierta":"","enlace_cubierta":false,"texto_enlace_ficha_tecnica":"","enlace_ficha_tecnica":{"ID":99410,"id":99410,"title":"Belzi el Sincuernos 3_ES","filename":"Belzi-el-Sincuernos-3_ES.pdf","filesize":1818469,"url":"https:\/\/www.editorialjuventud.es\/wp-content\/uploads\/Belzi-el-Sincuernos-3_ES.pdf","link":"https:\/\/www.editorialjuventud.es\/ca\/?attachment_id=99410","alt":"","author":"1519","description":"","caption":"","name":"belzi-el-sincuernos-3_es","status":"inherit","uploaded_to":97803,"date":"2025-11-03 11:49:37","modified":"2025-11-03 11:49:37","menu_order":0,"mime_type":"application\/pdf","type":"application","subtype":"pdf","icon":"https:\/\/www.editorialjuventud.es\/wp-includes\/images\/media\/document.png"},"ficheros":false,"titulo-fr":"Hornless Belzi: Party in flames (3)","texto-fr":"<p>Today is the most special day of the year: it\u2019s Alex and Vera\u2019s birthday! They have planned an incredible party, with music, hot dogs and even a wizard! Belzi has a present for them, which, accidentally, brings them to the Underworld&#8230; Will they be stuck forever? In this devilishly fun third book, we finally get to meet Belzi\u2019s natural (and very hot) habitat.<\/p>\n"},"yoast_head":"<!-- This site is optimized with the Yoast SEO plugin v27.3 - https:\/\/yoast.com\/product\/yoast-seo-wordpress\/ -->\n<title>Belzi el Sincuernos 3. Fiesta en llamas - Editorial Juventud<\/title>\n<meta name=\"description\" content=\"\u00a1Hoy es el cumplea\u00f1os de los gemelos Alex y Vera! Tienen una fiesta organizada de lo m\u00e1s divertida, pero el d\u00eda da un giro inesperado cuando Belzi les\" \/>\n<meta name=\"robots\" content=\"index, follow, max-snippet:-1, max-image-preview:large, max-video-preview:-1\" \/>\n<link rel=\"canonical\" href=\"https:\/\/www.editorialjuventud.es\/belzi-el-sincuernos-3-fiesta-en-llamas-9788426149596\/\" \/>\n<meta property=\"og:locale\" content=\"ca_ES\" \/>\n<meta property=\"og:type\" content=\"article\" \/>\n<meta property=\"og:title\" content=\"Belzi el Sincuernos 3. Fiesta en llamas - Editorial Juventud\" \/>\n<meta property=\"og:description\" content=\"\u00a1Hoy es el cumplea\u00f1os de los gemelos Alex y Vera! Tienen una fiesta organizada de lo m\u00e1s divertida, pero el d\u00eda da un giro inesperado cuando Belzi les\" \/>\n<meta property=\"og:url\" content=\"https:\/\/www.editorialjuventud.es\/belzi-el-sincuernos-3-fiesta-en-llamas-9788426149596\/\" \/>\n<meta property=\"og:site_name\" content=\"Editorial Juventud\" \/>\n<meta property=\"article:modified_time\" content=\"2026-03-11T14:06:36+00:00\" \/>\n<meta property=\"og:image\" content=\"https:\/\/www.editorialjuventud.es\/wp-content\/uploads\/9788426149596.jpg\" \/>\n\t<meta property=\"og:image:width\" content=\"1478\" \/>\n\t<meta property=\"og:image:height\" content=\"2000\" \/>\n\t<meta property=\"og:image:type\" content=\"image\/jpeg\" \/>\n<meta name=\"twitter:card\" content=\"summary_large_image\" \/>\n<meta name=\"twitter:label1\" content=\"Temps estimat de lectura\" \/>\n\t<meta name=\"twitter:data1\" content=\"1 minut\" \/>\n<script type=\"application\/ld+json\" class=\"yoast-schema-graph\">{\"@context\":\"https:\\\/\\\/schema.org\",\"@graph\":[{\"@type\":\"WebPage\",\"@id\":\"https:\\\/\\\/www.editorialjuventud.es\\\/belzi-el-sincuernos-3-fiesta-en-llamas-9788426149596\\\/\",\"url\":\"https:\\\/\\\/www.editorialjuventud.es\\\/belzi-el-sincuernos-3-fiesta-en-llamas-9788426149596\\\/\",\"name\":\"Belzi el Sincuernos 3. Fiesta en llamas - Editorial Juventud\",\"isPartOf\":{\"@id\":\"https:\\\/\\\/www.editorialjuventud.es\\\/#website\"},\"primaryImageOfPage\":{\"@id\":\"https:\\\/\\\/www.editorialjuventud.es\\\/belzi-el-sincuernos-3-fiesta-en-llamas-9788426149596\\\/#primaryimage\"},\"image\":{\"@id\":\"https:\\\/\\\/www.editorialjuventud.es\\\/belzi-el-sincuernos-3-fiesta-en-llamas-9788426149596\\\/#primaryimage\"},\"thumbnailUrl\":\"https:\\\/\\\/www.editorialjuventud.es\\\/wp-content\\\/uploads\\\/9788426149596.jpg\",\"datePublished\":\"2025-10-24T08:35:06+00:00\",\"dateModified\":\"2026-03-11T14:06:36+00:00\",\"description\":\"\u00a1Hoy es el cumplea\u00f1os de los gemelos Alex y Vera! Tienen una fiesta organizada de lo m\u00e1s divertida, pero el d\u00eda da un giro inesperado cuando Belzi les\",\"breadcrumb\":{\"@id\":\"https:\\\/\\\/www.editorialjuventud.es\\\/belzi-el-sincuernos-3-fiesta-en-llamas-9788426149596\\\/#breadcrumb\"},\"inLanguage\":\"ca\",\"potentialAction\":[{\"@type\":\"ReadAction\",\"target\":[\"https:\\\/\\\/www.editorialjuventud.es\\\/belzi-el-sincuernos-3-fiesta-en-llamas-9788426149596\\\/\"]}]},{\"@type\":\"ImageObject\",\"inLanguage\":\"ca\",\"@id\":\"https:\\\/\\\/www.editorialjuventud.es\\\/belzi-el-sincuernos-3-fiesta-en-llamas-9788426149596\\\/#primaryimage\",\"url\":\"https:\\\/\\\/www.editorialjuventud.es\\\/wp-content\\\/uploads\\\/9788426149596.jpg\",\"contentUrl\":\"https:\\\/\\\/www.editorialjuventud.es\\\/wp-content\\\/uploads\\\/9788426149596.jpg\",\"width\":1478,\"height\":2000,\"caption\":\"9788426149596.jpg\"},{\"@type\":\"BreadcrumbList\",\"@id\":\"https:\\\/\\\/www.editorialjuventud.es\\\/belzi-el-sincuernos-3-fiesta-en-llamas-9788426149596\\\/#breadcrumb\",\"itemListElement\":[{\"@type\":\"ListItem\",\"position\":1,\"name\":\"Portada\",\"item\":\"https:\\\/\\\/www.editorialjuventud.es\\\/\"},{\"@type\":\"ListItem\",\"position\":2,\"name\":\"cat\u00e1logo\",\"item\":\"https:\\\/\\\/www.editorialjuventud.es\\\/coleccion\\\/catalogo\\\/\"},{\"@type\":\"ListItem\",\"position\":3,\"name\":\"castellano\",\"item\":\"https:\\\/\\\/www.editorialjuventud.es\\\/coleccion\\\/castellano\\\/\"},{\"@type\":\"ListItem\",\"position\":4,\"name\":\"Juventud C\u00f3mic\",\"item\":\"https:\\\/\\\/www.editorialjuventud.es\\\/coleccion\\\/juventud-comic\\\/\"},{\"@type\":\"ListItem\",\"position\":5,\"name\":\"Belzi el Sincuernos 3. Fiesta en llamas\"}]},{\"@type\":\"WebSite\",\"@id\":\"https:\\\/\\\/www.editorialjuventud.es\\\/#website\",\"url\":\"https:\\\/\\\/www.editorialjuventud.es\\\/\",\"name\":\"Editorial Juventud\",\"description\":\"\",\"potentialAction\":[{\"@type\":\"SearchAction\",\"target\":{\"@type\":\"EntryPoint\",\"urlTemplate\":\"https:\\\/\\\/www.editorialjuventud.es\\\/?s={search_term_string}\"},\"query-input\":{\"@type\":\"PropertyValueSpecification\",\"valueRequired\":true,\"valueName\":\"search_term_string\"}}],\"inLanguage\":\"ca\"}]}<\/script>\n<!-- \/ Yoast SEO plugin. -->","yoast_head_json":{"title":"Belzi el Sincuernos 3. Fiesta en llamas - Editorial Juventud","description":"\u00a1Hoy es el cumplea\u00f1os de los gemelos Alex y Vera! Tienen una fiesta organizada de lo m\u00e1s divertida, pero el d\u00eda da un giro inesperado cuando Belzi les","robots":{"index":"index","follow":"follow","max-snippet":"max-snippet:-1","max-image-preview":"max-image-preview:large","max-video-preview":"max-video-preview:-1"},"canonical":"https:\/\/www.editorialjuventud.es\/belzi-el-sincuernos-3-fiesta-en-llamas-9788426149596\/","og_locale":"ca_ES","og_type":"article","og_title":"Belzi el Sincuernos 3. Fiesta en llamas - Editorial Juventud","og_description":"\u00a1Hoy es el cumplea\u00f1os de los gemelos Alex y Vera! Tienen una fiesta organizada de lo m\u00e1s divertida, pero el d\u00eda da un giro inesperado cuando Belzi les","og_url":"https:\/\/www.editorialjuventud.es\/belzi-el-sincuernos-3-fiesta-en-llamas-9788426149596\/","og_site_name":"Editorial Juventud","article_modified_time":"2026-03-11T14:06:36+00:00","og_image":[{"width":1478,"height":2000,"url":"https:\/\/www.editorialjuventud.es\/wp-content\/uploads\/9788426149596.jpg","type":"image\/jpeg"}],"twitter_card":"summary_large_image","twitter_misc":{"Temps estimat de lectura":"1 minut"},"schema":{"@context":"https:\/\/schema.org","@graph":[{"@type":"WebPage","@id":"https:\/\/www.editorialjuventud.es\/belzi-el-sincuernos-3-fiesta-en-llamas-9788426149596\/","url":"https:\/\/www.editorialjuventud.es\/belzi-el-sincuernos-3-fiesta-en-llamas-9788426149596\/","name":"Belzi el Sincuernos 3. Fiesta en llamas - Editorial Juventud","isPartOf":{"@id":"https:\/\/www.editorialjuventud.es\/#website"},"primaryImageOfPage":{"@id":"https:\/\/www.editorialjuventud.es\/belzi-el-sincuernos-3-fiesta-en-llamas-9788426149596\/#primaryimage"},"image":{"@id":"https:\/\/www.editorialjuventud.es\/belzi-el-sincuernos-3-fiesta-en-llamas-9788426149596\/#primaryimage"},"thumbnailUrl":"https:\/\/www.editorialjuventud.es\/wp-content\/uploads\/9788426149596.jpg","datePublished":"2025-10-24T08:35:06+00:00","dateModified":"2026-03-11T14:06:36+00:00","description":"\u00a1Hoy es el cumplea\u00f1os de los gemelos Alex y Vera! Tienen una fiesta organizada de lo m\u00e1s divertida, pero el d\u00eda da un giro inesperado cuando Belzi les","breadcrumb":{"@id":"https:\/\/www.editorialjuventud.es\/belzi-el-sincuernos-3-fiesta-en-llamas-9788426149596\/#breadcrumb"},"inLanguage":"ca","potentialAction":[{"@type":"ReadAction","target":["https:\/\/www.editorialjuventud.es\/belzi-el-sincuernos-3-fiesta-en-llamas-9788426149596\/"]}]},{"@type":"ImageObject","inLanguage":"ca","@id":"https:\/\/www.editorialjuventud.es\/belzi-el-sincuernos-3-fiesta-en-llamas-9788426149596\/#primaryimage","url":"https:\/\/www.editorialjuventud.es\/wp-content\/uploads\/9788426149596.jpg","contentUrl":"https:\/\/www.editorialjuventud.es\/wp-content\/uploads\/9788426149596.jpg","width":1478,"height":2000,"caption":"9788426149596.jpg"},{"@type":"BreadcrumbList","@id":"https:\/\/www.editorialjuventud.es\/belzi-el-sincuernos-3-fiesta-en-llamas-9788426149596\/#breadcrumb","itemListElement":[{"@type":"ListItem","position":1,"name":"Portada","item":"https:\/\/www.editorialjuventud.es\/"},{"@type":"ListItem","position":2,"name":"cat\u00e1logo","item":"https:\/\/www.editorialjuventud.es\/coleccion\/catalogo\/"},{"@type":"ListItem","position":3,"name":"castellano","item":"https:\/\/www.editorialjuventud.es\/coleccion\/castellano\/"},{"@type":"ListItem","position":4,"name":"Juventud C\u00f3mic","item":"https:\/\/www.editorialjuventud.es\/coleccion\/juventud-comic\/"},{"@type":"ListItem","position":5,"name":"Belzi el Sincuernos 3. Fiesta en llamas"}]},{"@type":"WebSite","@id":"https:\/\/www.editorialjuventud.es\/#website","url":"https:\/\/www.editorialjuventud.es\/","name":"Editorial Juventud","description":"","potentialAction":[{"@type":"SearchAction","target":{"@type":"EntryPoint","urlTemplate":"https:\/\/www.editorialjuventud.es\/?s={search_term_string}"},"query-input":{"@type":"PropertyValueSpecification","valueRequired":true,"valueName":"search_term_string"}}],"inLanguage":"ca"}]}},"_links":{"self":[{"href":"https:\/\/www.editorialjuventud.es\/ca\/wp-json\/wp\/v2\/product\/96940","targetHints":{"allow":["GET"]}}],"collection":[{"href":"https:\/\/www.editorialjuventud.es\/ca\/wp-json\/wp\/v2\/product"}],"about":[{"href":"https:\/\/www.editorialjuventud.es\/ca\/wp-json\/wp\/v2\/types\/product"}],"wp:featuredmedia":[{"embeddable":true,"href":"https:\/\/www.editorialjuventud.es\/ca\/wp-json\/wp\/v2\/media\/96941"}],"wp:attachment":[{"href":"https:\/\/www.editorialjuventud.es\/ca\/wp-json\/wp\/v2\/media?parent=96940"}],"wp:term":[{"taxonomy":"product_brand","embeddable":true,"href":"https:\/\/www.editorialjuventud.es\/ca\/wp-json\/wp\/v2\/product_brand?post=96940"},{"taxonomy":"product_cat","embeddable":true,"href":"https:\/\/www.editorialjuventud.es\/ca\/wp-json\/wp\/v2\/product_cat?post=96940"},{"taxonomy":"product_tag","embeddable":true,"href":"https:\/\/www.editorialjuventud.es\/ca\/wp-json\/wp\/v2\/product_tag?post=96940"},{"taxonomy":"coleccion","embeddable":true,"href":"https:\/\/www.editorialjuventud.es\/ca\/wp-json\/wp\/v2\/coleccion?post=96940"}],"curies":[{"name":"wp","href":"https:\/\/api.w.org\/{rel}","templated":true}]}}