{"id":92204,"date":"2025-09-26T09:45:21","date_gmt":"2025-09-26T07:45:21","guid":{"rendered":"https:\/\/www.editorialjuventud.es\/las-aventuras-de-tintin-volumen-1-9788426149428\/"},"modified":"2025-12-19T09:01:40","modified_gmt":"2025-12-19T08:01:40","slug":"las-aventuras-de-tintin-volumen-1-9788426149428","status":"publish","type":"product","link":"https:\/\/www.editorialjuventud.es\/ca\/las-aventuras-de-tintin-volumen-1-9788426149428\/","title":{"rendered":"Las aventuras de Tint\u00edn. Volumen 1"},"content":{"rendered":"<p>En esta primera aventura, que se empez\u00f3 a publicar por tiras en el suplemento para ni\u00f1os del peri\u00f3dico belga Le Vingti\u00e8me Si\u00e8cle, Herg\u00e9 empieza a dibujar al que ser\u00e1 el reportero m\u00e1s famoso de todos los tiempos: Tint\u00edn. Para su primer viaje, lo env\u00eda al pa\u00eds de los soviets, con una voluntad por parte del peri\u00f3dico de propaganda anticomunista, de la que a\u00f1os m\u00e1s tarde, Herg\u00e9 se arrepiente. Al volver de la antigua Uni\u00f3n Sovi\u00e9tica, Herg\u00e9 recibe el encargo de enviar al joven reportero al Congo, entonces una colonia belga, y el c\u00f3mic resultante es una excelente representaci\u00f3n de la visi\u00f3n que ten\u00edan en aquel momento los europeos de \u00c1frica. En la tercera aventura dentro de este tomo, a Tint\u00edn le toca cambiar de continente y viajar a Am\u00e9rica del Norte, donde tendr\u00e1 que afrontar al terrible sindicato de g\u00e1nsteres de Chicago, entre los cuales est\u00e1 el famos\u00edsimo Al Capone. Herg\u00e9 quiso mostrar lo m\u00e1ximo posible de Am\u00e9rica, como los paisajes diversos, las grandes ciudades e industrias, la prohibici\u00f3n de las bebidas alcoh\u00f3licas, y la espoliaci\u00f3n de los indios piel roja, denunciando la forma en la que fueron ahuyentados de sus tierras cuando se encontr\u00f3 petr\u00f3leo en estas.<br \/>\nEste es el primer volumen de una nueva edici\u00f3n conmemorativa que reunir\u00e1 los 24 c\u00f3mics que componen las Aventuras de Tint\u00edn, en un nuevo formato compacto, ideal para descubrir -o redescubrir- las intr\u00e9pidas aventuras del reportero m\u00e1s famoso y de su fiel perrito. Casi cien a\u00f1os despu\u00e9s de su primera publicaci\u00f3n, Herg\u00e9 contin\u00faa siendo uno de los mayores referentes del c\u00f3mic europeo. <strong>Esta edici\u00f3n especial no se reimprimir\u00e1 m\u00e1s all\u00e1 de esta primera publicaci\u00f3n.<\/strong><\/p>\n","protected":false},"excerpt":{"rendered":"En esta primera aventura, que se empez\u00f3 a publicar por tiras en el suplemento para ni\u00f1os del peri\u00f3dico belga Le Vingti\u00e8me Si\u00e8cle, Herg\u00e9 empieza a dibujar al que ser\u00e1 el reportero m\u00e1s famoso de todos los tiempos: Tint\u00edn. Para su [&hellip;]","protected":false},"featured_media":92205,"template":"","meta":{"_acf_changed":false,"_exactmetrics_skip_tracking":false,"_exactmetrics_sitenote_active":false,"_exactmetrics_sitenote_note":"","_exactmetrics_sitenote_category":0},"product_brand":[],"product_cat":[902,1142,1127,909,910],"product_tag":[],"coleccion":[916,1008,939],"class_list":{"0":"post-92204","1":"product","2":"type-product","3":"status-publish","4":"has-post-thumbnail","6":"product_cat-a-partir-de-7-anos","7":"product_cat-aventura","8":"product_cat-comic","9":"product_cat-este-mes","10":"product_cat-ultimas-novedades","11":"coleccion-castellano","12":"coleccion-las-aventuras-de-tintin","13":"coleccion-libros-de-tintin","15":"first","16":"instock","17":"taxable","18":"shipping-taxable","19":"purchasable","20":"product-type-simple"},"acf":{"autor":"Herg\u00e9","codart":"4942","ediciones":"1","encuadernacion":"Carton\u00e9","fecha_de_publicacion":"01\/01\/2010","novedad":"0","paginas":"272","subtitulo":"","texto_web_adicional":"","texto_web_novedad":"","orden":"999","portada":"0","texto_web_resaltado":"","descripcion_corta":"","recomendamos":"","mas_vendido":"","indice":"","autores-libros":[16407],"ilustradores-libros":[16407],"traductores-libros":[18388],"idioma-libro":"","fecha_de_reimpresion":"","color":false,"formato":"","mas_informacion_del_producto":false,"premios":false,"deshabilitar_compra":["deshabilitar"],"texto_enlace_cubierta":"","enlace_cubierta":{"ID":92205,"id":92205,"title":"9788426149428.jpg","filename":"9788426149428.jpg","filesize":672463,"url":"https:\/\/www.editorialjuventud.es\/wp-content\/uploads\/9788426149428.jpg","link":"https:\/\/www.editorialjuventud.es\/ca\/?attachment_id=92205","alt":"9788426149428.jpg","author":"2","description":"","caption":"","name":"9788426149428-jpg","status":"inherit","uploaded_to":92204,"date":"2025-09-26 07:45:21","modified":"2025-09-26 07:45:26","menu_order":0,"mime_type":"image\/jpeg","type":"image","subtype":"jpeg","icon":"https:\/\/www.editorialjuventud.es\/wp-includes\/images\/media\/default.png","width":1439,"height":2000,"sizes":{"thumbnail":"https:\/\/www.editorialjuventud.es\/wp-content\/uploads\/9788426149428-200x200.jpg","thumbnail-width":200,"thumbnail-height":200,"medium":"https:\/\/www.editorialjuventud.es\/wp-content\/uploads\/9788426149428.jpg","medium-width":1439,"medium-height":2000,"medium_large":"https:\/\/www.editorialjuventud.es\/wp-content\/uploads\/9788426149428-768x1067.jpg","medium_large-width":768,"medium_large-height":1067,"large":"https:\/\/www.editorialjuventud.es\/wp-content\/uploads\/9788426149428.jpg","large-width":1439,"large-height":2000,"1536x1536":"https:\/\/www.editorialjuventud.es\/wp-content\/uploads\/9788426149428-1105x1536.jpg","1536x1536-width":1105,"1536x1536-height":1536,"2048x2048":"https:\/\/www.editorialjuventud.es\/wp-content\/uploads\/9788426149428.jpg","2048x2048-width":1439,"2048x2048-height":2000,"woocommerce_thumbnail":"https:\/\/www.editorialjuventud.es\/wp-content\/uploads\/9788426149428-350x486.jpg","woocommerce_thumbnail-width":350,"woocommerce_thumbnail-height":486,"woocommerce_single":"https:\/\/www.editorialjuventud.es\/wp-content\/uploads\/9788426149428-900x1251.jpg","woocommerce_single-width":900,"woocommerce_single-height":1251,"woocommerce_gallery_thumbnail":"https:\/\/www.editorialjuventud.es\/wp-content\/uploads\/9788426149428-100x100.jpg","woocommerce_gallery_thumbnail-width":100,"woocommerce_gallery_thumbnail-height":100,"ppec_logo_image_size":"https:\/\/www.editorialjuventud.es\/wp-content\/uploads\/9788426149428.jpg","ppec_logo_image_size-width":43,"ppec_logo_image_size-height":60,"ppec_header_image_size":"https:\/\/www.editorialjuventud.es\/wp-content\/uploads\/9788426149428.jpg","ppec_header_image_size-width":65,"ppec_header_image_size-height":90}},"texto_enlace_ficha_tecnica":"","enlace_ficha_tecnica":{"ID":94573,"id":94573,"title":"Las aventuras de Tintin1_es","filename":"Las-aventuras-de-Tintin1_es.pdf","filesize":2202375,"url":"https:\/\/www.editorialjuventud.es\/wp-content\/uploads\/Las-aventuras-de-Tintin1_es.pdf","link":"https:\/\/www.editorialjuventud.es\/ca\/?attachment_id=94573","alt":"","author":"1519","description":"","caption":"","name":"las-aventuras-de-tintin1_es","status":"inherit","uploaded_to":92184,"date":"2025-10-16 07:16:08","modified":"2025-10-16 07:16:08","menu_order":0,"mime_type":"application\/pdf","type":"application","subtype":"pdf","icon":"https:\/\/www.editorialjuventud.es\/wp-includes\/images\/media\/document.png"},"ficheros":false,"titulo-fr":"","texto-fr":""},"yoast_head":"<!-- This site is optimized with the Yoast SEO plugin v27.3 - https:\/\/yoast.com\/product\/yoast-seo-wordpress\/ -->\n<title>Las aventuras de Tint\u00edn. Volumen 1 - Editorial Juventud<\/title>\n<meta name=\"description\" content=\"En esta primera aventura, que se empez\u00f3 a publicar por tiras en el suplemento para ni\u00f1os del peri\u00f3dico belga Le Vingti\u00e8me Si\u00e8cle, Herg\u00e9 empieza a dibujar\" \/>\n<meta name=\"robots\" content=\"index, follow, max-snippet:-1, max-image-preview:large, max-video-preview:-1\" \/>\n<link rel=\"canonical\" href=\"https:\/\/www.editorialjuventud.es\/las-aventuras-de-tintin-volumen-1-9788426149428\/\" \/>\n<meta property=\"og:locale\" content=\"ca_ES\" \/>\n<meta property=\"og:type\" content=\"article\" \/>\n<meta property=\"og:title\" content=\"Las aventuras de Tint\u00edn. Volumen 1 - Editorial Juventud\" \/>\n<meta property=\"og:description\" content=\"En esta primera aventura, que se empez\u00f3 a publicar por tiras en el suplemento para ni\u00f1os del peri\u00f3dico belga Le Vingti\u00e8me Si\u00e8cle, Herg\u00e9 empieza a dibujar\" \/>\n<meta property=\"og:url\" content=\"https:\/\/www.editorialjuventud.es\/las-aventuras-de-tintin-volumen-1-9788426149428\/\" \/>\n<meta property=\"og:site_name\" content=\"Editorial Juventud\" \/>\n<meta property=\"article:modified_time\" content=\"2025-12-19T08:01:40+00:00\" \/>\n<meta property=\"og:image\" content=\"https:\/\/www.editorialjuventud.es\/wp-content\/uploads\/9788426149428.jpg\" \/>\n\t<meta property=\"og:image:width\" content=\"1439\" \/>\n\t<meta property=\"og:image:height\" content=\"2000\" \/>\n\t<meta property=\"og:image:type\" content=\"image\/jpeg\" \/>\n<meta name=\"twitter:card\" content=\"summary_large_image\" \/>\n<meta name=\"twitter:label1\" content=\"Temps estimat de lectura\" \/>\n\t<meta name=\"twitter:data1\" content=\"2 minuts\" \/>\n<script type=\"application\/ld+json\" class=\"yoast-schema-graph\">{\"@context\":\"https:\\\/\\\/schema.org\",\"@graph\":[{\"@type\":\"WebPage\",\"@id\":\"https:\\\/\\\/www.editorialjuventud.es\\\/las-aventuras-de-tintin-volumen-1-9788426149428\\\/\",\"url\":\"https:\\\/\\\/www.editorialjuventud.es\\\/las-aventuras-de-tintin-volumen-1-9788426149428\\\/\",\"name\":\"Las aventuras de Tint\u00edn. Volumen 1 - Editorial Juventud\",\"isPartOf\":{\"@id\":\"https:\\\/\\\/www.editorialjuventud.es\\\/#website\"},\"primaryImageOfPage\":{\"@id\":\"https:\\\/\\\/www.editorialjuventud.es\\\/las-aventuras-de-tintin-volumen-1-9788426149428\\\/#primaryimage\"},\"image\":{\"@id\":\"https:\\\/\\\/www.editorialjuventud.es\\\/las-aventuras-de-tintin-volumen-1-9788426149428\\\/#primaryimage\"},\"thumbnailUrl\":\"https:\\\/\\\/www.editorialjuventud.es\\\/wp-content\\\/uploads\\\/9788426149428.jpg\",\"datePublished\":\"2025-09-26T07:45:21+00:00\",\"dateModified\":\"2025-12-19T08:01:40+00:00\",\"description\":\"En esta primera aventura, que se empez\u00f3 a publicar por tiras en el suplemento para ni\u00f1os del peri\u00f3dico belga Le Vingti\u00e8me Si\u00e8cle, Herg\u00e9 empieza a dibujar\",\"breadcrumb\":{\"@id\":\"https:\\\/\\\/www.editorialjuventud.es\\\/las-aventuras-de-tintin-volumen-1-9788426149428\\\/#breadcrumb\"},\"inLanguage\":\"ca\",\"potentialAction\":[{\"@type\":\"ReadAction\",\"target\":[\"https:\\\/\\\/www.editorialjuventud.es\\\/las-aventuras-de-tintin-volumen-1-9788426149428\\\/\"]}]},{\"@type\":\"ImageObject\",\"inLanguage\":\"ca\",\"@id\":\"https:\\\/\\\/www.editorialjuventud.es\\\/las-aventuras-de-tintin-volumen-1-9788426149428\\\/#primaryimage\",\"url\":\"https:\\\/\\\/www.editorialjuventud.es\\\/wp-content\\\/uploads\\\/9788426149428.jpg\",\"contentUrl\":\"https:\\\/\\\/www.editorialjuventud.es\\\/wp-content\\\/uploads\\\/9788426149428.jpg\",\"width\":1439,\"height\":2000,\"caption\":\"9788426149428.jpg\"},{\"@type\":\"BreadcrumbList\",\"@id\":\"https:\\\/\\\/www.editorialjuventud.es\\\/las-aventuras-de-tintin-volumen-1-9788426149428\\\/#breadcrumb\",\"itemListElement\":[{\"@type\":\"ListItem\",\"position\":1,\"name\":\"Portada\",\"item\":\"https:\\\/\\\/www.editorialjuventud.es\\\/\"},{\"@type\":\"ListItem\",\"position\":2,\"name\":\"cat\u00e1logo\",\"item\":\"https:\\\/\\\/www.editorialjuventud.es\\\/coleccion\\\/catalogo\\\/\"},{\"@type\":\"ListItem\",\"position\":3,\"name\":\"castellano\",\"item\":\"https:\\\/\\\/www.editorialjuventud.es\\\/coleccion\\\/castellano\\\/\"},{\"@type\":\"ListItem\",\"position\":4,\"name\":\"Libros de Tint\u00edn\",\"item\":\"https:\\\/\\\/www.editorialjuventud.es\\\/coleccion\\\/libros-de-tintin\\\/\"},{\"@type\":\"ListItem\",\"position\":5,\"name\":\"Las Aventuras de Tint\u00edn\",\"item\":\"https:\\\/\\\/www.editorialjuventud.es\\\/coleccion\\\/las-aventuras-de-tintin\\\/\"},{\"@type\":\"ListItem\",\"position\":6,\"name\":\"Las aventuras de Tint\u00edn. Volumen 1\"}]},{\"@type\":\"WebSite\",\"@id\":\"https:\\\/\\\/www.editorialjuventud.es\\\/#website\",\"url\":\"https:\\\/\\\/www.editorialjuventud.es\\\/\",\"name\":\"Editorial Juventud\",\"description\":\"\",\"potentialAction\":[{\"@type\":\"SearchAction\",\"target\":{\"@type\":\"EntryPoint\",\"urlTemplate\":\"https:\\\/\\\/www.editorialjuventud.es\\\/?s={search_term_string}\"},\"query-input\":{\"@type\":\"PropertyValueSpecification\",\"valueRequired\":true,\"valueName\":\"search_term_string\"}}],\"inLanguage\":\"ca\"}]}<\/script>\n<!-- \/ Yoast SEO plugin. -->","yoast_head_json":{"title":"Las aventuras de Tint\u00edn. Volumen 1 - Editorial Juventud","description":"En esta primera aventura, que se empez\u00f3 a publicar por tiras en el suplemento para ni\u00f1os del peri\u00f3dico belga Le Vingti\u00e8me Si\u00e8cle, Herg\u00e9 empieza a dibujar","robots":{"index":"index","follow":"follow","max-snippet":"max-snippet:-1","max-image-preview":"max-image-preview:large","max-video-preview":"max-video-preview:-1"},"canonical":"https:\/\/www.editorialjuventud.es\/las-aventuras-de-tintin-volumen-1-9788426149428\/","og_locale":"ca_ES","og_type":"article","og_title":"Las aventuras de Tint\u00edn. Volumen 1 - Editorial Juventud","og_description":"En esta primera aventura, que se empez\u00f3 a publicar por tiras en el suplemento para ni\u00f1os del peri\u00f3dico belga Le Vingti\u00e8me Si\u00e8cle, Herg\u00e9 empieza a dibujar","og_url":"https:\/\/www.editorialjuventud.es\/las-aventuras-de-tintin-volumen-1-9788426149428\/","og_site_name":"Editorial Juventud","article_modified_time":"2025-12-19T08:01:40+00:00","og_image":[{"width":1439,"height":2000,"url":"https:\/\/www.editorialjuventud.es\/wp-content\/uploads\/9788426149428.jpg","type":"image\/jpeg"}],"twitter_card":"summary_large_image","twitter_misc":{"Temps estimat de lectura":"2 minuts"},"schema":{"@context":"https:\/\/schema.org","@graph":[{"@type":"WebPage","@id":"https:\/\/www.editorialjuventud.es\/las-aventuras-de-tintin-volumen-1-9788426149428\/","url":"https:\/\/www.editorialjuventud.es\/las-aventuras-de-tintin-volumen-1-9788426149428\/","name":"Las aventuras de Tint\u00edn. Volumen 1 - Editorial Juventud","isPartOf":{"@id":"https:\/\/www.editorialjuventud.es\/#website"},"primaryImageOfPage":{"@id":"https:\/\/www.editorialjuventud.es\/las-aventuras-de-tintin-volumen-1-9788426149428\/#primaryimage"},"image":{"@id":"https:\/\/www.editorialjuventud.es\/las-aventuras-de-tintin-volumen-1-9788426149428\/#primaryimage"},"thumbnailUrl":"https:\/\/www.editorialjuventud.es\/wp-content\/uploads\/9788426149428.jpg","datePublished":"2025-09-26T07:45:21+00:00","dateModified":"2025-12-19T08:01:40+00:00","description":"En esta primera aventura, que se empez\u00f3 a publicar por tiras en el suplemento para ni\u00f1os del peri\u00f3dico belga Le Vingti\u00e8me Si\u00e8cle, Herg\u00e9 empieza a dibujar","breadcrumb":{"@id":"https:\/\/www.editorialjuventud.es\/las-aventuras-de-tintin-volumen-1-9788426149428\/#breadcrumb"},"inLanguage":"ca","potentialAction":[{"@type":"ReadAction","target":["https:\/\/www.editorialjuventud.es\/las-aventuras-de-tintin-volumen-1-9788426149428\/"]}]},{"@type":"ImageObject","inLanguage":"ca","@id":"https:\/\/www.editorialjuventud.es\/las-aventuras-de-tintin-volumen-1-9788426149428\/#primaryimage","url":"https:\/\/www.editorialjuventud.es\/wp-content\/uploads\/9788426149428.jpg","contentUrl":"https:\/\/www.editorialjuventud.es\/wp-content\/uploads\/9788426149428.jpg","width":1439,"height":2000,"caption":"9788426149428.jpg"},{"@type":"BreadcrumbList","@id":"https:\/\/www.editorialjuventud.es\/las-aventuras-de-tintin-volumen-1-9788426149428\/#breadcrumb","itemListElement":[{"@type":"ListItem","position":1,"name":"Portada","item":"https:\/\/www.editorialjuventud.es\/"},{"@type":"ListItem","position":2,"name":"cat\u00e1logo","item":"https:\/\/www.editorialjuventud.es\/coleccion\/catalogo\/"},{"@type":"ListItem","position":3,"name":"castellano","item":"https:\/\/www.editorialjuventud.es\/coleccion\/castellano\/"},{"@type":"ListItem","position":4,"name":"Libros de Tint\u00edn","item":"https:\/\/www.editorialjuventud.es\/coleccion\/libros-de-tintin\/"},{"@type":"ListItem","position":5,"name":"Las Aventuras de Tint\u00edn","item":"https:\/\/www.editorialjuventud.es\/coleccion\/las-aventuras-de-tintin\/"},{"@type":"ListItem","position":6,"name":"Las aventuras de Tint\u00edn. Volumen 1"}]},{"@type":"WebSite","@id":"https:\/\/www.editorialjuventud.es\/#website","url":"https:\/\/www.editorialjuventud.es\/","name":"Editorial Juventud","description":"","potentialAction":[{"@type":"SearchAction","target":{"@type":"EntryPoint","urlTemplate":"https:\/\/www.editorialjuventud.es\/?s={search_term_string}"},"query-input":{"@type":"PropertyValueSpecification","valueRequired":true,"valueName":"search_term_string"}}],"inLanguage":"ca"}]}},"_links":{"self":[{"href":"https:\/\/www.editorialjuventud.es\/ca\/wp-json\/wp\/v2\/product\/92204","targetHints":{"allow":["GET"]}}],"collection":[{"href":"https:\/\/www.editorialjuventud.es\/ca\/wp-json\/wp\/v2\/product"}],"about":[{"href":"https:\/\/www.editorialjuventud.es\/ca\/wp-json\/wp\/v2\/types\/product"}],"wp:featuredmedia":[{"embeddable":true,"href":"https:\/\/www.editorialjuventud.es\/ca\/wp-json\/wp\/v2\/media\/92205"}],"wp:attachment":[{"href":"https:\/\/www.editorialjuventud.es\/ca\/wp-json\/wp\/v2\/media?parent=92204"}],"wp:term":[{"taxonomy":"product_brand","embeddable":true,"href":"https:\/\/www.editorialjuventud.es\/ca\/wp-json\/wp\/v2\/product_brand?post=92204"},{"taxonomy":"product_cat","embeddable":true,"href":"https:\/\/www.editorialjuventud.es\/ca\/wp-json\/wp\/v2\/product_cat?post=92204"},{"taxonomy":"product_tag","embeddable":true,"href":"https:\/\/www.editorialjuventud.es\/ca\/wp-json\/wp\/v2\/product_tag?post=92204"},{"taxonomy":"coleccion","embeddable":true,"href":"https:\/\/www.editorialjuventud.es\/ca\/wp-json\/wp\/v2\/coleccion?post=92204"}],"curies":[{"name":"wp","href":"https:\/\/api.w.org\/{rel}","templated":true}]}}