{"id":92201,"date":"2025-09-26T09:45:14","date_gmt":"2025-09-26T07:45:14","guid":{"rendered":"https:\/\/www.editorialjuventud.es\/les-aventures-de-tintin-volum-1-9788426149619\/"},"modified":"2026-03-24T08:35:39","modified_gmt":"2026-03-24T07:35:39","slug":"les-aventures-de-tintin-volum-1-9788426149619","status":"publish","type":"product","link":"https:\/\/www.editorialjuventud.es\/ca\/les-aventures-de-tintin-volum-1-9788426149619\/","title":{"rendered":"Les aventures de Tint\u00edn. Volum 1"},"content":{"rendered":"<p>En aquesta primera aventura, que es va comen\u00e7ar a publicar en tires al suplement per a nens del diari belga Le Vingti\u00e8me Si\u00e8cle, Herg\u00e9 comen\u00e7a a dibuixar el que ser\u00e0 el reporter m\u00e9s fam\u00f3s de tots els temps: Tint\u00edn. Per al seu primer viatge, l&#8217;envia al pa\u00eds dels Soviets, amb una voluntat per part del diari de propaganda anticomunista, de la qual anys despr\u00e9s Herg\u00e9 es penedeix. En tornar de l&#8217;antiga Uni\u00f3 Sovi\u00e8tica, Herg\u00e9 rep l&#8217;enc\u00e0rrec d&#8217;enviar el jove reporter al Congo, aleshores una col\u00f2nia belga, i el c\u00f2mic resultant \u00e9s una excel\u00b7lent representaci\u00f3 de la visi\u00f3 que tenien en aquell moment els europeus de l&#8217;\u00c0frica. En la tercera aventura dins aquest recull, a Tint\u00edn li toca canviar de continent i viatjar cap a Am\u00e8rica del Nord, on li caldr\u00e0 afrontar el terrible sindicat de g\u00e0ngsters de Chicago, entre els quals hi ha el famos\u00edssim Al Capone. Herg\u00e9 va voler mostrar el m\u00e0xim possible d&#8217;Am\u00e8rica, com ara els diversos paisatges, les grans ciutats i ind\u00fastries, la prohibici\u00f3 de les begudes alcoh\u00f2liques, i l&#8217;espoliaci\u00f3 dels indis pell roja, denunciant la manera com varen ser foragitats de les seves terres quan s&#8217;hi va trobar petroli.<br \/>\nAquest \u00e9s el primer volum d&#8217;una nova edici\u00f3 commemorativa que reunir\u00e0 els 24 c\u00f2mics que componen les Aventures de Tint\u00edn, en un nou format compacte, ideal per descobrir, o redescobrir, les intr\u00e8pides aventures del reporter m\u00e9s fam\u00f3s i el seu fidel gosset. Gaireb\u00e9 cent anys despr\u00e9s de la seva primera publicaci\u00f3, Herg\u00e9 continua sent un dels principals referents del c\u00f2mic europeu. <strong>Aquesta edici\u00f3 especial no es reimprimir\u00e0 m\u00e9s enll\u00e0 d&#8217;aquesta primera publicaci\u00f3.<\/strong><\/p>\n","protected":false},"excerpt":{"rendered":"En aquesta primera aventura, que es va comen\u00e7ar a publicar en tires al suplement per a nens del diari belga Le Vingti\u00e8me Si\u00e8cle, Herg\u00e9 comen\u00e7a a dibuixar el que ser\u00e0 el reporter m\u00e9s fam\u00f3s de tots els temps: Tint\u00edn. Per [&hellip;]","protected":false},"featured_media":92202,"template":"","meta":{"_acf_changed":false,"_exactmetrics_skip_tracking":false,"_exactmetrics_sitenote_active":false,"_exactmetrics_sitenote_note":"","_exactmetrics_sitenote_category":0},"product_brand":[],"product_cat":[902,1142,1127,909,910],"product_tag":[],"coleccion":[915,1087,925],"class_list":{"0":"post-92201","1":"product","2":"type-product","3":"status-publish","4":"has-post-thumbnail","6":"product_cat-a-partir-de-7-anos","7":"product_cat-aventura","8":"product_cat-comic","9":"product_cat-este-mes","10":"product_cat-ultimas-novedades","11":"coleccion-catala","12":"coleccion-les-aventures-de-tintin-llibres-de-tintin","13":"coleccion-llibres-de-tintin","15":"first","16":"instock","17":"taxable","18":"shipping-taxable","19":"purchasable","20":"product-type-simple"},"acf":{"autor":"Herg\u00e9","codart":"4961","ediciones":"1","encuadernacion":"Carton\u00e9","fecha_de_publicacion":"01\/10\/2025","novedad":"0","paginas":"272","subtitulo":"","texto_web_adicional":"","texto_web_novedad":"","orden":"999","portada":"0","texto_web_resaltado":"","descripcion_corta":"","recomendamos":"","mas_vendido":"","indice":"","autores-libros":[16407],"ilustradores-libros":[16407],"traductores-libros":[18322],"idioma-libro":"","fecha_de_reimpresion":"","color":false,"formato":"","mas_informacion_del_producto":false,"premios":false,"deshabilitar_compra":[],"texto_enlace_cubierta":"","enlace_cubierta":{"ID":92202,"id":92202,"title":"9788426149619.jpg","filename":"9788426149619.jpg","filesize":662364,"url":"https:\/\/www.editorialjuventud.es\/wp-content\/uploads\/9788426149619.jpg","link":"https:\/\/www.editorialjuventud.es\/ca\/?attachment_id=92202","alt":"9788426149619.jpg","author":"2","description":"","caption":"","name":"9788426149619-jpg","status":"inherit","uploaded_to":92201,"date":"2025-09-26 07:45:15","modified":"2025-09-26 07:45:18","menu_order":0,"mime_type":"image\/jpeg","type":"image","subtype":"jpeg","icon":"https:\/\/www.editorialjuventud.es\/wp-includes\/images\/media\/default.png","width":1435,"height":2000,"sizes":{"thumbnail":"https:\/\/www.editorialjuventud.es\/wp-content\/uploads\/9788426149619-200x200.jpg","thumbnail-width":200,"thumbnail-height":200,"medium":"https:\/\/www.editorialjuventud.es\/wp-content\/uploads\/9788426149619.jpg","medium-width":1435,"medium-height":2000,"medium_large":"https:\/\/www.editorialjuventud.es\/wp-content\/uploads\/9788426149619-768x1070.jpg","medium_large-width":768,"medium_large-height":1070,"large":"https:\/\/www.editorialjuventud.es\/wp-content\/uploads\/9788426149619.jpg","large-width":1435,"large-height":2000,"1536x1536":"https:\/\/www.editorialjuventud.es\/wp-content\/uploads\/9788426149619-1102x1536.jpg","1536x1536-width":1102,"1536x1536-height":1536,"2048x2048":"https:\/\/www.editorialjuventud.es\/wp-content\/uploads\/9788426149619.jpg","2048x2048-width":1435,"2048x2048-height":2000,"woocommerce_thumbnail":"https:\/\/www.editorialjuventud.es\/wp-content\/uploads\/9788426149619-350x488.jpg","woocommerce_thumbnail-width":350,"woocommerce_thumbnail-height":488,"woocommerce_single":"https:\/\/www.editorialjuventud.es\/wp-content\/uploads\/9788426149619-900x1254.jpg","woocommerce_single-width":900,"woocommerce_single-height":1254,"woocommerce_gallery_thumbnail":"https:\/\/www.editorialjuventud.es\/wp-content\/uploads\/9788426149619-100x100.jpg","woocommerce_gallery_thumbnail-width":100,"woocommerce_gallery_thumbnail-height":100,"ppec_logo_image_size":"https:\/\/www.editorialjuventud.es\/wp-content\/uploads\/9788426149619.jpg","ppec_logo_image_size-width":43,"ppec_logo_image_size-height":60,"ppec_header_image_size":"https:\/\/www.editorialjuventud.es\/wp-content\/uploads\/9788426149619.jpg","ppec_header_image_size-width":65,"ppec_header_image_size-height":90}},"texto_enlace_ficha_tecnica":"","enlace_ficha_tecnica":{"ID":94575,"id":94575,"title":"Les aventures de Tintin_cat","filename":"Les-aventures-de-Tintin_cat.pdf","filesize":2185888,"url":"https:\/\/www.editorialjuventud.es\/wp-content\/uploads\/Les-aventures-de-Tintin_cat.pdf","link":"https:\/\/www.editorialjuventud.es\/ca\/?attachment_id=94575","alt":"","author":"1519","description":"","caption":"","name":"les-aventures-de-tintin_cat","status":"inherit","uploaded_to":92184,"date":"2025-10-16 07:16:09","modified":"2025-10-16 07:16:09","menu_order":0,"mime_type":"application\/pdf","type":"application","subtype":"pdf","icon":"https:\/\/www.editorialjuventud.es\/wp-includes\/images\/media\/document.png"},"ficheros":false,"titulo-fr":"","texto-fr":""},"yoast_head":"<!-- This site is optimized with the Yoast SEO plugin v27.3 - https:\/\/yoast.com\/product\/yoast-seo-wordpress\/ -->\n<title>Les aventures de Tint\u00edn. Volum 1 - Editorial Juventud<\/title>\n<meta name=\"description\" content=\"En aquesta primera aventura, que es va comen\u00e7ar a publicar en tires al suplement per a nens del diari belga Le Vingti\u00e8me Si\u00e8cle, Herg\u00e9 comen\u00e7a a dibuixar\" \/>\n<meta name=\"robots\" content=\"index, follow, max-snippet:-1, max-image-preview:large, max-video-preview:-1\" \/>\n<link rel=\"canonical\" href=\"https:\/\/www.editorialjuventud.es\/les-aventures-de-tintin-volum-1-9788426149619\/\" \/>\n<meta property=\"og:locale\" content=\"ca_ES\" \/>\n<meta property=\"og:type\" content=\"article\" \/>\n<meta property=\"og:title\" content=\"Les aventures de Tint\u00edn. Volum 1 - Editorial Juventud\" \/>\n<meta property=\"og:description\" content=\"En aquesta primera aventura, que es va comen\u00e7ar a publicar en tires al suplement per a nens del diari belga Le Vingti\u00e8me Si\u00e8cle, Herg\u00e9 comen\u00e7a a dibuixar\" \/>\n<meta property=\"og:url\" content=\"https:\/\/www.editorialjuventud.es\/les-aventures-de-tintin-volum-1-9788426149619\/\" \/>\n<meta property=\"og:site_name\" content=\"Editorial Juventud\" \/>\n<meta property=\"article:modified_time\" content=\"2026-03-24T07:35:39+00:00\" \/>\n<meta property=\"og:image\" content=\"https:\/\/www.editorialjuventud.es\/wp-content\/uploads\/9788426149619.jpg\" \/>\n\t<meta property=\"og:image:width\" content=\"1435\" \/>\n\t<meta property=\"og:image:height\" content=\"2000\" \/>\n\t<meta property=\"og:image:type\" content=\"image\/jpeg\" \/>\n<meta name=\"twitter:card\" content=\"summary_large_image\" \/>\n<meta name=\"twitter:label1\" content=\"Temps estimat de lectura\" \/>\n\t<meta name=\"twitter:data1\" content=\"2 minuts\" \/>\n<script type=\"application\/ld+json\" class=\"yoast-schema-graph\">{\"@context\":\"https:\\\/\\\/schema.org\",\"@graph\":[{\"@type\":\"WebPage\",\"@id\":\"https:\\\/\\\/www.editorialjuventud.es\\\/les-aventures-de-tintin-volum-1-9788426149619\\\/\",\"url\":\"https:\\\/\\\/www.editorialjuventud.es\\\/les-aventures-de-tintin-volum-1-9788426149619\\\/\",\"name\":\"Les aventures de Tint\u00edn. Volum 1 - Editorial Juventud\",\"isPartOf\":{\"@id\":\"https:\\\/\\\/www.editorialjuventud.es\\\/#website\"},\"primaryImageOfPage\":{\"@id\":\"https:\\\/\\\/www.editorialjuventud.es\\\/les-aventures-de-tintin-volum-1-9788426149619\\\/#primaryimage\"},\"image\":{\"@id\":\"https:\\\/\\\/www.editorialjuventud.es\\\/les-aventures-de-tintin-volum-1-9788426149619\\\/#primaryimage\"},\"thumbnailUrl\":\"https:\\\/\\\/www.editorialjuventud.es\\\/wp-content\\\/uploads\\\/9788426149619.jpg\",\"datePublished\":\"2025-09-26T07:45:14+00:00\",\"dateModified\":\"2026-03-24T07:35:39+00:00\",\"description\":\"En aquesta primera aventura, que es va comen\u00e7ar a publicar en tires al suplement per a nens del diari belga Le Vingti\u00e8me Si\u00e8cle, Herg\u00e9 comen\u00e7a a dibuixar\",\"breadcrumb\":{\"@id\":\"https:\\\/\\\/www.editorialjuventud.es\\\/les-aventures-de-tintin-volum-1-9788426149619\\\/#breadcrumb\"},\"inLanguage\":\"ca\",\"potentialAction\":[{\"@type\":\"ReadAction\",\"target\":[\"https:\\\/\\\/www.editorialjuventud.es\\\/les-aventures-de-tintin-volum-1-9788426149619\\\/\"]}]},{\"@type\":\"ImageObject\",\"inLanguage\":\"ca\",\"@id\":\"https:\\\/\\\/www.editorialjuventud.es\\\/les-aventures-de-tintin-volum-1-9788426149619\\\/#primaryimage\",\"url\":\"https:\\\/\\\/www.editorialjuventud.es\\\/wp-content\\\/uploads\\\/9788426149619.jpg\",\"contentUrl\":\"https:\\\/\\\/www.editorialjuventud.es\\\/wp-content\\\/uploads\\\/9788426149619.jpg\",\"width\":1435,\"height\":2000,\"caption\":\"9788426149619.jpg\"},{\"@type\":\"BreadcrumbList\",\"@id\":\"https:\\\/\\\/www.editorialjuventud.es\\\/les-aventures-de-tintin-volum-1-9788426149619\\\/#breadcrumb\",\"itemListElement\":[{\"@type\":\"ListItem\",\"position\":1,\"name\":\"Portada\",\"item\":\"https:\\\/\\\/www.editorialjuventud.es\\\/\"},{\"@type\":\"ListItem\",\"position\":2,\"name\":\"cat\u00e1logo\",\"item\":\"https:\\\/\\\/www.editorialjuventud.es\\\/coleccion\\\/catalogo\\\/\"},{\"@type\":\"ListItem\",\"position\":3,\"name\":\"catal\u00e0\",\"item\":\"https:\\\/\\\/www.editorialjuventud.es\\\/coleccion\\\/catala\\\/\"},{\"@type\":\"ListItem\",\"position\":4,\"name\":\"Llibres de Tint\u00edn\",\"item\":\"https:\\\/\\\/www.editorialjuventud.es\\\/ca\\\/coleccion\\\/llibres-de-tintin\\\/\"},{\"@type\":\"ListItem\",\"position\":5,\"name\":\"Les Aventures de Tint\u00edn\",\"item\":\"https:\\\/\\\/www.editorialjuventud.es\\\/ca\\\/coleccion\\\/les-aventures-de-tintin-llibres-de-tintin\\\/\"},{\"@type\":\"ListItem\",\"position\":6,\"name\":\"Les aventures de Tint\u00edn. Volum 1\"}]},{\"@type\":\"WebSite\",\"@id\":\"https:\\\/\\\/www.editorialjuventud.es\\\/#website\",\"url\":\"https:\\\/\\\/www.editorialjuventud.es\\\/\",\"name\":\"Editorial Juventud\",\"description\":\"\",\"potentialAction\":[{\"@type\":\"SearchAction\",\"target\":{\"@type\":\"EntryPoint\",\"urlTemplate\":\"https:\\\/\\\/www.editorialjuventud.es\\\/?s={search_term_string}\"},\"query-input\":{\"@type\":\"PropertyValueSpecification\",\"valueRequired\":true,\"valueName\":\"search_term_string\"}}],\"inLanguage\":\"ca\"}]}<\/script>\n<!-- \/ Yoast SEO plugin. -->","yoast_head_json":{"title":"Les aventures de Tint\u00edn. Volum 1 - Editorial Juventud","description":"En aquesta primera aventura, que es va comen\u00e7ar a publicar en tires al suplement per a nens del diari belga Le Vingti\u00e8me Si\u00e8cle, Herg\u00e9 comen\u00e7a a dibuixar","robots":{"index":"index","follow":"follow","max-snippet":"max-snippet:-1","max-image-preview":"max-image-preview:large","max-video-preview":"max-video-preview:-1"},"canonical":"https:\/\/www.editorialjuventud.es\/les-aventures-de-tintin-volum-1-9788426149619\/","og_locale":"ca_ES","og_type":"article","og_title":"Les aventures de Tint\u00edn. Volum 1 - Editorial Juventud","og_description":"En aquesta primera aventura, que es va comen\u00e7ar a publicar en tires al suplement per a nens del diari belga Le Vingti\u00e8me Si\u00e8cle, Herg\u00e9 comen\u00e7a a dibuixar","og_url":"https:\/\/www.editorialjuventud.es\/les-aventures-de-tintin-volum-1-9788426149619\/","og_site_name":"Editorial Juventud","article_modified_time":"2026-03-24T07:35:39+00:00","og_image":[{"width":1435,"height":2000,"url":"https:\/\/www.editorialjuventud.es\/wp-content\/uploads\/9788426149619.jpg","type":"image\/jpeg"}],"twitter_card":"summary_large_image","twitter_misc":{"Temps estimat de lectura":"2 minuts"},"schema":{"@context":"https:\/\/schema.org","@graph":[{"@type":"WebPage","@id":"https:\/\/www.editorialjuventud.es\/les-aventures-de-tintin-volum-1-9788426149619\/","url":"https:\/\/www.editorialjuventud.es\/les-aventures-de-tintin-volum-1-9788426149619\/","name":"Les aventures de Tint\u00edn. Volum 1 - Editorial Juventud","isPartOf":{"@id":"https:\/\/www.editorialjuventud.es\/#website"},"primaryImageOfPage":{"@id":"https:\/\/www.editorialjuventud.es\/les-aventures-de-tintin-volum-1-9788426149619\/#primaryimage"},"image":{"@id":"https:\/\/www.editorialjuventud.es\/les-aventures-de-tintin-volum-1-9788426149619\/#primaryimage"},"thumbnailUrl":"https:\/\/www.editorialjuventud.es\/wp-content\/uploads\/9788426149619.jpg","datePublished":"2025-09-26T07:45:14+00:00","dateModified":"2026-03-24T07:35:39+00:00","description":"En aquesta primera aventura, que es va comen\u00e7ar a publicar en tires al suplement per a nens del diari belga Le Vingti\u00e8me Si\u00e8cle, Herg\u00e9 comen\u00e7a a dibuixar","breadcrumb":{"@id":"https:\/\/www.editorialjuventud.es\/les-aventures-de-tintin-volum-1-9788426149619\/#breadcrumb"},"inLanguage":"ca","potentialAction":[{"@type":"ReadAction","target":["https:\/\/www.editorialjuventud.es\/les-aventures-de-tintin-volum-1-9788426149619\/"]}]},{"@type":"ImageObject","inLanguage":"ca","@id":"https:\/\/www.editorialjuventud.es\/les-aventures-de-tintin-volum-1-9788426149619\/#primaryimage","url":"https:\/\/www.editorialjuventud.es\/wp-content\/uploads\/9788426149619.jpg","contentUrl":"https:\/\/www.editorialjuventud.es\/wp-content\/uploads\/9788426149619.jpg","width":1435,"height":2000,"caption":"9788426149619.jpg"},{"@type":"BreadcrumbList","@id":"https:\/\/www.editorialjuventud.es\/les-aventures-de-tintin-volum-1-9788426149619\/#breadcrumb","itemListElement":[{"@type":"ListItem","position":1,"name":"Portada","item":"https:\/\/www.editorialjuventud.es\/"},{"@type":"ListItem","position":2,"name":"cat\u00e1logo","item":"https:\/\/www.editorialjuventud.es\/coleccion\/catalogo\/"},{"@type":"ListItem","position":3,"name":"catal\u00e0","item":"https:\/\/www.editorialjuventud.es\/coleccion\/catala\/"},{"@type":"ListItem","position":4,"name":"Llibres de Tint\u00edn","item":"https:\/\/www.editorialjuventud.es\/ca\/coleccion\/llibres-de-tintin\/"},{"@type":"ListItem","position":5,"name":"Les Aventures de Tint\u00edn","item":"https:\/\/www.editorialjuventud.es\/ca\/coleccion\/les-aventures-de-tintin-llibres-de-tintin\/"},{"@type":"ListItem","position":6,"name":"Les aventures de Tint\u00edn. Volum 1"}]},{"@type":"WebSite","@id":"https:\/\/www.editorialjuventud.es\/#website","url":"https:\/\/www.editorialjuventud.es\/","name":"Editorial Juventud","description":"","potentialAction":[{"@type":"SearchAction","target":{"@type":"EntryPoint","urlTemplate":"https:\/\/www.editorialjuventud.es\/?s={search_term_string}"},"query-input":{"@type":"PropertyValueSpecification","valueRequired":true,"valueName":"search_term_string"}}],"inLanguage":"ca"}]}},"_links":{"self":[{"href":"https:\/\/www.editorialjuventud.es\/ca\/wp-json\/wp\/v2\/product\/92201","targetHints":{"allow":["GET"]}}],"collection":[{"href":"https:\/\/www.editorialjuventud.es\/ca\/wp-json\/wp\/v2\/product"}],"about":[{"href":"https:\/\/www.editorialjuventud.es\/ca\/wp-json\/wp\/v2\/types\/product"}],"wp:featuredmedia":[{"embeddable":true,"href":"https:\/\/www.editorialjuventud.es\/ca\/wp-json\/wp\/v2\/media\/92202"}],"wp:attachment":[{"href":"https:\/\/www.editorialjuventud.es\/ca\/wp-json\/wp\/v2\/media?parent=92201"}],"wp:term":[{"taxonomy":"product_brand","embeddable":true,"href":"https:\/\/www.editorialjuventud.es\/ca\/wp-json\/wp\/v2\/product_brand?post=92201"},{"taxonomy":"product_cat","embeddable":true,"href":"https:\/\/www.editorialjuventud.es\/ca\/wp-json\/wp\/v2\/product_cat?post=92201"},{"taxonomy":"product_tag","embeddable":true,"href":"https:\/\/www.editorialjuventud.es\/ca\/wp-json\/wp\/v2\/product_tag?post=92201"},{"taxonomy":"coleccion","embeddable":true,"href":"https:\/\/www.editorialjuventud.es\/ca\/wp-json\/wp\/v2\/coleccion?post=92201"}],"curies":[{"name":"wp","href":"https:\/\/api.w.org\/{rel}","templated":true}]}}