{"id":92187,"date":"2025-09-26T09:25:18","date_gmt":"2025-09-26T07:25:18","guid":{"rendered":"https:\/\/www.editorialjuventud.es\/el-cofre-ple-de-paraules-9788426149503\/"},"modified":"2026-03-24T08:35:19","modified_gmt":"2026-03-24T07:35:19","slug":"el-cofre-ple-de-paraules-9788426149503","status":"publish","type":"product","link":"https:\/\/www.editorialjuventud.es\/ca\/el-cofre-ple-de-paraules-9788426149503\/","title":{"rendered":"El cofre ple de paraules"},"content":{"rendered":"<p>L&#8217;\u00d2scar, un aficionat a fer forats al terra, un bon dia destapa un cofre. Qu\u00e8 deu haver-hi? Doncs paraules, moooltes paraules. La veritat \u00e9s que l&#8217;\u00d2scar queda una mica decebut i llen\u00e7a les paraules enlaire&#8230; Per\u00f2, de sobte, aquestes paraules comencen a transformar el m\u00f3n que el rodeja. Una alzina tofuda, un eri\u00e7\u00f3 fluorescent, un escarabat buf\u00f3&#8230; No gaire temps m\u00e9s tard, el cofre queda buit de paraules i l&#8217;\u00d2scar busca la manera de tornar-lo a omplir amb l&#8217;ajuda de la seva ve\u00efna Ll\u00facia.<br \/>\nEl llenguatge \u00e9s l\u00fadic i mal\u00b7leable, i amb aquest es pot construir un m\u00f3n diferent. Amb subtilesa i humor, aquest t\u00e0ndem creatiu ens fa pensar en el poder transformador de les paraules i ens ofereix una manera imaginativa de fomentar la reflexi\u00f3 i l&#8217;afecte pel llenguatge i els seus usos amb els petits lectors.<\/p>\n","protected":false},"excerpt":{"rendered":"L&#8217;\u00d2scar, un aficionat a fer forats al terra, un bon dia destapa un cofre. Qu\u00e8 deu haver-hi? Doncs paraules, moooltes paraules. La veritat \u00e9s que l&#8217;\u00d2scar queda una mica decebut i llen\u00e7a les paraules enlaire&#8230; Per\u00f2, de sobte, aquestes paraules [&hellip;]","protected":false},"featured_media":94583,"template":"","meta":{"_acf_changed":false,"_exactmetrics_skip_tracking":false,"_exactmetrics_sitenote_active":false,"_exactmetrics_sitenote_note":"","_exactmetrics_sitenote_category":0},"product_brand":[],"product_cat":[900,1121,1133,1281,909,1348,910],"product_tag":[],"coleccion":[917,944,915],"class_list":{"0":"post-92187","1":"product","2":"type-product","3":"status-publish","4":"has-post-thumbnail","6":"product_cat-a-partir-de-5-anos","7":"product_cat-albumes-ilustrados","8":"product_cat-alfabetizacion","9":"product_cat-aprendizaje","10":"product_cat-este-mes","11":"product_cat-imaginacion","12":"product_cat-ultimas-novedades","13":"coleccion-albums-illustrats","14":"coleccion-aprenent-a-llegir","15":"coleccion-catala","17":"first","18":"instock","19":"taxable","20":"shipping-taxable","21":"purchasable","22":"product-type-simple"},"acf":{"autor":"Gugger, Rebecca; R\u00f6thlisberger, Simon","codart":"4950","ediciones":"0","encuadernacion":"Carton\u00e9","fecha_de_publicacion":"03\/09\/2025","novedad":"0","paginas":"48","subtitulo":"","texto_web_adicional":"","texto_web_novedad":"","orden":"999","portada":"0","texto_web_resaltado":"","traductores-libros":[78347],"descripcion_corta":"","recomendamos":"","mas_vendido":"","indice":"","autores-libros":[92199,92200],"ilustradores-libros":"","idioma-libro":"","fecha_de_reimpresion":"","color":false,"formato":"","mas_informacion_del_producto":false,"premios":[{"premio":"Millor coberta pel Buchcover Award","anyo_del_premio":"2024","pais_del_premio":"Alemanya"},{"premio":"Un dels millors llibres de mar\u00e7 per la DeutschlandFunk Kultur","anyo_del_premio":"2024","pais_del_premio":"Alemanya"},{"premio":"Finalista com un dels llibres m\u00e9s bonics per la Fundaci\u00f3 Buchkunst","anyo_del_premio":"2024","pais_del_premio":"Alemanya"}],"deshabilitar_compra":[],"texto_enlace_cubierta":"","enlace_cubierta":{"ID":94583,"id":94583,"title":"cover EL COFRE LLENO DE PALABRAS (2 idiomas).indd","filename":"9788426149503-2.jpg","filesize":1011870,"url":"https:\/\/www.editorialjuventud.es\/wp-content\/uploads\/9788426149503-2.jpg","link":"https:\/\/www.editorialjuventud.es\/ca\/?attachment_id=94583","alt":"","author":"1519","description":"","caption":"","name":"cover-el-cofre-lleno-de-palabras-2-idiomas-indd-6","status":"inherit","uploaded_to":92184,"date":"2025-10-16 07:16:46","modified":"2025-10-16 07:16:46","menu_order":0,"mime_type":"image\/jpeg","type":"image","subtype":"jpeg","icon":"https:\/\/www.editorialjuventud.es\/wp-includes\/images\/media\/default.png","width":1504,"height":2000,"sizes":{"thumbnail":"https:\/\/www.editorialjuventud.es\/wp-content\/uploads\/9788426149503-2-200x200.jpg","thumbnail-width":200,"thumbnail-height":200,"medium":"https:\/\/www.editorialjuventud.es\/wp-content\/uploads\/9788426149503-2.jpg","medium-width":1504,"medium-height":2000,"medium_large":"https:\/\/www.editorialjuventud.es\/wp-content\/uploads\/9788426149503-2-768x1021.jpg","medium_large-width":768,"medium_large-height":1021,"large":"https:\/\/www.editorialjuventud.es\/wp-content\/uploads\/9788426149503-2.jpg","large-width":1504,"large-height":2000,"1536x1536":"https:\/\/www.editorialjuventud.es\/wp-content\/uploads\/9788426149503-2-1155x1536.jpg","1536x1536-width":1155,"1536x1536-height":1536,"2048x2048":"https:\/\/www.editorialjuventud.es\/wp-content\/uploads\/9788426149503-2.jpg","2048x2048-width":1504,"2048x2048-height":2000,"woocommerce_thumbnail":"https:\/\/www.editorialjuventud.es\/wp-content\/uploads\/9788426149503-2-350x465.jpg","woocommerce_thumbnail-width":350,"woocommerce_thumbnail-height":465,"woocommerce_single":"https:\/\/www.editorialjuventud.es\/wp-content\/uploads\/9788426149503-2-900x1197.jpg","woocommerce_single-width":900,"woocommerce_single-height":1197,"woocommerce_gallery_thumbnail":"https:\/\/www.editorialjuventud.es\/wp-content\/uploads\/9788426149503-2-100x100.jpg","woocommerce_gallery_thumbnail-width":100,"woocommerce_gallery_thumbnail-height":100,"ppec_logo_image_size":"https:\/\/www.editorialjuventud.es\/wp-content\/uploads\/9788426149503-2-45x60.jpg","ppec_logo_image_size-width":45,"ppec_logo_image_size-height":60,"ppec_header_image_size":"https:\/\/www.editorialjuventud.es\/wp-content\/uploads\/9788426149503-2-68x90.jpg","ppec_header_image_size-width":68,"ppec_header_image_size-height":90}},"texto_enlace_ficha_tecnica":"","enlace_ficha_tecnica":{"ID":94571,"id":94571,"title":"Cofre paraules_CAT","filename":"Cofre-paraules_CAT.pdf","filesize":2190943,"url":"https:\/\/www.editorialjuventud.es\/wp-content\/uploads\/Cofre-paraules_CAT.pdf","link":"https:\/\/www.editorialjuventud.es\/ca\/?attachment_id=94571","alt":"","author":"1519","description":"","caption":"","name":"cofre-paraules_cat","status":"inherit","uploaded_to":92184,"date":"2025-10-16 07:16:07","modified":"2025-10-16 07:16:07","menu_order":0,"mime_type":"application\/pdf","type":"application","subtype":"pdf","icon":"https:\/\/www.editorialjuventud.es\/wp-includes\/images\/media\/document.png"},"ficheros":false,"titulo-fr":"","texto-fr":""},"yoast_head":"<!-- This site is optimized with the Yoast SEO plugin v27.3 - https:\/\/yoast.com\/product\/yoast-seo-wordpress\/ -->\n<title>El cofre ple de paraules - Editorial Juventud<\/title>\n<meta name=\"description\" content=\"L&#039;\u00d2scar, un aficionat a fer forats al terra, un bon dia destapa un cofre. Qu\u00e8 deu haver-hi? Doncs paraules, moooltes paraules. La veritat \u00e9s que l&#039;\u00d2scar\" \/>\n<meta name=\"robots\" content=\"index, follow, max-snippet:-1, max-image-preview:large, max-video-preview:-1\" \/>\n<link rel=\"canonical\" href=\"https:\/\/www.editorialjuventud.es\/el-cofre-ple-de-paraules-9788426149503\/\" \/>\n<meta property=\"og:locale\" content=\"ca_ES\" \/>\n<meta property=\"og:type\" content=\"article\" \/>\n<meta property=\"og:title\" content=\"El cofre ple de paraules - Editorial Juventud\" \/>\n<meta property=\"og:description\" content=\"L&#039;\u00d2scar, un aficionat a fer forats al terra, un bon dia destapa un cofre. Qu\u00e8 deu haver-hi? Doncs paraules, moooltes paraules. La veritat \u00e9s que l&#039;\u00d2scar\" \/>\n<meta property=\"og:url\" content=\"https:\/\/www.editorialjuventud.es\/el-cofre-ple-de-paraules-9788426149503\/\" \/>\n<meta property=\"og:site_name\" content=\"Editorial Juventud\" \/>\n<meta property=\"article:modified_time\" content=\"2026-03-24T07:35:19+00:00\" \/>\n<meta property=\"og:image\" content=\"https:\/\/www.editorialjuventud.es\/wp-content\/uploads\/9788426149503-2.jpg\" \/>\n\t<meta property=\"og:image:width\" content=\"1504\" \/>\n\t<meta property=\"og:image:height\" content=\"2000\" \/>\n\t<meta property=\"og:image:type\" content=\"image\/jpeg\" \/>\n<meta name=\"twitter:card\" content=\"summary_large_image\" \/>\n<meta name=\"twitter:label1\" content=\"Temps estimat de lectura\" \/>\n\t<meta name=\"twitter:data1\" content=\"1 minut\" \/>\n<script type=\"application\/ld+json\" class=\"yoast-schema-graph\">{\"@context\":\"https:\\\/\\\/schema.org\",\"@graph\":[{\"@type\":\"WebPage\",\"@id\":\"https:\\\/\\\/www.editorialjuventud.es\\\/el-cofre-ple-de-paraules-9788426149503\\\/\",\"url\":\"https:\\\/\\\/www.editorialjuventud.es\\\/el-cofre-ple-de-paraules-9788426149503\\\/\",\"name\":\"El cofre ple de paraules - Editorial Juventud\",\"isPartOf\":{\"@id\":\"https:\\\/\\\/www.editorialjuventud.es\\\/#website\"},\"primaryImageOfPage\":{\"@id\":\"https:\\\/\\\/www.editorialjuventud.es\\\/el-cofre-ple-de-paraules-9788426149503\\\/#primaryimage\"},\"image\":{\"@id\":\"https:\\\/\\\/www.editorialjuventud.es\\\/el-cofre-ple-de-paraules-9788426149503\\\/#primaryimage\"},\"thumbnailUrl\":\"https:\\\/\\\/www.editorialjuventud.es\\\/wp-content\\\/uploads\\\/9788426149503-2.jpg\",\"datePublished\":\"2025-09-26T07:25:18+00:00\",\"dateModified\":\"2026-03-24T07:35:19+00:00\",\"description\":\"L'\u00d2scar, un aficionat a fer forats al terra, un bon dia destapa un cofre. Qu\u00e8 deu haver-hi? Doncs paraules, moooltes paraules. La veritat \u00e9s que l'\u00d2scar\",\"breadcrumb\":{\"@id\":\"https:\\\/\\\/www.editorialjuventud.es\\\/el-cofre-ple-de-paraules-9788426149503\\\/#breadcrumb\"},\"inLanguage\":\"ca\",\"potentialAction\":[{\"@type\":\"ReadAction\",\"target\":[\"https:\\\/\\\/www.editorialjuventud.es\\\/el-cofre-ple-de-paraules-9788426149503\\\/\"]}]},{\"@type\":\"ImageObject\",\"inLanguage\":\"ca\",\"@id\":\"https:\\\/\\\/www.editorialjuventud.es\\\/el-cofre-ple-de-paraules-9788426149503\\\/#primaryimage\",\"url\":\"https:\\\/\\\/www.editorialjuventud.es\\\/wp-content\\\/uploads\\\/9788426149503-2.jpg\",\"contentUrl\":\"https:\\\/\\\/www.editorialjuventud.es\\\/wp-content\\\/uploads\\\/9788426149503-2.jpg\",\"width\":1504,\"height\":2000},{\"@type\":\"BreadcrumbList\",\"@id\":\"https:\\\/\\\/www.editorialjuventud.es\\\/el-cofre-ple-de-paraules-9788426149503\\\/#breadcrumb\",\"itemListElement\":[{\"@type\":\"ListItem\",\"position\":1,\"name\":\"Portada\",\"item\":\"https:\\\/\\\/www.editorialjuventud.es\\\/\"},{\"@type\":\"ListItem\",\"position\":2,\"name\":\"cat\u00e1logo\",\"item\":\"https:\\\/\\\/www.editorialjuventud.es\\\/coleccion\\\/catalogo\\\/\"},{\"@type\":\"ListItem\",\"position\":3,\"name\":\"catal\u00e0\",\"item\":\"https:\\\/\\\/www.editorialjuventud.es\\\/coleccion\\\/catala\\\/\"},{\"@type\":\"ListItem\",\"position\":4,\"name\":\"\u00c0lbums Il\u00b7lustrats\",\"item\":\"https:\\\/\\\/www.editorialjuventud.es\\\/coleccion\\\/albums-il%c2%b7lustrats\\\/\"},{\"@type\":\"ListItem\",\"position\":5,\"name\":\"Aprenent a Llegir\",\"item\":\"https:\\\/\\\/www.editorialjuventud.es\\\/coleccion\\\/aprenent-a-llegir\\\/\"},{\"@type\":\"ListItem\",\"position\":6,\"name\":\"El cofre ple de paraules\"}]},{\"@type\":\"WebSite\",\"@id\":\"https:\\\/\\\/www.editorialjuventud.es\\\/#website\",\"url\":\"https:\\\/\\\/www.editorialjuventud.es\\\/\",\"name\":\"Editorial Juventud\",\"description\":\"\",\"potentialAction\":[{\"@type\":\"SearchAction\",\"target\":{\"@type\":\"EntryPoint\",\"urlTemplate\":\"https:\\\/\\\/www.editorialjuventud.es\\\/?s={search_term_string}\"},\"query-input\":{\"@type\":\"PropertyValueSpecification\",\"valueRequired\":true,\"valueName\":\"search_term_string\"}}],\"inLanguage\":\"ca\"}]}<\/script>\n<!-- \/ Yoast SEO plugin. -->","yoast_head_json":{"title":"El cofre ple de paraules - Editorial Juventud","description":"L'\u00d2scar, un aficionat a fer forats al terra, un bon dia destapa un cofre. Qu\u00e8 deu haver-hi? Doncs paraules, moooltes paraules. La veritat \u00e9s que l'\u00d2scar","robots":{"index":"index","follow":"follow","max-snippet":"max-snippet:-1","max-image-preview":"max-image-preview:large","max-video-preview":"max-video-preview:-1"},"canonical":"https:\/\/www.editorialjuventud.es\/el-cofre-ple-de-paraules-9788426149503\/","og_locale":"ca_ES","og_type":"article","og_title":"El cofre ple de paraules - Editorial Juventud","og_description":"L'\u00d2scar, un aficionat a fer forats al terra, un bon dia destapa un cofre. Qu\u00e8 deu haver-hi? Doncs paraules, moooltes paraules. La veritat \u00e9s que l'\u00d2scar","og_url":"https:\/\/www.editorialjuventud.es\/el-cofre-ple-de-paraules-9788426149503\/","og_site_name":"Editorial Juventud","article_modified_time":"2026-03-24T07:35:19+00:00","og_image":[{"width":1504,"height":2000,"url":"https:\/\/www.editorialjuventud.es\/wp-content\/uploads\/9788426149503-2.jpg","type":"image\/jpeg"}],"twitter_card":"summary_large_image","twitter_misc":{"Temps estimat de lectura":"1 minut"},"schema":{"@context":"https:\/\/schema.org","@graph":[{"@type":"WebPage","@id":"https:\/\/www.editorialjuventud.es\/el-cofre-ple-de-paraules-9788426149503\/","url":"https:\/\/www.editorialjuventud.es\/el-cofre-ple-de-paraules-9788426149503\/","name":"El cofre ple de paraules - Editorial Juventud","isPartOf":{"@id":"https:\/\/www.editorialjuventud.es\/#website"},"primaryImageOfPage":{"@id":"https:\/\/www.editorialjuventud.es\/el-cofre-ple-de-paraules-9788426149503\/#primaryimage"},"image":{"@id":"https:\/\/www.editorialjuventud.es\/el-cofre-ple-de-paraules-9788426149503\/#primaryimage"},"thumbnailUrl":"https:\/\/www.editorialjuventud.es\/wp-content\/uploads\/9788426149503-2.jpg","datePublished":"2025-09-26T07:25:18+00:00","dateModified":"2026-03-24T07:35:19+00:00","description":"L'\u00d2scar, un aficionat a fer forats al terra, un bon dia destapa un cofre. Qu\u00e8 deu haver-hi? Doncs paraules, moooltes paraules. La veritat \u00e9s que l'\u00d2scar","breadcrumb":{"@id":"https:\/\/www.editorialjuventud.es\/el-cofre-ple-de-paraules-9788426149503\/#breadcrumb"},"inLanguage":"ca","potentialAction":[{"@type":"ReadAction","target":["https:\/\/www.editorialjuventud.es\/el-cofre-ple-de-paraules-9788426149503\/"]}]},{"@type":"ImageObject","inLanguage":"ca","@id":"https:\/\/www.editorialjuventud.es\/el-cofre-ple-de-paraules-9788426149503\/#primaryimage","url":"https:\/\/www.editorialjuventud.es\/wp-content\/uploads\/9788426149503-2.jpg","contentUrl":"https:\/\/www.editorialjuventud.es\/wp-content\/uploads\/9788426149503-2.jpg","width":1504,"height":2000},{"@type":"BreadcrumbList","@id":"https:\/\/www.editorialjuventud.es\/el-cofre-ple-de-paraules-9788426149503\/#breadcrumb","itemListElement":[{"@type":"ListItem","position":1,"name":"Portada","item":"https:\/\/www.editorialjuventud.es\/"},{"@type":"ListItem","position":2,"name":"cat\u00e1logo","item":"https:\/\/www.editorialjuventud.es\/coleccion\/catalogo\/"},{"@type":"ListItem","position":3,"name":"catal\u00e0","item":"https:\/\/www.editorialjuventud.es\/coleccion\/catala\/"},{"@type":"ListItem","position":4,"name":"\u00c0lbums Il\u00b7lustrats","item":"https:\/\/www.editorialjuventud.es\/coleccion\/albums-il%c2%b7lustrats\/"},{"@type":"ListItem","position":5,"name":"Aprenent a Llegir","item":"https:\/\/www.editorialjuventud.es\/coleccion\/aprenent-a-llegir\/"},{"@type":"ListItem","position":6,"name":"El cofre ple de paraules"}]},{"@type":"WebSite","@id":"https:\/\/www.editorialjuventud.es\/#website","url":"https:\/\/www.editorialjuventud.es\/","name":"Editorial Juventud","description":"","potentialAction":[{"@type":"SearchAction","target":{"@type":"EntryPoint","urlTemplate":"https:\/\/www.editorialjuventud.es\/?s={search_term_string}"},"query-input":{"@type":"PropertyValueSpecification","valueRequired":true,"valueName":"search_term_string"}}],"inLanguage":"ca"}]}},"_links":{"self":[{"href":"https:\/\/www.editorialjuventud.es\/ca\/wp-json\/wp\/v2\/product\/92187","targetHints":{"allow":["GET"]}}],"collection":[{"href":"https:\/\/www.editorialjuventud.es\/ca\/wp-json\/wp\/v2\/product"}],"about":[{"href":"https:\/\/www.editorialjuventud.es\/ca\/wp-json\/wp\/v2\/types\/product"}],"wp:featuredmedia":[{"embeddable":true,"href":"https:\/\/www.editorialjuventud.es\/ca\/wp-json\/wp\/v2\/media\/94583"}],"wp:attachment":[{"href":"https:\/\/www.editorialjuventud.es\/ca\/wp-json\/wp\/v2\/media?parent=92187"}],"wp:term":[{"taxonomy":"product_brand","embeddable":true,"href":"https:\/\/www.editorialjuventud.es\/ca\/wp-json\/wp\/v2\/product_brand?post=92187"},{"taxonomy":"product_cat","embeddable":true,"href":"https:\/\/www.editorialjuventud.es\/ca\/wp-json\/wp\/v2\/product_cat?post=92187"},{"taxonomy":"product_tag","embeddable":true,"href":"https:\/\/www.editorialjuventud.es\/ca\/wp-json\/wp\/v2\/product_tag?post=92187"},{"taxonomy":"coleccion","embeddable":true,"href":"https:\/\/www.editorialjuventud.es\/ca\/wp-json\/wp\/v2\/coleccion?post=92187"}],"curies":[{"name":"wp","href":"https:\/\/api.w.org\/{rel}","templated":true}]}}