{"id":88031,"date":"2025-08-05T16:35:16","date_gmt":"2025-08-05T14:35:16","guid":{"rendered":"https:\/\/www.editorialjuventud.es\/ser-un-noi-9788426149411\/"},"modified":"2025-10-06T13:55:12","modified_gmt":"2025-10-06T11:55:12","slug":"ser-un-noi-9788426149411","status":"publish","type":"product","link":"https:\/\/www.editorialjuventud.es\/ca\/ser-un-noi-9788426149411\/","title":{"rendered":"Ser un noi"},"content":{"rendered":"<p>Ser un noi t\u00e9 unes connotacions bastant fortes arreu del m\u00f3n. Per al Masato, ser noi vol dir amagar els seus sentiments, per al Iuri vol dir que li hagin d&#8217;agradar les noies i per al Fede, jugar a la llei del m\u00e9s fort. En aquest c\u00f2mic dividit en cap\u00edtols, seguim Masato, Iuri, Fede, Toni i Rosa, que tornen a l&#8217;institut despr\u00e9s de perdre un company durant l&#8217;estiu. No \u00e9s f\u00e0cil viure un dol i gestionar totes les experi\u00e8ncies, expectatives i pressions pr\u00f2pies de l&#8217;adolesc\u00e8ncia. A trav\u00e9s d&#8217;aquests cinc relats, cadascun, a la seva manera, es fa preguntes sobre la relaci\u00f3 amb els altres i sobre la masculinitat. \u00c9s possible trencar amb les imposicions de la societat?<br \/>\nExpressar els sentiments, acceptar la pr\u00f2pia sexualitat, relacionar-se amb les noies i la pornografia&#8230; Els protagonistes d&#8217;aquests relats es troben amb els conflictes propis i impactants de l&#8217;adolesc\u00e8ncia, per\u00f2 es plantegen si hi ha altres maneres m\u00e9s sanes de viure&#8217;ls. El pes de l&#8217;ordre patriarcal i masclista tamb\u00e9 recau sobre els nois, i els converteix en v\u00edctimes de les seves pr\u00f2pies imposicions. Cada relat va acompanyat d&#8217;unes p\u00e0gines documentals a fi d&#8217;ampliar i aportar elements concrets.<\/p>\n","protected":false},"excerpt":{"rendered":"Ser un noi t\u00e9 unes connotacions bastant fortes arreu del m\u00f3n. Per al Masato, ser noi vol dir amagar els seus sentiments, per al Iuri vol dir que li hagin d&#8217;agradar les noies i per al Fede, jugar a la [&hellip;]","protected":false},"featured_media":88032,"template":"","meta":{"_acf_changed":false,"_exactmetrics_skip_tracking":false,"_exactmetrics_sitenote_active":false,"_exactmetrics_sitenote_note":"","_exactmetrics_sitenote_category":0},"product_brand":[],"product_cat":[894,1130,1121,1136,1141,1155,1220,1285,909,1185,1216,1221,910],"product_tag":[],"coleccion":[917,946],"class_list":{"0":"post-88031","1":"product","2":"type-product","3":"status-publish","4":"has-post-thumbnail","6":"product_cat-a-partir-de-10-anos","7":"product_cat-acoso-escolar","8":"product_cat-albumes-ilustrados","9":"product_cat-amistad","10":"product_cat-autoestima","11":"product_cat-conflictos","12":"product_cat-convivencia-relaciones-interculturales","13":"product_cat-diversidad-integracion","14":"product_cat-este-mes","15":"product_cat-igualdad-de-genero","16":"product_cat-pubertad","17":"product_cat-sexualidad","18":"product_cat-ultimas-novedades","19":"coleccion-albums-illustrats","20":"coleccion-com-i-per-que","22":"first","23":"instock","24":"taxable","25":"shipping-taxable","26":"purchasable","27":"product-type-simple"},"acf":{"autor":"Ouaffi, Karim","codart":"4941","ediciones":"0","encuadernacion":"R\u00fastica","fecha_de_publicacion":"01\/01\/2010","novedad":"0","paginas":"176","subtitulo":"","texto_web_adicional":"","texto_web_novedad":"","orden":"999","portada":"0","texto_web_resaltado":"","descripcion_corta":"","recomendamos":"","mas_vendido":"","indice":"","autores-libros":[92086],"ilustradores-libros":[92087],"traductores-libros":[92088],"idioma-libro":"","fecha_de_reimpresion":"","color":false,"formato":"","mas_informacion_del_producto":false,"premios":false,"deshabilitar_compra":[],"texto_enlace_cubierta":"","enlace_cubierta":{"ID":91952,"id":91952,"title":"SerUnNoi_CAT","filename":"SerUnNoi_CAT.tif","filesize":30261808,"url":"https:\/\/www.editorialjuventud.es\/wp-content\/uploads\/SerUnNoi_CAT.tif","link":"https:\/\/www.editorialjuventud.es\/ca\/?attachment_id=91952","alt":"","author":"50","description":"","caption":"","name":"serunnoi_cat","status":"inherit","uploaded_to":88031,"date":"2025-09-01 11:23:32","modified":"2025-09-01 11:23:32","menu_order":0,"mime_type":"image\/tiff","type":"image","subtype":"tiff","icon":"https:\/\/www.editorialjuventud.es\/wp-includes\/images\/media\/default.png","width":0,"height":0,"sizes":{"thumbnail":"https:\/\/www.editorialjuventud.es\/wp-content\/uploads\/SerUnNoi_CAT.tif","thumbnail-width":1,"thumbnail-height":1,"medium":"https:\/\/www.editorialjuventud.es\/wp-content\/uploads\/SerUnNoi_CAT.tif","medium-width":0,"medium-height":0,"medium_large":"https:\/\/www.editorialjuventud.es\/wp-content\/uploads\/SerUnNoi_CAT.tif","medium_large-width":1,"medium_large-height":1,"large":"https:\/\/www.editorialjuventud.es\/wp-content\/uploads\/SerUnNoi_CAT.tif","large-width":0,"large-height":0,"1536x1536":"https:\/\/www.editorialjuventud.es\/wp-content\/uploads\/SerUnNoi_CAT.tif","1536x1536-width":1,"1536x1536-height":1,"2048x2048":"https:\/\/www.editorialjuventud.es\/wp-content\/uploads\/SerUnNoi_CAT.tif","2048x2048-width":1,"2048x2048-height":1,"woocommerce_thumbnail":"https:\/\/www.editorialjuventud.es\/wp-content\/uploads\/SerUnNoi_CAT.tif","woocommerce_thumbnail-width":1,"woocommerce_thumbnail-height":1,"woocommerce_single":"https:\/\/www.editorialjuventud.es\/wp-content\/uploads\/SerUnNoi_CAT.tif","woocommerce_single-width":1,"woocommerce_single-height":1,"woocommerce_gallery_thumbnail":"https:\/\/www.editorialjuventud.es\/wp-content\/uploads\/SerUnNoi_CAT.tif","woocommerce_gallery_thumbnail-width":1,"woocommerce_gallery_thumbnail-height":1,"ppec_logo_image_size":"https:\/\/www.editorialjuventud.es\/wp-content\/uploads\/SerUnNoi_CAT.tif","ppec_logo_image_size-width":1,"ppec_logo_image_size-height":1,"ppec_header_image_size":"https:\/\/www.editorialjuventud.es\/wp-content\/uploads\/SerUnNoi_CAT.tif","ppec_header_image_size-width":1,"ppec_header_image_size-height":1}},"texto_enlace_ficha_tecnica":"","enlace_ficha_tecnica":{"ID":92170,"id":92170,"title":"Ser un noi","filename":"Ser-un-noi.pdf","filesize":1671558,"url":"https:\/\/www.editorialjuventud.es\/wp-content\/uploads\/Ser-un-noi.pdf","link":"https:\/\/www.editorialjuventud.es\/ca\/?attachment_id=92170","alt":"","author":"1519","description":"","caption":"","name":"ser-un-noi","status":"inherit","uploaded_to":88031,"date":"2025-09-19 11:51:03","modified":"2025-09-19 11:51:03","menu_order":0,"mime_type":"application\/pdf","type":"application","subtype":"pdf","icon":"https:\/\/www.editorialjuventud.es\/wp-includes\/images\/media\/document.png"},"ficheros":false,"titulo-fr":"","texto-fr":""},"yoast_head":"<!-- This site is optimized with the Yoast SEO plugin v27.3 - https:\/\/yoast.com\/product\/yoast-seo-wordpress\/ -->\n<title>Ser un noi - Editorial Juventud<\/title>\n<meta name=\"description\" content=\"Ser un noi t\u00e9 unes connotacions bastant fortes arreu del m\u00f3n. Per al Masato, ser noi vol dir amagar els seus sentiments, per al Iuri vol dir que li hagin\" \/>\n<meta name=\"robots\" content=\"index, follow, max-snippet:-1, max-image-preview:large, max-video-preview:-1\" \/>\n<link rel=\"canonical\" href=\"https:\/\/www.editorialjuventud.es\/ser-un-noi-9788426149411\/\" \/>\n<meta property=\"og:locale\" content=\"ca_ES\" \/>\n<meta property=\"og:type\" content=\"article\" \/>\n<meta property=\"og:title\" content=\"Ser un noi - Editorial Juventud\" \/>\n<meta property=\"og:description\" content=\"Ser un noi t\u00e9 unes connotacions bastant fortes arreu del m\u00f3n. Per al Masato, ser noi vol dir amagar els seus sentiments, per al Iuri vol dir que li hagin\" \/>\n<meta property=\"og:url\" content=\"https:\/\/www.editorialjuventud.es\/ser-un-noi-9788426149411\/\" \/>\n<meta property=\"og:site_name\" content=\"Editorial Juventud\" \/>\n<meta property=\"article:modified_time\" content=\"2025-10-06T11:55:12+00:00\" \/>\n<meta property=\"og:image\" content=\"https:\/\/www.editorialjuventud.es\/wp-content\/uploads\/9788426149411.jpg\" \/>\n\t<meta property=\"og:image:width\" content=\"1419\" \/>\n\t<meta property=\"og:image:height\" content=\"2000\" \/>\n\t<meta property=\"og:image:type\" content=\"image\/jpeg\" \/>\n<meta name=\"twitter:card\" content=\"summary_large_image\" \/>\n<meta name=\"twitter:label1\" content=\"Temps estimat de lectura\" \/>\n\t<meta name=\"twitter:data1\" content=\"2 minuts\" \/>\n<script type=\"application\/ld+json\" class=\"yoast-schema-graph\">{\"@context\":\"https:\\\/\\\/schema.org\",\"@graph\":[{\"@type\":\"WebPage\",\"@id\":\"https:\\\/\\\/www.editorialjuventud.es\\\/ser-un-noi-9788426149411\\\/\",\"url\":\"https:\\\/\\\/www.editorialjuventud.es\\\/ser-un-noi-9788426149411\\\/\",\"name\":\"Ser un noi - Editorial Juventud\",\"isPartOf\":{\"@id\":\"https:\\\/\\\/www.editorialjuventud.es\\\/#website\"},\"primaryImageOfPage\":{\"@id\":\"https:\\\/\\\/www.editorialjuventud.es\\\/ser-un-noi-9788426149411\\\/#primaryimage\"},\"image\":{\"@id\":\"https:\\\/\\\/www.editorialjuventud.es\\\/ser-un-noi-9788426149411\\\/#primaryimage\"},\"thumbnailUrl\":\"https:\\\/\\\/www.editorialjuventud.es\\\/wp-content\\\/uploads\\\/9788426149411.jpg\",\"datePublished\":\"2025-08-05T14:35:16+00:00\",\"dateModified\":\"2025-10-06T11:55:12+00:00\",\"description\":\"Ser un noi t\u00e9 unes connotacions bastant fortes arreu del m\u00f3n. Per al Masato, ser noi vol dir amagar els seus sentiments, per al Iuri vol dir que li hagin\",\"breadcrumb\":{\"@id\":\"https:\\\/\\\/www.editorialjuventud.es\\\/ser-un-noi-9788426149411\\\/#breadcrumb\"},\"inLanguage\":\"ca\",\"potentialAction\":[{\"@type\":\"ReadAction\",\"target\":[\"https:\\\/\\\/www.editorialjuventud.es\\\/ser-un-noi-9788426149411\\\/\"]}]},{\"@type\":\"ImageObject\",\"inLanguage\":\"ca\",\"@id\":\"https:\\\/\\\/www.editorialjuventud.es\\\/ser-un-noi-9788426149411\\\/#primaryimage\",\"url\":\"https:\\\/\\\/www.editorialjuventud.es\\\/wp-content\\\/uploads\\\/9788426149411.jpg\",\"contentUrl\":\"https:\\\/\\\/www.editorialjuventud.es\\\/wp-content\\\/uploads\\\/9788426149411.jpg\",\"width\":1419,\"height\":2000,\"caption\":\"9788426149411.jpg\"},{\"@type\":\"BreadcrumbList\",\"@id\":\"https:\\\/\\\/www.editorialjuventud.es\\\/ser-un-noi-9788426149411\\\/#breadcrumb\",\"itemListElement\":[{\"@type\":\"ListItem\",\"position\":1,\"name\":\"Portada\",\"item\":\"https:\\\/\\\/www.editorialjuventud.es\\\/\"},{\"@type\":\"ListItem\",\"position\":2,\"name\":\"cat\u00e1logo\",\"item\":\"https:\\\/\\\/www.editorialjuventud.es\\\/coleccion\\\/catalogo\\\/\"},{\"@type\":\"ListItem\",\"position\":3,\"name\":\"catal\u00e0\",\"item\":\"https:\\\/\\\/www.editorialjuventud.es\\\/coleccion\\\/catala\\\/\"},{\"@type\":\"ListItem\",\"position\":4,\"name\":\"\u00c0lbums Il\u00b7lustrats\",\"item\":\"https:\\\/\\\/www.editorialjuventud.es\\\/coleccion\\\/albums-il%c2%b7lustrats\\\/\"},{\"@type\":\"ListItem\",\"position\":5,\"name\":\"Com i Per qu\u00e8\",\"item\":\"https:\\\/\\\/www.editorialjuventud.es\\\/coleccion\\\/com-i-per-que\\\/\"},{\"@type\":\"ListItem\",\"position\":6,\"name\":\"Ser un noi\"}]},{\"@type\":\"WebSite\",\"@id\":\"https:\\\/\\\/www.editorialjuventud.es\\\/#website\",\"url\":\"https:\\\/\\\/www.editorialjuventud.es\\\/\",\"name\":\"Editorial Juventud\",\"description\":\"\",\"potentialAction\":[{\"@type\":\"SearchAction\",\"target\":{\"@type\":\"EntryPoint\",\"urlTemplate\":\"https:\\\/\\\/www.editorialjuventud.es\\\/?s={search_term_string}\"},\"query-input\":{\"@type\":\"PropertyValueSpecification\",\"valueRequired\":true,\"valueName\":\"search_term_string\"}}],\"inLanguage\":\"ca\"}]}<\/script>\n<!-- \/ Yoast SEO plugin. -->","yoast_head_json":{"title":"Ser un noi - Editorial Juventud","description":"Ser un noi t\u00e9 unes connotacions bastant fortes arreu del m\u00f3n. Per al Masato, ser noi vol dir amagar els seus sentiments, per al Iuri vol dir que li hagin","robots":{"index":"index","follow":"follow","max-snippet":"max-snippet:-1","max-image-preview":"max-image-preview:large","max-video-preview":"max-video-preview:-1"},"canonical":"https:\/\/www.editorialjuventud.es\/ser-un-noi-9788426149411\/","og_locale":"ca_ES","og_type":"article","og_title":"Ser un noi - Editorial Juventud","og_description":"Ser un noi t\u00e9 unes connotacions bastant fortes arreu del m\u00f3n. Per al Masato, ser noi vol dir amagar els seus sentiments, per al Iuri vol dir que li hagin","og_url":"https:\/\/www.editorialjuventud.es\/ser-un-noi-9788426149411\/","og_site_name":"Editorial Juventud","article_modified_time":"2025-10-06T11:55:12+00:00","og_image":[{"width":1419,"height":2000,"url":"https:\/\/www.editorialjuventud.es\/wp-content\/uploads\/9788426149411.jpg","type":"image\/jpeg"}],"twitter_card":"summary_large_image","twitter_misc":{"Temps estimat de lectura":"2 minuts"},"schema":{"@context":"https:\/\/schema.org","@graph":[{"@type":"WebPage","@id":"https:\/\/www.editorialjuventud.es\/ser-un-noi-9788426149411\/","url":"https:\/\/www.editorialjuventud.es\/ser-un-noi-9788426149411\/","name":"Ser un noi - Editorial Juventud","isPartOf":{"@id":"https:\/\/www.editorialjuventud.es\/#website"},"primaryImageOfPage":{"@id":"https:\/\/www.editorialjuventud.es\/ser-un-noi-9788426149411\/#primaryimage"},"image":{"@id":"https:\/\/www.editorialjuventud.es\/ser-un-noi-9788426149411\/#primaryimage"},"thumbnailUrl":"https:\/\/www.editorialjuventud.es\/wp-content\/uploads\/9788426149411.jpg","datePublished":"2025-08-05T14:35:16+00:00","dateModified":"2025-10-06T11:55:12+00:00","description":"Ser un noi t\u00e9 unes connotacions bastant fortes arreu del m\u00f3n. Per al Masato, ser noi vol dir amagar els seus sentiments, per al Iuri vol dir que li hagin","breadcrumb":{"@id":"https:\/\/www.editorialjuventud.es\/ser-un-noi-9788426149411\/#breadcrumb"},"inLanguage":"ca","potentialAction":[{"@type":"ReadAction","target":["https:\/\/www.editorialjuventud.es\/ser-un-noi-9788426149411\/"]}]},{"@type":"ImageObject","inLanguage":"ca","@id":"https:\/\/www.editorialjuventud.es\/ser-un-noi-9788426149411\/#primaryimage","url":"https:\/\/www.editorialjuventud.es\/wp-content\/uploads\/9788426149411.jpg","contentUrl":"https:\/\/www.editorialjuventud.es\/wp-content\/uploads\/9788426149411.jpg","width":1419,"height":2000,"caption":"9788426149411.jpg"},{"@type":"BreadcrumbList","@id":"https:\/\/www.editorialjuventud.es\/ser-un-noi-9788426149411\/#breadcrumb","itemListElement":[{"@type":"ListItem","position":1,"name":"Portada","item":"https:\/\/www.editorialjuventud.es\/"},{"@type":"ListItem","position":2,"name":"cat\u00e1logo","item":"https:\/\/www.editorialjuventud.es\/coleccion\/catalogo\/"},{"@type":"ListItem","position":3,"name":"catal\u00e0","item":"https:\/\/www.editorialjuventud.es\/coleccion\/catala\/"},{"@type":"ListItem","position":4,"name":"\u00c0lbums Il\u00b7lustrats","item":"https:\/\/www.editorialjuventud.es\/coleccion\/albums-il%c2%b7lustrats\/"},{"@type":"ListItem","position":5,"name":"Com i Per qu\u00e8","item":"https:\/\/www.editorialjuventud.es\/coleccion\/com-i-per-que\/"},{"@type":"ListItem","position":6,"name":"Ser un noi"}]},{"@type":"WebSite","@id":"https:\/\/www.editorialjuventud.es\/#website","url":"https:\/\/www.editorialjuventud.es\/","name":"Editorial Juventud","description":"","potentialAction":[{"@type":"SearchAction","target":{"@type":"EntryPoint","urlTemplate":"https:\/\/www.editorialjuventud.es\/?s={search_term_string}"},"query-input":{"@type":"PropertyValueSpecification","valueRequired":true,"valueName":"search_term_string"}}],"inLanguage":"ca"}]}},"_links":{"self":[{"href":"https:\/\/www.editorialjuventud.es\/ca\/wp-json\/wp\/v2\/product\/88031","targetHints":{"allow":["GET"]}}],"collection":[{"href":"https:\/\/www.editorialjuventud.es\/ca\/wp-json\/wp\/v2\/product"}],"about":[{"href":"https:\/\/www.editorialjuventud.es\/ca\/wp-json\/wp\/v2\/types\/product"}],"wp:featuredmedia":[{"embeddable":true,"href":"https:\/\/www.editorialjuventud.es\/ca\/wp-json\/wp\/v2\/media\/88032"}],"wp:attachment":[{"href":"https:\/\/www.editorialjuventud.es\/ca\/wp-json\/wp\/v2\/media?parent=88031"}],"wp:term":[{"taxonomy":"product_brand","embeddable":true,"href":"https:\/\/www.editorialjuventud.es\/ca\/wp-json\/wp\/v2\/product_brand?post=88031"},{"taxonomy":"product_cat","embeddable":true,"href":"https:\/\/www.editorialjuventud.es\/ca\/wp-json\/wp\/v2\/product_cat?post=88031"},{"taxonomy":"product_tag","embeddable":true,"href":"https:\/\/www.editorialjuventud.es\/ca\/wp-json\/wp\/v2\/product_tag?post=88031"},{"taxonomy":"coleccion","embeddable":true,"href":"https:\/\/www.editorialjuventud.es\/ca\/wp-json\/wp\/v2\/coleccion?post=88031"}],"curies":[{"name":"wp","href":"https:\/\/api.w.org\/{rel}","templated":true}]}}