{"id":78388,"date":"2024-04-05T13:00:50","date_gmt":"2024-04-05T11:00:50","guid":{"rendered":"https:\/\/www.editorialjuventud.es\/la-ciutat-grisa-9788426148902\/"},"modified":"2025-02-05T13:35:07","modified_gmt":"2025-02-05T12:35:07","slug":"la-ciutat-grisa-9788426148902","status":"publish","type":"product","link":"https:\/\/www.editorialjuventud.es\/ca\/la-ciutat-grisa-9788426148902\/","title":{"rendered":"La ciutat grisa"},"content":{"rendered":"<p>La Rita s&#8217;acaba de mudar a una nova ciutat. Al seu voltant tot \u00e9s gris: els edificis, els cotxes i la majoria de gent. On s\u00f3n els colors? En la seva recerca, la Rita troba uns bons aliats i descobreix un secret incre\u00efble. Amb l&#8217;ajuda dels seus amics, mirar\u00e0 d&#8217;esbrinar qu\u00e8 s&#8217;amaga darrere les parets d&#8217;una f\u00e0brica misteriosa i far\u00e0 tot el possible per tornar els preciosos colors a la ciutat i als seus habitants.<\/p>\n<p>Torben Kuhlmann torna a captivar-nos amb les seves il\u00b7lustracions en aquesta hist\u00f2ria que beu de grans obres mestres com Momo o 1984. Kuhlmann utilitza la seva passi\u00f3 per la ci\u00e8ncia i el seu talent com a il\u00b7lustrador per introduir la teoria del color als joves lectors a trav\u00e9s de la seva impactant narraci\u00f3 visual.<\/p>\n","protected":false},"excerpt":{"rendered":"La Rita s&#8217;acaba de mudar a una nova ciutat. Al seu voltant tot \u00e9s gris: els edificis, els cotxes i la majoria de gent. On s\u00f3n els colors? En la seva recerca, la Rita troba uns bons aliats i descobreix [&hellip;]","protected":false},"featured_media":78389,"template":"","meta":{"_acf_changed":false,"_exactmetrics_skip_tracking":false,"_exactmetrics_sitenote_active":false,"_exactmetrics_sitenote_note":"","_exactmetrics_sitenote_category":0},"product_brand":[],"product_cat":[902,1121,1152,1158,910],"product_tag":[],"coleccion":[917,915,949],"class_list":{"0":"post-78388","1":"product","2":"type-product","3":"status-publish","4":"has-post-thumbnail","6":"product_cat-a-partir-de-7-anos","7":"product_cat-albumes-ilustrados","8":"product_cat-colores","9":"product_cat-critica-social","10":"product_cat-ultimas-novedades","11":"coleccion-albums-illustrats","12":"coleccion-catala","13":"coleccion-creixer-en-valors","15":"first","16":"instock","17":"taxable","18":"shipping-taxable","19":"purchasable","20":"product-type-simple"},"acf":{"indice":"","autor":"Kuhlmann, Torben","codart":"4890","ediciones":"1","encuadernacion":"Carton\u00e9","fecha_de_publicacion":"01\/04\/2024","fecha_de_reimpresion":"","novedad":"0","paginas":"64","subtitulo":"","texto_web_adicional":"","autores-libros":[16448],"ilustradores-libros":[16448],"texto_web_novedad":"","orden":"999","portada":"0","texto_web_resaltado":"","traductores-libros":[78347],"descripcion_corta":"","recomendamos":"","mas_vendido":"","idioma-libro":"","color":false,"formato":"","mas_informacion_del_producto":false,"premios":false,"deshabilitar_compra":[],"titulo-fr":"","texto-fr":"","texto_enlace_cubierta":"","enlace_cubierta":{"ID":78466,"id":78466,"title":"La Ciutat Grisa_cover_CAT","filename":"La-Ciutat-Grisa_cover_CAT.tif","filesize":13892476,"url":"https:\/\/www.editorialjuventud.es\/wp-content\/uploads\/La-Ciutat-Grisa_cover_CAT.tif","link":"https:\/\/www.editorialjuventud.es\/ca\/?attachment_id=78466","alt":"","author":"50","description":"","caption":"","name":"la-ciutat-grisa_cover_cat","status":"inherit","uploaded_to":78388,"date":"2024-04-08 09:38:43","modified":"2024-04-08 09:38:43","menu_order":0,"mime_type":"image\/tiff","type":"image","subtype":"tiff","icon":"https:\/\/www.editorialjuventud.es\/wp-includes\/images\/media\/default.png","width":0,"height":0,"sizes":{"thumbnail":"https:\/\/www.editorialjuventud.es\/wp-content\/uploads\/La-Ciutat-Grisa_cover_CAT.tif","thumbnail-width":1,"thumbnail-height":1,"medium":"https:\/\/www.editorialjuventud.es\/wp-content\/uploads\/La-Ciutat-Grisa_cover_CAT.tif","medium-width":0,"medium-height":0,"medium_large":"https:\/\/www.editorialjuventud.es\/wp-content\/uploads\/La-Ciutat-Grisa_cover_CAT.tif","medium_large-width":1,"medium_large-height":1,"large":"https:\/\/www.editorialjuventud.es\/wp-content\/uploads\/La-Ciutat-Grisa_cover_CAT.tif","large-width":0,"large-height":0,"1536x1536":"https:\/\/www.editorialjuventud.es\/wp-content\/uploads\/La-Ciutat-Grisa_cover_CAT.tif","1536x1536-width":1,"1536x1536-height":1,"2048x2048":"https:\/\/www.editorialjuventud.es\/wp-content\/uploads\/La-Ciutat-Grisa_cover_CAT.tif","2048x2048-width":1,"2048x2048-height":1,"woocommerce_thumbnail":"https:\/\/www.editorialjuventud.es\/wp-content\/uploads\/La-Ciutat-Grisa_cover_CAT.tif","woocommerce_thumbnail-width":1,"woocommerce_thumbnail-height":1,"woocommerce_single":"https:\/\/www.editorialjuventud.es\/wp-content\/uploads\/La-Ciutat-Grisa_cover_CAT.tif","woocommerce_single-width":1,"woocommerce_single-height":1,"woocommerce_gallery_thumbnail":"https:\/\/www.editorialjuventud.es\/wp-content\/uploads\/La-Ciutat-Grisa_cover_CAT.tif","woocommerce_gallery_thumbnail-width":1,"woocommerce_gallery_thumbnail-height":1,"ppec_logo_image_size":"https:\/\/www.editorialjuventud.es\/wp-content\/uploads\/La-Ciutat-Grisa_cover_CAT.tif","ppec_logo_image_size-width":1,"ppec_logo_image_size-height":1,"ppec_header_image_size":"https:\/\/www.editorialjuventud.es\/wp-content\/uploads\/La-Ciutat-Grisa_cover_CAT.tif","ppec_header_image_size-width":1,"ppec_header_image_size-height":1}},"texto_enlace_ficha_tecnica":"","enlace_ficha_tecnica":{"ID":78609,"id":78609,"title":"La Ciutat Grisa_CA","filename":"La-Ciutat-Grisa_CA.pdf","filesize":639962,"url":"https:\/\/www.editorialjuventud.es\/wp-content\/uploads\/La-Ciutat-Grisa_CA.pdf","link":"https:\/\/www.editorialjuventud.es\/ca\/?attachment_id=78609","alt":"","author":"50","description":"","caption":"","name":"la-ciutat-grisa_ca","status":"inherit","uploaded_to":78388,"date":"2024-04-22 16:01:25","modified":"2024-04-22 16:01:25","menu_order":0,"mime_type":"application\/pdf","type":"application","subtype":"pdf","icon":"https:\/\/www.editorialjuventud.es\/wp-includes\/images\/media\/document.png"},"ficheros":false},"yoast_head":"<!-- This site is optimized with the Yoast SEO plugin v27.3 - https:\/\/yoast.com\/product\/yoast-seo-wordpress\/ -->\n<title>La ciutat grisa - Editorial Juventud<\/title>\n<meta name=\"description\" content=\"La Rita s&#039;acaba de mudar a una nova ciutat. Al seu voltant tot \u00e9s gris: els edificis, els cotxes i la majoria de gent. On s\u00f3n els colors? En la seva\" \/>\n<meta name=\"robots\" content=\"index, follow, max-snippet:-1, max-image-preview:large, max-video-preview:-1\" \/>\n<link rel=\"canonical\" href=\"https:\/\/www.editorialjuventud.es\/la-ciutat-grisa-9788426148902\/\" \/>\n<meta property=\"og:locale\" content=\"ca_ES\" \/>\n<meta property=\"og:type\" content=\"article\" \/>\n<meta property=\"og:title\" content=\"La ciutat grisa - Editorial Juventud\" \/>\n<meta property=\"og:description\" content=\"La Rita s&#039;acaba de mudar a una nova ciutat. Al seu voltant tot \u00e9s gris: els edificis, els cotxes i la majoria de gent. On s\u00f3n els colors? En la seva\" \/>\n<meta property=\"og:url\" content=\"https:\/\/www.editorialjuventud.es\/la-ciutat-grisa-9788426148902\/\" \/>\n<meta property=\"og:site_name\" content=\"Editorial Juventud\" \/>\n<meta property=\"article:modified_time\" content=\"2025-02-05T12:35:07+00:00\" \/>\n<meta property=\"og:image\" content=\"https:\/\/www.editorialjuventud.es\/wp-content\/uploads\/9788426148902.jpg\" \/>\n\t<meta property=\"og:image:width\" content=\"705\" \/>\n\t<meta property=\"og:image:height\" content=\"916\" \/>\n\t<meta property=\"og:image:type\" content=\"image\/jpeg\" \/>\n<meta name=\"twitter:card\" content=\"summary_large_image\" \/>\n<meta name=\"twitter:label1\" content=\"Temps estimat de lectura\" \/>\n\t<meta name=\"twitter:data1\" content=\"1 minut\" \/>\n<script type=\"application\/ld+json\" class=\"yoast-schema-graph\">{\"@context\":\"https:\\\/\\\/schema.org\",\"@graph\":[{\"@type\":\"WebPage\",\"@id\":\"https:\\\/\\\/www.editorialjuventud.es\\\/la-ciutat-grisa-9788426148902\\\/\",\"url\":\"https:\\\/\\\/www.editorialjuventud.es\\\/la-ciutat-grisa-9788426148902\\\/\",\"name\":\"La ciutat grisa - Editorial Juventud\",\"isPartOf\":{\"@id\":\"https:\\\/\\\/www.editorialjuventud.es\\\/#website\"},\"primaryImageOfPage\":{\"@id\":\"https:\\\/\\\/www.editorialjuventud.es\\\/la-ciutat-grisa-9788426148902\\\/#primaryimage\"},\"image\":{\"@id\":\"https:\\\/\\\/www.editorialjuventud.es\\\/la-ciutat-grisa-9788426148902\\\/#primaryimage\"},\"thumbnailUrl\":\"https:\\\/\\\/www.editorialjuventud.es\\\/wp-content\\\/uploads\\\/9788426148902.jpg\",\"datePublished\":\"2024-04-05T11:00:50+00:00\",\"dateModified\":\"2025-02-05T12:35:07+00:00\",\"description\":\"La Rita s'acaba de mudar a una nova ciutat. Al seu voltant tot \u00e9s gris: els edificis, els cotxes i la majoria de gent. On s\u00f3n els colors? En la seva\",\"breadcrumb\":{\"@id\":\"https:\\\/\\\/www.editorialjuventud.es\\\/la-ciutat-grisa-9788426148902\\\/#breadcrumb\"},\"inLanguage\":\"ca\",\"potentialAction\":[{\"@type\":\"ReadAction\",\"target\":[\"https:\\\/\\\/www.editorialjuventud.es\\\/la-ciutat-grisa-9788426148902\\\/\"]}]},{\"@type\":\"ImageObject\",\"inLanguage\":\"ca\",\"@id\":\"https:\\\/\\\/www.editorialjuventud.es\\\/la-ciutat-grisa-9788426148902\\\/#primaryimage\",\"url\":\"https:\\\/\\\/www.editorialjuventud.es\\\/wp-content\\\/uploads\\\/9788426148902.jpg\",\"contentUrl\":\"https:\\\/\\\/www.editorialjuventud.es\\\/wp-content\\\/uploads\\\/9788426148902.jpg\",\"width\":705,\"height\":916,\"caption\":\"9788426148902.jpg\"},{\"@type\":\"BreadcrumbList\",\"@id\":\"https:\\\/\\\/www.editorialjuventud.es\\\/la-ciutat-grisa-9788426148902\\\/#breadcrumb\",\"itemListElement\":[{\"@type\":\"ListItem\",\"position\":1,\"name\":\"Portada\",\"item\":\"https:\\\/\\\/www.editorialjuventud.es\\\/\"},{\"@type\":\"ListItem\",\"position\":2,\"name\":\"cat\u00e1logo\",\"item\":\"https:\\\/\\\/www.editorialjuventud.es\\\/coleccion\\\/catalogo\\\/\"},{\"@type\":\"ListItem\",\"position\":3,\"name\":\"catal\u00e0\",\"item\":\"https:\\\/\\\/www.editorialjuventud.es\\\/coleccion\\\/catala\\\/\"},{\"@type\":\"ListItem\",\"position\":4,\"name\":\"\u00c0lbums Il\u00b7lustrats\",\"item\":\"https:\\\/\\\/www.editorialjuventud.es\\\/coleccion\\\/albums-il%c2%b7lustrats\\\/\"},{\"@type\":\"ListItem\",\"position\":5,\"name\":\"Cr\u00e9ixer en Valors\",\"item\":\"https:\\\/\\\/www.editorialjuventud.es\\\/ca\\\/coleccion\\\/creixer-en-valors\\\/\"},{\"@type\":\"ListItem\",\"position\":6,\"name\":\"La ciutat grisa\"}]},{\"@type\":\"WebSite\",\"@id\":\"https:\\\/\\\/www.editorialjuventud.es\\\/#website\",\"url\":\"https:\\\/\\\/www.editorialjuventud.es\\\/\",\"name\":\"Editorial Juventud\",\"description\":\"\",\"potentialAction\":[{\"@type\":\"SearchAction\",\"target\":{\"@type\":\"EntryPoint\",\"urlTemplate\":\"https:\\\/\\\/www.editorialjuventud.es\\\/?s={search_term_string}\"},\"query-input\":{\"@type\":\"PropertyValueSpecification\",\"valueRequired\":true,\"valueName\":\"search_term_string\"}}],\"inLanguage\":\"ca\"}]}<\/script>\n<!-- \/ Yoast SEO plugin. -->","yoast_head_json":{"title":"La ciutat grisa - Editorial Juventud","description":"La Rita s'acaba de mudar a una nova ciutat. Al seu voltant tot \u00e9s gris: els edificis, els cotxes i la majoria de gent. On s\u00f3n els colors? En la seva","robots":{"index":"index","follow":"follow","max-snippet":"max-snippet:-1","max-image-preview":"max-image-preview:large","max-video-preview":"max-video-preview:-1"},"canonical":"https:\/\/www.editorialjuventud.es\/la-ciutat-grisa-9788426148902\/","og_locale":"ca_ES","og_type":"article","og_title":"La ciutat grisa - Editorial Juventud","og_description":"La Rita s'acaba de mudar a una nova ciutat. Al seu voltant tot \u00e9s gris: els edificis, els cotxes i la majoria de gent. On s\u00f3n els colors? En la seva","og_url":"https:\/\/www.editorialjuventud.es\/la-ciutat-grisa-9788426148902\/","og_site_name":"Editorial Juventud","article_modified_time":"2025-02-05T12:35:07+00:00","og_image":[{"width":705,"height":916,"url":"https:\/\/www.editorialjuventud.es\/wp-content\/uploads\/9788426148902.jpg","type":"image\/jpeg"}],"twitter_card":"summary_large_image","twitter_misc":{"Temps estimat de lectura":"1 minut"},"schema":{"@context":"https:\/\/schema.org","@graph":[{"@type":"WebPage","@id":"https:\/\/www.editorialjuventud.es\/la-ciutat-grisa-9788426148902\/","url":"https:\/\/www.editorialjuventud.es\/la-ciutat-grisa-9788426148902\/","name":"La ciutat grisa - Editorial Juventud","isPartOf":{"@id":"https:\/\/www.editorialjuventud.es\/#website"},"primaryImageOfPage":{"@id":"https:\/\/www.editorialjuventud.es\/la-ciutat-grisa-9788426148902\/#primaryimage"},"image":{"@id":"https:\/\/www.editorialjuventud.es\/la-ciutat-grisa-9788426148902\/#primaryimage"},"thumbnailUrl":"https:\/\/www.editorialjuventud.es\/wp-content\/uploads\/9788426148902.jpg","datePublished":"2024-04-05T11:00:50+00:00","dateModified":"2025-02-05T12:35:07+00:00","description":"La Rita s'acaba de mudar a una nova ciutat. Al seu voltant tot \u00e9s gris: els edificis, els cotxes i la majoria de gent. On s\u00f3n els colors? En la seva","breadcrumb":{"@id":"https:\/\/www.editorialjuventud.es\/la-ciutat-grisa-9788426148902\/#breadcrumb"},"inLanguage":"ca","potentialAction":[{"@type":"ReadAction","target":["https:\/\/www.editorialjuventud.es\/la-ciutat-grisa-9788426148902\/"]}]},{"@type":"ImageObject","inLanguage":"ca","@id":"https:\/\/www.editorialjuventud.es\/la-ciutat-grisa-9788426148902\/#primaryimage","url":"https:\/\/www.editorialjuventud.es\/wp-content\/uploads\/9788426148902.jpg","contentUrl":"https:\/\/www.editorialjuventud.es\/wp-content\/uploads\/9788426148902.jpg","width":705,"height":916,"caption":"9788426148902.jpg"},{"@type":"BreadcrumbList","@id":"https:\/\/www.editorialjuventud.es\/la-ciutat-grisa-9788426148902\/#breadcrumb","itemListElement":[{"@type":"ListItem","position":1,"name":"Portada","item":"https:\/\/www.editorialjuventud.es\/"},{"@type":"ListItem","position":2,"name":"cat\u00e1logo","item":"https:\/\/www.editorialjuventud.es\/coleccion\/catalogo\/"},{"@type":"ListItem","position":3,"name":"catal\u00e0","item":"https:\/\/www.editorialjuventud.es\/coleccion\/catala\/"},{"@type":"ListItem","position":4,"name":"\u00c0lbums Il\u00b7lustrats","item":"https:\/\/www.editorialjuventud.es\/coleccion\/albums-il%c2%b7lustrats\/"},{"@type":"ListItem","position":5,"name":"Cr\u00e9ixer en Valors","item":"https:\/\/www.editorialjuventud.es\/ca\/coleccion\/creixer-en-valors\/"},{"@type":"ListItem","position":6,"name":"La ciutat grisa"}]},{"@type":"WebSite","@id":"https:\/\/www.editorialjuventud.es\/#website","url":"https:\/\/www.editorialjuventud.es\/","name":"Editorial Juventud","description":"","potentialAction":[{"@type":"SearchAction","target":{"@type":"EntryPoint","urlTemplate":"https:\/\/www.editorialjuventud.es\/?s={search_term_string}"},"query-input":{"@type":"PropertyValueSpecification","valueRequired":true,"valueName":"search_term_string"}}],"inLanguage":"ca"}]}},"_links":{"self":[{"href":"https:\/\/www.editorialjuventud.es\/ca\/wp-json\/wp\/v2\/product\/78388","targetHints":{"allow":["GET"]}}],"collection":[{"href":"https:\/\/www.editorialjuventud.es\/ca\/wp-json\/wp\/v2\/product"}],"about":[{"href":"https:\/\/www.editorialjuventud.es\/ca\/wp-json\/wp\/v2\/types\/product"}],"wp:featuredmedia":[{"embeddable":true,"href":"https:\/\/www.editorialjuventud.es\/ca\/wp-json\/wp\/v2\/media\/78389"}],"wp:attachment":[{"href":"https:\/\/www.editorialjuventud.es\/ca\/wp-json\/wp\/v2\/media?parent=78388"}],"wp:term":[{"taxonomy":"product_brand","embeddable":true,"href":"https:\/\/www.editorialjuventud.es\/ca\/wp-json\/wp\/v2\/product_brand?post=78388"},{"taxonomy":"product_cat","embeddable":true,"href":"https:\/\/www.editorialjuventud.es\/ca\/wp-json\/wp\/v2\/product_cat?post=78388"},{"taxonomy":"product_tag","embeddable":true,"href":"https:\/\/www.editorialjuventud.es\/ca\/wp-json\/wp\/v2\/product_tag?post=78388"},{"taxonomy":"coleccion","embeddable":true,"href":"https:\/\/www.editorialjuventud.es\/ca\/wp-json\/wp\/v2\/coleccion?post=78388"}],"curies":[{"name":"wp","href":"https:\/\/api.w.org\/{rel}","templated":true}]}}