{"id":78184,"date":"2024-03-08T13:44:33","date_gmt":"2024-03-08T12:44:33","guid":{"rendered":"https:\/\/www.editorialjuventud.es\/un-artista-es-9788426148674\/"},"modified":"2025-10-16T09:31:34","modified_gmt":"2025-10-16T07:31:34","slug":"un-artista-es-9788426148674","status":"publish","type":"product","link":"https:\/\/www.editorialjuventud.es\/ca\/un-artista-es-9788426148674\/","title":{"rendered":"Un artista \u00e9s&#8230;"},"content":{"rendered":"<p>Qu\u00e8 \u00e9s un artista? Qu\u00e8 inspira la seva creativitat?<br \/>\nPotser no hi ha una sola resposta, per\u00f2 la veritat \u00e9s que tots i totes compartim la capacitat d&#8217;imaginar, d&#8217;emocionar-nos i de crear coses extraordin\u00e0ries!<\/p>\n<p>Aquest \u00e0lbum \u00e9s un petit manifest que pret\u00e9n desmitificar les idees preconcebudes sobre l&#8217;art i fer-nos sentir m\u00e9s pr\u00f2xims a la figura de l&#8217;artista i a la seva manera de veure el m\u00f3n mitjan\u00e7ant la imaginaci\u00f3 i la llibertat creativa&#8230;<\/p>\n","protected":false},"excerpt":{"rendered":"Qu\u00e8 \u00e9s un artista? Qu\u00e8 inspira la seva creativitat? Potser no hi ha una sola resposta, per\u00f2 la veritat \u00e9s que tots i totes compartim la capacitat d&#8217;imaginar, d&#8217;emocionar-nos i de crear coses extraordin\u00e0ries! Aquest \u00e0lbum \u00e9s un petit manifest [&hellip;]","protected":false},"featured_media":78232,"template":"","meta":{"_acf_changed":false,"_exactmetrics_skip_tracking":false,"_exactmetrics_sitenote_active":false,"_exactmetrics_sitenote_note":"","_exactmetrics_sitenote_category":0},"product_brand":[],"product_cat":[900,1121,1140,910],"product_tag":[],"coleccion":[945],"class_list":{"0":"post-78184","1":"product","2":"type-product","3":"status-publish","4":"has-post-thumbnail","6":"product_cat-a-partir-de-5-anos","7":"product_cat-albumes-ilustrados","8":"product_cat-arte-y-creatividad","9":"product_cat-ultimas-novedades","10":"coleccion-art-i-creativitat","12":"first","13":"instock","14":"taxable","15":"shipping-taxable","16":"purchasable","17":"product-type-simple"},"acf":{"indice":"","autor":"Ardite , Marta","codart":"4867-4","ediciones":"1","encuadernacion":"Carton\u00e9","fecha_de_publicacion":"01\/03\/2024","fecha_de_reimpresion":"","novedad":"0","paginas":"32","subtitulo":"","texto_web_adicional":"","autores-libros":[64884],"ilustradores-libros":[78182],"texto_web_novedad":"","orden":"999","portada":"0","texto_web_resaltado":"","traductores-libros":"","descripcion_corta":"","recomendamos":"","mas_vendido":"","idioma-libro":"","color":false,"formato":"","mas_informacion_del_producto":false,"premios":[{"premio":"Seleccionat com un dels millors llibres per la New York Public Library","anyo_del_premio":"2024","pais_del_premio":"Estats Units"},{"premio":"White Ravens Selection","anyo_del_premio":"2025","pais_del_premio":"Alemanya"}],"deshabilitar_compra":[],"titulo-fr":"","texto-fr":"","texto_enlace_cubierta":"","enlace_cubierta":{"ID":78234,"id":78234,"title":"UN ARTISTA ES_cover_CA","filename":"UN-ARTISTA-ES_cover_CA.tif","filesize":47336616,"url":"https:\/\/www.editorialjuventud.es\/wp-content\/uploads\/UN-ARTISTA-ES_cover_CA.tif","link":"https:\/\/www.editorialjuventud.es\/ca\/?attachment_id=78234","alt":"","author":"50","description":"","caption":"","name":"un-artista-es_cover_ca","status":"inherit","uploaded_to":78184,"date":"2024-03-13 17:10:15","modified":"2024-03-13 17:10:15","menu_order":0,"mime_type":"image\/tiff","type":"image","subtype":"tiff","icon":"https:\/\/www.editorialjuventud.es\/wp-includes\/images\/media\/default.png","width":0,"height":0,"sizes":{"thumbnail":"https:\/\/www.editorialjuventud.es\/wp-content\/uploads\/UN-ARTISTA-ES_cover_CA.tif","thumbnail-width":1,"thumbnail-height":1,"medium":"https:\/\/www.editorialjuventud.es\/wp-content\/uploads\/UN-ARTISTA-ES_cover_CA.tif","medium-width":0,"medium-height":0,"medium_large":"https:\/\/www.editorialjuventud.es\/wp-content\/uploads\/UN-ARTISTA-ES_cover_CA.tif","medium_large-width":1,"medium_large-height":1,"large":"https:\/\/www.editorialjuventud.es\/wp-content\/uploads\/UN-ARTISTA-ES_cover_CA.tif","large-width":0,"large-height":0,"1536x1536":"https:\/\/www.editorialjuventud.es\/wp-content\/uploads\/UN-ARTISTA-ES_cover_CA.tif","1536x1536-width":1,"1536x1536-height":1,"2048x2048":"https:\/\/www.editorialjuventud.es\/wp-content\/uploads\/UN-ARTISTA-ES_cover_CA.tif","2048x2048-width":1,"2048x2048-height":1,"woocommerce_thumbnail":"https:\/\/www.editorialjuventud.es\/wp-content\/uploads\/UN-ARTISTA-ES_cover_CA.tif","woocommerce_thumbnail-width":1,"woocommerce_thumbnail-height":1,"woocommerce_single":"https:\/\/www.editorialjuventud.es\/wp-content\/uploads\/UN-ARTISTA-ES_cover_CA.tif","woocommerce_single-width":1,"woocommerce_single-height":1,"woocommerce_gallery_thumbnail":"https:\/\/www.editorialjuventud.es\/wp-content\/uploads\/UN-ARTISTA-ES_cover_CA.tif","woocommerce_gallery_thumbnail-width":1,"woocommerce_gallery_thumbnail-height":1,"ppec_logo_image_size":"https:\/\/www.editorialjuventud.es\/wp-content\/uploads\/UN-ARTISTA-ES_cover_CA.tif","ppec_logo_image_size-width":1,"ppec_logo_image_size-height":1,"ppec_header_image_size":"https:\/\/www.editorialjuventud.es\/wp-content\/uploads\/UN-ARTISTA-ES_cover_CA.tif","ppec_header_image_size-width":1,"ppec_header_image_size-height":1}},"texto_enlace_ficha_tecnica":"","enlace_ficha_tecnica":{"ID":78281,"id":78281,"title":"UN ARTISTA ES_CA","filename":"UN-ARTISTA-ES_CA.pdf","filesize":683412,"url":"https:\/\/www.editorialjuventud.es\/wp-content\/uploads\/UN-ARTISTA-ES_CA.pdf","link":"https:\/\/www.editorialjuventud.es\/ca\/?attachment_id=78281","alt":"","author":"50","description":"","caption":"","name":"un-artista-es_ca","status":"inherit","uploaded_to":78184,"date":"2024-03-18 14:14:25","modified":"2024-03-18 14:14:25","menu_order":0,"mime_type":"application\/pdf","type":"application","subtype":"pdf","icon":"https:\/\/www.editorialjuventud.es\/wp-includes\/images\/media\/document.png"},"ficheros":false},"yoast_head":"<!-- This site is optimized with the Yoast SEO plugin v27.3 - https:\/\/yoast.com\/product\/yoast-seo-wordpress\/ -->\n<title>Un artista \u00e9s... - Editorial Juventud<\/title>\n<meta name=\"description\" content=\"Qu\u00e8 \u00e9s un artista? Qu\u00e8 inspira la seva creativitat? Potser no hi ha una sola resposta, per\u00f2 la veritat \u00e9s que tots i totes compartim la capacitat\" \/>\n<meta name=\"robots\" content=\"index, follow, max-snippet:-1, max-image-preview:large, max-video-preview:-1\" \/>\n<link rel=\"canonical\" href=\"https:\/\/www.editorialjuventud.es\/un-artista-es-9788426148674\/\" \/>\n<meta property=\"og:locale\" content=\"ca_ES\" \/>\n<meta property=\"og:type\" content=\"article\" \/>\n<meta property=\"og:title\" content=\"Un artista \u00e9s... - Editorial Juventud\" \/>\n<meta property=\"og:description\" content=\"Qu\u00e8 \u00e9s un artista? Qu\u00e8 inspira la seva creativitat? Potser no hi ha una sola resposta, per\u00f2 la veritat \u00e9s que tots i totes compartim la capacitat\" \/>\n<meta property=\"og:url\" content=\"https:\/\/www.editorialjuventud.es\/un-artista-es-9788426148674\/\" \/>\n<meta property=\"og:site_name\" content=\"Editorial Juventud\" \/>\n<meta property=\"article:modified_time\" content=\"2025-10-16T07:31:34+00:00\" \/>\n<meta property=\"og:image\" content=\"https:\/\/www.editorialjuventud.es\/wp-content\/uploads\/UN-ARTISTA-ES_cover_CA_Web.jpg\" \/>\n\t<meta property=\"og:image:width\" content=\"761\" \/>\n\t<meta property=\"og:image:height\" content=\"980\" \/>\n\t<meta property=\"og:image:type\" content=\"image\/jpeg\" \/>\n<meta name=\"twitter:card\" content=\"summary_large_image\" \/>\n<meta name=\"twitter:label1\" content=\"Temps estimat de lectura\" \/>\n\t<meta name=\"twitter:data1\" content=\"1 minut\" \/>\n<script type=\"application\/ld+json\" class=\"yoast-schema-graph\">{\"@context\":\"https:\\\/\\\/schema.org\",\"@graph\":[{\"@type\":\"WebPage\",\"@id\":\"https:\\\/\\\/www.editorialjuventud.es\\\/un-artista-es-9788426148674\\\/\",\"url\":\"https:\\\/\\\/www.editorialjuventud.es\\\/un-artista-es-9788426148674\\\/\",\"name\":\"Un artista \u00e9s... - Editorial Juventud\",\"isPartOf\":{\"@id\":\"https:\\\/\\\/www.editorialjuventud.es\\\/#website\"},\"primaryImageOfPage\":{\"@id\":\"https:\\\/\\\/www.editorialjuventud.es\\\/un-artista-es-9788426148674\\\/#primaryimage\"},\"image\":{\"@id\":\"https:\\\/\\\/www.editorialjuventud.es\\\/un-artista-es-9788426148674\\\/#primaryimage\"},\"thumbnailUrl\":\"https:\\\/\\\/www.editorialjuventud.es\\\/wp-content\\\/uploads\\\/UN-ARTISTA-ES_cover_CA_Web.jpg\",\"datePublished\":\"2024-03-08T12:44:33+00:00\",\"dateModified\":\"2025-10-16T07:31:34+00:00\",\"description\":\"Qu\u00e8 \u00e9s un artista? Qu\u00e8 inspira la seva creativitat? Potser no hi ha una sola resposta, per\u00f2 la veritat \u00e9s que tots i totes compartim la capacitat\",\"breadcrumb\":{\"@id\":\"https:\\\/\\\/www.editorialjuventud.es\\\/un-artista-es-9788426148674\\\/#breadcrumb\"},\"inLanguage\":\"ca\",\"potentialAction\":[{\"@type\":\"ReadAction\",\"target\":[\"https:\\\/\\\/www.editorialjuventud.es\\\/un-artista-es-9788426148674\\\/\"]}]},{\"@type\":\"ImageObject\",\"inLanguage\":\"ca\",\"@id\":\"https:\\\/\\\/www.editorialjuventud.es\\\/un-artista-es-9788426148674\\\/#primaryimage\",\"url\":\"https:\\\/\\\/www.editorialjuventud.es\\\/wp-content\\\/uploads\\\/UN-ARTISTA-ES_cover_CA_Web.jpg\",\"contentUrl\":\"https:\\\/\\\/www.editorialjuventud.es\\\/wp-content\\\/uploads\\\/UN-ARTISTA-ES_cover_CA_Web.jpg\",\"width\":761,\"height\":980},{\"@type\":\"BreadcrumbList\",\"@id\":\"https:\\\/\\\/www.editorialjuventud.es\\\/un-artista-es-9788426148674\\\/#breadcrumb\",\"itemListElement\":[{\"@type\":\"ListItem\",\"position\":1,\"name\":\"Portada\",\"item\":\"https:\\\/\\\/www.editorialjuventud.es\\\/\"},{\"@type\":\"ListItem\",\"position\":2,\"name\":\"cat\u00e1logo\",\"item\":\"https:\\\/\\\/www.editorialjuventud.es\\\/coleccion\\\/catalogo\\\/\"},{\"@type\":\"ListItem\",\"position\":3,\"name\":\"catal\u00e0\",\"item\":\"https:\\\/\\\/www.editorialjuventud.es\\\/coleccion\\\/catala\\\/\"},{\"@type\":\"ListItem\",\"position\":4,\"name\":\"\u00c0lbums Il\u00b7lustrats\",\"item\":\"https:\\\/\\\/www.editorialjuventud.es\\\/coleccion\\\/albums-il%c2%b7lustrats\\\/\"},{\"@type\":\"ListItem\",\"position\":5,\"name\":\"Art i Creativitat\",\"item\":\"https:\\\/\\\/www.editorialjuventud.es\\\/ca\\\/coleccion\\\/art-i-creativitat\\\/\"},{\"@type\":\"ListItem\",\"position\":6,\"name\":\"Un artista \u00e9s...\"}]},{\"@type\":\"WebSite\",\"@id\":\"https:\\\/\\\/www.editorialjuventud.es\\\/#website\",\"url\":\"https:\\\/\\\/www.editorialjuventud.es\\\/\",\"name\":\"Editorial Juventud\",\"description\":\"\",\"potentialAction\":[{\"@type\":\"SearchAction\",\"target\":{\"@type\":\"EntryPoint\",\"urlTemplate\":\"https:\\\/\\\/www.editorialjuventud.es\\\/?s={search_term_string}\"},\"query-input\":{\"@type\":\"PropertyValueSpecification\",\"valueRequired\":true,\"valueName\":\"search_term_string\"}}],\"inLanguage\":\"ca\"}]}<\/script>\n<!-- \/ Yoast SEO plugin. -->","yoast_head_json":{"title":"Un artista \u00e9s... - Editorial Juventud","description":"Qu\u00e8 \u00e9s un artista? Qu\u00e8 inspira la seva creativitat? Potser no hi ha una sola resposta, per\u00f2 la veritat \u00e9s que tots i totes compartim la capacitat","robots":{"index":"index","follow":"follow","max-snippet":"max-snippet:-1","max-image-preview":"max-image-preview:large","max-video-preview":"max-video-preview:-1"},"canonical":"https:\/\/www.editorialjuventud.es\/un-artista-es-9788426148674\/","og_locale":"ca_ES","og_type":"article","og_title":"Un artista \u00e9s... - Editorial Juventud","og_description":"Qu\u00e8 \u00e9s un artista? Qu\u00e8 inspira la seva creativitat? Potser no hi ha una sola resposta, per\u00f2 la veritat \u00e9s que tots i totes compartim la capacitat","og_url":"https:\/\/www.editorialjuventud.es\/un-artista-es-9788426148674\/","og_site_name":"Editorial Juventud","article_modified_time":"2025-10-16T07:31:34+00:00","og_image":[{"width":761,"height":980,"url":"https:\/\/www.editorialjuventud.es\/wp-content\/uploads\/UN-ARTISTA-ES_cover_CA_Web.jpg","type":"image\/jpeg"}],"twitter_card":"summary_large_image","twitter_misc":{"Temps estimat de lectura":"1 minut"},"schema":{"@context":"https:\/\/schema.org","@graph":[{"@type":"WebPage","@id":"https:\/\/www.editorialjuventud.es\/un-artista-es-9788426148674\/","url":"https:\/\/www.editorialjuventud.es\/un-artista-es-9788426148674\/","name":"Un artista \u00e9s... - Editorial Juventud","isPartOf":{"@id":"https:\/\/www.editorialjuventud.es\/#website"},"primaryImageOfPage":{"@id":"https:\/\/www.editorialjuventud.es\/un-artista-es-9788426148674\/#primaryimage"},"image":{"@id":"https:\/\/www.editorialjuventud.es\/un-artista-es-9788426148674\/#primaryimage"},"thumbnailUrl":"https:\/\/www.editorialjuventud.es\/wp-content\/uploads\/UN-ARTISTA-ES_cover_CA_Web.jpg","datePublished":"2024-03-08T12:44:33+00:00","dateModified":"2025-10-16T07:31:34+00:00","description":"Qu\u00e8 \u00e9s un artista? Qu\u00e8 inspira la seva creativitat? Potser no hi ha una sola resposta, per\u00f2 la veritat \u00e9s que tots i totes compartim la capacitat","breadcrumb":{"@id":"https:\/\/www.editorialjuventud.es\/un-artista-es-9788426148674\/#breadcrumb"},"inLanguage":"ca","potentialAction":[{"@type":"ReadAction","target":["https:\/\/www.editorialjuventud.es\/un-artista-es-9788426148674\/"]}]},{"@type":"ImageObject","inLanguage":"ca","@id":"https:\/\/www.editorialjuventud.es\/un-artista-es-9788426148674\/#primaryimage","url":"https:\/\/www.editorialjuventud.es\/wp-content\/uploads\/UN-ARTISTA-ES_cover_CA_Web.jpg","contentUrl":"https:\/\/www.editorialjuventud.es\/wp-content\/uploads\/UN-ARTISTA-ES_cover_CA_Web.jpg","width":761,"height":980},{"@type":"BreadcrumbList","@id":"https:\/\/www.editorialjuventud.es\/un-artista-es-9788426148674\/#breadcrumb","itemListElement":[{"@type":"ListItem","position":1,"name":"Portada","item":"https:\/\/www.editorialjuventud.es\/"},{"@type":"ListItem","position":2,"name":"cat\u00e1logo","item":"https:\/\/www.editorialjuventud.es\/coleccion\/catalogo\/"},{"@type":"ListItem","position":3,"name":"catal\u00e0","item":"https:\/\/www.editorialjuventud.es\/coleccion\/catala\/"},{"@type":"ListItem","position":4,"name":"\u00c0lbums Il\u00b7lustrats","item":"https:\/\/www.editorialjuventud.es\/coleccion\/albums-il%c2%b7lustrats\/"},{"@type":"ListItem","position":5,"name":"Art i Creativitat","item":"https:\/\/www.editorialjuventud.es\/ca\/coleccion\/art-i-creativitat\/"},{"@type":"ListItem","position":6,"name":"Un artista \u00e9s..."}]},{"@type":"WebSite","@id":"https:\/\/www.editorialjuventud.es\/#website","url":"https:\/\/www.editorialjuventud.es\/","name":"Editorial Juventud","description":"","potentialAction":[{"@type":"SearchAction","target":{"@type":"EntryPoint","urlTemplate":"https:\/\/www.editorialjuventud.es\/?s={search_term_string}"},"query-input":{"@type":"PropertyValueSpecification","valueRequired":true,"valueName":"search_term_string"}}],"inLanguage":"ca"}]}},"_links":{"self":[{"href":"https:\/\/www.editorialjuventud.es\/ca\/wp-json\/wp\/v2\/product\/78184","targetHints":{"allow":["GET"]}}],"collection":[{"href":"https:\/\/www.editorialjuventud.es\/ca\/wp-json\/wp\/v2\/product"}],"about":[{"href":"https:\/\/www.editorialjuventud.es\/ca\/wp-json\/wp\/v2\/types\/product"}],"wp:featuredmedia":[{"embeddable":true,"href":"https:\/\/www.editorialjuventud.es\/ca\/wp-json\/wp\/v2\/media\/78232"}],"wp:attachment":[{"href":"https:\/\/www.editorialjuventud.es\/ca\/wp-json\/wp\/v2\/media?parent=78184"}],"wp:term":[{"taxonomy":"product_brand","embeddable":true,"href":"https:\/\/www.editorialjuventud.es\/ca\/wp-json\/wp\/v2\/product_brand?post=78184"},{"taxonomy":"product_cat","embeddable":true,"href":"https:\/\/www.editorialjuventud.es\/ca\/wp-json\/wp\/v2\/product_cat?post=78184"},{"taxonomy":"product_tag","embeddable":true,"href":"https:\/\/www.editorialjuventud.es\/ca\/wp-json\/wp\/v2\/product_tag?post=78184"},{"taxonomy":"coleccion","embeddable":true,"href":"https:\/\/www.editorialjuventud.es\/ca\/wp-json\/wp\/v2\/coleccion?post=78184"}],"curies":[{"name":"wp","href":"https:\/\/api.w.org\/{rel}","templated":true}]}}