{"id":70080,"date":"2022-09-27T16:48:45","date_gmt":"2022-09-27T12:48:45","guid":{"rendered":"https:\/\/www.editorialjuventud.es\/en-tim-troba-un-tresor-9788426147752\/"},"modified":"2026-02-17T08:25:54","modified_gmt":"2026-02-17T07:25:54","slug":"en-tim-troba-un-tresor-9788426147752","status":"publish","type":"product","link":"https:\/\/www.editorialjuventud.es\/ca\/en-tim-troba-un-tresor-9788426147752\/","title":{"rendered":"En Tim troba un tresor"},"content":{"rendered":"<p>Els Cinc estan fent un petit jard\u00ed p\u00fablic per al poble. \u00c9s el pla perfecte per a les vacances. I a ning\u00fa li agrada m\u00e9s cavar que a en Tim. Per\u00f2 quan troba una sorpresa, els Cinc decideixen investigar.<\/p>\n<p>En Juli, en Dick, la Jordi, l&#8217;Anna i el Tim delecten als seus lectors des de fa 80 anys. Aquests relats in\u00e8dits de l&#8217;Enid Blyton, amb noves il\u00b7lustracions a tot color, s\u00f3n una introducci\u00f3 perfecta per als nous lectors i una forma fant\u00e0stica de gaudir de les seves hist\u00f2ries cl\u00e0ssiques per als fans incondicionals del Club dels Cinc. La seva maquetaci\u00f3 amb un joc tipogr\u00e0fic que accentua les paraules segons la import\u00e0ncia i amb un cos de lletra gran, faciliten la feina a aquells que emprenen per primer cop el cam\u00ed cap a la lectura aut\u00f2noma.<\/p>\n<p>&nbsp;<\/p>\n<p>Aquest llibre ha estat publicat amb el suport de:<\/p>\n<p><img loading=\"lazy\" decoding=\"async\" class=\"alignnone size-full wp-image-76274\" src=\"https:\/\/www.editorialjuventud.es\/wp-content\/uploads\/unnamed.png\" sizes=\"auto, (max-width: 405px) 100vw, 405px\" srcset=\"https:\/\/www.editorialjuventud.es\/wp-content\/uploads\/unnamed.png 405w, https:\/\/www.editorialjuventud.es\/wp-content\/uploads\/unnamed-350x30.png 350w, https:\/\/www.editorialjuventud.es\/wp-content\/uploads\/unnamed-190x16.png 190w\" alt=\"\" width=\"405\" height=\"35\" \/><\/p>\n","protected":false},"excerpt":{"rendered":"Els Cinc estan fent un petit jard\u00ed p\u00fablic per al poble. \u00c9s el pla perfecte per a les vacances. I a ning\u00fa li agrada m\u00e9s cavar que a en Tim. Per\u00f2 quan troba una sorpresa, els Cinc decideixen investigar. En [&hellip;]","protected":false},"featured_media":70081,"template":"","meta":{"_acf_changed":false,"_exactmetrics_skip_tracking":false,"_exactmetrics_sitenote_active":false,"_exactmetrics_sitenote_note":"","_exactmetrics_sitenote_category":0},"product_brand":[],"product_cat":[902,1136,1142,892,1115,1182,1119,893,1128],"product_tag":[],"coleccion":[915,982,926],"class_list":{"0":"post-70080","1":"product","2":"type-product","3":"status-publish","4":"has-post-thumbnail","6":"product_cat-a-partir-de-7-anos","7":"product_cat-amistad","8":"product_cat-aventura","9":"product_cat-edades","10":"product_cat-generos","11":"product_cat-hermanos","12":"product_cat-narrativa-juvenil","13":"product_cat-novedades","14":"product_cat-tematica","15":"coleccion-catala","16":"coleccion-histories-curtes-dels-cinc","17":"coleccion-narrativa-juvenil","19":"first","20":"instock","21":"taxable","22":"shipping-taxable","23":"purchasable","24":"product-type-simple"},"acf":{"indice":"","autor":"BLYTON, ENID","codart":"4775","ediciones":"1","encuadernacion":"R\u00fastica","fecha_de_publicacion":"01\/10\/2022","fecha_de_reimpresion":"","novedad":"0","paginas":"80","subtitulo":"","texto_web_adicional":"","autores-libros":[16237],"ilustradores-libros":[46349],"texto_web_novedad":"","orden":"999","portada":"0","texto_web_resaltado":"","traductores-libros":[58414],"descripcion_corta":"","recomendamos":"","mas_vendido":"","idioma-libro":"","color":false,"formato":"","mas_informacion_del_producto":false,"premios":false,"deshabilitar_compra":["deshabilitar"],"texto_enlace_cubierta":"","enlace_cubierta":{"ID":70364,"id":70364,"title":"Els Cinc_Tim troba tresor_CAT","filename":"Els-Cinc_Tim-troba-tresor_CAT.jpg","filesize":434763,"url":"https:\/\/www.editorialjuventud.es\/wp-content\/uploads\/Els-Cinc_Tim-troba-tresor_CAT.jpg","link":"https:\/\/www.editorialjuventud.es\/ca\/?attachment_id=70364","alt":"","author":"50","description":"","caption":"","name":"els-cinc_tim-troba-tresor_cat-6","status":"inherit","uploaded_to":70080,"date":"2022-10-03 17:53:05","modified":"2022-10-03 17:53:05","menu_order":0,"mime_type":"image\/jpeg","type":"image","subtype":"jpeg","icon":"https:\/\/www.editorialjuventud.es\/wp-includes\/images\/media\/default.png","width":1522,"height":2337,"sizes":{"thumbnail":"https:\/\/www.editorialjuventud.es\/wp-content\/uploads\/Els-Cinc_Tim-troba-tresor_CAT-200x200.jpg","thumbnail-width":200,"thumbnail-height":200,"medium":"https:\/\/www.editorialjuventud.es\/wp-content\/uploads\/Els-Cinc_Tim-troba-tresor_CAT.jpg","medium-width":1522,"medium-height":2337,"medium_large":"https:\/\/www.editorialjuventud.es\/wp-content\/uploads\/Els-Cinc_Tim-troba-tresor_CAT-768x1179.jpg","medium_large-width":768,"medium_large-height":1179,"large":"https:\/\/www.editorialjuventud.es\/wp-content\/uploads\/Els-Cinc_Tim-troba-tresor_CAT.jpg","large-width":1522,"large-height":2337,"1536x1536":"https:\/\/www.editorialjuventud.es\/wp-content\/uploads\/Els-Cinc_Tim-troba-tresor_CAT-1000x1536.jpg","1536x1536-width":1000,"1536x1536-height":1536,"2048x2048":"https:\/\/www.editorialjuventud.es\/wp-content\/uploads\/Els-Cinc_Tim-troba-tresor_CAT-1334x2048.jpg","2048x2048-width":1334,"2048x2048-height":2048,"woocommerce_thumbnail":"https:\/\/www.editorialjuventud.es\/wp-content\/uploads\/Els-Cinc_Tim-troba-tresor_CAT-350x537.jpg","woocommerce_thumbnail-width":350,"woocommerce_thumbnail-height":537,"woocommerce_single":"https:\/\/www.editorialjuventud.es\/wp-content\/uploads\/Els-Cinc_Tim-troba-tresor_CAT-900x1382.jpg","woocommerce_single-width":900,"woocommerce_single-height":1382,"woocommerce_gallery_thumbnail":"https:\/\/www.editorialjuventud.es\/wp-content\/uploads\/Els-Cinc_Tim-troba-tresor_CAT-100x100.jpg","woocommerce_gallery_thumbnail-width":100,"woocommerce_gallery_thumbnail-height":100,"ppec_logo_image_size":"https:\/\/www.editorialjuventud.es\/wp-content\/uploads\/Els-Cinc_Tim-troba-tresor_CAT-39x60.jpg","ppec_logo_image_size-width":39,"ppec_logo_image_size-height":60,"ppec_header_image_size":"https:\/\/www.editorialjuventud.es\/wp-content\/uploads\/Els-Cinc_Tim-troba-tresor_CAT-59x90.jpg","ppec_header_image_size-width":59,"ppec_header_image_size-height":90}},"texto_enlace_ficha_tecnica":"","enlace_ficha_tecnica":{"ID":71154,"id":71154,"title":"Els Cinc_Tim troba tresor_Fitxe","filename":"Els-Cinc_Tim-troba-tresor_Fitxe.pdf","filesize":415947,"url":"https:\/\/www.editorialjuventud.es\/wp-content\/uploads\/Els-Cinc_Tim-troba-tresor_Fitxe.pdf","link":"https:\/\/www.editorialjuventud.es\/ca\/?attachment_id=71154","alt":"","author":"50","description":"","caption":"","name":"els-cinc_tim-troba-tresor_fitxe","status":"inherit","uploaded_to":70080,"date":"2022-10-27 16:49:36","modified":"2022-10-27 16:49:36","menu_order":0,"mime_type":"application\/pdf","type":"application","subtype":"pdf","icon":"https:\/\/www.editorialjuventud.es\/wp-includes\/images\/media\/document.png"},"ficheros":false,"titulo-fr":"","texto-fr":""},"yoast_head":"<!-- This site is optimized with the Yoast SEO plugin v27.3 - https:\/\/yoast.com\/product\/yoast-seo-wordpress\/ -->\n<title>En Tim troba un tresor - Editorial Juventud<\/title>\n<meta name=\"description\" content=\"Els Cinc estan fent un petit jard\u00ed p\u00fablic per al poble. \u00c9s el pla perfecte per a les vacances. I a ning\u00fa li agrada m\u00e9s cavar que a en Tim. Per\u00f2 quan troba\" \/>\n<meta name=\"robots\" content=\"index, follow, max-snippet:-1, max-image-preview:large, max-video-preview:-1\" \/>\n<link rel=\"canonical\" href=\"https:\/\/www.editorialjuventud.es\/en-tim-troba-un-tresor-9788426147752\/\" \/>\n<meta property=\"og:locale\" content=\"ca_ES\" \/>\n<meta property=\"og:type\" content=\"article\" \/>\n<meta property=\"og:title\" content=\"En Tim troba un tresor - Editorial Juventud\" \/>\n<meta property=\"og:description\" content=\"Els Cinc estan fent un petit jard\u00ed p\u00fablic per al poble. \u00c9s el pla perfecte per a les vacances. I a ning\u00fa li agrada m\u00e9s cavar que a en Tim. Per\u00f2 quan troba\" \/>\n<meta property=\"og:url\" content=\"https:\/\/www.editorialjuventud.es\/en-tim-troba-un-tresor-9788426147752\/\" \/>\n<meta property=\"og:site_name\" content=\"Editorial Juventud\" \/>\n<meta property=\"article:modified_time\" content=\"2026-02-17T07:25:54+00:00\" \/>\n<meta property=\"og:image\" content=\"https:\/\/www.editorialjuventud.es\/wp-content\/uploads\/9788426147752.jpg\" \/>\n\t<meta property=\"og:image:width\" content=\"521\" \/>\n\t<meta property=\"og:image:height\" content=\"800\" \/>\n\t<meta property=\"og:image:type\" content=\"image\/jpeg\" \/>\n<meta name=\"twitter:card\" content=\"summary_large_image\" \/>\n<meta name=\"twitter:label1\" content=\"Temps estimat de lectura\" \/>\n\t<meta name=\"twitter:data1\" content=\"2 minuts\" \/>\n<script type=\"application\/ld+json\" class=\"yoast-schema-graph\">{\"@context\":\"https:\\\/\\\/schema.org\",\"@graph\":[{\"@type\":\"WebPage\",\"@id\":\"https:\\\/\\\/www.editorialjuventud.es\\\/en-tim-troba-un-tresor-9788426147752\\\/\",\"url\":\"https:\\\/\\\/www.editorialjuventud.es\\\/en-tim-troba-un-tresor-9788426147752\\\/\",\"name\":\"En Tim troba un tresor - Editorial Juventud\",\"isPartOf\":{\"@id\":\"https:\\\/\\\/www.editorialjuventud.es\\\/#website\"},\"primaryImageOfPage\":{\"@id\":\"https:\\\/\\\/www.editorialjuventud.es\\\/en-tim-troba-un-tresor-9788426147752\\\/#primaryimage\"},\"image\":{\"@id\":\"https:\\\/\\\/www.editorialjuventud.es\\\/en-tim-troba-un-tresor-9788426147752\\\/#primaryimage\"},\"thumbnailUrl\":\"https:\\\/\\\/www.editorialjuventud.es\\\/wp-content\\\/uploads\\\/9788426147752.jpg\",\"datePublished\":\"2022-09-27T12:48:45+00:00\",\"dateModified\":\"2026-02-17T07:25:54+00:00\",\"description\":\"Els Cinc estan fent un petit jard\u00ed p\u00fablic per al poble. \u00c9s el pla perfecte per a les vacances. I a ning\u00fa li agrada m\u00e9s cavar que a en Tim. Per\u00f2 quan troba\",\"breadcrumb\":{\"@id\":\"https:\\\/\\\/www.editorialjuventud.es\\\/en-tim-troba-un-tresor-9788426147752\\\/#breadcrumb\"},\"inLanguage\":\"ca\",\"potentialAction\":[{\"@type\":\"ReadAction\",\"target\":[\"https:\\\/\\\/www.editorialjuventud.es\\\/en-tim-troba-un-tresor-9788426147752\\\/\"]}]},{\"@type\":\"ImageObject\",\"inLanguage\":\"ca\",\"@id\":\"https:\\\/\\\/www.editorialjuventud.es\\\/en-tim-troba-un-tresor-9788426147752\\\/#primaryimage\",\"url\":\"https:\\\/\\\/www.editorialjuventud.es\\\/wp-content\\\/uploads\\\/9788426147752.jpg\",\"contentUrl\":\"https:\\\/\\\/www.editorialjuventud.es\\\/wp-content\\\/uploads\\\/9788426147752.jpg\",\"width\":521,\"height\":800,\"caption\":\"9788426147752.jpg\"},{\"@type\":\"BreadcrumbList\",\"@id\":\"https:\\\/\\\/www.editorialjuventud.es\\\/en-tim-troba-un-tresor-9788426147752\\\/#breadcrumb\",\"itemListElement\":[{\"@type\":\"ListItem\",\"position\":1,\"name\":\"Portada\",\"item\":\"https:\\\/\\\/www.editorialjuventud.es\\\/\"},{\"@type\":\"ListItem\",\"position\":2,\"name\":\"cat\u00e1logo\",\"item\":\"https:\\\/\\\/www.editorialjuventud.es\\\/coleccion\\\/catalogo\\\/\"},{\"@type\":\"ListItem\",\"position\":3,\"name\":\"catal\u00e0\",\"item\":\"https:\\\/\\\/www.editorialjuventud.es\\\/coleccion\\\/catala\\\/\"},{\"@type\":\"ListItem\",\"position\":4,\"name\":\"Narrativa Juvenil\",\"item\":\"https:\\\/\\\/www.editorialjuventud.es\\\/ca\\\/coleccion\\\/narrativa-juvenil\\\/\"},{\"@type\":\"ListItem\",\"position\":5,\"name\":\"Hist\u00f2ries Curtes dels Cinc\",\"item\":\"https:\\\/\\\/www.editorialjuventud.es\\\/ca\\\/coleccion\\\/histories-curtes-dels-cinc\\\/\"},{\"@type\":\"ListItem\",\"position\":6,\"name\":\"En Tim troba un tresor\"}]},{\"@type\":\"WebSite\",\"@id\":\"https:\\\/\\\/www.editorialjuventud.es\\\/#website\",\"url\":\"https:\\\/\\\/www.editorialjuventud.es\\\/\",\"name\":\"Editorial Juventud\",\"description\":\"\",\"potentialAction\":[{\"@type\":\"SearchAction\",\"target\":{\"@type\":\"EntryPoint\",\"urlTemplate\":\"https:\\\/\\\/www.editorialjuventud.es\\\/?s={search_term_string}\"},\"query-input\":{\"@type\":\"PropertyValueSpecification\",\"valueRequired\":true,\"valueName\":\"search_term_string\"}}],\"inLanguage\":\"ca\"}]}<\/script>\n<!-- \/ Yoast SEO plugin. -->","yoast_head_json":{"title":"En Tim troba un tresor - Editorial Juventud","description":"Els Cinc estan fent un petit jard\u00ed p\u00fablic per al poble. \u00c9s el pla perfecte per a les vacances. I a ning\u00fa li agrada m\u00e9s cavar que a en Tim. Per\u00f2 quan troba","robots":{"index":"index","follow":"follow","max-snippet":"max-snippet:-1","max-image-preview":"max-image-preview:large","max-video-preview":"max-video-preview:-1"},"canonical":"https:\/\/www.editorialjuventud.es\/en-tim-troba-un-tresor-9788426147752\/","og_locale":"ca_ES","og_type":"article","og_title":"En Tim troba un tresor - Editorial Juventud","og_description":"Els Cinc estan fent un petit jard\u00ed p\u00fablic per al poble. \u00c9s el pla perfecte per a les vacances. I a ning\u00fa li agrada m\u00e9s cavar que a en Tim. Per\u00f2 quan troba","og_url":"https:\/\/www.editorialjuventud.es\/en-tim-troba-un-tresor-9788426147752\/","og_site_name":"Editorial Juventud","article_modified_time":"2026-02-17T07:25:54+00:00","og_image":[{"width":521,"height":800,"url":"https:\/\/www.editorialjuventud.es\/wp-content\/uploads\/9788426147752.jpg","type":"image\/jpeg"}],"twitter_card":"summary_large_image","twitter_misc":{"Temps estimat de lectura":"2 minuts"},"schema":{"@context":"https:\/\/schema.org","@graph":[{"@type":"WebPage","@id":"https:\/\/www.editorialjuventud.es\/en-tim-troba-un-tresor-9788426147752\/","url":"https:\/\/www.editorialjuventud.es\/en-tim-troba-un-tresor-9788426147752\/","name":"En Tim troba un tresor - Editorial Juventud","isPartOf":{"@id":"https:\/\/www.editorialjuventud.es\/#website"},"primaryImageOfPage":{"@id":"https:\/\/www.editorialjuventud.es\/en-tim-troba-un-tresor-9788426147752\/#primaryimage"},"image":{"@id":"https:\/\/www.editorialjuventud.es\/en-tim-troba-un-tresor-9788426147752\/#primaryimage"},"thumbnailUrl":"https:\/\/www.editorialjuventud.es\/wp-content\/uploads\/9788426147752.jpg","datePublished":"2022-09-27T12:48:45+00:00","dateModified":"2026-02-17T07:25:54+00:00","description":"Els Cinc estan fent un petit jard\u00ed p\u00fablic per al poble. \u00c9s el pla perfecte per a les vacances. I a ning\u00fa li agrada m\u00e9s cavar que a en Tim. Per\u00f2 quan troba","breadcrumb":{"@id":"https:\/\/www.editorialjuventud.es\/en-tim-troba-un-tresor-9788426147752\/#breadcrumb"},"inLanguage":"ca","potentialAction":[{"@type":"ReadAction","target":["https:\/\/www.editorialjuventud.es\/en-tim-troba-un-tresor-9788426147752\/"]}]},{"@type":"ImageObject","inLanguage":"ca","@id":"https:\/\/www.editorialjuventud.es\/en-tim-troba-un-tresor-9788426147752\/#primaryimage","url":"https:\/\/www.editorialjuventud.es\/wp-content\/uploads\/9788426147752.jpg","contentUrl":"https:\/\/www.editorialjuventud.es\/wp-content\/uploads\/9788426147752.jpg","width":521,"height":800,"caption":"9788426147752.jpg"},{"@type":"BreadcrumbList","@id":"https:\/\/www.editorialjuventud.es\/en-tim-troba-un-tresor-9788426147752\/#breadcrumb","itemListElement":[{"@type":"ListItem","position":1,"name":"Portada","item":"https:\/\/www.editorialjuventud.es\/"},{"@type":"ListItem","position":2,"name":"cat\u00e1logo","item":"https:\/\/www.editorialjuventud.es\/coleccion\/catalogo\/"},{"@type":"ListItem","position":3,"name":"catal\u00e0","item":"https:\/\/www.editorialjuventud.es\/coleccion\/catala\/"},{"@type":"ListItem","position":4,"name":"Narrativa Juvenil","item":"https:\/\/www.editorialjuventud.es\/ca\/coleccion\/narrativa-juvenil\/"},{"@type":"ListItem","position":5,"name":"Hist\u00f2ries Curtes dels Cinc","item":"https:\/\/www.editorialjuventud.es\/ca\/coleccion\/histories-curtes-dels-cinc\/"},{"@type":"ListItem","position":6,"name":"En Tim troba un tresor"}]},{"@type":"WebSite","@id":"https:\/\/www.editorialjuventud.es\/#website","url":"https:\/\/www.editorialjuventud.es\/","name":"Editorial Juventud","description":"","potentialAction":[{"@type":"SearchAction","target":{"@type":"EntryPoint","urlTemplate":"https:\/\/www.editorialjuventud.es\/?s={search_term_string}"},"query-input":{"@type":"PropertyValueSpecification","valueRequired":true,"valueName":"search_term_string"}}],"inLanguage":"ca"}]}},"_links":{"self":[{"href":"https:\/\/www.editorialjuventud.es\/ca\/wp-json\/wp\/v2\/product\/70080","targetHints":{"allow":["GET"]}}],"collection":[{"href":"https:\/\/www.editorialjuventud.es\/ca\/wp-json\/wp\/v2\/product"}],"about":[{"href":"https:\/\/www.editorialjuventud.es\/ca\/wp-json\/wp\/v2\/types\/product"}],"wp:featuredmedia":[{"embeddable":true,"href":"https:\/\/www.editorialjuventud.es\/ca\/wp-json\/wp\/v2\/media\/70081"}],"wp:attachment":[{"href":"https:\/\/www.editorialjuventud.es\/ca\/wp-json\/wp\/v2\/media?parent=70080"}],"wp:term":[{"taxonomy":"product_brand","embeddable":true,"href":"https:\/\/www.editorialjuventud.es\/ca\/wp-json\/wp\/v2\/product_brand?post=70080"},{"taxonomy":"product_cat","embeddable":true,"href":"https:\/\/www.editorialjuventud.es\/ca\/wp-json\/wp\/v2\/product_cat?post=70080"},{"taxonomy":"product_tag","embeddable":true,"href":"https:\/\/www.editorialjuventud.es\/ca\/wp-json\/wp\/v2\/product_tag?post=70080"},{"taxonomy":"coleccion","embeddable":true,"href":"https:\/\/www.editorialjuventud.es\/ca\/wp-json\/wp\/v2\/coleccion?post=70080"}],"curies":[{"name":"wp","href":"https:\/\/api.w.org\/{rel}","templated":true}]}}