{"id":64409,"date":"2022-03-29T19:20:38","date_gmt":"2022-03-29T17:20:38","guid":{"rendered":"https:\/\/www.editorialjuventud.es\/los-i-el-murmuri-del-vent-9788426147608\/"},"modified":"2025-01-22T12:43:01","modified_gmt":"2025-01-22T11:43:01","slug":"los-i-el-murmuri-del-vent-9788426147608","status":"publish","type":"product","link":"https:\/\/www.editorialjuventud.es\/ca\/los-i-el-murmuri-del-vent-9788426147608\/","title":{"rendered":"L&#8217;Os i el murmuri del vent"},"content":{"rendered":"<p>L&#8217;Os tenia una casa bonica. Tenia bons amics i una vida dol\u00e7a i tranquil\u00b7la. Tot aix\u00f2 abans del gran canvi. Un dia, el murmuri dels arbres li diu que aquell ja no \u00e9s el seu lloc i que \u00e9s hora de marxar. L&#8217;Os prepara el farcell amb les seves coses i empr\u00e8n un llarg viatge.<\/p>\n<p>Una joia plena de sensibilitat i poesia sobre el viatge inici\u00e0tic d&#8217;un os que aparentment tenia tot el que necessitava per a ser feli\u00e7. Deixar enrere tot all\u00f2 que coneixem i endinsar-nos en all\u00f2 que ens fa por ens pot dur a llocs inesperats i donar-nos una gran recompensa. Un \u00e0lbum que inspirar\u00e0 a tots els seus lectors. Un nou llibre amb el caracter\u00edstic estil de Marianne Dubuc, la premiada il\u00b7lustradora canadenca que sap emocionar amb les seves senzilles, per\u00f2 poderoses, hist\u00f2ries.<\/p>\n","protected":false},"excerpt":{"rendered":"L&#8217;Os tenia una casa bonica. Tenia bons amics i una vida dol\u00e7a i tranquil\u00b7la. Tot aix\u00f2 abans del gran canvi. Un dia, el murmuri dels arbres li diu que aquell ja no \u00e9s el seu lloc i que \u00e9s hora [&hellip;]","protected":false},"featured_media":64410,"template":"","meta":{"_acf_changed":false,"_exactmetrics_skip_tracking":false,"_exactmetrics_sitenote_active":false,"_exactmetrics_sitenote_note":"","_exactmetrics_sitenote_category":0},"product_brand":[],"product_cat":[902,1121,1136,1281,1220,1157,1115,893,1222,1128],"product_tag":[],"coleccion":[917,960],"class_list":{"0":"post-64409","1":"product","2":"type-product","3":"status-publish","4":"has-post-thumbnail","6":"product_cat-a-partir-de-7-anos","7":"product_cat-albumes-ilustrados","8":"product_cat-amistad","9":"product_cat-aprendizaje","10":"product_cat-convivencia-relaciones-interculturales","11":"product_cat-crecer","12":"product_cat-generos","13":"product_cat-novedades","14":"product_cat-superacion","15":"product_cat-tematica","16":"coleccion-albums-illustrats","17":"coleccion-un-milio-damics","19":"first","20":"instock","21":"taxable","22":"shipping-taxable","23":"purchasable","24":"product-type-simple"},"acf":{"indice":"","autor":"Dubuc, Marianne","codart":"4760","ediciones":"1","encuadernacion":"Carton\u00e9","fecha_de_publicacion":"01\/04\/2022","fecha_de_reimpresion":"","novedad":"0","paginas":"72","subtitulo":"","texto_web_adicional":"","autores-libros":[16332],"ilustradores-libros":"","texto_web_novedad":"","orden":"999","portada":"0","texto_web_resaltado":"","traductores-libros":[17773],"descripcion_corta":"Bons amics i una vida dol\u00e7a i tranquil\u00b7la","recomendamos":"","mas_vendido":"","idioma-libro":"","color":false,"formato":"","mas_informacion_del_producto":false,"premios":[{"premio":"Seleccionat entre els Millors Llibres del Banco del Libro, Categoria traducci\u00f3","anyo_del_premio":"2022","pais_del_premio":"Vene\u00e7uela"}],"deshabilitar_compra":[],"texto_enlace_cubierta":"","enlace_cubierta":{"ID":64675,"id":64675,"title":"cover 170x220 OSO y murmullo del viento.indd","filename":"OS-i-MURMURI_Cover_CAT_RGB.jpg","filesize":898442,"url":"https:\/\/www.editorialjuventud.es\/wp-content\/uploads\/OS-i-MURMURI_Cover_CAT_RGB.jpg","link":"https:\/\/www.editorialjuventud.es\/ca\/?attachment_id=64675","alt":"","author":"50","description":"","caption":"","name":"cover-170x220-oso-y-murmullo-del-viento-indd-4","status":"inherit","uploaded_to":64409,"date":"2022-04-04 23:04:54","modified":"2022-04-04 23:04:54","menu_order":0,"mime_type":"image\/jpeg","type":"image","subtype":"jpeg","icon":"https:\/\/www.editorialjuventud.es\/wp-includes\/images\/media\/default.png","width":0,"height":0,"sizes":{"thumbnail":"https:\/\/www.editorialjuventud.es\/wp-content\/uploads\/OS-i-MURMURI_Cover_CAT_RGB.jpg","thumbnail-width":1,"thumbnail-height":1,"medium":"https:\/\/www.editorialjuventud.es\/wp-content\/uploads\/OS-i-MURMURI_Cover_CAT_RGB.jpg","medium-width":0,"medium-height":0,"medium_large":"https:\/\/www.editorialjuventud.es\/wp-content\/uploads\/OS-i-MURMURI_Cover_CAT_RGB.jpg","medium_large-width":1,"medium_large-height":1,"large":"https:\/\/www.editorialjuventud.es\/wp-content\/uploads\/OS-i-MURMURI_Cover_CAT_RGB.jpg","large-width":0,"large-height":0,"1536x1536":"https:\/\/www.editorialjuventud.es\/wp-content\/uploads\/OS-i-MURMURI_Cover_CAT_RGB.jpg","1536x1536-width":1,"1536x1536-height":1,"2048x2048":"https:\/\/www.editorialjuventud.es\/wp-content\/uploads\/OS-i-MURMURI_Cover_CAT_RGB.jpg","2048x2048-width":1,"2048x2048-height":1,"woocommerce_thumbnail":"https:\/\/www.editorialjuventud.es\/wp-content\/uploads\/OS-i-MURMURI_Cover_CAT_RGB.jpg","woocommerce_thumbnail-width":1,"woocommerce_thumbnail-height":1,"woocommerce_single":"https:\/\/www.editorialjuventud.es\/wp-content\/uploads\/OS-i-MURMURI_Cover_CAT_RGB.jpg","woocommerce_single-width":1,"woocommerce_single-height":1,"woocommerce_gallery_thumbnail":"https:\/\/www.editorialjuventud.es\/wp-content\/uploads\/OS-i-MURMURI_Cover_CAT_RGB.jpg","woocommerce_gallery_thumbnail-width":1,"woocommerce_gallery_thumbnail-height":1,"ppec_logo_image_size":"https:\/\/www.editorialjuventud.es\/wp-content\/uploads\/OS-i-MURMURI_Cover_CAT_RGB.jpg","ppec_logo_image_size-width":1,"ppec_logo_image_size-height":1,"ppec_header_image_size":"https:\/\/www.editorialjuventud.es\/wp-content\/uploads\/OS-i-MURMURI_Cover_CAT_RGB.jpg","ppec_header_image_size-width":1,"ppec_header_image_size-height":1}},"texto_enlace_ficha_tecnica":"","enlace_ficha_tecnica":{"ID":64673,"id":64673,"title":"OS i MURMURI_CAT","filename":"OS-i-MURMURI_CAT.pdf","filesize":706083,"url":"https:\/\/www.editorialjuventud.es\/wp-content\/uploads\/OS-i-MURMURI_CAT.pdf","link":"https:\/\/www.editorialjuventud.es\/ca\/?attachment_id=64673","alt":"","author":"50","description":"","caption":"","name":"os-i-murmuri_cat","status":"inherit","uploaded_to":64409,"date":"2022-04-04 23:04:34","modified":"2022-04-04 23:04:34","menu_order":0,"mime_type":"application\/pdf","type":"application","subtype":"pdf","icon":"https:\/\/www.editorialjuventud.es\/wp-includes\/images\/media\/document.png"},"ficheros":false,"titulo-fr":"","texto-fr":""},"yoast_head":"<!-- This site is optimized with the Yoast SEO plugin v27.3 - https:\/\/yoast.com\/product\/yoast-seo-wordpress\/ -->\n<title>L&#039;Os i el murmuri del vent - Editorial Juventud<\/title>\n<meta name=\"description\" content=\"L&#039;Os tenia una casa bonica. Tenia bons amics i una vida dol\u00e7a i tranquil\u00b7la. Tot aix\u00f2 abans del gran canvi. Un dia, el murmuri dels arbres li diu que\" \/>\n<meta name=\"robots\" content=\"index, follow, max-snippet:-1, max-image-preview:large, max-video-preview:-1\" \/>\n<link rel=\"canonical\" href=\"https:\/\/www.editorialjuventud.es\/los-i-el-murmuri-del-vent-9788426147608\/\" \/>\n<meta property=\"og:locale\" content=\"ca_ES\" \/>\n<meta property=\"og:type\" content=\"article\" \/>\n<meta property=\"og:title\" content=\"L&#039;Os i el murmuri del vent - Editorial Juventud\" \/>\n<meta property=\"og:description\" content=\"L&#039;Os tenia una casa bonica. Tenia bons amics i una vida dol\u00e7a i tranquil\u00b7la. Tot aix\u00f2 abans del gran canvi. Un dia, el murmuri dels arbres li diu que\" \/>\n<meta property=\"og:url\" content=\"https:\/\/www.editorialjuventud.es\/los-i-el-murmuri-del-vent-9788426147608\/\" \/>\n<meta property=\"og:site_name\" content=\"Editorial Juventud\" \/>\n<meta property=\"article:modified_time\" content=\"2025-01-22T11:43:01+00:00\" \/>\n<meta property=\"og:image\" content=\"https:\/\/www.editorialjuventud.es\/wp-content\/uploads\/9788426147608.jpg\" \/>\n\t<meta property=\"og:image:width\" content=\"1\" \/>\n\t<meta property=\"og:image:height\" content=\"1\" \/>\n\t<meta property=\"og:image:type\" content=\"image\/jpeg\" \/>\n<meta name=\"twitter:card\" content=\"summary_large_image\" \/>\n<meta name=\"twitter:label1\" content=\"Temps estimat de lectura\" \/>\n\t<meta name=\"twitter:data1\" content=\"1 minut\" \/>\n<script type=\"application\/ld+json\" class=\"yoast-schema-graph\">{\"@context\":\"https:\\\/\\\/schema.org\",\"@graph\":[{\"@type\":\"WebPage\",\"@id\":\"https:\\\/\\\/www.editorialjuventud.es\\\/los-i-el-murmuri-del-vent-9788426147608\\\/\",\"url\":\"https:\\\/\\\/www.editorialjuventud.es\\\/los-i-el-murmuri-del-vent-9788426147608\\\/\",\"name\":\"L'Os i el murmuri del vent - Editorial Juventud\",\"isPartOf\":{\"@id\":\"https:\\\/\\\/www.editorialjuventud.es\\\/#website\"},\"primaryImageOfPage\":{\"@id\":\"https:\\\/\\\/www.editorialjuventud.es\\\/los-i-el-murmuri-del-vent-9788426147608\\\/#primaryimage\"},\"image\":{\"@id\":\"https:\\\/\\\/www.editorialjuventud.es\\\/los-i-el-murmuri-del-vent-9788426147608\\\/#primaryimage\"},\"thumbnailUrl\":\"https:\\\/\\\/www.editorialjuventud.es\\\/wp-content\\\/uploads\\\/9788426147608.jpg\",\"datePublished\":\"2022-03-29T17:20:38+00:00\",\"dateModified\":\"2025-01-22T11:43:01+00:00\",\"description\":\"L'Os tenia una casa bonica. Tenia bons amics i una vida dol\u00e7a i tranquil\u00b7la. Tot aix\u00f2 abans del gran canvi. Un dia, el murmuri dels arbres li diu que\",\"breadcrumb\":{\"@id\":\"https:\\\/\\\/www.editorialjuventud.es\\\/los-i-el-murmuri-del-vent-9788426147608\\\/#breadcrumb\"},\"inLanguage\":\"ca\",\"potentialAction\":[{\"@type\":\"ReadAction\",\"target\":[\"https:\\\/\\\/www.editorialjuventud.es\\\/los-i-el-murmuri-del-vent-9788426147608\\\/\"]}]},{\"@type\":\"ImageObject\",\"inLanguage\":\"ca\",\"@id\":\"https:\\\/\\\/www.editorialjuventud.es\\\/los-i-el-murmuri-del-vent-9788426147608\\\/#primaryimage\",\"url\":\"https:\\\/\\\/www.editorialjuventud.es\\\/wp-content\\\/uploads\\\/9788426147608.jpg\",\"contentUrl\":\"https:\\\/\\\/www.editorialjuventud.es\\\/wp-content\\\/uploads\\\/9788426147608.jpg\",\"caption\":\"9788426147608.jpg\"},{\"@type\":\"BreadcrumbList\",\"@id\":\"https:\\\/\\\/www.editorialjuventud.es\\\/los-i-el-murmuri-del-vent-9788426147608\\\/#breadcrumb\",\"itemListElement\":[{\"@type\":\"ListItem\",\"position\":1,\"name\":\"Portada\",\"item\":\"https:\\\/\\\/www.editorialjuventud.es\\\/\"},{\"@type\":\"ListItem\",\"position\":2,\"name\":\"cat\u00e1logo\",\"item\":\"https:\\\/\\\/www.editorialjuventud.es\\\/coleccion\\\/catalogo\\\/\"},{\"@type\":\"ListItem\",\"position\":3,\"name\":\"catal\u00e0\",\"item\":\"https:\\\/\\\/www.editorialjuventud.es\\\/coleccion\\\/catala\\\/\"},{\"@type\":\"ListItem\",\"position\":4,\"name\":\"\u00c0lbums Il\u00b7lustrats\",\"item\":\"https:\\\/\\\/www.editorialjuventud.es\\\/coleccion\\\/albums-il%c2%b7lustrats\\\/\"},{\"@type\":\"ListItem\",\"position\":5,\"name\":\"Un Mili\u00f3 d'Amics\",\"item\":\"https:\\\/\\\/www.editorialjuventud.es\\\/coleccion\\\/un-milio-damics\\\/\"},{\"@type\":\"ListItem\",\"position\":6,\"name\":\"L'Os i el murmuri del vent\"}]},{\"@type\":\"WebSite\",\"@id\":\"https:\\\/\\\/www.editorialjuventud.es\\\/#website\",\"url\":\"https:\\\/\\\/www.editorialjuventud.es\\\/\",\"name\":\"Editorial Juventud\",\"description\":\"\",\"potentialAction\":[{\"@type\":\"SearchAction\",\"target\":{\"@type\":\"EntryPoint\",\"urlTemplate\":\"https:\\\/\\\/www.editorialjuventud.es\\\/?s={search_term_string}\"},\"query-input\":{\"@type\":\"PropertyValueSpecification\",\"valueRequired\":true,\"valueName\":\"search_term_string\"}}],\"inLanguage\":\"ca\"}]}<\/script>\n<!-- \/ Yoast SEO plugin. -->","yoast_head_json":{"title":"L'Os i el murmuri del vent - Editorial Juventud","description":"L'Os tenia una casa bonica. Tenia bons amics i una vida dol\u00e7a i tranquil\u00b7la. Tot aix\u00f2 abans del gran canvi. Un dia, el murmuri dels arbres li diu que","robots":{"index":"index","follow":"follow","max-snippet":"max-snippet:-1","max-image-preview":"max-image-preview:large","max-video-preview":"max-video-preview:-1"},"canonical":"https:\/\/www.editorialjuventud.es\/los-i-el-murmuri-del-vent-9788426147608\/","og_locale":"ca_ES","og_type":"article","og_title":"L'Os i el murmuri del vent - Editorial Juventud","og_description":"L'Os tenia una casa bonica. Tenia bons amics i una vida dol\u00e7a i tranquil\u00b7la. Tot aix\u00f2 abans del gran canvi. Un dia, el murmuri dels arbres li diu que","og_url":"https:\/\/www.editorialjuventud.es\/los-i-el-murmuri-del-vent-9788426147608\/","og_site_name":"Editorial Juventud","article_modified_time":"2025-01-22T11:43:01+00:00","og_image":[{"url":"https:\/\/www.editorialjuventud.es\/wp-content\/uploads\/9788426147608.jpg","width":1,"height":1,"type":"image\/jpeg"}],"twitter_card":"summary_large_image","twitter_misc":{"Temps estimat de lectura":"1 minut"},"schema":{"@context":"https:\/\/schema.org","@graph":[{"@type":"WebPage","@id":"https:\/\/www.editorialjuventud.es\/los-i-el-murmuri-del-vent-9788426147608\/","url":"https:\/\/www.editorialjuventud.es\/los-i-el-murmuri-del-vent-9788426147608\/","name":"L'Os i el murmuri del vent - Editorial Juventud","isPartOf":{"@id":"https:\/\/www.editorialjuventud.es\/#website"},"primaryImageOfPage":{"@id":"https:\/\/www.editorialjuventud.es\/los-i-el-murmuri-del-vent-9788426147608\/#primaryimage"},"image":{"@id":"https:\/\/www.editorialjuventud.es\/los-i-el-murmuri-del-vent-9788426147608\/#primaryimage"},"thumbnailUrl":"https:\/\/www.editorialjuventud.es\/wp-content\/uploads\/9788426147608.jpg","datePublished":"2022-03-29T17:20:38+00:00","dateModified":"2025-01-22T11:43:01+00:00","description":"L'Os tenia una casa bonica. Tenia bons amics i una vida dol\u00e7a i tranquil\u00b7la. Tot aix\u00f2 abans del gran canvi. Un dia, el murmuri dels arbres li diu que","breadcrumb":{"@id":"https:\/\/www.editorialjuventud.es\/los-i-el-murmuri-del-vent-9788426147608\/#breadcrumb"},"inLanguage":"ca","potentialAction":[{"@type":"ReadAction","target":["https:\/\/www.editorialjuventud.es\/los-i-el-murmuri-del-vent-9788426147608\/"]}]},{"@type":"ImageObject","inLanguage":"ca","@id":"https:\/\/www.editorialjuventud.es\/los-i-el-murmuri-del-vent-9788426147608\/#primaryimage","url":"https:\/\/www.editorialjuventud.es\/wp-content\/uploads\/9788426147608.jpg","contentUrl":"https:\/\/www.editorialjuventud.es\/wp-content\/uploads\/9788426147608.jpg","caption":"9788426147608.jpg"},{"@type":"BreadcrumbList","@id":"https:\/\/www.editorialjuventud.es\/los-i-el-murmuri-del-vent-9788426147608\/#breadcrumb","itemListElement":[{"@type":"ListItem","position":1,"name":"Portada","item":"https:\/\/www.editorialjuventud.es\/"},{"@type":"ListItem","position":2,"name":"cat\u00e1logo","item":"https:\/\/www.editorialjuventud.es\/coleccion\/catalogo\/"},{"@type":"ListItem","position":3,"name":"catal\u00e0","item":"https:\/\/www.editorialjuventud.es\/coleccion\/catala\/"},{"@type":"ListItem","position":4,"name":"\u00c0lbums Il\u00b7lustrats","item":"https:\/\/www.editorialjuventud.es\/coleccion\/albums-il%c2%b7lustrats\/"},{"@type":"ListItem","position":5,"name":"Un Mili\u00f3 d'Amics","item":"https:\/\/www.editorialjuventud.es\/coleccion\/un-milio-damics\/"},{"@type":"ListItem","position":6,"name":"L'Os i el murmuri del vent"}]},{"@type":"WebSite","@id":"https:\/\/www.editorialjuventud.es\/#website","url":"https:\/\/www.editorialjuventud.es\/","name":"Editorial Juventud","description":"","potentialAction":[{"@type":"SearchAction","target":{"@type":"EntryPoint","urlTemplate":"https:\/\/www.editorialjuventud.es\/?s={search_term_string}"},"query-input":{"@type":"PropertyValueSpecification","valueRequired":true,"valueName":"search_term_string"}}],"inLanguage":"ca"}]}},"_links":{"self":[{"href":"https:\/\/www.editorialjuventud.es\/ca\/wp-json\/wp\/v2\/product\/64409","targetHints":{"allow":["GET"]}}],"collection":[{"href":"https:\/\/www.editorialjuventud.es\/ca\/wp-json\/wp\/v2\/product"}],"about":[{"href":"https:\/\/www.editorialjuventud.es\/ca\/wp-json\/wp\/v2\/types\/product"}],"wp:featuredmedia":[{"embeddable":true,"href":"https:\/\/www.editorialjuventud.es\/ca\/wp-json\/wp\/v2\/media\/64410"}],"wp:attachment":[{"href":"https:\/\/www.editorialjuventud.es\/ca\/wp-json\/wp\/v2\/media?parent=64409"}],"wp:term":[{"taxonomy":"product_brand","embeddable":true,"href":"https:\/\/www.editorialjuventud.es\/ca\/wp-json\/wp\/v2\/product_brand?post=64409"},{"taxonomy":"product_cat","embeddable":true,"href":"https:\/\/www.editorialjuventud.es\/ca\/wp-json\/wp\/v2\/product_cat?post=64409"},{"taxonomy":"product_tag","embeddable":true,"href":"https:\/\/www.editorialjuventud.es\/ca\/wp-json\/wp\/v2\/product_tag?post=64409"},{"taxonomy":"coleccion","embeddable":true,"href":"https:\/\/www.editorialjuventud.es\/ca\/wp-json\/wp\/v2\/coleccion?post=64409"}],"curies":[{"name":"wp","href":"https:\/\/api.w.org\/{rel}","templated":true}]}}