{"id":6410,"date":"2018-08-24T12:20:52","date_gmt":"2018-08-24T10:20:52","guid":{"rendered":"http:\/\/www.editorialjuventud.es\/la-ascension-al-everest\/"},"modified":"2025-07-23T09:25:23","modified_gmt":"2025-07-23T07:25:23","slug":"la-ascension-al-everest-9788426155054","status":"publish","type":"product","link":"https:\/\/www.editorialjuventud.es\/ca\/la-ascension-al-everest-9788426155054\/","title":{"rendered":"La ascensi\u00f3n al Everest"},"content":{"rendered":"<p>\u00c9sta es la historia de c\u00f3mo, el 29 de mayo de 1953, dos hombres, Tensing y Hillary, animados  por una resoluci\u00f3n inquebrantable, alcanzaron por primera vez la cumbre del Everest y regresaron inc\u00f3lumes a reunirse con el resto de la expedici\u00f3n dirigida por John Hunt.  El inter\u00e9s de este libro, un cl\u00e1sico entre los libros de monta\u00f1a, sigue vivo, m\u00e1s de cincuenta a\u00f1os despu\u00e9s de la gesta. Durante este tiempo otras personas han alcanzado tambi\u00e9n la cumbre, pero solo a los miembros de la expedici\u00f3n brit\u00e1nica de 1953 les cabe el honor de haber sido los primeros.  Dice el autor: &#8216;En esta o en cualquier aventura de monta\u00f1a, la escalada perfecta y de \u00e9xito es fundamentalmente una labor de equipo. La ascensi\u00f3n al Everest, acaso m\u00e1s que la mayor\u00eda de las empresas humanas, exig\u00eda un grado muy elevado de abnegada cooperaci\u00f3n. Ser\u00eda muy dif\u00edcil encontrar un equipo m\u00e1s estrechamente unido que el nuestro. En ello y en el trabajo de nuestros sherpas estuvo el secreto de nuestro \u00e9xito&#8217; El emocionante cap\u00edtulo sobre la parte final de la ascensi\u00f3n a la cima se debe a la pluma del propio sir Edmund Hillary.<\/p>\n","protected":false},"excerpt":{"rendered":"\u00c9sta es la historia de c\u00f3mo, el 29 de mayo de 1953, dos hombres, Tensing y Hillary, animados por una resoluci\u00f3n inquebrantable, alcanzaron por primera vez la cumbre del Everest y regresaron inc\u00f3lumes a reunirse con el resto de la [&hellip;]","protected":false},"featured_media":13517,"template":"","meta":{"_acf_changed":false,"_exactmetrics_skip_tracking":false,"_exactmetrics_sitenote_active":false,"_exactmetrics_sitenote_note":"","_exactmetrics_sitenote_category":0},"product_brand":[],"product_cat":[905,1117],"product_tag":[],"coleccion":[916,936,1363],"class_list":{"0":"post-6410","1":"product","2":"type-product","3":"status-publish","4":"has-post-thumbnail","6":"product_cat-adulto","7":"product_cat-no-ficcion-adulto","8":"coleccion-castellano","9":"coleccion-lecturas-en-torno-al-mar","10":"coleccion-viajes-aventuras-y-expediciones-lecturas-en-torno-al-mar","12":"first","13":"outofstock","14":"taxable","15":"shipping-taxable","16":"purchasable","17":"product-type-simple"},"acf":{"autor":"Sir John Hunt","codart":"5505-7","ediciones":"0","encuadernacion":"R\u00fastica","fecha_de_publicacion":"27\/09\/1989","novedad":"0","paginas":"276","subtitulo":"","texto_web_adicional":"","texto_web_novedad":"","orden":"999","portada":"0","texto_web_resaltado":"","autores-libros":[16421],"traductores-libros":[17893]},"yoast_head":"<!-- This site is optimized with the Yoast SEO plugin v27.3 - https:\/\/yoast.com\/product\/yoast-seo-wordpress\/ -->\n<title>La ascensi\u00f3n al Everest - Editorial Juventud<\/title>\n<meta name=\"description\" content=\"\u00c9sta es la historia de c\u00f3mo, el 29 de mayo de 1953, dos hombres, Tensing y Hillary, animados por una resoluci\u00f3n inquebrantable, alcanzaron por primera vez\" \/>\n<meta name=\"robots\" content=\"index, follow, max-snippet:-1, max-image-preview:large, max-video-preview:-1\" \/>\n<link rel=\"canonical\" href=\"https:\/\/www.editorialjuventud.es\/la-ascension-al-everest-9788426155054\/\" \/>\n<meta property=\"og:locale\" content=\"ca_ES\" \/>\n<meta property=\"og:type\" content=\"article\" \/>\n<meta property=\"og:title\" content=\"La ascensi\u00f3n al Everest - Editorial Juventud\" \/>\n<meta property=\"og:description\" content=\"\u00c9sta es la historia de c\u00f3mo, el 29 de mayo de 1953, dos hombres, Tensing y Hillary, animados por una resoluci\u00f3n inquebrantable, alcanzaron por primera vez\" \/>\n<meta property=\"og:url\" content=\"https:\/\/www.editorialjuventud.es\/la-ascension-al-everest-9788426155054\/\" \/>\n<meta property=\"og:site_name\" content=\"Editorial Juventud\" \/>\n<meta property=\"article:modified_time\" content=\"2025-07-23T07:25:23+00:00\" \/>\n<meta property=\"og:image\" content=\"https:\/\/www.editorialjuventud.es\/wp-content\/uploads\/5505.jpg\" \/>\n\t<meta property=\"og:image:width\" content=\"330\" \/>\n\t<meta property=\"og:image:height\" content=\"500\" \/>\n\t<meta property=\"og:image:type\" content=\"image\/jpeg\" \/>\n<meta name=\"twitter:card\" content=\"summary_large_image\" \/>\n<meta name=\"twitter:label1\" content=\"Temps estimat de lectura\" \/>\n\t<meta name=\"twitter:data1\" content=\"1 minut\" \/>\n<script type=\"application\/ld+json\" class=\"yoast-schema-graph\">{\"@context\":\"https:\\\/\\\/schema.org\",\"@graph\":[{\"@type\":\"WebPage\",\"@id\":\"https:\\\/\\\/www.editorialjuventud.es\\\/la-ascension-al-everest-9788426155054\\\/\",\"url\":\"https:\\\/\\\/www.editorialjuventud.es\\\/la-ascension-al-everest-9788426155054\\\/\",\"name\":\"La ascensi\u00f3n al Everest - Editorial Juventud\",\"isPartOf\":{\"@id\":\"https:\\\/\\\/www.editorialjuventud.es\\\/#website\"},\"primaryImageOfPage\":{\"@id\":\"https:\\\/\\\/www.editorialjuventud.es\\\/la-ascension-al-everest-9788426155054\\\/#primaryimage\"},\"image\":{\"@id\":\"https:\\\/\\\/www.editorialjuventud.es\\\/la-ascension-al-everest-9788426155054\\\/#primaryimage\"},\"thumbnailUrl\":\"https:\\\/\\\/www.editorialjuventud.es\\\/wp-content\\\/uploads\\\/5505.jpg\",\"datePublished\":\"2018-08-24T10:20:52+00:00\",\"dateModified\":\"2025-07-23T07:25:23+00:00\",\"description\":\"\u00c9sta es la historia de c\u00f3mo, el 29 de mayo de 1953, dos hombres, Tensing y Hillary, animados por una resoluci\u00f3n inquebrantable, alcanzaron por primera vez\",\"breadcrumb\":{\"@id\":\"https:\\\/\\\/www.editorialjuventud.es\\\/la-ascension-al-everest-9788426155054\\\/#breadcrumb\"},\"inLanguage\":\"ca\",\"potentialAction\":[{\"@type\":\"ReadAction\",\"target\":[\"https:\\\/\\\/www.editorialjuventud.es\\\/la-ascension-al-everest-9788426155054\\\/\"]}]},{\"@type\":\"ImageObject\",\"inLanguage\":\"ca\",\"@id\":\"https:\\\/\\\/www.editorialjuventud.es\\\/la-ascension-al-everest-9788426155054\\\/#primaryimage\",\"url\":\"https:\\\/\\\/www.editorialjuventud.es\\\/wp-content\\\/uploads\\\/5505.jpg\",\"contentUrl\":\"https:\\\/\\\/www.editorialjuventud.es\\\/wp-content\\\/uploads\\\/5505.jpg\",\"width\":330,\"height\":500,\"caption\":\"5505.jpg\"},{\"@type\":\"BreadcrumbList\",\"@id\":\"https:\\\/\\\/www.editorialjuventud.es\\\/la-ascension-al-everest-9788426155054\\\/#breadcrumb\",\"itemListElement\":[{\"@type\":\"ListItem\",\"position\":1,\"name\":\"Portada\",\"item\":\"https:\\\/\\\/www.editorialjuventud.es\\\/\"},{\"@type\":\"ListItem\",\"position\":2,\"name\":\"cat\u00e1logo\",\"item\":\"https:\\\/\\\/www.editorialjuventud.es\\\/coleccion\\\/catalogo\\\/\"},{\"@type\":\"ListItem\",\"position\":3,\"name\":\"castellano\",\"item\":\"https:\\\/\\\/www.editorialjuventud.es\\\/coleccion\\\/castellano\\\/\"},{\"@type\":\"ListItem\",\"position\":4,\"name\":\"Lecturas En torno al Mar\",\"item\":\"https:\\\/\\\/www.editorialjuventud.es\\\/coleccion\\\/lecturas-en-torno-al-mar\\\/\"},{\"@type\":\"ListItem\",\"position\":5,\"name\":\"Viajes, Aventuras y Expediciones\",\"item\":\"https:\\\/\\\/www.editorialjuventud.es\\\/coleccion\\\/viajes-aventuras-y-expediciones-lecturas-en-torno-al-mar\\\/\"},{\"@type\":\"ListItem\",\"position\":6,\"name\":\"La ascensi\u00f3n al Everest\"}]},{\"@type\":\"WebSite\",\"@id\":\"https:\\\/\\\/www.editorialjuventud.es\\\/#website\",\"url\":\"https:\\\/\\\/www.editorialjuventud.es\\\/\",\"name\":\"Editorial Juventud\",\"description\":\"\",\"potentialAction\":[{\"@type\":\"SearchAction\",\"target\":{\"@type\":\"EntryPoint\",\"urlTemplate\":\"https:\\\/\\\/www.editorialjuventud.es\\\/?s={search_term_string}\"},\"query-input\":{\"@type\":\"PropertyValueSpecification\",\"valueRequired\":true,\"valueName\":\"search_term_string\"}}],\"inLanguage\":\"ca\"}]}<\/script>\n<!-- \/ Yoast SEO plugin. -->","yoast_head_json":{"title":"La ascensi\u00f3n al Everest - Editorial Juventud","description":"\u00c9sta es la historia de c\u00f3mo, el 29 de mayo de 1953, dos hombres, Tensing y Hillary, animados por una resoluci\u00f3n inquebrantable, alcanzaron por primera vez","robots":{"index":"index","follow":"follow","max-snippet":"max-snippet:-1","max-image-preview":"max-image-preview:large","max-video-preview":"max-video-preview:-1"},"canonical":"https:\/\/www.editorialjuventud.es\/la-ascension-al-everest-9788426155054\/","og_locale":"ca_ES","og_type":"article","og_title":"La ascensi\u00f3n al Everest - Editorial Juventud","og_description":"\u00c9sta es la historia de c\u00f3mo, el 29 de mayo de 1953, dos hombres, Tensing y Hillary, animados por una resoluci\u00f3n inquebrantable, alcanzaron por primera vez","og_url":"https:\/\/www.editorialjuventud.es\/la-ascension-al-everest-9788426155054\/","og_site_name":"Editorial Juventud","article_modified_time":"2025-07-23T07:25:23+00:00","og_image":[{"width":330,"height":500,"url":"https:\/\/www.editorialjuventud.es\/wp-content\/uploads\/5505.jpg","type":"image\/jpeg"}],"twitter_card":"summary_large_image","twitter_misc":{"Temps estimat de lectura":"1 minut"},"schema":{"@context":"https:\/\/schema.org","@graph":[{"@type":"WebPage","@id":"https:\/\/www.editorialjuventud.es\/la-ascension-al-everest-9788426155054\/","url":"https:\/\/www.editorialjuventud.es\/la-ascension-al-everest-9788426155054\/","name":"La ascensi\u00f3n al Everest - Editorial Juventud","isPartOf":{"@id":"https:\/\/www.editorialjuventud.es\/#website"},"primaryImageOfPage":{"@id":"https:\/\/www.editorialjuventud.es\/la-ascension-al-everest-9788426155054\/#primaryimage"},"image":{"@id":"https:\/\/www.editorialjuventud.es\/la-ascension-al-everest-9788426155054\/#primaryimage"},"thumbnailUrl":"https:\/\/www.editorialjuventud.es\/wp-content\/uploads\/5505.jpg","datePublished":"2018-08-24T10:20:52+00:00","dateModified":"2025-07-23T07:25:23+00:00","description":"\u00c9sta es la historia de c\u00f3mo, el 29 de mayo de 1953, dos hombres, Tensing y Hillary, animados por una resoluci\u00f3n inquebrantable, alcanzaron por primera vez","breadcrumb":{"@id":"https:\/\/www.editorialjuventud.es\/la-ascension-al-everest-9788426155054\/#breadcrumb"},"inLanguage":"ca","potentialAction":[{"@type":"ReadAction","target":["https:\/\/www.editorialjuventud.es\/la-ascension-al-everest-9788426155054\/"]}]},{"@type":"ImageObject","inLanguage":"ca","@id":"https:\/\/www.editorialjuventud.es\/la-ascension-al-everest-9788426155054\/#primaryimage","url":"https:\/\/www.editorialjuventud.es\/wp-content\/uploads\/5505.jpg","contentUrl":"https:\/\/www.editorialjuventud.es\/wp-content\/uploads\/5505.jpg","width":330,"height":500,"caption":"5505.jpg"},{"@type":"BreadcrumbList","@id":"https:\/\/www.editorialjuventud.es\/la-ascension-al-everest-9788426155054\/#breadcrumb","itemListElement":[{"@type":"ListItem","position":1,"name":"Portada","item":"https:\/\/www.editorialjuventud.es\/"},{"@type":"ListItem","position":2,"name":"cat\u00e1logo","item":"https:\/\/www.editorialjuventud.es\/coleccion\/catalogo\/"},{"@type":"ListItem","position":3,"name":"castellano","item":"https:\/\/www.editorialjuventud.es\/coleccion\/castellano\/"},{"@type":"ListItem","position":4,"name":"Lecturas En torno al Mar","item":"https:\/\/www.editorialjuventud.es\/coleccion\/lecturas-en-torno-al-mar\/"},{"@type":"ListItem","position":5,"name":"Viajes, Aventuras y Expediciones","item":"https:\/\/www.editorialjuventud.es\/coleccion\/viajes-aventuras-y-expediciones-lecturas-en-torno-al-mar\/"},{"@type":"ListItem","position":6,"name":"La ascensi\u00f3n al Everest"}]},{"@type":"WebSite","@id":"https:\/\/www.editorialjuventud.es\/#website","url":"https:\/\/www.editorialjuventud.es\/","name":"Editorial Juventud","description":"","potentialAction":[{"@type":"SearchAction","target":{"@type":"EntryPoint","urlTemplate":"https:\/\/www.editorialjuventud.es\/?s={search_term_string}"},"query-input":{"@type":"PropertyValueSpecification","valueRequired":true,"valueName":"search_term_string"}}],"inLanguage":"ca"}]}},"_links":{"self":[{"href":"https:\/\/www.editorialjuventud.es\/ca\/wp-json\/wp\/v2\/product\/6410","targetHints":{"allow":["GET"]}}],"collection":[{"href":"https:\/\/www.editorialjuventud.es\/ca\/wp-json\/wp\/v2\/product"}],"about":[{"href":"https:\/\/www.editorialjuventud.es\/ca\/wp-json\/wp\/v2\/types\/product"}],"wp:featuredmedia":[{"embeddable":true,"href":"https:\/\/www.editorialjuventud.es\/ca\/wp-json\/wp\/v2\/media\/13517"}],"wp:attachment":[{"href":"https:\/\/www.editorialjuventud.es\/ca\/wp-json\/wp\/v2\/media?parent=6410"}],"wp:term":[{"taxonomy":"product_brand","embeddable":true,"href":"https:\/\/www.editorialjuventud.es\/ca\/wp-json\/wp\/v2\/product_brand?post=6410"},{"taxonomy":"product_cat","embeddable":true,"href":"https:\/\/www.editorialjuventud.es\/ca\/wp-json\/wp\/v2\/product_cat?post=6410"},{"taxonomy":"product_tag","embeddable":true,"href":"https:\/\/www.editorialjuventud.es\/ca\/wp-json\/wp\/v2\/product_tag?post=6410"},{"taxonomy":"coleccion","embeddable":true,"href":"https:\/\/www.editorialjuventud.es\/ca\/wp-json\/wp\/v2\/coleccion?post=6410"}],"curies":[{"name":"wp","href":"https:\/\/api.w.org\/{rel}","templated":true}]}}