{"id":63276,"date":"2022-02-23T14:42:29","date_gmt":"2022-02-23T12:42:29","guid":{"rendered":"https:\/\/www.editorialjuventud.es\/einstein-9788426147561\/"},"modified":"2024-01-04T13:10:17","modified_gmt":"2024-01-04T12:10:17","slug":"einstein-el-fantastic-viatge-dun-ratoli-a-traves-de-lespai-i-el-temps-9788426147561","status":"publish","type":"product","link":"https:\/\/www.editorialjuventud.es\/ca\/einstein-el-fantastic-viatge-dun-ratoli-a-traves-de-lespai-i-el-temps-9788426147561\/","title":{"rendered":"Einstein &#8211;  El fant\u00e0stic viatge d&#8217;un ratol\u00ed a trav\u00e9s de l&#8217;espai i el temps"},"content":{"rendered":"<p>Quan un inventiu ratol\u00ed perd l&#8217;oportunitat d&#8217;assistir a la fira del formatge m\u00e9s gran del m\u00f3n, decideix fer retrocedir el rellotge. Amb l&#8217;ajuda d&#8217;un ratol\u00ed rellotger, molta inventiva, i les notes de cert f\u00edsic su\u00eds, aconsegueix viatjar enrere en el temps. Per\u00f2, quan viatja vuitanta anys m\u00e9s enll\u00e0 del seu objectiu, l&#8217;\u00fanic que podr\u00e0 ajudar-lo \u00e9s un empleat de l&#8217;oficina de patents de Su\u00efssa, qui va posar potes enlaire el nostre concepte d&#8217;espai-temps.<\/p>\n<p>Un nou \u00e0lbum de Torben Kuhlmann amb prodigioses il\u00b7lustracions i el seu caracter\u00edstic ratol\u00ed com a protagonista. Una apassionant aventura que barreja hist\u00f2ria i fantasia, i que inclou una biografia d&#8217;Einstein i una exposici\u00f3 dels seus descobriments en el camp de la f\u00edsica. Aquest llibre ha sigut triat per la Inhdie Next Kids Picks de setembre\/octubre de 2021 i ha rebut una menci\u00f3 per la Society of Illustrator Original Art 2021.<\/p>\n<p>El temps \u00e9s relatiu! El nou i brillant llibre del guardonat autor Torben Kuhlmann doblega el temps i la imaginaci\u00f3!<\/p>\n","protected":false},"excerpt":{"rendered":"Quan un inventiu ratol\u00ed perd l&#8217;oportunitat d&#8217;assistir a la fira del formatge m\u00e9s gran del m\u00f3n, decideix fer retrocedir el rellotge. Amb l&#8217;ajuda d&#8217;un ratol\u00ed rellotger, molta inventiva, i les notes de cert f\u00edsic su\u00eds, aconsegueix viatjar enrere en el [&hellip;]","protected":false},"featured_media":63277,"template":"","meta":{"_acf_changed":false,"_exactmetrics_skip_tracking":false,"_exactmetrics_sitenote_active":false,"_exactmetrics_sitenote_note":"","_exactmetrics_sitenote_category":0},"product_brand":[],"product_cat":[904,1121,1138,1142,1149,892,1115,893,1207,1128],"product_tag":[],"coleccion":[917,915,952,1247],"class_list":{"0":"post-63276","1":"product","2":"type-product","3":"status-publish","4":"has-post-thumbnail","6":"product_cat-a-partir-de-9-anos","7":"product_cat-albumes-ilustrados","8":"product_cat-animales","9":"product_cat-aventura","10":"product_cat-ciencia","11":"product_cat-edades","12":"product_cat-generos","13":"product_cat-novedades","14":"product_cat-personajes-reales","15":"product_cat-tematica","16":"coleccion-albums-illustrats","17":"coleccion-catala","18":"coleccion-ja-llegeixo-sol","19":"coleccion-ratolins-aventurers","21":"first","22":"instock","23":"taxable","24":"shipping-taxable","25":"purchasable","26":"product-type-simple"},"acf":{"indice":"","autor":"KUHLMANN, TORBEN","codart":"4756","ediciones":"1","encuadernacion":"Carton\u00e9","fecha_de_publicacion":"01\/03\/2022","fecha_de_reimpresion":"","novedad":"0","paginas":"126","subtitulo":"","texto_web_adicional":"","autores-libros":[16448],"ilustradores-libros":"","texto_web_novedad":"","orden":"999","portada":"0","texto_web_resaltado":"","traductores-libros":[18058],"descripcion_corta":"Una apassionant aventura que barreja hist\u00f2ria i fantasia","recomendamos":"","mas_vendido":"","idioma-libro":"","color":false,"formato":"","mas_informacion_del_producto":false,"premios":[{"premio":"Seleccionat entre els Millors Llibres del Banco del Libro, Categoria traducci\u00f3 d'informatiu","anyo_del_premio":"2022","pais_del_premio":"Vene\u00e7uela"}],"deshabilitar_compra":[],"texto_enlace_cubierta":"","enlace_cubierta":{"ID":63320,"id":63320,"title":"cov_978-0-7358-4444-5_003.indd","filename":"EINSTEIN_Cover_CAT.jpg","filesize":1963159,"url":"https:\/\/www.editorialjuventud.es\/wp-content\/uploads\/EINSTEIN_Cover_CAT.jpg","link":"https:\/\/www.editorialjuventud.es\/ca\/?attachment_id=63320","alt":"","author":"50","description":"","caption":"","name":"cov_978-0-7358-4444-5_003-indd-2","status":"inherit","uploaded_to":63276,"date":"2022-02-24 13:13:19","modified":"2022-02-24 13:13:19","menu_order":0,"mime_type":"image\/jpeg","type":"image","subtype":"jpeg","icon":"https:\/\/www.editorialjuventud.es\/wp-includes\/images\/media\/default.png","width":2605,"height":3376,"sizes":{"thumbnail":"https:\/\/www.editorialjuventud.es\/wp-content\/uploads\/EINSTEIN_Cover_CAT-200x200.jpg","thumbnail-width":200,"thumbnail-height":200,"medium":"https:\/\/www.editorialjuventud.es\/wp-content\/uploads\/EINSTEIN_Cover_CAT.jpg","medium-width":2605,"medium-height":3376,"medium_large":"https:\/\/www.editorialjuventud.es\/wp-content\/uploads\/EINSTEIN_Cover_CAT-768x995.jpg","medium_large-width":768,"medium_large-height":995,"large":"https:\/\/www.editorialjuventud.es\/wp-content\/uploads\/EINSTEIN_Cover_CAT.jpg","large-width":2605,"large-height":3376,"1536x1536":"https:\/\/www.editorialjuventud.es\/wp-content\/uploads\/EINSTEIN_Cover_CAT.jpg","1536x1536-width":1185,"1536x1536-height":1536,"2048x2048":"https:\/\/www.editorialjuventud.es\/wp-content\/uploads\/EINSTEIN_Cover_CAT.jpg","2048x2048-width":1580,"2048x2048-height":2048,"woocommerce_thumbnail":"https:\/\/www.editorialjuventud.es\/wp-content\/uploads\/EINSTEIN_Cover_CAT-350x454.jpg","woocommerce_thumbnail-width":350,"woocommerce_thumbnail-height":454,"woocommerce_single":"https:\/\/www.editorialjuventud.es\/wp-content\/uploads\/EINSTEIN_Cover_CAT-900x1166.jpg","woocommerce_single-width":900,"woocommerce_single-height":1166,"woocommerce_gallery_thumbnail":"https:\/\/www.editorialjuventud.es\/wp-content\/uploads\/EINSTEIN_Cover_CAT-100x100.jpg","woocommerce_gallery_thumbnail-width":100,"woocommerce_gallery_thumbnail-height":100,"ppec_logo_image_size":"https:\/\/www.editorialjuventud.es\/wp-content\/uploads\/EINSTEIN_Cover_CAT.jpg","ppec_logo_image_size-width":46,"ppec_logo_image_size-height":60,"ppec_header_image_size":"https:\/\/www.editorialjuventud.es\/wp-content\/uploads\/EINSTEIN_Cover_CAT.jpg","ppec_header_image_size-width":69,"ppec_header_image_size-height":90}},"texto_enlace_ficha_tecnica":"","enlace_ficha_tecnica":{"ID":63550,"id":63550,"title":"Einstein_Fitxa_CAT","filename":"Einstein_Fitxa_CAT.pdf","filesize":861742,"url":"https:\/\/www.editorialjuventud.es\/wp-content\/uploads\/Einstein_Fitxa_CAT.pdf","link":"https:\/\/www.editorialjuventud.es\/ca\/?attachment_id=63550","alt":"","author":"50","description":"","caption":"","name":"einstein_fitxa_cat","status":"inherit","uploaded_to":63276,"date":"2022-03-02 13:34:32","modified":"2022-03-02 13:34:32","menu_order":0,"mime_type":"application\/pdf","type":"application","subtype":"pdf","icon":"https:\/\/www.editorialjuventud.es\/wp-includes\/images\/media\/document.png"},"ficheros":false,"titulo-fr":"","texto-fr":""},"yoast_head":"<!-- This site is optimized with the Yoast SEO plugin v27.3 - https:\/\/yoast.com\/product\/yoast-seo-wordpress\/ -->\n<title>Einstein - El fant\u00e0stic viatge d&#039;un ratol\u00ed a trav\u00e9s de l&#039;espai i el temps - Editorial Juventud<\/title>\n<meta name=\"description\" content=\"Quan un inventiu ratol\u00ed perd l&#039;oportunitat d&#039;assistir a la fira del formatge m\u00e9s gran del m\u00f3n, decideix fer retrocedir el rellotge. Amb l&#039;ajuda d&#039;un\" \/>\n<meta name=\"robots\" content=\"index, follow, max-snippet:-1, max-image-preview:large, max-video-preview:-1\" \/>\n<link rel=\"canonical\" href=\"https:\/\/www.editorialjuventud.es\/ca\/einstein-el-fantastic-viatge-dun-ratoli-a-traves-de-lespai-i-el-temps-9788426147561\/\" \/>\n<meta property=\"og:locale\" content=\"ca_ES\" \/>\n<meta property=\"og:type\" content=\"article\" \/>\n<meta property=\"og:title\" content=\"Einstein - El fant\u00e0stic viatge d&#039;un ratol\u00ed a trav\u00e9s de l&#039;espai i el temps - Editorial Juventud\" \/>\n<meta property=\"og:description\" content=\"Quan un inventiu ratol\u00ed perd l&#039;oportunitat d&#039;assistir a la fira del formatge m\u00e9s gran del m\u00f3n, decideix fer retrocedir el rellotge. Amb l&#039;ajuda d&#039;un\" \/>\n<meta property=\"og:url\" content=\"https:\/\/www.editorialjuventud.es\/ca\/einstein-el-fantastic-viatge-dun-ratoli-a-traves-de-lespai-i-el-temps-9788426147561\/\" \/>\n<meta property=\"og:site_name\" content=\"Editorial Juventud\" \/>\n<meta property=\"article:modified_time\" content=\"2024-01-04T12:10:17+00:00\" \/>\n<meta property=\"og:image\" content=\"https:\/\/www.editorialjuventud.es\/wp-content\/uploads\/9788426147561.jpg\" \/>\n\t<meta property=\"og:image:width\" content=\"410\" \/>\n\t<meta property=\"og:image:height\" content=\"531\" \/>\n\t<meta property=\"og:image:type\" content=\"image\/jpeg\" \/>\n<meta name=\"twitter:card\" content=\"summary_large_image\" \/>\n<meta name=\"twitter:label1\" content=\"Temps estimat de lectura\" \/>\n\t<meta name=\"twitter:data1\" content=\"1 minut\" \/>\n<script type=\"application\/ld+json\" class=\"yoast-schema-graph\">{\"@context\":\"https:\\\/\\\/schema.org\",\"@graph\":[{\"@type\":\"WebPage\",\"@id\":\"https:\\\/\\\/www.editorialjuventud.es\\\/ca\\\/einstein-el-fantastic-viatge-dun-ratoli-a-traves-de-lespai-i-el-temps-9788426147561\\\/\",\"url\":\"https:\\\/\\\/www.editorialjuventud.es\\\/ca\\\/einstein-el-fantastic-viatge-dun-ratoli-a-traves-de-lespai-i-el-temps-9788426147561\\\/\",\"name\":\"Einstein - El fant\u00e0stic viatge d'un ratol\u00ed a trav\u00e9s de l'espai i el temps - Editorial Juventud\",\"isPartOf\":{\"@id\":\"https:\\\/\\\/www.editorialjuventud.es\\\/#website\"},\"primaryImageOfPage\":{\"@id\":\"https:\\\/\\\/www.editorialjuventud.es\\\/ca\\\/einstein-el-fantastic-viatge-dun-ratoli-a-traves-de-lespai-i-el-temps-9788426147561\\\/#primaryimage\"},\"image\":{\"@id\":\"https:\\\/\\\/www.editorialjuventud.es\\\/ca\\\/einstein-el-fantastic-viatge-dun-ratoli-a-traves-de-lespai-i-el-temps-9788426147561\\\/#primaryimage\"},\"thumbnailUrl\":\"https:\\\/\\\/www.editorialjuventud.es\\\/wp-content\\\/uploads\\\/9788426147561.jpg\",\"datePublished\":\"2022-02-23T12:42:29+00:00\",\"dateModified\":\"2024-01-04T12:10:17+00:00\",\"description\":\"Quan un inventiu ratol\u00ed perd l'oportunitat d'assistir a la fira del formatge m\u00e9s gran del m\u00f3n, decideix fer retrocedir el rellotge. Amb l'ajuda d'un\",\"breadcrumb\":{\"@id\":\"https:\\\/\\\/www.editorialjuventud.es\\\/ca\\\/einstein-el-fantastic-viatge-dun-ratoli-a-traves-de-lespai-i-el-temps-9788426147561\\\/#breadcrumb\"},\"inLanguage\":\"ca\",\"potentialAction\":[{\"@type\":\"ReadAction\",\"target\":[\"https:\\\/\\\/www.editorialjuventud.es\\\/ca\\\/einstein-el-fantastic-viatge-dun-ratoli-a-traves-de-lespai-i-el-temps-9788426147561\\\/\"]}]},{\"@type\":\"ImageObject\",\"inLanguage\":\"ca\",\"@id\":\"https:\\\/\\\/www.editorialjuventud.es\\\/ca\\\/einstein-el-fantastic-viatge-dun-ratoli-a-traves-de-lespai-i-el-temps-9788426147561\\\/#primaryimage\",\"url\":\"https:\\\/\\\/www.editorialjuventud.es\\\/wp-content\\\/uploads\\\/9788426147561.jpg\",\"contentUrl\":\"https:\\\/\\\/www.editorialjuventud.es\\\/wp-content\\\/uploads\\\/9788426147561.jpg\",\"width\":410,\"height\":531,\"caption\":\"9788426147561.jpg\"},{\"@type\":\"BreadcrumbList\",\"@id\":\"https:\\\/\\\/www.editorialjuventud.es\\\/ca\\\/einstein-el-fantastic-viatge-dun-ratoli-a-traves-de-lespai-i-el-temps-9788426147561\\\/#breadcrumb\",\"itemListElement\":[{\"@type\":\"ListItem\",\"position\":1,\"name\":\"Portada\",\"item\":\"https:\\\/\\\/www.editorialjuventud.es\\\/\"},{\"@type\":\"ListItem\",\"position\":2,\"name\":\"cat\u00e1logo\",\"item\":\"https:\\\/\\\/www.editorialjuventud.es\\\/coleccion\\\/catalogo\\\/\"},{\"@type\":\"ListItem\",\"position\":3,\"name\":\"catal\u00e0\",\"item\":\"https:\\\/\\\/www.editorialjuventud.es\\\/coleccion\\\/catala\\\/\"},{\"@type\":\"ListItem\",\"position\":4,\"name\":\"\u00c0lbums Il\u00b7lustrats\",\"item\":\"https:\\\/\\\/www.editorialjuventud.es\\\/coleccion\\\/albums-il%c2%b7lustrats\\\/\"},{\"@type\":\"ListItem\",\"position\":5,\"name\":\"Ja Llegeixo Sol!\",\"item\":\"https:\\\/\\\/www.editorialjuventud.es\\\/coleccion\\\/ja-llegeixo-sol\\\/\"},{\"@type\":\"ListItem\",\"position\":6,\"name\":\"Ratolins Aventurers\",\"item\":\"https:\\\/\\\/www.editorialjuventud.es\\\/coleccion\\\/ratolins-aventurers\\\/\"},{\"@type\":\"ListItem\",\"position\":7,\"name\":\"Einstein &#8211; El fant\u00e0stic viatge d&#8217;un ratol\u00ed a trav\u00e9s de l&#8217;espai i el temps\"}]},{\"@type\":\"WebSite\",\"@id\":\"https:\\\/\\\/www.editorialjuventud.es\\\/#website\",\"url\":\"https:\\\/\\\/www.editorialjuventud.es\\\/\",\"name\":\"Editorial Juventud\",\"description\":\"\",\"potentialAction\":[{\"@type\":\"SearchAction\",\"target\":{\"@type\":\"EntryPoint\",\"urlTemplate\":\"https:\\\/\\\/www.editorialjuventud.es\\\/?s={search_term_string}\"},\"query-input\":{\"@type\":\"PropertyValueSpecification\",\"valueRequired\":true,\"valueName\":\"search_term_string\"}}],\"inLanguage\":\"ca\"}]}<\/script>\n<!-- \/ Yoast SEO plugin. -->","yoast_head_json":{"title":"Einstein - El fant\u00e0stic viatge d'un ratol\u00ed a trav\u00e9s de l'espai i el temps - Editorial Juventud","description":"Quan un inventiu ratol\u00ed perd l'oportunitat d'assistir a la fira del formatge m\u00e9s gran del m\u00f3n, decideix fer retrocedir el rellotge. Amb l'ajuda d'un","robots":{"index":"index","follow":"follow","max-snippet":"max-snippet:-1","max-image-preview":"max-image-preview:large","max-video-preview":"max-video-preview:-1"},"canonical":"https:\/\/www.editorialjuventud.es\/ca\/einstein-el-fantastic-viatge-dun-ratoli-a-traves-de-lespai-i-el-temps-9788426147561\/","og_locale":"ca_ES","og_type":"article","og_title":"Einstein - El fant\u00e0stic viatge d'un ratol\u00ed a trav\u00e9s de l'espai i el temps - Editorial Juventud","og_description":"Quan un inventiu ratol\u00ed perd l'oportunitat d'assistir a la fira del formatge m\u00e9s gran del m\u00f3n, decideix fer retrocedir el rellotge. Amb l'ajuda d'un","og_url":"https:\/\/www.editorialjuventud.es\/ca\/einstein-el-fantastic-viatge-dun-ratoli-a-traves-de-lespai-i-el-temps-9788426147561\/","og_site_name":"Editorial Juventud","article_modified_time":"2024-01-04T12:10:17+00:00","og_image":[{"width":410,"height":531,"url":"https:\/\/www.editorialjuventud.es\/wp-content\/uploads\/9788426147561.jpg","type":"image\/jpeg"}],"twitter_card":"summary_large_image","twitter_misc":{"Temps estimat de lectura":"1 minut"},"schema":{"@context":"https:\/\/schema.org","@graph":[{"@type":"WebPage","@id":"https:\/\/www.editorialjuventud.es\/ca\/einstein-el-fantastic-viatge-dun-ratoli-a-traves-de-lespai-i-el-temps-9788426147561\/","url":"https:\/\/www.editorialjuventud.es\/ca\/einstein-el-fantastic-viatge-dun-ratoli-a-traves-de-lespai-i-el-temps-9788426147561\/","name":"Einstein - El fant\u00e0stic viatge d'un ratol\u00ed a trav\u00e9s de l'espai i el temps - Editorial Juventud","isPartOf":{"@id":"https:\/\/www.editorialjuventud.es\/#website"},"primaryImageOfPage":{"@id":"https:\/\/www.editorialjuventud.es\/ca\/einstein-el-fantastic-viatge-dun-ratoli-a-traves-de-lespai-i-el-temps-9788426147561\/#primaryimage"},"image":{"@id":"https:\/\/www.editorialjuventud.es\/ca\/einstein-el-fantastic-viatge-dun-ratoli-a-traves-de-lespai-i-el-temps-9788426147561\/#primaryimage"},"thumbnailUrl":"https:\/\/www.editorialjuventud.es\/wp-content\/uploads\/9788426147561.jpg","datePublished":"2022-02-23T12:42:29+00:00","dateModified":"2024-01-04T12:10:17+00:00","description":"Quan un inventiu ratol\u00ed perd l'oportunitat d'assistir a la fira del formatge m\u00e9s gran del m\u00f3n, decideix fer retrocedir el rellotge. Amb l'ajuda d'un","breadcrumb":{"@id":"https:\/\/www.editorialjuventud.es\/ca\/einstein-el-fantastic-viatge-dun-ratoli-a-traves-de-lespai-i-el-temps-9788426147561\/#breadcrumb"},"inLanguage":"ca","potentialAction":[{"@type":"ReadAction","target":["https:\/\/www.editorialjuventud.es\/ca\/einstein-el-fantastic-viatge-dun-ratoli-a-traves-de-lespai-i-el-temps-9788426147561\/"]}]},{"@type":"ImageObject","inLanguage":"ca","@id":"https:\/\/www.editorialjuventud.es\/ca\/einstein-el-fantastic-viatge-dun-ratoli-a-traves-de-lespai-i-el-temps-9788426147561\/#primaryimage","url":"https:\/\/www.editorialjuventud.es\/wp-content\/uploads\/9788426147561.jpg","contentUrl":"https:\/\/www.editorialjuventud.es\/wp-content\/uploads\/9788426147561.jpg","width":410,"height":531,"caption":"9788426147561.jpg"},{"@type":"BreadcrumbList","@id":"https:\/\/www.editorialjuventud.es\/ca\/einstein-el-fantastic-viatge-dun-ratoli-a-traves-de-lespai-i-el-temps-9788426147561\/#breadcrumb","itemListElement":[{"@type":"ListItem","position":1,"name":"Portada","item":"https:\/\/www.editorialjuventud.es\/"},{"@type":"ListItem","position":2,"name":"cat\u00e1logo","item":"https:\/\/www.editorialjuventud.es\/coleccion\/catalogo\/"},{"@type":"ListItem","position":3,"name":"catal\u00e0","item":"https:\/\/www.editorialjuventud.es\/coleccion\/catala\/"},{"@type":"ListItem","position":4,"name":"\u00c0lbums Il\u00b7lustrats","item":"https:\/\/www.editorialjuventud.es\/coleccion\/albums-il%c2%b7lustrats\/"},{"@type":"ListItem","position":5,"name":"Ja Llegeixo Sol!","item":"https:\/\/www.editorialjuventud.es\/coleccion\/ja-llegeixo-sol\/"},{"@type":"ListItem","position":6,"name":"Ratolins Aventurers","item":"https:\/\/www.editorialjuventud.es\/coleccion\/ratolins-aventurers\/"},{"@type":"ListItem","position":7,"name":"Einstein &#8211; El fant\u00e0stic viatge d&#8217;un ratol\u00ed a trav\u00e9s de l&#8217;espai i el temps"}]},{"@type":"WebSite","@id":"https:\/\/www.editorialjuventud.es\/#website","url":"https:\/\/www.editorialjuventud.es\/","name":"Editorial Juventud","description":"","potentialAction":[{"@type":"SearchAction","target":{"@type":"EntryPoint","urlTemplate":"https:\/\/www.editorialjuventud.es\/?s={search_term_string}"},"query-input":{"@type":"PropertyValueSpecification","valueRequired":true,"valueName":"search_term_string"}}],"inLanguage":"ca"}]}},"_links":{"self":[{"href":"https:\/\/www.editorialjuventud.es\/ca\/wp-json\/wp\/v2\/product\/63276","targetHints":{"allow":["GET"]}}],"collection":[{"href":"https:\/\/www.editorialjuventud.es\/ca\/wp-json\/wp\/v2\/product"}],"about":[{"href":"https:\/\/www.editorialjuventud.es\/ca\/wp-json\/wp\/v2\/types\/product"}],"wp:featuredmedia":[{"embeddable":true,"href":"https:\/\/www.editorialjuventud.es\/ca\/wp-json\/wp\/v2\/media\/63277"}],"wp:attachment":[{"href":"https:\/\/www.editorialjuventud.es\/ca\/wp-json\/wp\/v2\/media?parent=63276"}],"wp:term":[{"taxonomy":"product_brand","embeddable":true,"href":"https:\/\/www.editorialjuventud.es\/ca\/wp-json\/wp\/v2\/product_brand?post=63276"},{"taxonomy":"product_cat","embeddable":true,"href":"https:\/\/www.editorialjuventud.es\/ca\/wp-json\/wp\/v2\/product_cat?post=63276"},{"taxonomy":"product_tag","embeddable":true,"href":"https:\/\/www.editorialjuventud.es\/ca\/wp-json\/wp\/v2\/product_tag?post=63276"},{"taxonomy":"coleccion","embeddable":true,"href":"https:\/\/www.editorialjuventud.es\/ca\/wp-json\/wp\/v2\/coleccion?post=63276"}],"curies":[{"name":"wp","href":"https:\/\/api.w.org\/{rel}","templated":true}]}}