{"id":63273,"date":"2022-02-23T14:42:03","date_gmt":"2022-02-23T12:42:03","guid":{"rendered":"https:\/\/www.editorialjuventud.es\/einstein-9788426147554\/"},"modified":"2024-01-04T13:09:58","modified_gmt":"2024-01-04T12:09:58","slug":"einstein-el-fantastico-viaje-de-un-raton-a-traves-del-espacio-y-del-tiempo-9788426147554","status":"publish","type":"product","link":"https:\/\/www.editorialjuventud.es\/ca\/einstein-el-fantastico-viaje-de-un-raton-a-traves-del-espacio-y-del-tiempo-9788426147554\/","title":{"rendered":"Einstein &#8211;  El fant\u00e1stico viaje de un rat\u00f3n a trav\u00e9s del espacio y del tiempo"},"content":{"rendered":"<p>Cuando un inventivo rat\u00f3n pierde la oportunidad de asistir a la mayor feria de queso que el mundo ha visto, decide hacer retroceder el reloj. Con la ayuda de un rat\u00f3n relojero, mucha inventiva, y las notas de cierto f\u00edsico suizo, consigue viajar atr\u00e1s en el tiempo. Pero, cuando viaja ochenta a\u00f1os de m\u00e1s de su objetivo, el \u00fanico que podr\u00e1 ayudarle es un empleado de la oficina de patentes de Suiza, quien puso patas arriba nuestro concepto del espacio-tiempo.<\/p>\n<p>Un nuevo \u00e1lbum de Torben Kuhlmann con prodigiosas ilustraciones y su caracter\u00edstico ratoncito como protagonista. Una apasionante aventura que mezcla historia y fantas\u00eda, y que incluye una biograf\u00eda de Einstein y una exposici\u00f3n de sus descubrimientos en el campo de la f\u00edsica. El libro ha sido seleccionado por la Indie Next Kids Picks de septiembre\/octubre de 2021 y ha recibido una menci\u00f3n por la Society of Illustrators Original Art 2021.<\/p>\n<p>\u00a1El tiempo es relativo! \u00a1El nuevo y brillante libro del galardonado autor Torben Kuhlmann doblega el tiempo y la imaginaci\u00f3n!<\/p>\n","protected":false},"excerpt":{"rendered":"Cuando un inventivo rat\u00f3n pierde la oportunidad de asistir a la mayor feria de queso que el mundo ha visto, decide hacer retroceder el reloj. Con la ayuda de un rat\u00f3n relojero, mucha inventiva, y las notas de cierto f\u00edsico [&hellip;]","protected":false},"featured_media":63274,"template":"","meta":{"_acf_changed":false,"_exactmetrics_skip_tracking":false,"_exactmetrics_sitenote_active":false,"_exactmetrics_sitenote_note":"","_exactmetrics_sitenote_category":0},"product_brand":[],"product_cat":[904,1121,1138,1142,1149,892,1115,893,1207,1128],"product_tag":[],"coleccion":[984,928,916,1248],"class_list":{"0":"post-63273","1":"product","2":"type-product","3":"status-publish","4":"has-post-thumbnail","6":"product_cat-a-partir-de-9-anos","7":"product_cat-albumes-ilustrados","8":"product_cat-animales","9":"product_cat-aventura","10":"product_cat-ciencia","11":"product_cat-edades","12":"product_cat-generos","13":"product_cat-novedades","14":"product_cat-personajes-reales","15":"product_cat-tematica","16":"coleccion-ya-leo-solo","17":"coleccion-albumes-ilustrados","18":"coleccion-castellano","19":"coleccion-ratones-aventureros","21":"first","22":"instock","23":"taxable","24":"shipping-taxable","25":"purchasable","26":"product-type-simple"},"acf":{"indice":"","autor":"KUHLMANN, TORBEN","codart":"4755","ediciones":"1","encuadernacion":"Carton\u00e9","fecha_de_publicacion":"01\/03\/2022","fecha_de_reimpresion":"","novedad":"0","paginas":"126","subtitulo":"","texto_web_adicional":"","autores-libros":[16448],"ilustradores-libros":"","texto_web_novedad":"","orden":"999","portada":"0","texto_web_resaltado":"","traductores-libros":[18058],"descripcion_corta":"Una apasionante aventura que mezcla historia y fantas","recomendamos":"","mas_vendido":"","idioma-libro":"","color":false,"formato":"","mas_informacion_del_producto":false,"premios":[{"premio":"Seleccionado entre los Mejores Libros del Banco del Libro de Venezuela, Categor\u00eda traducci\u00f3n de informativo","anyo_del_premio":"2022","pais_del_premio":"Venezuela"}],"deshabilitar_compra":[],"texto_enlace_cubierta":"","enlace_cubierta":{"ID":63317,"id":63317,"title":"cov_978-0-7358-4444-5_003_ES.indd","filename":"EINSTEIN_Cover_CAST.jpg","filesize":1966371,"url":"https:\/\/www.editorialjuventud.es\/wp-content\/uploads\/EINSTEIN_Cover_CAST.jpg","link":"https:\/\/www.editorialjuventud.es\/ca\/?attachment_id=63317","alt":"","author":"50","description":"","caption":"","name":"cov_978-0-7358-4444-5_003_es-indd-2","status":"inherit","uploaded_to":63273,"date":"2022-02-24 12:52:33","modified":"2022-02-24 12:52:33","menu_order":0,"mime_type":"image\/jpeg","type":"image","subtype":"jpeg","icon":"https:\/\/www.editorialjuventud.es\/wp-includes\/images\/media\/default.png","width":2604,"height":3379,"sizes":{"thumbnail":"https:\/\/www.editorialjuventud.es\/wp-content\/uploads\/EINSTEIN_Cover_CAST-200x200.jpg","thumbnail-width":200,"thumbnail-height":200,"medium":"https:\/\/www.editorialjuventud.es\/wp-content\/uploads\/EINSTEIN_Cover_CAST.jpg","medium-width":2604,"medium-height":3379,"medium_large":"https:\/\/www.editorialjuventud.es\/wp-content\/uploads\/EINSTEIN_Cover_CAST-768x997.jpg","medium_large-width":768,"medium_large-height":997,"large":"https:\/\/www.editorialjuventud.es\/wp-content\/uploads\/EINSTEIN_Cover_CAST.jpg","large-width":2604,"large-height":3379,"1536x1536":"https:\/\/www.editorialjuventud.es\/wp-content\/uploads\/EINSTEIN_Cover_CAST.jpg","1536x1536-width":1184,"1536x1536-height":1536,"2048x2048":"https:\/\/www.editorialjuventud.es\/wp-content\/uploads\/EINSTEIN_Cover_CAST.jpg","2048x2048-width":1578,"2048x2048-height":2048,"woocommerce_thumbnail":"https:\/\/www.editorialjuventud.es\/wp-content\/uploads\/EINSTEIN_Cover_CAST-350x454.jpg","woocommerce_thumbnail-width":350,"woocommerce_thumbnail-height":454,"woocommerce_single":"https:\/\/www.editorialjuventud.es\/wp-content\/uploads\/EINSTEIN_Cover_CAST-900x1168.jpg","woocommerce_single-width":900,"woocommerce_single-height":1168,"woocommerce_gallery_thumbnail":"https:\/\/www.editorialjuventud.es\/wp-content\/uploads\/EINSTEIN_Cover_CAST-100x100.jpg","woocommerce_gallery_thumbnail-width":100,"woocommerce_gallery_thumbnail-height":100,"ppec_logo_image_size":"https:\/\/www.editorialjuventud.es\/wp-content\/uploads\/EINSTEIN_Cover_CAST.jpg","ppec_logo_image_size-width":46,"ppec_logo_image_size-height":60,"ppec_header_image_size":"https:\/\/www.editorialjuventud.es\/wp-content\/uploads\/EINSTEIN_Cover_CAST.jpg","ppec_header_image_size-width":69,"ppec_header_image_size-height":90}},"texto_enlace_ficha_tecnica":"","enlace_ficha_tecnica":{"ID":63548,"id":63548,"title":"Einstein_Fichas_CAST","filename":"Einstein_Fichas_CAST.pdf","filesize":863037,"url":"https:\/\/www.editorialjuventud.es\/wp-content\/uploads\/Einstein_Fichas_CAST.pdf","link":"https:\/\/www.editorialjuventud.es\/ca\/?attachment_id=63548","alt":"","author":"50","description":"","caption":"","name":"einstein_fichas_cast","status":"inherit","uploaded_to":63273,"date":"2022-03-02 13:27:44","modified":"2022-03-02 13:27:44","menu_order":0,"mime_type":"application\/pdf","type":"application","subtype":"pdf","icon":"https:\/\/www.editorialjuventud.es\/wp-includes\/images\/media\/document.png"},"ficheros":false,"titulo-fr":"","texto-fr":""},"yoast_head":"<!-- This site is optimized with the Yoast SEO plugin v27.3 - https:\/\/yoast.com\/product\/yoast-seo-wordpress\/ -->\n<title>Einstein - El fant\u00e1stico viaje de un rat\u00f3n a trav\u00e9s del espacio y del tiempo - Editorial Juventud<\/title>\n<meta name=\"description\" content=\"Cuando un inventivo rat\u00f3n pierde la oportunidad de asistir a la mayor feria de queso que el mundo ha visto, decide hacer retroceder el reloj. Con la ayuda\" \/>\n<meta name=\"robots\" content=\"index, follow, max-snippet:-1, max-image-preview:large, max-video-preview:-1\" \/>\n<link rel=\"canonical\" href=\"https:\/\/www.editorialjuventud.es\/einstein-el-fantastico-viaje-de-un-raton-a-traves-del-espacio-y-del-tiempo-9788426147554\/\" \/>\n<meta property=\"og:locale\" content=\"ca_ES\" \/>\n<meta property=\"og:type\" content=\"article\" \/>\n<meta property=\"og:title\" content=\"Einstein - El fant\u00e1stico viaje de un rat\u00f3n a trav\u00e9s del espacio y del tiempo - Editorial Juventud\" \/>\n<meta property=\"og:description\" content=\"Cuando un inventivo rat\u00f3n pierde la oportunidad de asistir a la mayor feria de queso que el mundo ha visto, decide hacer retroceder el reloj. Con la ayuda\" \/>\n<meta property=\"og:url\" content=\"https:\/\/www.editorialjuventud.es\/einstein-el-fantastico-viaje-de-un-raton-a-traves-del-espacio-y-del-tiempo-9788426147554\/\" \/>\n<meta property=\"og:site_name\" content=\"Editorial Juventud\" \/>\n<meta property=\"article:modified_time\" content=\"2024-01-04T12:09:58+00:00\" \/>\n<meta property=\"og:image\" content=\"https:\/\/www.editorialjuventud.es\/wp-content\/uploads\/9788426147554.jpg\" \/>\n\t<meta property=\"og:image:width\" content=\"410\" \/>\n\t<meta property=\"og:image:height\" content=\"532\" \/>\n\t<meta property=\"og:image:type\" content=\"image\/jpeg\" \/>\n<meta name=\"twitter:card\" content=\"summary_large_image\" \/>\n<meta name=\"twitter:label1\" content=\"Temps estimat de lectura\" \/>\n\t<meta name=\"twitter:data1\" content=\"1 minut\" \/>\n<script type=\"application\/ld+json\" class=\"yoast-schema-graph\">{\"@context\":\"https:\\\/\\\/schema.org\",\"@graph\":[{\"@type\":\"WebPage\",\"@id\":\"https:\\\/\\\/www.editorialjuventud.es\\\/einstein-el-fantastico-viaje-de-un-raton-a-traves-del-espacio-y-del-tiempo-9788426147554\\\/\",\"url\":\"https:\\\/\\\/www.editorialjuventud.es\\\/einstein-el-fantastico-viaje-de-un-raton-a-traves-del-espacio-y-del-tiempo-9788426147554\\\/\",\"name\":\"Einstein - El fant\u00e1stico viaje de un rat\u00f3n a trav\u00e9s del espacio y del tiempo - Editorial Juventud\",\"isPartOf\":{\"@id\":\"https:\\\/\\\/www.editorialjuventud.es\\\/#website\"},\"primaryImageOfPage\":{\"@id\":\"https:\\\/\\\/www.editorialjuventud.es\\\/einstein-el-fantastico-viaje-de-un-raton-a-traves-del-espacio-y-del-tiempo-9788426147554\\\/#primaryimage\"},\"image\":{\"@id\":\"https:\\\/\\\/www.editorialjuventud.es\\\/einstein-el-fantastico-viaje-de-un-raton-a-traves-del-espacio-y-del-tiempo-9788426147554\\\/#primaryimage\"},\"thumbnailUrl\":\"https:\\\/\\\/www.editorialjuventud.es\\\/wp-content\\\/uploads\\\/9788426147554.jpg\",\"datePublished\":\"2022-02-23T12:42:03+00:00\",\"dateModified\":\"2024-01-04T12:09:58+00:00\",\"description\":\"Cuando un inventivo rat\u00f3n pierde la oportunidad de asistir a la mayor feria de queso que el mundo ha visto, decide hacer retroceder el reloj. Con la ayuda\",\"breadcrumb\":{\"@id\":\"https:\\\/\\\/www.editorialjuventud.es\\\/einstein-el-fantastico-viaje-de-un-raton-a-traves-del-espacio-y-del-tiempo-9788426147554\\\/#breadcrumb\"},\"inLanguage\":\"ca\",\"potentialAction\":[{\"@type\":\"ReadAction\",\"target\":[\"https:\\\/\\\/www.editorialjuventud.es\\\/einstein-el-fantastico-viaje-de-un-raton-a-traves-del-espacio-y-del-tiempo-9788426147554\\\/\"]}]},{\"@type\":\"ImageObject\",\"inLanguage\":\"ca\",\"@id\":\"https:\\\/\\\/www.editorialjuventud.es\\\/einstein-el-fantastico-viaje-de-un-raton-a-traves-del-espacio-y-del-tiempo-9788426147554\\\/#primaryimage\",\"url\":\"https:\\\/\\\/www.editorialjuventud.es\\\/wp-content\\\/uploads\\\/9788426147554.jpg\",\"contentUrl\":\"https:\\\/\\\/www.editorialjuventud.es\\\/wp-content\\\/uploads\\\/9788426147554.jpg\",\"width\":410,\"height\":532,\"caption\":\"9788426147554.jpg\"},{\"@type\":\"BreadcrumbList\",\"@id\":\"https:\\\/\\\/www.editorialjuventud.es\\\/einstein-el-fantastico-viaje-de-un-raton-a-traves-del-espacio-y-del-tiempo-9788426147554\\\/#breadcrumb\",\"itemListElement\":[{\"@type\":\"ListItem\",\"position\":1,\"name\":\"Portada\",\"item\":\"https:\\\/\\\/www.editorialjuventud.es\\\/\"},{\"@type\":\"ListItem\",\"position\":2,\"name\":\"cat\u00e1logo\",\"item\":\"https:\\\/\\\/www.editorialjuventud.es\\\/coleccion\\\/catalogo\\\/\"},{\"@type\":\"ListItem\",\"position\":3,\"name\":\"castellano\",\"item\":\"https:\\\/\\\/www.editorialjuventud.es\\\/coleccion\\\/castellano\\\/\"},{\"@type\":\"ListItem\",\"position\":4,\"name\":\"\u00c1lbumes Ilustrados\",\"item\":\"https:\\\/\\\/www.editorialjuventud.es\\\/coleccion\\\/albumes-ilustrados\\\/\"},{\"@type\":\"ListItem\",\"position\":5,\"name\":\"\u00a1Ya Leo Solo!\",\"item\":\"https:\\\/\\\/www.editorialjuventud.es\\\/coleccion\\\/ya-leo-solo\\\/\"},{\"@type\":\"ListItem\",\"position\":6,\"name\":\"Ratones Aventureros\",\"item\":\"https:\\\/\\\/www.editorialjuventud.es\\\/coleccion\\\/ratones-aventureros\\\/\"},{\"@type\":\"ListItem\",\"position\":7,\"name\":\"Einstein &#8211; El fant\u00e1stico viaje de un rat\u00f3n a trav\u00e9s del espacio y del tiempo\"}]},{\"@type\":\"WebSite\",\"@id\":\"https:\\\/\\\/www.editorialjuventud.es\\\/#website\",\"url\":\"https:\\\/\\\/www.editorialjuventud.es\\\/\",\"name\":\"Editorial Juventud\",\"description\":\"\",\"potentialAction\":[{\"@type\":\"SearchAction\",\"target\":{\"@type\":\"EntryPoint\",\"urlTemplate\":\"https:\\\/\\\/www.editorialjuventud.es\\\/?s={search_term_string}\"},\"query-input\":{\"@type\":\"PropertyValueSpecification\",\"valueRequired\":true,\"valueName\":\"search_term_string\"}}],\"inLanguage\":\"ca\"}]}<\/script>\n<!-- \/ Yoast SEO plugin. -->","yoast_head_json":{"title":"Einstein - El fant\u00e1stico viaje de un rat\u00f3n a trav\u00e9s del espacio y del tiempo - Editorial Juventud","description":"Cuando un inventivo rat\u00f3n pierde la oportunidad de asistir a la mayor feria de queso que el mundo ha visto, decide hacer retroceder el reloj. Con la ayuda","robots":{"index":"index","follow":"follow","max-snippet":"max-snippet:-1","max-image-preview":"max-image-preview:large","max-video-preview":"max-video-preview:-1"},"canonical":"https:\/\/www.editorialjuventud.es\/einstein-el-fantastico-viaje-de-un-raton-a-traves-del-espacio-y-del-tiempo-9788426147554\/","og_locale":"ca_ES","og_type":"article","og_title":"Einstein - El fant\u00e1stico viaje de un rat\u00f3n a trav\u00e9s del espacio y del tiempo - Editorial Juventud","og_description":"Cuando un inventivo rat\u00f3n pierde la oportunidad de asistir a la mayor feria de queso que el mundo ha visto, decide hacer retroceder el reloj. Con la ayuda","og_url":"https:\/\/www.editorialjuventud.es\/einstein-el-fantastico-viaje-de-un-raton-a-traves-del-espacio-y-del-tiempo-9788426147554\/","og_site_name":"Editorial Juventud","article_modified_time":"2024-01-04T12:09:58+00:00","og_image":[{"width":410,"height":532,"url":"https:\/\/www.editorialjuventud.es\/wp-content\/uploads\/9788426147554.jpg","type":"image\/jpeg"}],"twitter_card":"summary_large_image","twitter_misc":{"Temps estimat de lectura":"1 minut"},"schema":{"@context":"https:\/\/schema.org","@graph":[{"@type":"WebPage","@id":"https:\/\/www.editorialjuventud.es\/einstein-el-fantastico-viaje-de-un-raton-a-traves-del-espacio-y-del-tiempo-9788426147554\/","url":"https:\/\/www.editorialjuventud.es\/einstein-el-fantastico-viaje-de-un-raton-a-traves-del-espacio-y-del-tiempo-9788426147554\/","name":"Einstein - El fant\u00e1stico viaje de un rat\u00f3n a trav\u00e9s del espacio y del tiempo - Editorial Juventud","isPartOf":{"@id":"https:\/\/www.editorialjuventud.es\/#website"},"primaryImageOfPage":{"@id":"https:\/\/www.editorialjuventud.es\/einstein-el-fantastico-viaje-de-un-raton-a-traves-del-espacio-y-del-tiempo-9788426147554\/#primaryimage"},"image":{"@id":"https:\/\/www.editorialjuventud.es\/einstein-el-fantastico-viaje-de-un-raton-a-traves-del-espacio-y-del-tiempo-9788426147554\/#primaryimage"},"thumbnailUrl":"https:\/\/www.editorialjuventud.es\/wp-content\/uploads\/9788426147554.jpg","datePublished":"2022-02-23T12:42:03+00:00","dateModified":"2024-01-04T12:09:58+00:00","description":"Cuando un inventivo rat\u00f3n pierde la oportunidad de asistir a la mayor feria de queso que el mundo ha visto, decide hacer retroceder el reloj. Con la ayuda","breadcrumb":{"@id":"https:\/\/www.editorialjuventud.es\/einstein-el-fantastico-viaje-de-un-raton-a-traves-del-espacio-y-del-tiempo-9788426147554\/#breadcrumb"},"inLanguage":"ca","potentialAction":[{"@type":"ReadAction","target":["https:\/\/www.editorialjuventud.es\/einstein-el-fantastico-viaje-de-un-raton-a-traves-del-espacio-y-del-tiempo-9788426147554\/"]}]},{"@type":"ImageObject","inLanguage":"ca","@id":"https:\/\/www.editorialjuventud.es\/einstein-el-fantastico-viaje-de-un-raton-a-traves-del-espacio-y-del-tiempo-9788426147554\/#primaryimage","url":"https:\/\/www.editorialjuventud.es\/wp-content\/uploads\/9788426147554.jpg","contentUrl":"https:\/\/www.editorialjuventud.es\/wp-content\/uploads\/9788426147554.jpg","width":410,"height":532,"caption":"9788426147554.jpg"},{"@type":"BreadcrumbList","@id":"https:\/\/www.editorialjuventud.es\/einstein-el-fantastico-viaje-de-un-raton-a-traves-del-espacio-y-del-tiempo-9788426147554\/#breadcrumb","itemListElement":[{"@type":"ListItem","position":1,"name":"Portada","item":"https:\/\/www.editorialjuventud.es\/"},{"@type":"ListItem","position":2,"name":"cat\u00e1logo","item":"https:\/\/www.editorialjuventud.es\/coleccion\/catalogo\/"},{"@type":"ListItem","position":3,"name":"castellano","item":"https:\/\/www.editorialjuventud.es\/coleccion\/castellano\/"},{"@type":"ListItem","position":4,"name":"\u00c1lbumes Ilustrados","item":"https:\/\/www.editorialjuventud.es\/coleccion\/albumes-ilustrados\/"},{"@type":"ListItem","position":5,"name":"\u00a1Ya Leo Solo!","item":"https:\/\/www.editorialjuventud.es\/coleccion\/ya-leo-solo\/"},{"@type":"ListItem","position":6,"name":"Ratones Aventureros","item":"https:\/\/www.editorialjuventud.es\/coleccion\/ratones-aventureros\/"},{"@type":"ListItem","position":7,"name":"Einstein &#8211; El fant\u00e1stico viaje de un rat\u00f3n a trav\u00e9s del espacio y del tiempo"}]},{"@type":"WebSite","@id":"https:\/\/www.editorialjuventud.es\/#website","url":"https:\/\/www.editorialjuventud.es\/","name":"Editorial Juventud","description":"","potentialAction":[{"@type":"SearchAction","target":{"@type":"EntryPoint","urlTemplate":"https:\/\/www.editorialjuventud.es\/?s={search_term_string}"},"query-input":{"@type":"PropertyValueSpecification","valueRequired":true,"valueName":"search_term_string"}}],"inLanguage":"ca"}]}},"_links":{"self":[{"href":"https:\/\/www.editorialjuventud.es\/ca\/wp-json\/wp\/v2\/product\/63273","targetHints":{"allow":["GET"]}}],"collection":[{"href":"https:\/\/www.editorialjuventud.es\/ca\/wp-json\/wp\/v2\/product"}],"about":[{"href":"https:\/\/www.editorialjuventud.es\/ca\/wp-json\/wp\/v2\/types\/product"}],"wp:featuredmedia":[{"embeddable":true,"href":"https:\/\/www.editorialjuventud.es\/ca\/wp-json\/wp\/v2\/media\/63274"}],"wp:attachment":[{"href":"https:\/\/www.editorialjuventud.es\/ca\/wp-json\/wp\/v2\/media?parent=63273"}],"wp:term":[{"taxonomy":"product_brand","embeddable":true,"href":"https:\/\/www.editorialjuventud.es\/ca\/wp-json\/wp\/v2\/product_brand?post=63273"},{"taxonomy":"product_cat","embeddable":true,"href":"https:\/\/www.editorialjuventud.es\/ca\/wp-json\/wp\/v2\/product_cat?post=63273"},{"taxonomy":"product_tag","embeddable":true,"href":"https:\/\/www.editorialjuventud.es\/ca\/wp-json\/wp\/v2\/product_tag?post=63273"},{"taxonomy":"coleccion","embeddable":true,"href":"https:\/\/www.editorialjuventud.es\/ca\/wp-json\/wp\/v2\/coleccion?post=63273"}],"curies":[{"name":"wp","href":"https:\/\/api.w.org\/{rel}","templated":true}]}}