{"id":6277,"date":"2018-08-24T12:11:05","date_gmt":"2018-08-24T10:11:05","guid":{"rendered":"http:\/\/www.editorialjuventud.es\/que-samaga-darrere-del-meu-camio\/"},"modified":"2019-12-02T20:33:45","modified_gmt":"2019-12-02T19:33:45","slug":"que-samaga-darrere-del-meu-camio-9788426144317","status":"publish","type":"product","link":"https:\/\/www.editorialjuventud.es\/ca\/que-samaga-darrere-del-meu-camio-9788426144317\/","title":{"rendered":"Qu\u00e8 s&#8217;amaga darrere del meu cami\u00f3?"},"content":{"rendered":"<p>De qu\u00e8 \u00e9s aquesta roda que s\u0092amaga darrere de l\u0092avi\u00f3? I aquest ganxo que es veu darrere de l\u0092excavadora? Darrere de cada vehicle o m\u00e0quina n\u0092hi ha un altre d\u0092amagat&#8230;<br \/>\nDarrere cada p\u00e0gina troquelada, el petit lector trobar\u00e0 una pista de qu\u00e8 s\u0092amaga a la p\u00e0gina seg\u00fcent. Un llibre-joc molt resistent, amb colors vius i dibuixos f\u00e0cils de recon\u00e8ixer que recreen el joc atemporal de\u0093buscar i trobar\u0094, per tal que els nens puguin aprendre tot divertint-se com s\u00f3n els diferents vehicles i m\u00e0quines.<\/p>\n","protected":false},"excerpt":{"rendered":"De qu\u00e8 \u00e9s aquesta roda que s\u0092amaga darrere de l\u0092avi\u00f3? I aquest ganxo que es veu darrere de l\u0092excavadora? Darrere de cada vehicle o m\u00e0quina n\u0092hi ha un altre d\u0092amagat&#8230; Darrere cada p\u00e0gina troquelada, el petit lector trobar\u00e0 una pista [&hellip;]","protected":false},"featured_media":17224,"template":"","meta":{"_acf_changed":false,"_exactmetrics_skip_tracking":false,"_exactmetrics_sitenote_active":false,"_exactmetrics_sitenote_note":"","_exactmetrics_sitenote_category":0},"product_brand":[],"product_cat":[895,907,892,1115,1122,1213,1128,1227],"product_tag":[],"coleccion":[915,920,975],"class_list":{"0":"post-6277","1":"product","2":"type-product","3":"status-publish","4":"has-post-thumbnail","6":"product_cat-a-partir-de-10-meses","7":"product_cat-de-0-a-2-anos","8":"product_cat-edades","9":"product_cat-generos","10":"product_cat-libros-de-carton","11":"product_cat-primeros-conceptos","12":"product_cat-tematica","13":"product_cat-transportes","14":"coleccion-catala","15":"coleccion-els-meus-primers-llibres","16":"coleccion-que-samaga","18":"first","19":"instock","20":"taxable","21":"shipping-taxable","22":"purchasable","23":"product-type-simple"},"acf":{"autor":"MATHY, VINCENT","codart":"4431","ediciones":"1","encuadernacion":"Cart\u00f3n","fecha_de_publicacion":"01\/09\/2017","novedad":"0","paginas":"12","subtitulo":"","texto_web_adicional":"","texto_web_novedad":"","orden":"999","portada":"0","texto_web_resaltado":"","indice":"","autores-libros":[16495],"ilustradores-libros":[16495],"traductores-libros":[17378],"descripcion_corta":"","recomendamos":"","mas_vendido":"","idioma-libro":"","color":false,"formato":"","mas_informacion_del_producto":false,"premios":false,"texto_enlace_cubierta":"","enlace_cubierta":{"ID":24444,"id":24444,"title":"cover-4431","filename":"cover-4431.jpg","filesize":28145,"url":"https:\/\/www.editorialjuventud.es\/wp-content\/uploads\/cover-4431.jpg","link":"https:\/\/www.editorialjuventud.es\/ca\/?attachment_id=24444","alt":"","author":"47","description":"","caption":"","name":"cover-4431","status":"inherit","uploaded_to":6277,"date":"2019-04-17 10:00:29","modified":"2019-04-17 10:00:29","menu_order":0,"mime_type":"image\/jpeg","type":"image","subtype":"jpeg","icon":"https:\/\/www.editorialjuventud.es\/wp-includes\/images\/media\/default.png","width":437,"height":460,"sizes":{"thumbnail":"https:\/\/www.editorialjuventud.es\/wp-content\/uploads\/cover-4431-200x200.jpg","thumbnail-width":200,"thumbnail-height":200,"medium":"https:\/\/www.editorialjuventud.es\/wp-content\/uploads\/cover-4431.jpg","medium-width":437,"medium-height":460,"medium_large":"https:\/\/www.editorialjuventud.es\/wp-content\/uploads\/cover-4431.jpg","medium_large-width":437,"medium_large-height":460,"large":"https:\/\/www.editorialjuventud.es\/wp-content\/uploads\/cover-4431.jpg","large-width":437,"large-height":460,"1536x1536":"https:\/\/www.editorialjuventud.es\/wp-content\/uploads\/cover-4431.jpg","1536x1536-width":437,"1536x1536-height":460,"2048x2048":"https:\/\/www.editorialjuventud.es\/wp-content\/uploads\/cover-4431.jpg","2048x2048-width":437,"2048x2048-height":460,"woocommerce_thumbnail":"https:\/\/www.editorialjuventud.es\/wp-content\/uploads\/cover-4431-350x368.jpg","woocommerce_thumbnail-width":350,"woocommerce_thumbnail-height":368,"woocommerce_single":"https:\/\/www.editorialjuventud.es\/wp-content\/uploads\/cover-4431.jpg","woocommerce_single-width":437,"woocommerce_single-height":460,"woocommerce_gallery_thumbnail":"https:\/\/www.editorialjuventud.es\/wp-content\/uploads\/cover-4431-100x100.jpg","woocommerce_gallery_thumbnail-width":100,"woocommerce_gallery_thumbnail-height":100,"ppec_logo_image_size":"https:\/\/www.editorialjuventud.es\/wp-content\/uploads\/cover-4431.jpg","ppec_logo_image_size-width":57,"ppec_logo_image_size-height":60,"ppec_header_image_size":"https:\/\/www.editorialjuventud.es\/wp-content\/uploads\/cover-4431.jpg","ppec_header_image_size-width":86,"ppec_header_image_size-height":90}},"texto_enlace_ficha_tecnica":"","enlace_ficha_tecnica":{"ID":24446,"id":24446,"title":"Fitxa Qu\u00e8 s'amaga darrere... cami\u00f3 & cotxe","filename":"Fitxa-Qu\u00e8-samaga-darrere...-cami\u00f3-cotxe.pdf","filesize":318017,"url":"https:\/\/www.editorialjuventud.es\/wp-content\/uploads\/Fitxa-Qu\u00e8-samaga-darrere...-cami\u00f3-cotxe.pdf","link":"https:\/\/www.editorialjuventud.es\/ca\/?attachment_id=24446","alt":"","author":"47","description":"","caption":"","name":"fitxa-que-samaga-darrere-camio-cotxe","status":"inherit","uploaded_to":6277,"date":"2019-04-17 10:01:49","modified":"2019-04-17 10:01:49","menu_order":0,"mime_type":"application\/pdf","type":"application","subtype":"pdf","icon":"https:\/\/www.editorialjuventud.es\/wp-includes\/images\/media\/document.png"},"ficheros":false,"titulo-fr":"","texto-fr":""},"yoast_head":"<!-- This site is optimized with the Yoast SEO plugin v27.3 - https:\/\/yoast.com\/product\/yoast-seo-wordpress\/ -->\n<title>Qu\u00e8 s&#039;amaga darrere del meu cami\u00f3? - Editorial Juventud<\/title>\n<meta name=\"description\" content=\"De qu\u00e8 \u00e9s aquesta roda que s\u0092amaga darrere de l\u0092avi\u00f3? I aquest ganxo que es veu darrere de l\u0092excavadora? Darrere de cada vehicle o m\u00e0quina n\u0092hi ha un\" \/>\n<meta name=\"robots\" content=\"index, follow, max-snippet:-1, max-image-preview:large, max-video-preview:-1\" \/>\n<link rel=\"canonical\" href=\"https:\/\/www.editorialjuventud.es\/ca\/que-samaga-darrere-del-meu-camio-9788426144317\/\" \/>\n<meta property=\"og:locale\" content=\"ca_ES\" \/>\n<meta property=\"og:type\" content=\"article\" \/>\n<meta property=\"og:title\" content=\"Qu\u00e8 s&#039;amaga darrere del meu cami\u00f3? - Editorial Juventud\" \/>\n<meta property=\"og:description\" content=\"De qu\u00e8 \u00e9s aquesta roda que s\u0092amaga darrere de l\u0092avi\u00f3? I aquest ganxo que es veu darrere de l\u0092excavadora? Darrere de cada vehicle o m\u00e0quina n\u0092hi ha un\" \/>\n<meta property=\"og:url\" content=\"https:\/\/www.editorialjuventud.es\/ca\/que-samaga-darrere-del-meu-camio-9788426144317\/\" \/>\n<meta property=\"og:site_name\" content=\"Editorial Juventud\" \/>\n<meta property=\"article:modified_time\" content=\"2019-12-02T19:33:45+00:00\" \/>\n<meta property=\"og:image\" content=\"https:\/\/www.editorialjuventud.es\/wp-content\/uploads\/4431.jpg\" \/>\n\t<meta property=\"og:image:width\" content=\"437\" \/>\n\t<meta property=\"og:image:height\" content=\"460\" \/>\n\t<meta property=\"og:image:type\" content=\"image\/jpeg\" \/>\n<meta name=\"twitter:card\" content=\"summary_large_image\" \/>\n<script type=\"application\/ld+json\" class=\"yoast-schema-graph\">{\"@context\":\"https:\\\/\\\/schema.org\",\"@graph\":[{\"@type\":\"WebPage\",\"@id\":\"https:\\\/\\\/www.editorialjuventud.es\\\/ca\\\/que-samaga-darrere-del-meu-camio-9788426144317\\\/\",\"url\":\"https:\\\/\\\/www.editorialjuventud.es\\\/ca\\\/que-samaga-darrere-del-meu-camio-9788426144317\\\/\",\"name\":\"Qu\u00e8 s'amaga darrere del meu cami\u00f3? - Editorial Juventud\",\"isPartOf\":{\"@id\":\"https:\\\/\\\/www.editorialjuventud.es\\\/#website\"},\"primaryImageOfPage\":{\"@id\":\"https:\\\/\\\/www.editorialjuventud.es\\\/ca\\\/que-samaga-darrere-del-meu-camio-9788426144317\\\/#primaryimage\"},\"image\":{\"@id\":\"https:\\\/\\\/www.editorialjuventud.es\\\/ca\\\/que-samaga-darrere-del-meu-camio-9788426144317\\\/#primaryimage\"},\"thumbnailUrl\":\"https:\\\/\\\/www.editorialjuventud.es\\\/wp-content\\\/uploads\\\/4431.jpg\",\"datePublished\":\"2018-08-24T10:11:05+00:00\",\"dateModified\":\"2019-12-02T19:33:45+00:00\",\"description\":\"De qu\u00e8 \u00e9s aquesta roda que s\u0092amaga darrere de l\u0092avi\u00f3? I aquest ganxo que es veu darrere de l\u0092excavadora? Darrere de cada vehicle o m\u00e0quina n\u0092hi ha un\",\"breadcrumb\":{\"@id\":\"https:\\\/\\\/www.editorialjuventud.es\\\/ca\\\/que-samaga-darrere-del-meu-camio-9788426144317\\\/#breadcrumb\"},\"inLanguage\":\"ca\",\"potentialAction\":[{\"@type\":\"ReadAction\",\"target\":[\"https:\\\/\\\/www.editorialjuventud.es\\\/ca\\\/que-samaga-darrere-del-meu-camio-9788426144317\\\/\"]}]},{\"@type\":\"ImageObject\",\"inLanguage\":\"ca\",\"@id\":\"https:\\\/\\\/www.editorialjuventud.es\\\/ca\\\/que-samaga-darrere-del-meu-camio-9788426144317\\\/#primaryimage\",\"url\":\"https:\\\/\\\/www.editorialjuventud.es\\\/wp-content\\\/uploads\\\/4431.jpg\",\"contentUrl\":\"https:\\\/\\\/www.editorialjuventud.es\\\/wp-content\\\/uploads\\\/4431.jpg\",\"width\":437,\"height\":460,\"caption\":\"4431.jpg\"},{\"@type\":\"BreadcrumbList\",\"@id\":\"https:\\\/\\\/www.editorialjuventud.es\\\/ca\\\/que-samaga-darrere-del-meu-camio-9788426144317\\\/#breadcrumb\",\"itemListElement\":[{\"@type\":\"ListItem\",\"position\":1,\"name\":\"Portada\",\"item\":\"https:\\\/\\\/www.editorialjuventud.es\\\/\"},{\"@type\":\"ListItem\",\"position\":2,\"name\":\"cat\u00e1logo\",\"item\":\"https:\\\/\\\/www.editorialjuventud.es\\\/coleccion\\\/catalogo\\\/\"},{\"@type\":\"ListItem\",\"position\":3,\"name\":\"catal\u00e0\",\"item\":\"https:\\\/\\\/www.editorialjuventud.es\\\/coleccion\\\/catala\\\/\"},{\"@type\":\"ListItem\",\"position\":4,\"name\":\"Els Meus Primers Llibres\",\"item\":\"https:\\\/\\\/www.editorialjuventud.es\\\/ca\\\/coleccion\\\/els-meus-primers-llibres\\\/\"},{\"@type\":\"ListItem\",\"position\":5,\"name\":\"Qu\u00e8 s'Amaga...?\",\"item\":\"https:\\\/\\\/www.editorialjuventud.es\\\/ca\\\/coleccion\\\/que-samaga\\\/\"},{\"@type\":\"ListItem\",\"position\":6,\"name\":\"Qu\u00e8 s&#8217;amaga darrere del meu cami\u00f3?\"}]},{\"@type\":\"WebSite\",\"@id\":\"https:\\\/\\\/www.editorialjuventud.es\\\/#website\",\"url\":\"https:\\\/\\\/www.editorialjuventud.es\\\/\",\"name\":\"Editorial Juventud\",\"description\":\"\",\"potentialAction\":[{\"@type\":\"SearchAction\",\"target\":{\"@type\":\"EntryPoint\",\"urlTemplate\":\"https:\\\/\\\/www.editorialjuventud.es\\\/?s={search_term_string}\"},\"query-input\":{\"@type\":\"PropertyValueSpecification\",\"valueRequired\":true,\"valueName\":\"search_term_string\"}}],\"inLanguage\":\"ca\"}]}<\/script>\n<!-- \/ Yoast SEO plugin. -->","yoast_head_json":{"title":"Qu\u00e8 s'amaga darrere del meu cami\u00f3? - Editorial Juventud","description":"De qu\u00e8 \u00e9s aquesta roda que s\u0092amaga darrere de l\u0092avi\u00f3? I aquest ganxo que es veu darrere de l\u0092excavadora? Darrere de cada vehicle o m\u00e0quina n\u0092hi ha un","robots":{"index":"index","follow":"follow","max-snippet":"max-snippet:-1","max-image-preview":"max-image-preview:large","max-video-preview":"max-video-preview:-1"},"canonical":"https:\/\/www.editorialjuventud.es\/ca\/que-samaga-darrere-del-meu-camio-9788426144317\/","og_locale":"ca_ES","og_type":"article","og_title":"Qu\u00e8 s'amaga darrere del meu cami\u00f3? - Editorial Juventud","og_description":"De qu\u00e8 \u00e9s aquesta roda que s\u0092amaga darrere de l\u0092avi\u00f3? I aquest ganxo que es veu darrere de l\u0092excavadora? Darrere de cada vehicle o m\u00e0quina n\u0092hi ha un","og_url":"https:\/\/www.editorialjuventud.es\/ca\/que-samaga-darrere-del-meu-camio-9788426144317\/","og_site_name":"Editorial Juventud","article_modified_time":"2019-12-02T19:33:45+00:00","og_image":[{"width":437,"height":460,"url":"https:\/\/www.editorialjuventud.es\/wp-content\/uploads\/4431.jpg","type":"image\/jpeg"}],"twitter_card":"summary_large_image","schema":{"@context":"https:\/\/schema.org","@graph":[{"@type":"WebPage","@id":"https:\/\/www.editorialjuventud.es\/ca\/que-samaga-darrere-del-meu-camio-9788426144317\/","url":"https:\/\/www.editorialjuventud.es\/ca\/que-samaga-darrere-del-meu-camio-9788426144317\/","name":"Qu\u00e8 s'amaga darrere del meu cami\u00f3? - Editorial Juventud","isPartOf":{"@id":"https:\/\/www.editorialjuventud.es\/#website"},"primaryImageOfPage":{"@id":"https:\/\/www.editorialjuventud.es\/ca\/que-samaga-darrere-del-meu-camio-9788426144317\/#primaryimage"},"image":{"@id":"https:\/\/www.editorialjuventud.es\/ca\/que-samaga-darrere-del-meu-camio-9788426144317\/#primaryimage"},"thumbnailUrl":"https:\/\/www.editorialjuventud.es\/wp-content\/uploads\/4431.jpg","datePublished":"2018-08-24T10:11:05+00:00","dateModified":"2019-12-02T19:33:45+00:00","description":"De qu\u00e8 \u00e9s aquesta roda que s\u0092amaga darrere de l\u0092avi\u00f3? I aquest ganxo que es veu darrere de l\u0092excavadora? Darrere de cada vehicle o m\u00e0quina n\u0092hi ha un","breadcrumb":{"@id":"https:\/\/www.editorialjuventud.es\/ca\/que-samaga-darrere-del-meu-camio-9788426144317\/#breadcrumb"},"inLanguage":"ca","potentialAction":[{"@type":"ReadAction","target":["https:\/\/www.editorialjuventud.es\/ca\/que-samaga-darrere-del-meu-camio-9788426144317\/"]}]},{"@type":"ImageObject","inLanguage":"ca","@id":"https:\/\/www.editorialjuventud.es\/ca\/que-samaga-darrere-del-meu-camio-9788426144317\/#primaryimage","url":"https:\/\/www.editorialjuventud.es\/wp-content\/uploads\/4431.jpg","contentUrl":"https:\/\/www.editorialjuventud.es\/wp-content\/uploads\/4431.jpg","width":437,"height":460,"caption":"4431.jpg"},{"@type":"BreadcrumbList","@id":"https:\/\/www.editorialjuventud.es\/ca\/que-samaga-darrere-del-meu-camio-9788426144317\/#breadcrumb","itemListElement":[{"@type":"ListItem","position":1,"name":"Portada","item":"https:\/\/www.editorialjuventud.es\/"},{"@type":"ListItem","position":2,"name":"cat\u00e1logo","item":"https:\/\/www.editorialjuventud.es\/coleccion\/catalogo\/"},{"@type":"ListItem","position":3,"name":"catal\u00e0","item":"https:\/\/www.editorialjuventud.es\/coleccion\/catala\/"},{"@type":"ListItem","position":4,"name":"Els Meus Primers Llibres","item":"https:\/\/www.editorialjuventud.es\/ca\/coleccion\/els-meus-primers-llibres\/"},{"@type":"ListItem","position":5,"name":"Qu\u00e8 s'Amaga...?","item":"https:\/\/www.editorialjuventud.es\/ca\/coleccion\/que-samaga\/"},{"@type":"ListItem","position":6,"name":"Qu\u00e8 s&#8217;amaga darrere del meu cami\u00f3?"}]},{"@type":"WebSite","@id":"https:\/\/www.editorialjuventud.es\/#website","url":"https:\/\/www.editorialjuventud.es\/","name":"Editorial Juventud","description":"","potentialAction":[{"@type":"SearchAction","target":{"@type":"EntryPoint","urlTemplate":"https:\/\/www.editorialjuventud.es\/?s={search_term_string}"},"query-input":{"@type":"PropertyValueSpecification","valueRequired":true,"valueName":"search_term_string"}}],"inLanguage":"ca"}]}},"_links":{"self":[{"href":"https:\/\/www.editorialjuventud.es\/ca\/wp-json\/wp\/v2\/product\/6277","targetHints":{"allow":["GET"]}}],"collection":[{"href":"https:\/\/www.editorialjuventud.es\/ca\/wp-json\/wp\/v2\/product"}],"about":[{"href":"https:\/\/www.editorialjuventud.es\/ca\/wp-json\/wp\/v2\/types\/product"}],"wp:featuredmedia":[{"embeddable":true,"href":"https:\/\/www.editorialjuventud.es\/ca\/wp-json\/wp\/v2\/media\/17224"}],"wp:attachment":[{"href":"https:\/\/www.editorialjuventud.es\/ca\/wp-json\/wp\/v2\/media?parent=6277"}],"wp:term":[{"taxonomy":"product_brand","embeddable":true,"href":"https:\/\/www.editorialjuventud.es\/ca\/wp-json\/wp\/v2\/product_brand?post=6277"},{"taxonomy":"product_cat","embeddable":true,"href":"https:\/\/www.editorialjuventud.es\/ca\/wp-json\/wp\/v2\/product_cat?post=6277"},{"taxonomy":"product_tag","embeddable":true,"href":"https:\/\/www.editorialjuventud.es\/ca\/wp-json\/wp\/v2\/product_tag?post=6277"},{"taxonomy":"coleccion","embeddable":true,"href":"https:\/\/www.editorialjuventud.es\/ca\/wp-json\/wp\/v2\/coleccion?post=6277"}],"curies":[{"name":"wp","href":"https:\/\/api.w.org\/{rel}","templated":true}]}}