{"id":6235,"date":"2018-08-24T12:07:51","date_gmt":"2018-08-24T10:07:51","guid":{"rendered":"http:\/\/www.editorialjuventud.es\/el-llum-ences\/"},"modified":"2025-01-22T13:05:35","modified_gmt":"2025-01-22T12:05:35","slug":"el-llum-ences-9788426143921","status":"publish","type":"product","link":"https:\/\/www.editorialjuventud.es\/ca\/el-llum-ences-9788426143921\/","title":{"rendered":"El llum enc\u00e8s"},"content":{"rendered":"<p>En una ciutat sense problemes, les cases s\u00f3n totes iguals, i tot est\u00e0 ben estructurat. Per\u00f2 una nit, un ve\u00ed deixa el llum enc\u00e8s&#8230; I al mat\u00ed seg\u00fcent, no obre els porticons com els altres. \u201cQuin horror!\u201d, exclamen els ve\u00efns que comencen a mirar la casa amb recel i inquietud&#8230; La difer\u00e8ncia es torna suspic\u00e0cia per\u00f2 el ve\u00ed seguir\u00e0 endavant i poc a poc \u201ccontagiar\u00e0\u201d la seva fantasia als altres&#8230;<br \/>Un \u00e0lbum que aborda de manera subtil la difer\u00e8ncia i l\u2019inconformisme mitjan\u00e7ant un grafisme original i que deixa volar la imaginaci\u00f3&#8230;<\/p>\n","protected":false},"excerpt":{"rendered":"En una ciutat sense problemes, les cases s\u00f3n totes iguals, i tot est\u00e0 ben estructurat. Per\u00f2 una nit, un ve\u00ed deixa el llum enc\u00e8s&#8230; I al mat\u00ed seg\u00fcent, no obre els porticons com els altres. \u201cQuin horror!\u201d, exclamen els ve\u00efns [&hellip;]","protected":false},"featured_media":17154,"template":"","meta":{"_acf_changed":false,"_exactmetrics_skip_tracking":false,"_exactmetrics_sitenote_active":false,"_exactmetrics_sitenote_note":"","_exactmetrics_sitenote_category":0},"product_brand":[],"product_cat":[902,1121,1158,1128],"product_tag":[],"coleccion":[948],"class_list":{"0":"post-6235","1":"product","2":"type-product","3":"status-publish","4":"has-post-thumbnail","6":"product_cat-a-partir-de-7-anos","7":"product_cat-albumes-ilustrados","8":"product_cat-critica-social","9":"product_cat-tematica","10":"coleccion-convivencia-i-multiculturalitat","12":"first","13":"instock","14":"taxable","15":"shipping-taxable","16":"purchasable","17":"product-type-simple"},"acf":{"autor":"Marnier - Maurel","codart":"4392","ediciones":"1","encuadernacion":"Carton\u00e9","fecha_de_publicacion":"01\/11\/2016","novedad":"0","paginas":"36","subtitulo":"","texto_web_adicional":"","texto_web_novedad":"","orden":"999","portada":"0","texto_web_resaltado":"","indice":"","autores-libros":[16487],"ilustradores-libros":[17930],"traductores-libros":[17773],"descripcion_corta":"","recomendamos":"","mas_vendido":"","idioma-libro":"","color":false,"formato":"","mas_informacion_del_producto":false,"premios":false,"texto_enlace_cubierta":"","enlace_cubierta":{"ID":25363,"id":25363,"title":"cover La luz encendida.indd","filename":"cover-El-llum-ences-1.jpg","filesize":430516,"url":"https:\/\/www.editorialjuventud.es\/wp-content\/uploads\/cover-El-llum-ences-1.jpg","link":"https:\/\/www.editorialjuventud.es\/ca\/?attachment_id=25363","alt":"","author":"47","description":"","caption":"","name":"cover-la-luz-encendida-indd-3","status":"inherit","uploaded_to":6235,"date":"2019-05-14 06:49:38","modified":"2019-05-14 06:49:38","menu_order":0,"mime_type":"image\/jpeg","type":"image","subtype":"jpeg","icon":"https:\/\/www.editorialjuventud.es\/wp-includes\/images\/media\/default.png","width":2656,"height":2702,"sizes":{"thumbnail":"https:\/\/www.editorialjuventud.es\/wp-content\/uploads\/cover-El-llum-ences-1-200x200.jpg","thumbnail-width":200,"thumbnail-height":200,"medium":"https:\/\/www.editorialjuventud.es\/wp-content\/uploads\/cover-El-llum-ences-1.jpg","medium-width":2656,"medium-height":2702,"medium_large":"https:\/\/www.editorialjuventud.es\/wp-content\/uploads\/cover-El-llum-ences-1-768x781.jpg","medium_large-width":768,"medium_large-height":781,"large":"https:\/\/www.editorialjuventud.es\/wp-content\/uploads\/cover-El-llum-ences-1.jpg","large-width":2656,"large-height":2702,"1536x1536":"https:\/\/www.editorialjuventud.es\/wp-content\/uploads\/cover-El-llum-ences-1.jpg","1536x1536-width":1510,"1536x1536-height":1536,"2048x2048":"https:\/\/www.editorialjuventud.es\/wp-content\/uploads\/cover-El-llum-ences-1.jpg","2048x2048-width":2013,"2048x2048-height":2048,"woocommerce_thumbnail":"https:\/\/www.editorialjuventud.es\/wp-content\/uploads\/cover-El-llum-ences-1-350x356.jpg","woocommerce_thumbnail-width":350,"woocommerce_thumbnail-height":356,"woocommerce_single":"https:\/\/www.editorialjuventud.es\/wp-content\/uploads\/cover-El-llum-ences-1-900x916.jpg","woocommerce_single-width":900,"woocommerce_single-height":916,"woocommerce_gallery_thumbnail":"https:\/\/www.editorialjuventud.es\/wp-content\/uploads\/cover-El-llum-ences-1-100x100.jpg","woocommerce_gallery_thumbnail-width":100,"woocommerce_gallery_thumbnail-height":100,"ppec_logo_image_size":"https:\/\/www.editorialjuventud.es\/wp-content\/uploads\/cover-El-llum-ences-1.jpg","ppec_logo_image_size-width":59,"ppec_logo_image_size-height":60,"ppec_header_image_size":"https:\/\/www.editorialjuventud.es\/wp-content\/uploads\/cover-El-llum-ences-1.jpg","ppec_header_image_size-width":88,"ppec_header_image_size-height":90}},"texto_enlace_ficha_tecnica":"","enlace_ficha_tecnica":{"ID":25365,"id":25365,"title":"El llum enc\u00e9s","filename":"El-llum-enc\u00e9s.pdf","filesize":523627,"url":"https:\/\/www.editorialjuventud.es\/wp-content\/uploads\/El-llum-enc\u00e9s.pdf","link":"https:\/\/www.editorialjuventud.es\/ca\/?attachment_id=25365","alt":"","author":"47","description":"","caption":"","name":"el-llum-ences","status":"inherit","uploaded_to":6235,"date":"2019-05-14 06:50:02","modified":"2019-05-14 06:50:02","menu_order":0,"mime_type":"application\/pdf","type":"application","subtype":"pdf","icon":"https:\/\/www.editorialjuventud.es\/wp-includes\/images\/media\/document.png"},"ficheros":false,"titulo-fr":"","texto-fr":""},"yoast_head":"<!-- This site is optimized with the Yoast SEO plugin v27.3 - https:\/\/yoast.com\/product\/yoast-seo-wordpress\/ -->\n<title>El llum enc\u00e8s - Editorial Juventud<\/title>\n<meta name=\"description\" content=\"En una ciutat sense problemes, les cases s\u00f3n totes iguals, i tot est\u00e0 ben estructurat. Per\u00f2 una nit, un ve\u00ed deixa el llum enc\u00e8s... I al mat\u00ed seg\u00fcent, no\" \/>\n<meta name=\"robots\" content=\"index, follow, max-snippet:-1, max-image-preview:large, max-video-preview:-1\" \/>\n<link rel=\"canonical\" href=\"https:\/\/www.editorialjuventud.es\/el-llum-ences-9788426143921\/\" \/>\n<meta property=\"og:locale\" content=\"ca_ES\" \/>\n<meta property=\"og:type\" content=\"article\" \/>\n<meta property=\"og:title\" content=\"El llum enc\u00e8s - Editorial Juventud\" \/>\n<meta property=\"og:description\" content=\"En una ciutat sense problemes, les cases s\u00f3n totes iguals, i tot est\u00e0 ben estructurat. Per\u00f2 una nit, un ve\u00ed deixa el llum enc\u00e8s... I al mat\u00ed seg\u00fcent, no\" \/>\n<meta property=\"og:url\" content=\"https:\/\/www.editorialjuventud.es\/el-llum-ences-9788426143921\/\" \/>\n<meta property=\"og:site_name\" content=\"Editorial Juventud\" \/>\n<meta property=\"article:modified_time\" content=\"2025-01-22T12:05:35+00:00\" \/>\n<meta property=\"og:image\" content=\"https:\/\/www.editorialjuventud.es\/wp-content\/uploads\/4392.gif\" \/>\n\t<meta property=\"og:image:width\" content=\"442\" \/>\n\t<meta property=\"og:image:height\" content=\"450\" \/>\n\t<meta property=\"og:image:type\" content=\"image\/gif\" \/>\n<meta name=\"twitter:card\" content=\"summary_large_image\" \/>\n<meta name=\"twitter:label1\" content=\"Temps estimat de lectura\" \/>\n\t<meta name=\"twitter:data1\" content=\"1 minut\" \/>\n<script type=\"application\/ld+json\" class=\"yoast-schema-graph\">{\"@context\":\"https:\\\/\\\/schema.org\",\"@graph\":[{\"@type\":\"WebPage\",\"@id\":\"https:\\\/\\\/www.editorialjuventud.es\\\/el-llum-ences-9788426143921\\\/\",\"url\":\"https:\\\/\\\/www.editorialjuventud.es\\\/el-llum-ences-9788426143921\\\/\",\"name\":\"El llum enc\u00e8s - Editorial Juventud\",\"isPartOf\":{\"@id\":\"https:\\\/\\\/www.editorialjuventud.es\\\/#website\"},\"primaryImageOfPage\":{\"@id\":\"https:\\\/\\\/www.editorialjuventud.es\\\/el-llum-ences-9788426143921\\\/#primaryimage\"},\"image\":{\"@id\":\"https:\\\/\\\/www.editorialjuventud.es\\\/el-llum-ences-9788426143921\\\/#primaryimage\"},\"thumbnailUrl\":\"https:\\\/\\\/www.editorialjuventud.es\\\/wp-content\\\/uploads\\\/4392.gif\",\"datePublished\":\"2018-08-24T10:07:51+00:00\",\"dateModified\":\"2025-01-22T12:05:35+00:00\",\"description\":\"En una ciutat sense problemes, les cases s\u00f3n totes iguals, i tot est\u00e0 ben estructurat. Per\u00f2 una nit, un ve\u00ed deixa el llum enc\u00e8s... I al mat\u00ed seg\u00fcent, no\",\"breadcrumb\":{\"@id\":\"https:\\\/\\\/www.editorialjuventud.es\\\/el-llum-ences-9788426143921\\\/#breadcrumb\"},\"inLanguage\":\"ca\",\"potentialAction\":[{\"@type\":\"ReadAction\",\"target\":[\"https:\\\/\\\/www.editorialjuventud.es\\\/el-llum-ences-9788426143921\\\/\"]}]},{\"@type\":\"ImageObject\",\"inLanguage\":\"ca\",\"@id\":\"https:\\\/\\\/www.editorialjuventud.es\\\/el-llum-ences-9788426143921\\\/#primaryimage\",\"url\":\"https:\\\/\\\/www.editorialjuventud.es\\\/wp-content\\\/uploads\\\/4392.gif\",\"contentUrl\":\"https:\\\/\\\/www.editorialjuventud.es\\\/wp-content\\\/uploads\\\/4392.gif\",\"width\":442,\"height\":450,\"caption\":\"4392.gif\"},{\"@type\":\"BreadcrumbList\",\"@id\":\"https:\\\/\\\/www.editorialjuventud.es\\\/el-llum-ences-9788426143921\\\/#breadcrumb\",\"itemListElement\":[{\"@type\":\"ListItem\",\"position\":1,\"name\":\"Portada\",\"item\":\"https:\\\/\\\/www.editorialjuventud.es\\\/\"},{\"@type\":\"ListItem\",\"position\":2,\"name\":\"cat\u00e1logo\",\"item\":\"https:\\\/\\\/www.editorialjuventud.es\\\/coleccion\\\/catalogo\\\/\"},{\"@type\":\"ListItem\",\"position\":3,\"name\":\"catal\u00e0\",\"item\":\"https:\\\/\\\/www.editorialjuventud.es\\\/coleccion\\\/catala\\\/\"},{\"@type\":\"ListItem\",\"position\":4,\"name\":\"\u00c0lbums Il\u00b7lustrats\",\"item\":\"https:\\\/\\\/www.editorialjuventud.es\\\/coleccion\\\/albums-il%c2%b7lustrats\\\/\"},{\"@type\":\"ListItem\",\"position\":5,\"name\":\"Conviv\u00e8ncia i Multiculturalitat\",\"item\":\"https:\\\/\\\/www.editorialjuventud.es\\\/coleccion\\\/convivencia-i-multiculturalitat\\\/\"},{\"@type\":\"ListItem\",\"position\":6,\"name\":\"El llum enc\u00e8s\"}]},{\"@type\":\"WebSite\",\"@id\":\"https:\\\/\\\/www.editorialjuventud.es\\\/#website\",\"url\":\"https:\\\/\\\/www.editorialjuventud.es\\\/\",\"name\":\"Editorial Juventud\",\"description\":\"\",\"potentialAction\":[{\"@type\":\"SearchAction\",\"target\":{\"@type\":\"EntryPoint\",\"urlTemplate\":\"https:\\\/\\\/www.editorialjuventud.es\\\/?s={search_term_string}\"},\"query-input\":{\"@type\":\"PropertyValueSpecification\",\"valueRequired\":true,\"valueName\":\"search_term_string\"}}],\"inLanguage\":\"ca\"}]}<\/script>\n<!-- \/ Yoast SEO plugin. -->","yoast_head_json":{"title":"El llum enc\u00e8s - Editorial Juventud","description":"En una ciutat sense problemes, les cases s\u00f3n totes iguals, i tot est\u00e0 ben estructurat. Per\u00f2 una nit, un ve\u00ed deixa el llum enc\u00e8s... I al mat\u00ed seg\u00fcent, no","robots":{"index":"index","follow":"follow","max-snippet":"max-snippet:-1","max-image-preview":"max-image-preview:large","max-video-preview":"max-video-preview:-1"},"canonical":"https:\/\/www.editorialjuventud.es\/el-llum-ences-9788426143921\/","og_locale":"ca_ES","og_type":"article","og_title":"El llum enc\u00e8s - Editorial Juventud","og_description":"En una ciutat sense problemes, les cases s\u00f3n totes iguals, i tot est\u00e0 ben estructurat. Per\u00f2 una nit, un ve\u00ed deixa el llum enc\u00e8s... I al mat\u00ed seg\u00fcent, no","og_url":"https:\/\/www.editorialjuventud.es\/el-llum-ences-9788426143921\/","og_site_name":"Editorial Juventud","article_modified_time":"2025-01-22T12:05:35+00:00","og_image":[{"width":442,"height":450,"url":"https:\/\/www.editorialjuventud.es\/wp-content\/uploads\/4392.gif","type":"image\/gif"}],"twitter_card":"summary_large_image","twitter_misc":{"Temps estimat de lectura":"1 minut"},"schema":{"@context":"https:\/\/schema.org","@graph":[{"@type":"WebPage","@id":"https:\/\/www.editorialjuventud.es\/el-llum-ences-9788426143921\/","url":"https:\/\/www.editorialjuventud.es\/el-llum-ences-9788426143921\/","name":"El llum enc\u00e8s - Editorial Juventud","isPartOf":{"@id":"https:\/\/www.editorialjuventud.es\/#website"},"primaryImageOfPage":{"@id":"https:\/\/www.editorialjuventud.es\/el-llum-ences-9788426143921\/#primaryimage"},"image":{"@id":"https:\/\/www.editorialjuventud.es\/el-llum-ences-9788426143921\/#primaryimage"},"thumbnailUrl":"https:\/\/www.editorialjuventud.es\/wp-content\/uploads\/4392.gif","datePublished":"2018-08-24T10:07:51+00:00","dateModified":"2025-01-22T12:05:35+00:00","description":"En una ciutat sense problemes, les cases s\u00f3n totes iguals, i tot est\u00e0 ben estructurat. Per\u00f2 una nit, un ve\u00ed deixa el llum enc\u00e8s... I al mat\u00ed seg\u00fcent, no","breadcrumb":{"@id":"https:\/\/www.editorialjuventud.es\/el-llum-ences-9788426143921\/#breadcrumb"},"inLanguage":"ca","potentialAction":[{"@type":"ReadAction","target":["https:\/\/www.editorialjuventud.es\/el-llum-ences-9788426143921\/"]}]},{"@type":"ImageObject","inLanguage":"ca","@id":"https:\/\/www.editorialjuventud.es\/el-llum-ences-9788426143921\/#primaryimage","url":"https:\/\/www.editorialjuventud.es\/wp-content\/uploads\/4392.gif","contentUrl":"https:\/\/www.editorialjuventud.es\/wp-content\/uploads\/4392.gif","width":442,"height":450,"caption":"4392.gif"},{"@type":"BreadcrumbList","@id":"https:\/\/www.editorialjuventud.es\/el-llum-ences-9788426143921\/#breadcrumb","itemListElement":[{"@type":"ListItem","position":1,"name":"Portada","item":"https:\/\/www.editorialjuventud.es\/"},{"@type":"ListItem","position":2,"name":"cat\u00e1logo","item":"https:\/\/www.editorialjuventud.es\/coleccion\/catalogo\/"},{"@type":"ListItem","position":3,"name":"catal\u00e0","item":"https:\/\/www.editorialjuventud.es\/coleccion\/catala\/"},{"@type":"ListItem","position":4,"name":"\u00c0lbums Il\u00b7lustrats","item":"https:\/\/www.editorialjuventud.es\/coleccion\/albums-il%c2%b7lustrats\/"},{"@type":"ListItem","position":5,"name":"Conviv\u00e8ncia i Multiculturalitat","item":"https:\/\/www.editorialjuventud.es\/coleccion\/convivencia-i-multiculturalitat\/"},{"@type":"ListItem","position":6,"name":"El llum enc\u00e8s"}]},{"@type":"WebSite","@id":"https:\/\/www.editorialjuventud.es\/#website","url":"https:\/\/www.editorialjuventud.es\/","name":"Editorial Juventud","description":"","potentialAction":[{"@type":"SearchAction","target":{"@type":"EntryPoint","urlTemplate":"https:\/\/www.editorialjuventud.es\/?s={search_term_string}"},"query-input":{"@type":"PropertyValueSpecification","valueRequired":true,"valueName":"search_term_string"}}],"inLanguage":"ca"}]}},"_links":{"self":[{"href":"https:\/\/www.editorialjuventud.es\/ca\/wp-json\/wp\/v2\/product\/6235","targetHints":{"allow":["GET"]}}],"collection":[{"href":"https:\/\/www.editorialjuventud.es\/ca\/wp-json\/wp\/v2\/product"}],"about":[{"href":"https:\/\/www.editorialjuventud.es\/ca\/wp-json\/wp\/v2\/types\/product"}],"wp:featuredmedia":[{"embeddable":true,"href":"https:\/\/www.editorialjuventud.es\/ca\/wp-json\/wp\/v2\/media\/17154"}],"wp:attachment":[{"href":"https:\/\/www.editorialjuventud.es\/ca\/wp-json\/wp\/v2\/media?parent=6235"}],"wp:term":[{"taxonomy":"product_brand","embeddable":true,"href":"https:\/\/www.editorialjuventud.es\/ca\/wp-json\/wp\/v2\/product_brand?post=6235"},{"taxonomy":"product_cat","embeddable":true,"href":"https:\/\/www.editorialjuventud.es\/ca\/wp-json\/wp\/v2\/product_cat?post=6235"},{"taxonomy":"product_tag","embeddable":true,"href":"https:\/\/www.editorialjuventud.es\/ca\/wp-json\/wp\/v2\/product_tag?post=6235"},{"taxonomy":"coleccion","embeddable":true,"href":"https:\/\/www.editorialjuventud.es\/ca\/wp-json\/wp\/v2\/coleccion?post=6235"}],"curies":[{"name":"wp","href":"https:\/\/api.w.org\/{rel}","templated":true}]}}