{"id":5972,"date":"2018-08-24T11:43:06","date_gmt":"2018-08-24T09:43:06","guid":{"rendered":"http:\/\/www.editorialjuventud.es\/loscar-i-el-drac-afamat\/"},"modified":"2026-04-08T11:55:26","modified_gmt":"2026-04-08T09:55:26","slug":"loscar-i-el-drac-afamat-9788426140838","status":"publish","type":"product","link":"https:\/\/www.editorialjuventud.es\/ca\/loscar-i-el-drac-afamat-9788426140838\/","title":{"rendered":"L&#8217;\u00d2scar i el drac afamat"},"content":{"rendered":"<p>Despr\u00e9s d\u2018un son llarg i profund, el drac es desperta amb una fam terrible. Com que no hi ha cap princesa, la gent del poble li haur\u00e0 de lliurar un nen. Amb el nen que trien, l\u2018\u00d2scar, el drac no en tindr\u00e0 ni per comen\u00e7ar. Per\u00f2 l\u2018\u00d2scar, que \u00e9s molt espavilat i a m\u00e9s un bon cuiner, decideix donar allargues al fat\u00eddic moment i atipar el drac per posar-se\u2018l a la butxaca.<\/p>\n","protected":false},"excerpt":{"rendered":"Despr\u00e9s d\u2018un son llarg i profund, el drac es desperta amb una fam terrible. Com que no hi ha cap princesa, la gent del poble li haur\u00e0 de lliurar un nen. Amb el nen que trien, l\u2018\u00d2scar, el drac no [&hellip;]","protected":false},"featured_media":13979,"template":"","meta":{"_acf_changed":false,"_exactmetrics_skip_tracking":false,"_exactmetrics_sitenote_active":false,"_exactmetrics_sitenote_note":"","_exactmetrics_sitenote_category":0},"product_brand":[],"product_cat":[900,1121,1151,1153,1214,1128],"product_tag":[],"coleccion":[954],"class_list":{"0":"post-5972","1":"product","2":"type-product","3":"status-publish","4":"has-post-thumbnail","6":"product_cat-a-partir-de-5-anos","7":"product_cat-albumes-ilustrados","8":"product_cat-cocina-tematica","9":"product_cat-comida-alimentacion","10":"product_cat-principes-princesas","11":"product_cat-tematica","12":"coleccion-llegir-entre-rialles","14":"first","15":"instock","16":"taxable","17":"shipping-taxable","18":"purchasable","19":"product-type-simple"},"acf":{"autor":"Krause, Ute","codart":"4083","ediciones":"1","encuadernacion":"Carton\u00e9","fecha_de_publicacion":"01\/03\/2014","novedad":"0","paginas":"32","subtitulo":"","texto_web_adicional":"","texto_web_novedad":"","orden":"999","portada":"0","texto_web_resaltado":"","autores-libros":[16447],"ilustradores-libros":[16447],"traductores-libros":[17928]},"yoast_head":"<!-- This site is optimized with the Yoast SEO plugin v27.3 - https:\/\/yoast.com\/product\/yoast-seo-wordpress\/ -->\n<title>L&#039;\u00d2scar i el drac afamat - Editorial Juventud<\/title>\n<meta name=\"description\" content=\"Despr\u00e9s d\u2018un son llarg i profund, el drac es desperta amb una fam terrible. Com que no hi ha cap princesa, la gent del poble li haur\u00e0 de lliurar un nen.\" \/>\n<meta name=\"robots\" content=\"index, follow, max-snippet:-1, max-image-preview:large, max-video-preview:-1\" \/>\n<link rel=\"canonical\" href=\"https:\/\/www.editorialjuventud.es\/loscar-i-el-drac-afamat-9788426140838\/\" \/>\n<meta property=\"og:locale\" content=\"ca_ES\" \/>\n<meta property=\"og:type\" content=\"article\" \/>\n<meta property=\"og:title\" content=\"L&#039;\u00d2scar i el drac afamat - Editorial Juventud\" \/>\n<meta property=\"og:description\" content=\"Despr\u00e9s d\u2018un son llarg i profund, el drac es desperta amb una fam terrible. Com que no hi ha cap princesa, la gent del poble li haur\u00e0 de lliurar un nen.\" \/>\n<meta property=\"og:url\" content=\"https:\/\/www.editorialjuventud.es\/loscar-i-el-drac-afamat-9788426140838\/\" \/>\n<meta property=\"og:site_name\" content=\"Editorial Juventud\" \/>\n<meta property=\"article:modified_time\" content=\"2026-04-08T09:55:26+00:00\" \/>\n<meta property=\"og:image\" content=\"https:\/\/www.editorialjuventud.es\/wp-content\/uploads\/4083.jpg\" \/>\n\t<meta property=\"og:image:width\" content=\"480\" \/>\n\t<meta property=\"og:image:height\" content=\"450\" \/>\n\t<meta property=\"og:image:type\" content=\"image\/jpeg\" \/>\n<meta name=\"twitter:card\" content=\"summary_large_image\" \/>\n<script type=\"application\/ld+json\" class=\"yoast-schema-graph\">{\"@context\":\"https:\\\/\\\/schema.org\",\"@graph\":[{\"@type\":\"WebPage\",\"@id\":\"https:\\\/\\\/www.editorialjuventud.es\\\/loscar-i-el-drac-afamat-9788426140838\\\/\",\"url\":\"https:\\\/\\\/www.editorialjuventud.es\\\/loscar-i-el-drac-afamat-9788426140838\\\/\",\"name\":\"L'\u00d2scar i el drac afamat - Editorial Juventud\",\"isPartOf\":{\"@id\":\"https:\\\/\\\/www.editorialjuventud.es\\\/#website\"},\"primaryImageOfPage\":{\"@id\":\"https:\\\/\\\/www.editorialjuventud.es\\\/loscar-i-el-drac-afamat-9788426140838\\\/#primaryimage\"},\"image\":{\"@id\":\"https:\\\/\\\/www.editorialjuventud.es\\\/loscar-i-el-drac-afamat-9788426140838\\\/#primaryimage\"},\"thumbnailUrl\":\"https:\\\/\\\/www.editorialjuventud.es\\\/wp-content\\\/uploads\\\/4083.jpg\",\"datePublished\":\"2018-08-24T09:43:06+00:00\",\"dateModified\":\"2026-04-08T09:55:26+00:00\",\"description\":\"Despr\u00e9s d\u2018un son llarg i profund, el drac es desperta amb una fam terrible. Com que no hi ha cap princesa, la gent del poble li haur\u00e0 de lliurar un nen.\",\"breadcrumb\":{\"@id\":\"https:\\\/\\\/www.editorialjuventud.es\\\/loscar-i-el-drac-afamat-9788426140838\\\/#breadcrumb\"},\"inLanguage\":\"ca\",\"potentialAction\":[{\"@type\":\"ReadAction\",\"target\":[\"https:\\\/\\\/www.editorialjuventud.es\\\/loscar-i-el-drac-afamat-9788426140838\\\/\"]}]},{\"@type\":\"ImageObject\",\"inLanguage\":\"ca\",\"@id\":\"https:\\\/\\\/www.editorialjuventud.es\\\/loscar-i-el-drac-afamat-9788426140838\\\/#primaryimage\",\"url\":\"https:\\\/\\\/www.editorialjuventud.es\\\/wp-content\\\/uploads\\\/4083.jpg\",\"contentUrl\":\"https:\\\/\\\/www.editorialjuventud.es\\\/wp-content\\\/uploads\\\/4083.jpg\",\"width\":480,\"height\":450,\"caption\":\"4083.jpg\"},{\"@type\":\"BreadcrumbList\",\"@id\":\"https:\\\/\\\/www.editorialjuventud.es\\\/loscar-i-el-drac-afamat-9788426140838\\\/#breadcrumb\",\"itemListElement\":[{\"@type\":\"ListItem\",\"position\":1,\"name\":\"Portada\",\"item\":\"https:\\\/\\\/www.editorialjuventud.es\\\/\"},{\"@type\":\"ListItem\",\"position\":2,\"name\":\"cat\u00e1logo\",\"item\":\"https:\\\/\\\/www.editorialjuventud.es\\\/coleccion\\\/catalogo\\\/\"},{\"@type\":\"ListItem\",\"position\":3,\"name\":\"catal\u00e0\",\"item\":\"https:\\\/\\\/www.editorialjuventud.es\\\/coleccion\\\/catala\\\/\"},{\"@type\":\"ListItem\",\"position\":4,\"name\":\"\u00c0lbums Il\u00b7lustrats\",\"item\":\"https:\\\/\\\/www.editorialjuventud.es\\\/coleccion\\\/albums-il%c2%b7lustrats\\\/\"},{\"@type\":\"ListItem\",\"position\":5,\"name\":\"Llegir entre Rialles\",\"item\":\"https:\\\/\\\/www.editorialjuventud.es\\\/coleccion\\\/llegir-entre-rialles\\\/\"},{\"@type\":\"ListItem\",\"position\":6,\"name\":\"L'\u00d2scar i el drac afamat\"}]},{\"@type\":\"WebSite\",\"@id\":\"https:\\\/\\\/www.editorialjuventud.es\\\/#website\",\"url\":\"https:\\\/\\\/www.editorialjuventud.es\\\/\",\"name\":\"Editorial Juventud\",\"description\":\"\",\"potentialAction\":[{\"@type\":\"SearchAction\",\"target\":{\"@type\":\"EntryPoint\",\"urlTemplate\":\"https:\\\/\\\/www.editorialjuventud.es\\\/?s={search_term_string}\"},\"query-input\":{\"@type\":\"PropertyValueSpecification\",\"valueRequired\":true,\"valueName\":\"search_term_string\"}}],\"inLanguage\":\"ca\"}]}<\/script>\n<!-- \/ Yoast SEO plugin. -->","yoast_head_json":{"title":"L'\u00d2scar i el drac afamat - Editorial Juventud","description":"Despr\u00e9s d\u2018un son llarg i profund, el drac es desperta amb una fam terrible. Com que no hi ha cap princesa, la gent del poble li haur\u00e0 de lliurar un nen.","robots":{"index":"index","follow":"follow","max-snippet":"max-snippet:-1","max-image-preview":"max-image-preview:large","max-video-preview":"max-video-preview:-1"},"canonical":"https:\/\/www.editorialjuventud.es\/loscar-i-el-drac-afamat-9788426140838\/","og_locale":"ca_ES","og_type":"article","og_title":"L'\u00d2scar i el drac afamat - Editorial Juventud","og_description":"Despr\u00e9s d\u2018un son llarg i profund, el drac es desperta amb una fam terrible. Com que no hi ha cap princesa, la gent del poble li haur\u00e0 de lliurar un nen.","og_url":"https:\/\/www.editorialjuventud.es\/loscar-i-el-drac-afamat-9788426140838\/","og_site_name":"Editorial Juventud","article_modified_time":"2026-04-08T09:55:26+00:00","og_image":[{"width":480,"height":450,"url":"https:\/\/www.editorialjuventud.es\/wp-content\/uploads\/4083.jpg","type":"image\/jpeg"}],"twitter_card":"summary_large_image","schema":{"@context":"https:\/\/schema.org","@graph":[{"@type":"WebPage","@id":"https:\/\/www.editorialjuventud.es\/loscar-i-el-drac-afamat-9788426140838\/","url":"https:\/\/www.editorialjuventud.es\/loscar-i-el-drac-afamat-9788426140838\/","name":"L'\u00d2scar i el drac afamat - Editorial Juventud","isPartOf":{"@id":"https:\/\/www.editorialjuventud.es\/#website"},"primaryImageOfPage":{"@id":"https:\/\/www.editorialjuventud.es\/loscar-i-el-drac-afamat-9788426140838\/#primaryimage"},"image":{"@id":"https:\/\/www.editorialjuventud.es\/loscar-i-el-drac-afamat-9788426140838\/#primaryimage"},"thumbnailUrl":"https:\/\/www.editorialjuventud.es\/wp-content\/uploads\/4083.jpg","datePublished":"2018-08-24T09:43:06+00:00","dateModified":"2026-04-08T09:55:26+00:00","description":"Despr\u00e9s d\u2018un son llarg i profund, el drac es desperta amb una fam terrible. Com que no hi ha cap princesa, la gent del poble li haur\u00e0 de lliurar un nen.","breadcrumb":{"@id":"https:\/\/www.editorialjuventud.es\/loscar-i-el-drac-afamat-9788426140838\/#breadcrumb"},"inLanguage":"ca","potentialAction":[{"@type":"ReadAction","target":["https:\/\/www.editorialjuventud.es\/loscar-i-el-drac-afamat-9788426140838\/"]}]},{"@type":"ImageObject","inLanguage":"ca","@id":"https:\/\/www.editorialjuventud.es\/loscar-i-el-drac-afamat-9788426140838\/#primaryimage","url":"https:\/\/www.editorialjuventud.es\/wp-content\/uploads\/4083.jpg","contentUrl":"https:\/\/www.editorialjuventud.es\/wp-content\/uploads\/4083.jpg","width":480,"height":450,"caption":"4083.jpg"},{"@type":"BreadcrumbList","@id":"https:\/\/www.editorialjuventud.es\/loscar-i-el-drac-afamat-9788426140838\/#breadcrumb","itemListElement":[{"@type":"ListItem","position":1,"name":"Portada","item":"https:\/\/www.editorialjuventud.es\/"},{"@type":"ListItem","position":2,"name":"cat\u00e1logo","item":"https:\/\/www.editorialjuventud.es\/coleccion\/catalogo\/"},{"@type":"ListItem","position":3,"name":"catal\u00e0","item":"https:\/\/www.editorialjuventud.es\/coleccion\/catala\/"},{"@type":"ListItem","position":4,"name":"\u00c0lbums Il\u00b7lustrats","item":"https:\/\/www.editorialjuventud.es\/coleccion\/albums-il%c2%b7lustrats\/"},{"@type":"ListItem","position":5,"name":"Llegir entre Rialles","item":"https:\/\/www.editorialjuventud.es\/coleccion\/llegir-entre-rialles\/"},{"@type":"ListItem","position":6,"name":"L'\u00d2scar i el drac afamat"}]},{"@type":"WebSite","@id":"https:\/\/www.editorialjuventud.es\/#website","url":"https:\/\/www.editorialjuventud.es\/","name":"Editorial Juventud","description":"","potentialAction":[{"@type":"SearchAction","target":{"@type":"EntryPoint","urlTemplate":"https:\/\/www.editorialjuventud.es\/?s={search_term_string}"},"query-input":{"@type":"PropertyValueSpecification","valueRequired":true,"valueName":"search_term_string"}}],"inLanguage":"ca"}]}},"_links":{"self":[{"href":"https:\/\/www.editorialjuventud.es\/ca\/wp-json\/wp\/v2\/product\/5972","targetHints":{"allow":["GET"]}}],"collection":[{"href":"https:\/\/www.editorialjuventud.es\/ca\/wp-json\/wp\/v2\/product"}],"about":[{"href":"https:\/\/www.editorialjuventud.es\/ca\/wp-json\/wp\/v2\/types\/product"}],"wp:featuredmedia":[{"embeddable":true,"href":"https:\/\/www.editorialjuventud.es\/ca\/wp-json\/wp\/v2\/media\/13979"}],"wp:attachment":[{"href":"https:\/\/www.editorialjuventud.es\/ca\/wp-json\/wp\/v2\/media?parent=5972"}],"wp:term":[{"taxonomy":"product_brand","embeddable":true,"href":"https:\/\/www.editorialjuventud.es\/ca\/wp-json\/wp\/v2\/product_brand?post=5972"},{"taxonomy":"product_cat","embeddable":true,"href":"https:\/\/www.editorialjuventud.es\/ca\/wp-json\/wp\/v2\/product_cat?post=5972"},{"taxonomy":"product_tag","embeddable":true,"href":"https:\/\/www.editorialjuventud.es\/ca\/wp-json\/wp\/v2\/product_tag?post=5972"},{"taxonomy":"coleccion","embeddable":true,"href":"https:\/\/www.editorialjuventud.es\/ca\/wp-json\/wp\/v2\/coleccion?post=5972"}],"curies":[{"name":"wp","href":"https:\/\/api.w.org\/{rel}","templated":true}]}}