{"id":59439,"date":"2021-11-11T13:09:30","date_gmt":"2021-11-11T12:09:30","guid":{"rendered":"https:\/\/www.editorialjuventud.es\/sam-lombra-rebel-9788426147387\/"},"modified":"2025-01-22T12:44:28","modified_gmt":"2025-01-22T11:44:28","slug":"sam-lombra-rebel-9788426147387","status":"publish","type":"product","link":"https:\/\/www.editorialjuventud.es\/ca\/sam-lombra-rebel-9788426147387\/","title":{"rendered":"Sam, l&#8217;ombra rebel"},"content":{"rendered":"<p>L&#8217;Ombra Sam fa anys que porta una vida avorrida fins al dia que decideix sortir a cercar una vida m\u00e9s emocionant&#8230; i l&#8217;acaba trobant!<\/p>\n<p>El noi no reia mai, no feia cap bestiesa i dibuixava sense sortir gens de la l\u00ednia. Sam, la seva ombra, tampoc. La vida d&#8217;en Sam era del color de l&#8217;avorriment. Per\u00f2 en Sam tamb\u00e9 somiava,  deixant-se endur pels seus somnis, es va desenganxar del noi&#8230;<br \/>Aquest inspirador \u00e0lbum ens recorda que la vida \u00e9s tot aquell que nosaltres volem que sigui, i que est\u00e0 al nostre abast trencar amb la monotonia. De l&#8217;aclamat il\u00b7lustrador d&#8217;Un cam\u00ed de flors i de Parlo com el riu. <\/p>\n","protected":false},"excerpt":{"rendered":"L&#8217;Ombra Sam fa anys que porta una vida avorrida fins al dia que decideix sortir a cercar una vida m\u00e9s emocionant&#8230; i l&#8217;acaba trobant! El noi no reia mai, no feia cap bestiesa i dibuixava sense sortir gens de la [&hellip;]","protected":false},"featured_media":61622,"template":"","meta":{"_acf_changed":false,"_exactmetrics_skip_tracking":false,"_exactmetrics_sitenote_active":false,"_exactmetrics_sitenote_note":"","_exactmetrics_sitenote_category":0},"product_brand":[],"product_cat":[900,1121,1141,892,1196,910],"product_tag":[],"coleccion":[917,915,960],"class_list":{"0":"post-59439","1":"product","2":"type-product","3":"status-publish","4":"has-post-thumbnail","6":"product_cat-a-partir-de-5-anos","7":"product_cat-albumes-ilustrados","8":"product_cat-autoestima","9":"product_cat-edades","10":"product_cat-miedo-valentia","11":"product_cat-ultimas-novedades","12":"coleccion-albums-illustrats","13":"coleccion-catala","14":"coleccion-un-milio-damics","16":"first","17":"instock","18":"taxable","19":"shipping-taxable","20":"purchasable","21":"product-type-simple"},"acf":{"indice":"","autor":"Cuevas , Michelle ","codart":"4738","ediciones":"1","encuadernacion":"Carton\u00e9","fecha_de_publicacion":"01\/01\/2022","fecha_de_reimpresion":"","novedad":"0","paginas":"48","subtitulo":"","texto_web_adicional":"","autores-libros":[59432],"ilustradores-libros":[59433],"texto_web_novedad":"","orden":"999","portada":"0","texto_web_resaltado":"","traductores-libros":[18265],"descripcion_corta":"La vida \u00e9s tot aquell que nosaltres volem que sigui","recomendamos":"","mas_vendido":"","idioma-libro":"","color":false,"formato":"","mas_informacion_del_producto":false,"premios":false,"deshabilitar_compra":[],"texto_enlace_cubierta":"","enlace_cubierta":{"ID":61631,"id":61631,"title":"SamUnaSombraRebelde_cover.indd","filename":"SAM-OMBRA-REBEL_cover.jpg","filesize":1519789,"url":"https:\/\/www.editorialjuventud.es\/wp-content\/uploads\/SAM-OMBRA-REBEL_cover.jpg","link":"https:\/\/www.editorialjuventud.es\/ca\/?attachment_id=61631","alt":"","author":"50","description":"","caption":"","name":"samunasombrarebelde_cover-indd-5","status":"inherit","uploaded_to":59439,"date":"2022-01-10 19:34:23","modified":"2022-01-10 19:34:23","menu_order":0,"mime_type":"image\/jpeg","type":"image","subtype":"jpeg","icon":"https:\/\/www.editorialjuventud.es\/wp-includes\/images\/media\/default.png","width":3260,"height":3452,"sizes":{"thumbnail":"https:\/\/www.editorialjuventud.es\/wp-content\/uploads\/SAM-OMBRA-REBEL_cover-200x200.jpg","thumbnail-width":200,"thumbnail-height":200,"medium":"https:\/\/www.editorialjuventud.es\/wp-content\/uploads\/SAM-OMBRA-REBEL_cover.jpg","medium-width":3260,"medium-height":3452,"medium_large":"https:\/\/www.editorialjuventud.es\/wp-content\/uploads\/SAM-OMBRA-REBEL_cover-768x813.jpg","medium_large-width":768,"medium_large-height":813,"large":"https:\/\/www.editorialjuventud.es\/wp-content\/uploads\/SAM-OMBRA-REBEL_cover.jpg","large-width":3260,"large-height":3452,"1536x1536":"https:\/\/www.editorialjuventud.es\/wp-content\/uploads\/SAM-OMBRA-REBEL_cover.jpg","1536x1536-width":1451,"1536x1536-height":1536,"2048x2048":"https:\/\/www.editorialjuventud.es\/wp-content\/uploads\/SAM-OMBRA-REBEL_cover.jpg","2048x2048-width":1934,"2048x2048-height":2048,"woocommerce_thumbnail":"https:\/\/www.editorialjuventud.es\/wp-content\/uploads\/SAM-OMBRA-REBEL_cover-350x371.jpg","woocommerce_thumbnail-width":350,"woocommerce_thumbnail-height":371,"woocommerce_single":"https:\/\/www.editorialjuventud.es\/wp-content\/uploads\/SAM-OMBRA-REBEL_cover-900x953.jpg","woocommerce_single-width":900,"woocommerce_single-height":953,"woocommerce_gallery_thumbnail":"https:\/\/www.editorialjuventud.es\/wp-content\/uploads\/SAM-OMBRA-REBEL_cover-100x100.jpg","woocommerce_gallery_thumbnail-width":100,"woocommerce_gallery_thumbnail-height":100,"ppec_logo_image_size":"https:\/\/www.editorialjuventud.es\/wp-content\/uploads\/SAM-OMBRA-REBEL_cover.jpg","ppec_logo_image_size-width":57,"ppec_logo_image_size-height":60,"ppec_header_image_size":"https:\/\/www.editorialjuventud.es\/wp-content\/uploads\/SAM-OMBRA-REBEL_cover.jpg","ppec_header_image_size-width":85,"ppec_header_image_size-height":90}},"texto_enlace_ficha_tecnica":"","enlace_ficha_tecnica":{"ID":61717,"id":61717,"title":"Sam, l\u2019ombra rebel","filename":"Sam-l\u2019ombra-rebel.pdf","filesize":1139262,"url":"https:\/\/www.editorialjuventud.es\/wp-content\/uploads\/Sam-l\u2019ombra-rebel.pdf","link":"https:\/\/www.editorialjuventud.es\/ca\/?attachment_id=61717","alt":"","author":"50","description":"","caption":"","name":"sam-lombra-rebel","status":"inherit","uploaded_to":59439,"date":"2022-01-12 10:48:37","modified":"2022-01-12 10:48:37","menu_order":0,"mime_type":"application\/pdf","type":"application","subtype":"pdf","icon":"https:\/\/www.editorialjuventud.es\/wp-includes\/images\/media\/document.png"},"ficheros":false,"titulo-fr":"","texto-fr":""},"yoast_head":"<!-- This site is optimized with the Yoast SEO plugin v27.3 - https:\/\/yoast.com\/product\/yoast-seo-wordpress\/ -->\n<title>Sam, l&#039;ombra rebel - Editorial Juventud<\/title>\n<meta name=\"description\" content=\"L&#039;Ombra Sam fa anys que porta una vida avorrida fins al dia que decideix sortir a cercar una vida m\u00e9s emocionant... i l&#039;acaba trobant!El noi no reia mai,\" \/>\n<meta name=\"robots\" content=\"index, follow, max-snippet:-1, max-image-preview:large, max-video-preview:-1\" \/>\n<link rel=\"canonical\" href=\"https:\/\/www.editorialjuventud.es\/sam-lombra-rebel-9788426147387\/\" \/>\n<meta property=\"og:locale\" content=\"ca_ES\" \/>\n<meta property=\"og:type\" content=\"article\" \/>\n<meta property=\"og:title\" content=\"Sam, l&#039;ombra rebel - Editorial Juventud\" \/>\n<meta property=\"og:description\" content=\"L&#039;Ombra Sam fa anys que porta una vida avorrida fins al dia que decideix sortir a cercar una vida m\u00e9s emocionant... i l&#039;acaba trobant!El noi no reia mai,\" \/>\n<meta property=\"og:url\" content=\"https:\/\/www.editorialjuventud.es\/sam-lombra-rebel-9788426147387\/\" \/>\n<meta property=\"og:site_name\" content=\"Editorial Juventud\" \/>\n<meta property=\"article:modified_time\" content=\"2025-01-22T11:44:28+00:00\" \/>\n<meta property=\"og:image\" content=\"https:\/\/www.editorialjuventud.es\/wp-content\/uploads\/9788426147387-1.jpg\" \/>\n\t<meta property=\"og:image:width\" content=\"540\" \/>\n\t<meta property=\"og:image:height\" content=\"572\" \/>\n\t<meta property=\"og:image:type\" content=\"image\/jpeg\" \/>\n<meta name=\"twitter:card\" content=\"summary_large_image\" \/>\n<meta name=\"twitter:label1\" content=\"Temps estimat de lectura\" \/>\n\t<meta name=\"twitter:data1\" content=\"1 minut\" \/>\n<script type=\"application\/ld+json\" class=\"yoast-schema-graph\">{\"@context\":\"https:\\\/\\\/schema.org\",\"@graph\":[{\"@type\":\"WebPage\",\"@id\":\"https:\\\/\\\/www.editorialjuventud.es\\\/sam-lombra-rebel-9788426147387\\\/\",\"url\":\"https:\\\/\\\/www.editorialjuventud.es\\\/sam-lombra-rebel-9788426147387\\\/\",\"name\":\"Sam, l'ombra rebel - Editorial Juventud\",\"isPartOf\":{\"@id\":\"https:\\\/\\\/www.editorialjuventud.es\\\/#website\"},\"primaryImageOfPage\":{\"@id\":\"https:\\\/\\\/www.editorialjuventud.es\\\/sam-lombra-rebel-9788426147387\\\/#primaryimage\"},\"image\":{\"@id\":\"https:\\\/\\\/www.editorialjuventud.es\\\/sam-lombra-rebel-9788426147387\\\/#primaryimage\"},\"thumbnailUrl\":\"https:\\\/\\\/www.editorialjuventud.es\\\/wp-content\\\/uploads\\\/9788426147387-1.jpg\",\"datePublished\":\"2021-11-11T12:09:30+00:00\",\"dateModified\":\"2025-01-22T11:44:28+00:00\",\"description\":\"L'Ombra Sam fa anys que porta una vida avorrida fins al dia que decideix sortir a cercar una vida m\u00e9s emocionant... i l'acaba trobant!El noi no reia mai,\",\"breadcrumb\":{\"@id\":\"https:\\\/\\\/www.editorialjuventud.es\\\/sam-lombra-rebel-9788426147387\\\/#breadcrumb\"},\"inLanguage\":\"ca\",\"potentialAction\":[{\"@type\":\"ReadAction\",\"target\":[\"https:\\\/\\\/www.editorialjuventud.es\\\/sam-lombra-rebel-9788426147387\\\/\"]}]},{\"@type\":\"ImageObject\",\"inLanguage\":\"ca\",\"@id\":\"https:\\\/\\\/www.editorialjuventud.es\\\/sam-lombra-rebel-9788426147387\\\/#primaryimage\",\"url\":\"https:\\\/\\\/www.editorialjuventud.es\\\/wp-content\\\/uploads\\\/9788426147387-1.jpg\",\"contentUrl\":\"https:\\\/\\\/www.editorialjuventud.es\\\/wp-content\\\/uploads\\\/9788426147387-1.jpg\",\"width\":540,\"height\":572},{\"@type\":\"BreadcrumbList\",\"@id\":\"https:\\\/\\\/www.editorialjuventud.es\\\/sam-lombra-rebel-9788426147387\\\/#breadcrumb\",\"itemListElement\":[{\"@type\":\"ListItem\",\"position\":1,\"name\":\"Portada\",\"item\":\"https:\\\/\\\/www.editorialjuventud.es\\\/\"},{\"@type\":\"ListItem\",\"position\":2,\"name\":\"cat\u00e1logo\",\"item\":\"https:\\\/\\\/www.editorialjuventud.es\\\/coleccion\\\/catalogo\\\/\"},{\"@type\":\"ListItem\",\"position\":3,\"name\":\"catal\u00e0\",\"item\":\"https:\\\/\\\/www.editorialjuventud.es\\\/coleccion\\\/catala\\\/\"},{\"@type\":\"ListItem\",\"position\":4,\"name\":\"\u00c0lbums Il\u00b7lustrats\",\"item\":\"https:\\\/\\\/www.editorialjuventud.es\\\/coleccion\\\/albums-il%c2%b7lustrats\\\/\"},{\"@type\":\"ListItem\",\"position\":5,\"name\":\"Un Mili\u00f3 d'Amics\",\"item\":\"https:\\\/\\\/www.editorialjuventud.es\\\/coleccion\\\/un-milio-damics\\\/\"},{\"@type\":\"ListItem\",\"position\":6,\"name\":\"Sam, l'ombra rebel\"}]},{\"@type\":\"WebSite\",\"@id\":\"https:\\\/\\\/www.editorialjuventud.es\\\/#website\",\"url\":\"https:\\\/\\\/www.editorialjuventud.es\\\/\",\"name\":\"Editorial Juventud\",\"description\":\"\",\"potentialAction\":[{\"@type\":\"SearchAction\",\"target\":{\"@type\":\"EntryPoint\",\"urlTemplate\":\"https:\\\/\\\/www.editorialjuventud.es\\\/?s={search_term_string}\"},\"query-input\":{\"@type\":\"PropertyValueSpecification\",\"valueRequired\":true,\"valueName\":\"search_term_string\"}}],\"inLanguage\":\"ca\"}]}<\/script>\n<!-- \/ Yoast SEO plugin. -->","yoast_head_json":{"title":"Sam, l'ombra rebel - Editorial Juventud","description":"L'Ombra Sam fa anys que porta una vida avorrida fins al dia que decideix sortir a cercar una vida m\u00e9s emocionant... i l'acaba trobant!El noi no reia mai,","robots":{"index":"index","follow":"follow","max-snippet":"max-snippet:-1","max-image-preview":"max-image-preview:large","max-video-preview":"max-video-preview:-1"},"canonical":"https:\/\/www.editorialjuventud.es\/sam-lombra-rebel-9788426147387\/","og_locale":"ca_ES","og_type":"article","og_title":"Sam, l'ombra rebel - Editorial Juventud","og_description":"L'Ombra Sam fa anys que porta una vida avorrida fins al dia que decideix sortir a cercar una vida m\u00e9s emocionant... i l'acaba trobant!El noi no reia mai,","og_url":"https:\/\/www.editorialjuventud.es\/sam-lombra-rebel-9788426147387\/","og_site_name":"Editorial Juventud","article_modified_time":"2025-01-22T11:44:28+00:00","og_image":[{"width":540,"height":572,"url":"https:\/\/www.editorialjuventud.es\/wp-content\/uploads\/9788426147387-1.jpg","type":"image\/jpeg"}],"twitter_card":"summary_large_image","twitter_misc":{"Temps estimat de lectura":"1 minut"},"schema":{"@context":"https:\/\/schema.org","@graph":[{"@type":"WebPage","@id":"https:\/\/www.editorialjuventud.es\/sam-lombra-rebel-9788426147387\/","url":"https:\/\/www.editorialjuventud.es\/sam-lombra-rebel-9788426147387\/","name":"Sam, l'ombra rebel - Editorial Juventud","isPartOf":{"@id":"https:\/\/www.editorialjuventud.es\/#website"},"primaryImageOfPage":{"@id":"https:\/\/www.editorialjuventud.es\/sam-lombra-rebel-9788426147387\/#primaryimage"},"image":{"@id":"https:\/\/www.editorialjuventud.es\/sam-lombra-rebel-9788426147387\/#primaryimage"},"thumbnailUrl":"https:\/\/www.editorialjuventud.es\/wp-content\/uploads\/9788426147387-1.jpg","datePublished":"2021-11-11T12:09:30+00:00","dateModified":"2025-01-22T11:44:28+00:00","description":"L'Ombra Sam fa anys que porta una vida avorrida fins al dia que decideix sortir a cercar una vida m\u00e9s emocionant... i l'acaba trobant!El noi no reia mai,","breadcrumb":{"@id":"https:\/\/www.editorialjuventud.es\/sam-lombra-rebel-9788426147387\/#breadcrumb"},"inLanguage":"ca","potentialAction":[{"@type":"ReadAction","target":["https:\/\/www.editorialjuventud.es\/sam-lombra-rebel-9788426147387\/"]}]},{"@type":"ImageObject","inLanguage":"ca","@id":"https:\/\/www.editorialjuventud.es\/sam-lombra-rebel-9788426147387\/#primaryimage","url":"https:\/\/www.editorialjuventud.es\/wp-content\/uploads\/9788426147387-1.jpg","contentUrl":"https:\/\/www.editorialjuventud.es\/wp-content\/uploads\/9788426147387-1.jpg","width":540,"height":572},{"@type":"BreadcrumbList","@id":"https:\/\/www.editorialjuventud.es\/sam-lombra-rebel-9788426147387\/#breadcrumb","itemListElement":[{"@type":"ListItem","position":1,"name":"Portada","item":"https:\/\/www.editorialjuventud.es\/"},{"@type":"ListItem","position":2,"name":"cat\u00e1logo","item":"https:\/\/www.editorialjuventud.es\/coleccion\/catalogo\/"},{"@type":"ListItem","position":3,"name":"catal\u00e0","item":"https:\/\/www.editorialjuventud.es\/coleccion\/catala\/"},{"@type":"ListItem","position":4,"name":"\u00c0lbums Il\u00b7lustrats","item":"https:\/\/www.editorialjuventud.es\/coleccion\/albums-il%c2%b7lustrats\/"},{"@type":"ListItem","position":5,"name":"Un Mili\u00f3 d'Amics","item":"https:\/\/www.editorialjuventud.es\/coleccion\/un-milio-damics\/"},{"@type":"ListItem","position":6,"name":"Sam, l'ombra rebel"}]},{"@type":"WebSite","@id":"https:\/\/www.editorialjuventud.es\/#website","url":"https:\/\/www.editorialjuventud.es\/","name":"Editorial Juventud","description":"","potentialAction":[{"@type":"SearchAction","target":{"@type":"EntryPoint","urlTemplate":"https:\/\/www.editorialjuventud.es\/?s={search_term_string}"},"query-input":{"@type":"PropertyValueSpecification","valueRequired":true,"valueName":"search_term_string"}}],"inLanguage":"ca"}]}},"_links":{"self":[{"href":"https:\/\/www.editorialjuventud.es\/ca\/wp-json\/wp\/v2\/product\/59439","targetHints":{"allow":["GET"]}}],"collection":[{"href":"https:\/\/www.editorialjuventud.es\/ca\/wp-json\/wp\/v2\/product"}],"about":[{"href":"https:\/\/www.editorialjuventud.es\/ca\/wp-json\/wp\/v2\/types\/product"}],"wp:featuredmedia":[{"embeddable":true,"href":"https:\/\/www.editorialjuventud.es\/ca\/wp-json\/wp\/v2\/media\/61622"}],"wp:attachment":[{"href":"https:\/\/www.editorialjuventud.es\/ca\/wp-json\/wp\/v2\/media?parent=59439"}],"wp:term":[{"taxonomy":"product_brand","embeddable":true,"href":"https:\/\/www.editorialjuventud.es\/ca\/wp-json\/wp\/v2\/product_brand?post=59439"},{"taxonomy":"product_cat","embeddable":true,"href":"https:\/\/www.editorialjuventud.es\/ca\/wp-json\/wp\/v2\/product_cat?post=59439"},{"taxonomy":"product_tag","embeddable":true,"href":"https:\/\/www.editorialjuventud.es\/ca\/wp-json\/wp\/v2\/product_tag?post=59439"},{"taxonomy":"coleccion","embeddable":true,"href":"https:\/\/www.editorialjuventud.es\/ca\/wp-json\/wp\/v2\/coleccion?post=59439"}],"curies":[{"name":"wp","href":"https:\/\/api.w.org\/{rel}","templated":true}]}}