{"id":5863,"date":"2018-08-24T11:34:52","date_gmt":"2018-08-24T09:34:52","guid":{"rendered":"http:\/\/www.editorialjuventud.es\/un-paseo-con-el-senor-gaudi\/"},"modified":"2026-03-25T12:15:24","modified_gmt":"2026-03-25T11:15:24","slug":"un-paseo-con-el-senor-gaudi-9788426139528","status":"publish","type":"product","link":"https:\/\/www.editorialjuventud.es\/ca\/un-paseo-con-el-senor-gaudi-9788426139528\/","title":{"rendered":"Un paseo con el se\u00f1or Gaud\u00ed"},"content":{"rendered":"<p>El se\u00f1or Gaud\u00ed vive en un lugar muy particular, el Park G\u00fcell, que ha construido para el conde G\u00fcell en Barcelona. Cada ma\u00f1ana, sale a trabajar y a vigilar las obras que le han encargado: la Pedrera, la Sagrada Familia, la Casa Batall\u00f3 &#8230; Aunque no lo parezca por su aspecto, Antoni Gaud\u00ed es uno de los arquitectos m\u00e1s reconocidos de su \u00e9poca, aunque a veces a la gente le parece que sus construcciones son un poco extravagantes&#8230;<br \/>\nLas nuevas ediciones de este t\u00edtulo incluyen una cronolog\u00eda de la vida de Gaud\u00ed y un itinerario de todas las obras que se muestran en el libro.<\/p>\n","protected":false},"excerpt":{"rendered":"El se\u00f1or Gaud\u00ed vive en un lugar muy particular, el Park G\u00fcell, que ha construido para el conde G\u00fcell en Barcelona. Cada ma\u00f1ana, sale a trabajar y a vigilar las obras que le han encargado: la Pedrera, la Sagrada Familia, [&hellip;]","protected":false},"featured_media":14953,"template":"","meta":{"_acf_changed":false,"_exactmetrics_skip_tracking":false,"_exactmetrics_sitenote_active":false,"_exactmetrics_sitenote_note":"","_exactmetrics_sitenote_category":0},"product_brand":[],"product_cat":[902,1139,1125,1140,1207],"product_tag":[],"coleccion":[986],"class_list":{"0":"post-5863","1":"product","2":"type-product","3":"status-publish","4":"has-post-thumbnail","6":"product_cat-a-partir-de-7-anos","7":"product_cat-arquitectura","8":"product_cat-arte","9":"product_cat-arte-y-creatividad","10":"product_cat-personajes-reales","11":"coleccion-arte-y-creatividad","13":"first","14":"instock","15":"taxable","16":"shipping-taxable","17":"purchasable","18":"product-type-simple"},"acf":{"autor":"Estrada, Pau","codart":"3952","ediciones":"8","encuadernacion":"Carton\u00e9","fecha_de_publicacion":"01\/04\/2013","novedad":"0","paginas":"48","subtitulo":"","texto_web_adicional":"","texto_web_novedad":"","orden":"999","portada":"0","texto_web_resaltado":"","indice":"","autores-libros":[16351],"ilustradores-libros":[16351],"traductores-libros":"","descripcion_corta":"","recomendamos":"","mas_vendido":"","color":false,"formato":"","mas_informacion_del_producto":false,"premios":false,"texto_enlace_cubierta":"","enlace_cubierta":{"ID":36551,"id":36551,"title":"GAUDI cover MULTILINGUE.indd","filename":"Gaudi_Cover_300px_espan\u0303ol.jpg","filesize":1886242,"url":"https:\/\/www.editorialjuventud.es\/wp-content\/uploads\/Gaudi_Cover_300px_espan\u0303ol.jpg","link":"https:\/\/www.editorialjuventud.es\/ca\/?attachment_id=36551","alt":"","author":"50","description":"","caption":"","name":"gaudi-cover-multilingue-indd","status":"inherit","uploaded_to":5863,"date":"2020-01-16 14:39:19","modified":"2020-01-16 14:39:19","menu_order":0,"mime_type":"image\/jpeg","type":"image","subtype":"jpeg","icon":"https:\/\/www.editorialjuventud.es\/wp-includes\/images\/media\/default.png","width":2623,"height":3388,"sizes":{"thumbnail":"https:\/\/www.editorialjuventud.es\/wp-content\/uploads\/Gaudi_Cover_300px_espan\u0303ol-200x200.jpg","thumbnail-width":200,"thumbnail-height":200,"medium":"https:\/\/www.editorialjuventud.es\/wp-content\/uploads\/Gaudi_Cover_300px_espan\u0303ol.jpg","medium-width":2623,"medium-height":3388,"medium_large":"https:\/\/www.editorialjuventud.es\/wp-content\/uploads\/Gaudi_Cover_300px_espan\u0303ol-768x992.jpg","medium_large-width":768,"medium_large-height":992,"large":"https:\/\/www.editorialjuventud.es\/wp-content\/uploads\/Gaudi_Cover_300px_espan\u0303ol.jpg","large-width":2623,"large-height":3388,"1536x1536":"https:\/\/www.editorialjuventud.es\/wp-content\/uploads\/Gaudi_Cover_300px_espan\u0303ol.jpg","1536x1536-width":1189,"1536x1536-height":1536,"2048x2048":"https:\/\/www.editorialjuventud.es\/wp-content\/uploads\/Gaudi_Cover_300px_espan\u0303ol.jpg","2048x2048-width":1586,"2048x2048-height":2048,"woocommerce_thumbnail":"https:\/\/www.editorialjuventud.es\/wp-content\/uploads\/Gaudi_Cover_300px_espan\u0303ol-350x452.jpg","woocommerce_thumbnail-width":350,"woocommerce_thumbnail-height":452,"woocommerce_single":"https:\/\/www.editorialjuventud.es\/wp-content\/uploads\/Gaudi_Cover_300px_espan\u0303ol-900x1162.jpg","woocommerce_single-width":900,"woocommerce_single-height":1162,"woocommerce_gallery_thumbnail":"https:\/\/www.editorialjuventud.es\/wp-content\/uploads\/Gaudi_Cover_300px_espan\u0303ol-100x100.jpg","woocommerce_gallery_thumbnail-width":100,"woocommerce_gallery_thumbnail-height":100,"ppec_logo_image_size":"https:\/\/www.editorialjuventud.es\/wp-content\/uploads\/Gaudi_Cover_300px_espan\u0303ol.jpg","ppec_logo_image_size-width":46,"ppec_logo_image_size-height":60,"ppec_header_image_size":"https:\/\/www.editorialjuventud.es\/wp-content\/uploads\/Gaudi_Cover_300px_espan\u0303ol.jpg","ppec_header_image_size-width":70,"ppec_header_image_size-height":90}},"texto_enlace_ficha_tecnica":"","enlace_ficha_tecnica":{"ID":33755,"id":33755,"title":"Ficha Un paseo con el se\u00f1or Gaud\u00ed (nuevo)","filename":"Ficha-Un-paseo-con-el-se\u00f1or-Gaud\u00ed-nuevo.pdf","filesize":597926,"url":"https:\/\/www.editorialjuventud.es\/wp-content\/uploads\/Ficha-Un-paseo-con-el-se\u00f1or-Gaud\u00ed-nuevo.pdf","link":"https:\/\/www.editorialjuventud.es\/ca\/?attachment_id=33755","alt":"","author":"47","description":"","caption":"","name":"ficha-un-paseo-con-el-senor-gaudi-nuevo","status":"inherit","uploaded_to":5863,"date":"2019-10-29 12:21:46","modified":"2019-10-29 12:21:46","menu_order":0,"mime_type":"application\/pdf","type":"application","subtype":"pdf","icon":"https:\/\/www.editorialjuventud.es\/wp-includes\/images\/media\/document.png"},"ficheros":false,"titulo-fr":"A Stroll With Mr. Gaud\u00ed","texto-fr":"<p><img loading=\"lazy\" decoding=\"async\" class=\"aligncenter size-full wp-image-24765\" src=\"http:\/\/www.editorialjuventud.es\/wp-content\/uploads\/6.png\" alt=\"\" width=\"43\" height=\"43\" \/><\/p>\n<p>Mr. Gaud\u00ed lives in a most peculiar place, the Park G\u00fcell. Every day he checks the progress on the works he has been entrusted: the Pedrera, the Sagrada Familia, the Casa Batll\u00f3&#8230; A picture book full of wonderful illustrations to learn about Barcelona and about one of the most original architects of the 20th century.<\/p>\n<p>With additional information on his biography and works.<\/p>\n<p><span style=\"color: #008ca9;\"><em><strong>\u203a Rights sold: Korean, Japanese<\/strong><\/em><\/span><\/p>\n<hr \/>\n<h2><img loading=\"lazy\" decoding=\"async\" class=\"alignnone size-full wp-image-19159\" src=\"http:\/\/www.editorialjuventud.es\/wp-content\/uploads\/Pau-Estrada-1.jpg\" alt=\"\" width=\"142\" height=\"201\" \/><\/h2>\n<h2><strong>Pau Estrada<\/strong><\/h2>\n<p>Pau Estrada is an illustrator, English teacher and documentary film maker. He has illustrated many children\u2019s books, both in Spain and the USA.<\/p>\n<hr \/>\n<h5><span style=\"color: #008ca9;\">\u203a\u00a0<span style=\"text-decoration: underline;\"><strong><a href=\"http:\/\/www.editorialjuventud.es\/wp-content\/uploads\/Ficha-FR-A-Stroll-With-Mr.-Gaud\u00ed.pdf\" target=\"_blank\" rel=\"noopener\">Fact Sheet<\/a><\/strong><\/span><\/span><\/h5>\n<p>&nbsp;<\/p>\n","idioma-libro":"","fecha_de_reimpresion":"01\/05\/2023","deshabilitar_compra":[]},"yoast_head":"<!-- This site is optimized with the Yoast SEO plugin v27.3 - https:\/\/yoast.com\/product\/yoast-seo-wordpress\/ -->\n<title>Un paseo con el se\u00f1or Gaud\u00ed - Editorial Juventud<\/title>\n<meta name=\"description\" content=\"El se\u00f1or Gaud\u00ed vive en un lugar muy particular, el Park G\u00fcell, que ha construido para el conde G\u00fcell en Barcelona. Cada ma\u00f1ana, sale a trabajar y a\" \/>\n<meta name=\"robots\" content=\"index, follow, max-snippet:-1, max-image-preview:large, max-video-preview:-1\" \/>\n<link rel=\"canonical\" href=\"https:\/\/www.editorialjuventud.es\/un-paseo-con-el-senor-gaudi-9788426139528\/\" \/>\n<meta property=\"og:locale\" content=\"ca_ES\" \/>\n<meta property=\"og:type\" content=\"article\" \/>\n<meta property=\"og:title\" content=\"Un paseo con el se\u00f1or Gaud\u00ed - Editorial Juventud\" \/>\n<meta property=\"og:description\" content=\"El se\u00f1or Gaud\u00ed vive en un lugar muy particular, el Park G\u00fcell, que ha construido para el conde G\u00fcell en Barcelona. Cada ma\u00f1ana, sale a trabajar y a\" \/>\n<meta property=\"og:url\" content=\"https:\/\/www.editorialjuventud.es\/un-paseo-con-el-senor-gaudi-9788426139528\/\" \/>\n<meta property=\"og:site_name\" content=\"Editorial Juventud\" \/>\n<meta property=\"article:modified_time\" content=\"2026-03-25T11:15:24+00:00\" \/>\n<meta property=\"og:image\" content=\"https:\/\/www.editorialjuventud.es\/wp-content\/uploads\/3952.jpg\" \/>\n\t<meta property=\"og:image:width\" content=\"346\" \/>\n\t<meta property=\"og:image:height\" content=\"450\" \/>\n\t<meta property=\"og:image:type\" content=\"image\/jpeg\" \/>\n<meta name=\"twitter:card\" content=\"summary_large_image\" \/>\n<meta name=\"twitter:label1\" content=\"Temps estimat de lectura\" \/>\n\t<meta name=\"twitter:data1\" content=\"1 minut\" \/>\n<script type=\"application\/ld+json\" class=\"yoast-schema-graph\">{\"@context\":\"https:\\\/\\\/schema.org\",\"@graph\":[{\"@type\":\"WebPage\",\"@id\":\"https:\\\/\\\/www.editorialjuventud.es\\\/un-paseo-con-el-senor-gaudi-9788426139528\\\/\",\"url\":\"https:\\\/\\\/www.editorialjuventud.es\\\/un-paseo-con-el-senor-gaudi-9788426139528\\\/\",\"name\":\"Un paseo con el se\u00f1or Gaud\u00ed - Editorial Juventud\",\"isPartOf\":{\"@id\":\"https:\\\/\\\/www.editorialjuventud.es\\\/#website\"},\"primaryImageOfPage\":{\"@id\":\"https:\\\/\\\/www.editorialjuventud.es\\\/un-paseo-con-el-senor-gaudi-9788426139528\\\/#primaryimage\"},\"image\":{\"@id\":\"https:\\\/\\\/www.editorialjuventud.es\\\/un-paseo-con-el-senor-gaudi-9788426139528\\\/#primaryimage\"},\"thumbnailUrl\":\"https:\\\/\\\/www.editorialjuventud.es\\\/wp-content\\\/uploads\\\/3952.jpg\",\"datePublished\":\"2018-08-24T09:34:52+00:00\",\"dateModified\":\"2026-03-25T11:15:24+00:00\",\"description\":\"El se\u00f1or Gaud\u00ed vive en un lugar muy particular, el Park G\u00fcell, que ha construido para el conde G\u00fcell en Barcelona. Cada ma\u00f1ana, sale a trabajar y a\",\"breadcrumb\":{\"@id\":\"https:\\\/\\\/www.editorialjuventud.es\\\/un-paseo-con-el-senor-gaudi-9788426139528\\\/#breadcrumb\"},\"inLanguage\":\"ca\",\"potentialAction\":[{\"@type\":\"ReadAction\",\"target\":[\"https:\\\/\\\/www.editorialjuventud.es\\\/un-paseo-con-el-senor-gaudi-9788426139528\\\/\"]}]},{\"@type\":\"ImageObject\",\"inLanguage\":\"ca\",\"@id\":\"https:\\\/\\\/www.editorialjuventud.es\\\/un-paseo-con-el-senor-gaudi-9788426139528\\\/#primaryimage\",\"url\":\"https:\\\/\\\/www.editorialjuventud.es\\\/wp-content\\\/uploads\\\/3952.jpg\",\"contentUrl\":\"https:\\\/\\\/www.editorialjuventud.es\\\/wp-content\\\/uploads\\\/3952.jpg\",\"width\":346,\"height\":450,\"caption\":\"3952.jpg\"},{\"@type\":\"BreadcrumbList\",\"@id\":\"https:\\\/\\\/www.editorialjuventud.es\\\/un-paseo-con-el-senor-gaudi-9788426139528\\\/#breadcrumb\",\"itemListElement\":[{\"@type\":\"ListItem\",\"position\":1,\"name\":\"Portada\",\"item\":\"https:\\\/\\\/www.editorialjuventud.es\\\/\"},{\"@type\":\"ListItem\",\"position\":2,\"name\":\"cat\u00e1logo\",\"item\":\"https:\\\/\\\/www.editorialjuventud.es\\\/coleccion\\\/catalogo\\\/\"},{\"@type\":\"ListItem\",\"position\":3,\"name\":\"castellano\",\"item\":\"https:\\\/\\\/www.editorialjuventud.es\\\/coleccion\\\/castellano\\\/\"},{\"@type\":\"ListItem\",\"position\":4,\"name\":\"\u00c1lbumes Ilustrados\",\"item\":\"https:\\\/\\\/www.editorialjuventud.es\\\/coleccion\\\/albumes-ilustrados\\\/\"},{\"@type\":\"ListItem\",\"position\":5,\"name\":\"Arte y Creatividad\",\"item\":\"https:\\\/\\\/www.editorialjuventud.es\\\/ca\\\/coleccion\\\/arte-y-creatividad\\\/\"},{\"@type\":\"ListItem\",\"position\":6,\"name\":\"Un paseo con el se\u00f1or Gaud\u00ed\"}]},{\"@type\":\"WebSite\",\"@id\":\"https:\\\/\\\/www.editorialjuventud.es\\\/#website\",\"url\":\"https:\\\/\\\/www.editorialjuventud.es\\\/\",\"name\":\"Editorial Juventud\",\"description\":\"\",\"potentialAction\":[{\"@type\":\"SearchAction\",\"target\":{\"@type\":\"EntryPoint\",\"urlTemplate\":\"https:\\\/\\\/www.editorialjuventud.es\\\/?s={search_term_string}\"},\"query-input\":{\"@type\":\"PropertyValueSpecification\",\"valueRequired\":true,\"valueName\":\"search_term_string\"}}],\"inLanguage\":\"ca\"}]}<\/script>\n<!-- \/ Yoast SEO plugin. -->","yoast_head_json":{"title":"Un paseo con el se\u00f1or Gaud\u00ed - Editorial Juventud","description":"El se\u00f1or Gaud\u00ed vive en un lugar muy particular, el Park G\u00fcell, que ha construido para el conde G\u00fcell en Barcelona. Cada ma\u00f1ana, sale a trabajar y a","robots":{"index":"index","follow":"follow","max-snippet":"max-snippet:-1","max-image-preview":"max-image-preview:large","max-video-preview":"max-video-preview:-1"},"canonical":"https:\/\/www.editorialjuventud.es\/un-paseo-con-el-senor-gaudi-9788426139528\/","og_locale":"ca_ES","og_type":"article","og_title":"Un paseo con el se\u00f1or Gaud\u00ed - Editorial Juventud","og_description":"El se\u00f1or Gaud\u00ed vive en un lugar muy particular, el Park G\u00fcell, que ha construido para el conde G\u00fcell en Barcelona. Cada ma\u00f1ana, sale a trabajar y a","og_url":"https:\/\/www.editorialjuventud.es\/un-paseo-con-el-senor-gaudi-9788426139528\/","og_site_name":"Editorial Juventud","article_modified_time":"2026-03-25T11:15:24+00:00","og_image":[{"width":346,"height":450,"url":"https:\/\/www.editorialjuventud.es\/wp-content\/uploads\/3952.jpg","type":"image\/jpeg"}],"twitter_card":"summary_large_image","twitter_misc":{"Temps estimat de lectura":"1 minut"},"schema":{"@context":"https:\/\/schema.org","@graph":[{"@type":"WebPage","@id":"https:\/\/www.editorialjuventud.es\/un-paseo-con-el-senor-gaudi-9788426139528\/","url":"https:\/\/www.editorialjuventud.es\/un-paseo-con-el-senor-gaudi-9788426139528\/","name":"Un paseo con el se\u00f1or Gaud\u00ed - Editorial Juventud","isPartOf":{"@id":"https:\/\/www.editorialjuventud.es\/#website"},"primaryImageOfPage":{"@id":"https:\/\/www.editorialjuventud.es\/un-paseo-con-el-senor-gaudi-9788426139528\/#primaryimage"},"image":{"@id":"https:\/\/www.editorialjuventud.es\/un-paseo-con-el-senor-gaudi-9788426139528\/#primaryimage"},"thumbnailUrl":"https:\/\/www.editorialjuventud.es\/wp-content\/uploads\/3952.jpg","datePublished":"2018-08-24T09:34:52+00:00","dateModified":"2026-03-25T11:15:24+00:00","description":"El se\u00f1or Gaud\u00ed vive en un lugar muy particular, el Park G\u00fcell, que ha construido para el conde G\u00fcell en Barcelona. Cada ma\u00f1ana, sale a trabajar y a","breadcrumb":{"@id":"https:\/\/www.editorialjuventud.es\/un-paseo-con-el-senor-gaudi-9788426139528\/#breadcrumb"},"inLanguage":"ca","potentialAction":[{"@type":"ReadAction","target":["https:\/\/www.editorialjuventud.es\/un-paseo-con-el-senor-gaudi-9788426139528\/"]}]},{"@type":"ImageObject","inLanguage":"ca","@id":"https:\/\/www.editorialjuventud.es\/un-paseo-con-el-senor-gaudi-9788426139528\/#primaryimage","url":"https:\/\/www.editorialjuventud.es\/wp-content\/uploads\/3952.jpg","contentUrl":"https:\/\/www.editorialjuventud.es\/wp-content\/uploads\/3952.jpg","width":346,"height":450,"caption":"3952.jpg"},{"@type":"BreadcrumbList","@id":"https:\/\/www.editorialjuventud.es\/un-paseo-con-el-senor-gaudi-9788426139528\/#breadcrumb","itemListElement":[{"@type":"ListItem","position":1,"name":"Portada","item":"https:\/\/www.editorialjuventud.es\/"},{"@type":"ListItem","position":2,"name":"cat\u00e1logo","item":"https:\/\/www.editorialjuventud.es\/coleccion\/catalogo\/"},{"@type":"ListItem","position":3,"name":"castellano","item":"https:\/\/www.editorialjuventud.es\/coleccion\/castellano\/"},{"@type":"ListItem","position":4,"name":"\u00c1lbumes Ilustrados","item":"https:\/\/www.editorialjuventud.es\/coleccion\/albumes-ilustrados\/"},{"@type":"ListItem","position":5,"name":"Arte y Creatividad","item":"https:\/\/www.editorialjuventud.es\/ca\/coleccion\/arte-y-creatividad\/"},{"@type":"ListItem","position":6,"name":"Un paseo con el se\u00f1or Gaud\u00ed"}]},{"@type":"WebSite","@id":"https:\/\/www.editorialjuventud.es\/#website","url":"https:\/\/www.editorialjuventud.es\/","name":"Editorial Juventud","description":"","potentialAction":[{"@type":"SearchAction","target":{"@type":"EntryPoint","urlTemplate":"https:\/\/www.editorialjuventud.es\/?s={search_term_string}"},"query-input":{"@type":"PropertyValueSpecification","valueRequired":true,"valueName":"search_term_string"}}],"inLanguage":"ca"}]}},"_links":{"self":[{"href":"https:\/\/www.editorialjuventud.es\/ca\/wp-json\/wp\/v2\/product\/5863","targetHints":{"allow":["GET"]}}],"collection":[{"href":"https:\/\/www.editorialjuventud.es\/ca\/wp-json\/wp\/v2\/product"}],"about":[{"href":"https:\/\/www.editorialjuventud.es\/ca\/wp-json\/wp\/v2\/types\/product"}],"wp:featuredmedia":[{"embeddable":true,"href":"https:\/\/www.editorialjuventud.es\/ca\/wp-json\/wp\/v2\/media\/14953"}],"wp:attachment":[{"href":"https:\/\/www.editorialjuventud.es\/ca\/wp-json\/wp\/v2\/media?parent=5863"}],"wp:term":[{"taxonomy":"product_brand","embeddable":true,"href":"https:\/\/www.editorialjuventud.es\/ca\/wp-json\/wp\/v2\/product_brand?post=5863"},{"taxonomy":"product_cat","embeddable":true,"href":"https:\/\/www.editorialjuventud.es\/ca\/wp-json\/wp\/v2\/product_cat?post=5863"},{"taxonomy":"product_tag","embeddable":true,"href":"https:\/\/www.editorialjuventud.es\/ca\/wp-json\/wp\/v2\/product_tag?post=5863"},{"taxonomy":"coleccion","embeddable":true,"href":"https:\/\/www.editorialjuventud.es\/ca\/wp-json\/wp\/v2\/coleccion?post=5863"}],"curies":[{"name":"wp","href":"https:\/\/api.w.org\/{rel}","templated":true}]}}