{"id":52246,"date":"2021-04-12T09:46:33","date_gmt":"2021-04-12T07:46:33","guid":{"rendered":"https:\/\/www.editorialjuventud.es\/hola-oscuridad-no-tengas-miedo-9788426147158\/"},"modified":"2025-01-22T12:45:41","modified_gmt":"2025-01-22T11:45:41","slug":"hola-oscuridad-no-tengas-miedo-9788426147158","status":"publish","type":"product","link":"https:\/\/www.editorialjuventud.es\/ca\/hola-oscuridad-no-tengas-miedo-9788426147158\/","title":{"rendered":"\u00a1Hola oscuridad! \u00a1No tengas miedo!"},"content":{"rendered":"<p>Quiz\u00e1s tengas miedo de la oscuridad&#8230;, pero \u00bfsab\u00edas que ella te tiene miedo? \u00a1Pues s\u00ed!<br \/>La oscuridad se pasa los d\u00edas escondida para que t\u00fa no la veas&#8230;<\/p>\n<p>La oscuridad pasa los d\u00edas escondi\u00e9ndose de la luz en el caj\u00f3n de la ropa interior. La oscuridad piensa que eres terror\u00edfico. Es verdad que cuando se pone el sol, la oscuridad puede ser un poco dif\u00edcil de identificar&#8230; Pero con este libro aprender\u00e1s a hacerlo, a la vez que te convencer\u00e1s que realmente no es un monstruo nada terrible.<\/p>\n","protected":false},"excerpt":{"rendered":"Quiz\u00e1s tengas miedo de la oscuridad&#8230;, pero \u00bfsab\u00edas que ella te tiene miedo? \u00a1Pues s\u00ed!La oscuridad se pasa los d\u00edas escondida para que t\u00fa no la veas&#8230; La oscuridad pasa los d\u00edas escondi\u00e9ndose de la luz en el caj\u00f3n de [&hellip;]","protected":false},"featured_media":52247,"template":"","meta":{"_acf_changed":false,"_exactmetrics_skip_tracking":false,"_exactmetrics_sitenote_active":false,"_exactmetrics_sitenote_note":"","_exactmetrics_sitenote_category":0},"product_brand":[],"product_cat":[899,1121,1281,1165,1196,910],"product_tag":[],"coleccion":[916,990],"class_list":{"0":"post-52246","1":"product","2":"type-product","3":"status-publish","4":"has-post-thumbnail","6":"product_cat-a-partir-de-3-anos","7":"product_cat-albumes-ilustrados","8":"product_cat-aprendizaje","9":"product_cat-dormir-sueno","10":"product_cat-miedo-valentia","11":"product_cat-ultimas-novedades","12":"coleccion-castellano","13":"coleccion-cuentos-para-ir-a-la-cama","15":"first","16":"instock","17":"taxable","18":"shipping-taxable","19":"purchasable","20":"product-type-simple"},"acf":{"indice":"","autor":"Vegas, Peter","codart":"4715","ediciones":"2","encuadernacion":"Carton\u00e9","fecha_de_publicacion":"01\/04\/2021","fecha_de_reimpresion":"01\/04\/2022","novedad":"0","paginas":"36","subtitulo":"","texto_web_adicional":"","autores-libros":[52226],"ilustradores-libros":[52225],"texto_web_novedad":"","orden":"999","portada":"0","texto_web_resaltado":"","traductores-libros":[79898],"descripcion_corta":"","recomendamos":"","mas_vendido":"","idioma-libro":"","color":false,"formato":"","mas_informacion_del_producto":false,"premios":false,"deshabilitar_compra":[],"texto_enlace_cubierta":"","enlace_cubierta":{"ID":52270,"id":52270,"title":"cover QUIEN DIJO MIEDO (2 idiomas).indd","filename":"HOLA-OSCURIDAD-NO-TENGAS-MIEDO-COVER.jpg","filesize":2982255,"url":"https:\/\/www.editorialjuventud.es\/wp-content\/uploads\/HOLA-OSCURIDAD-NO-TENGAS-MIEDO-COVER.jpg","link":"https:\/\/www.editorialjuventud.es\/ca\/?attachment_id=52270","alt":"","author":"49","description":"","caption":"","name":"cover-quien-dijo-miedo-2-idiomas-indd-2","status":"inherit","uploaded_to":52246,"date":"2021-04-12 10:56:59","modified":"2021-04-12 10:56:59","menu_order":0,"mime_type":"image\/jpeg","type":"image","subtype":"jpeg","icon":"https:\/\/www.editorialjuventud.es\/wp-includes\/images\/media\/default.png","width":2464,"height":3376,"sizes":{"thumbnail":"https:\/\/www.editorialjuventud.es\/wp-content\/uploads\/HOLA-OSCURIDAD-NO-TENGAS-MIEDO-COVER-200x200.jpg","thumbnail-width":200,"thumbnail-height":200,"medium":"https:\/\/www.editorialjuventud.es\/wp-content\/uploads\/HOLA-OSCURIDAD-NO-TENGAS-MIEDO-COVER.jpg","medium-width":2464,"medium-height":3376,"medium_large":"https:\/\/www.editorialjuventud.es\/wp-content\/uploads\/HOLA-OSCURIDAD-NO-TENGAS-MIEDO-COVER-768x1052.jpg","medium_large-width":768,"medium_large-height":1052,"large":"https:\/\/www.editorialjuventud.es\/wp-content\/uploads\/HOLA-OSCURIDAD-NO-TENGAS-MIEDO-COVER.jpg","large-width":2464,"large-height":3376,"1536x1536":"https:\/\/www.editorialjuventud.es\/wp-content\/uploads\/HOLA-OSCURIDAD-NO-TENGAS-MIEDO-COVER.jpg","1536x1536-width":1121,"1536x1536-height":1536,"2048x2048":"https:\/\/www.editorialjuventud.es\/wp-content\/uploads\/HOLA-OSCURIDAD-NO-TENGAS-MIEDO-COVER.jpg","2048x2048-width":1495,"2048x2048-height":2048,"woocommerce_thumbnail":"https:\/\/www.editorialjuventud.es\/wp-content\/uploads\/HOLA-OSCURIDAD-NO-TENGAS-MIEDO-COVER-350x480.jpg","woocommerce_thumbnail-width":350,"woocommerce_thumbnail-height":480,"woocommerce_single":"https:\/\/www.editorialjuventud.es\/wp-content\/uploads\/HOLA-OSCURIDAD-NO-TENGAS-MIEDO-COVER-900x1233.jpg","woocommerce_single-width":900,"woocommerce_single-height":1233,"woocommerce_gallery_thumbnail":"https:\/\/www.editorialjuventud.es\/wp-content\/uploads\/HOLA-OSCURIDAD-NO-TENGAS-MIEDO-COVER-100x100.jpg","woocommerce_gallery_thumbnail-width":100,"woocommerce_gallery_thumbnail-height":100,"ppec_logo_image_size":"https:\/\/www.editorialjuventud.es\/wp-content\/uploads\/HOLA-OSCURIDAD-NO-TENGAS-MIEDO-COVER.jpg","ppec_logo_image_size-width":44,"ppec_logo_image_size-height":60,"ppec_header_image_size":"https:\/\/www.editorialjuventud.es\/wp-content\/uploads\/HOLA-OSCURIDAD-NO-TENGAS-MIEDO-COVER.jpg","ppec_header_image_size-width":66,"ppec_header_image_size-height":90}},"texto_enlace_ficha_tecnica":"","enlace_ficha_tecnica":{"ID":52607,"id":52607,"title":"Ficha_Hola_oscuridad_no_tengas_miedo","filename":"Ficha_Hola_oscuridad_no_tengas_miedo.pdf","filesize":738238,"url":"https:\/\/www.editorialjuventud.es\/wp-content\/uploads\/Ficha_Hola_oscuridad_no_tengas_miedo.pdf","link":"https:\/\/www.editorialjuventud.es\/ca\/?attachment_id=52607","alt":"","author":"47","description":"","caption":"","name":"ficha_hola_oscuridad_no_tengas_miedo","status":"inherit","uploaded_to":52246,"date":"2021-04-19 12:17:54","modified":"2021-04-19 12:17:54","menu_order":0,"mime_type":"application\/pdf","type":"application","subtype":"pdf","icon":"https:\/\/www.editorialjuventud.es\/wp-includes\/images\/media\/document.png"},"ficheros":false,"titulo-fr":"","texto-fr":""},"yoast_head":"<!-- This site is optimized with the Yoast SEO plugin v27.3 - https:\/\/yoast.com\/product\/yoast-seo-wordpress\/ -->\n<title>\u00a1Hola oscuridad! \u00a1No tengas miedo! - Editorial Juventud<\/title>\n<meta name=\"description\" content=\"Quiz\u00e1s tengas miedo de la oscuridad..., pero \u00bfsab\u00edas que ella te tiene miedo? \u00a1Pues s\u00ed!La oscuridad se pasa los d\u00edas escondida para que t\u00fa no la veas...La\" \/>\n<meta name=\"robots\" content=\"index, follow, max-snippet:-1, max-image-preview:large, max-video-preview:-1\" \/>\n<link rel=\"canonical\" href=\"https:\/\/www.editorialjuventud.es\/hola-oscuridad-no-tengas-miedo-9788426147158\/\" \/>\n<meta property=\"og:locale\" content=\"ca_ES\" \/>\n<meta property=\"og:type\" content=\"article\" \/>\n<meta property=\"og:title\" content=\"\u00a1Hola oscuridad! \u00a1No tengas miedo! - Editorial Juventud\" \/>\n<meta property=\"og:description\" content=\"Quiz\u00e1s tengas miedo de la oscuridad..., pero \u00bfsab\u00edas que ella te tiene miedo? \u00a1Pues s\u00ed!La oscuridad se pasa los d\u00edas escondida para que t\u00fa no la veas...La\" \/>\n<meta property=\"og:url\" content=\"https:\/\/www.editorialjuventud.es\/hola-oscuridad-no-tengas-miedo-9788426147158\/\" \/>\n<meta property=\"og:site_name\" content=\"Editorial Juventud\" \/>\n<meta property=\"article:modified_time\" content=\"2025-01-22T11:45:41+00:00\" \/>\n<meta property=\"og:image\" content=\"https:\/\/www.editorialjuventud.es\/wp-content\/uploads\/9788426147158.jpg\" \/>\n\t<meta property=\"og:image:width\" content=\"876\" \/>\n\t<meta property=\"og:image:height\" content=\"1200\" \/>\n\t<meta property=\"og:image:type\" content=\"image\/jpeg\" \/>\n<meta name=\"twitter:card\" content=\"summary_large_image\" \/>\n<script type=\"application\/ld+json\" class=\"yoast-schema-graph\">{\"@context\":\"https:\\\/\\\/schema.org\",\"@graph\":[{\"@type\":\"WebPage\",\"@id\":\"https:\\\/\\\/www.editorialjuventud.es\\\/hola-oscuridad-no-tengas-miedo-9788426147158\\\/\",\"url\":\"https:\\\/\\\/www.editorialjuventud.es\\\/hola-oscuridad-no-tengas-miedo-9788426147158\\\/\",\"name\":\"\u00a1Hola oscuridad! \u00a1No tengas miedo! - Editorial Juventud\",\"isPartOf\":{\"@id\":\"https:\\\/\\\/www.editorialjuventud.es\\\/#website\"},\"primaryImageOfPage\":{\"@id\":\"https:\\\/\\\/www.editorialjuventud.es\\\/hola-oscuridad-no-tengas-miedo-9788426147158\\\/#primaryimage\"},\"image\":{\"@id\":\"https:\\\/\\\/www.editorialjuventud.es\\\/hola-oscuridad-no-tengas-miedo-9788426147158\\\/#primaryimage\"},\"thumbnailUrl\":\"https:\\\/\\\/www.editorialjuventud.es\\\/wp-content\\\/uploads\\\/9788426147158.jpg\",\"datePublished\":\"2021-04-12T07:46:33+00:00\",\"dateModified\":\"2025-01-22T11:45:41+00:00\",\"description\":\"Quiz\u00e1s tengas miedo de la oscuridad..., pero \u00bfsab\u00edas que ella te tiene miedo? \u00a1Pues s\u00ed!La oscuridad se pasa los d\u00edas escondida para que t\u00fa no la veas...La\",\"breadcrumb\":{\"@id\":\"https:\\\/\\\/www.editorialjuventud.es\\\/hola-oscuridad-no-tengas-miedo-9788426147158\\\/#breadcrumb\"},\"inLanguage\":\"ca\",\"potentialAction\":[{\"@type\":\"ReadAction\",\"target\":[\"https:\\\/\\\/www.editorialjuventud.es\\\/hola-oscuridad-no-tengas-miedo-9788426147158\\\/\"]}]},{\"@type\":\"ImageObject\",\"inLanguage\":\"ca\",\"@id\":\"https:\\\/\\\/www.editorialjuventud.es\\\/hola-oscuridad-no-tengas-miedo-9788426147158\\\/#primaryimage\",\"url\":\"https:\\\/\\\/www.editorialjuventud.es\\\/wp-content\\\/uploads\\\/9788426147158.jpg\",\"contentUrl\":\"https:\\\/\\\/www.editorialjuventud.es\\\/wp-content\\\/uploads\\\/9788426147158.jpg\",\"width\":876,\"height\":1200,\"caption\":\"9788426147158.jpg\"},{\"@type\":\"BreadcrumbList\",\"@id\":\"https:\\\/\\\/www.editorialjuventud.es\\\/hola-oscuridad-no-tengas-miedo-9788426147158\\\/#breadcrumb\",\"itemListElement\":[{\"@type\":\"ListItem\",\"position\":1,\"name\":\"Portada\",\"item\":\"https:\\\/\\\/www.editorialjuventud.es\\\/\"},{\"@type\":\"ListItem\",\"position\":2,\"name\":\"cat\u00e1logo\",\"item\":\"https:\\\/\\\/www.editorialjuventud.es\\\/coleccion\\\/catalogo\\\/\"},{\"@type\":\"ListItem\",\"position\":3,\"name\":\"castellano\",\"item\":\"https:\\\/\\\/www.editorialjuventud.es\\\/coleccion\\\/castellano\\\/\"},{\"@type\":\"ListItem\",\"position\":4,\"name\":\"\u00c1lbumes Ilustrados\",\"item\":\"https:\\\/\\\/www.editorialjuventud.es\\\/coleccion\\\/albumes-ilustrados\\\/\"},{\"@type\":\"ListItem\",\"position\":5,\"name\":\"Cuentos para Ir a la Cama\",\"item\":\"https:\\\/\\\/www.editorialjuventud.es\\\/coleccion\\\/cuentos-para-ir-a-la-cama\\\/\"},{\"@type\":\"ListItem\",\"position\":6,\"name\":\"\u00a1Hola oscuridad! \u00a1No tengas miedo!\"}]},{\"@type\":\"WebSite\",\"@id\":\"https:\\\/\\\/www.editorialjuventud.es\\\/#website\",\"url\":\"https:\\\/\\\/www.editorialjuventud.es\\\/\",\"name\":\"Editorial Juventud\",\"description\":\"\",\"potentialAction\":[{\"@type\":\"SearchAction\",\"target\":{\"@type\":\"EntryPoint\",\"urlTemplate\":\"https:\\\/\\\/www.editorialjuventud.es\\\/?s={search_term_string}\"},\"query-input\":{\"@type\":\"PropertyValueSpecification\",\"valueRequired\":true,\"valueName\":\"search_term_string\"}}],\"inLanguage\":\"ca\"}]}<\/script>\n<!-- \/ Yoast SEO plugin. -->","yoast_head_json":{"title":"\u00a1Hola oscuridad! \u00a1No tengas miedo! - Editorial Juventud","description":"Quiz\u00e1s tengas miedo de la oscuridad..., pero \u00bfsab\u00edas que ella te tiene miedo? \u00a1Pues s\u00ed!La oscuridad se pasa los d\u00edas escondida para que t\u00fa no la veas...La","robots":{"index":"index","follow":"follow","max-snippet":"max-snippet:-1","max-image-preview":"max-image-preview:large","max-video-preview":"max-video-preview:-1"},"canonical":"https:\/\/www.editorialjuventud.es\/hola-oscuridad-no-tengas-miedo-9788426147158\/","og_locale":"ca_ES","og_type":"article","og_title":"\u00a1Hola oscuridad! \u00a1No tengas miedo! - Editorial Juventud","og_description":"Quiz\u00e1s tengas miedo de la oscuridad..., pero \u00bfsab\u00edas que ella te tiene miedo? \u00a1Pues s\u00ed!La oscuridad se pasa los d\u00edas escondida para que t\u00fa no la veas...La","og_url":"https:\/\/www.editorialjuventud.es\/hola-oscuridad-no-tengas-miedo-9788426147158\/","og_site_name":"Editorial Juventud","article_modified_time":"2025-01-22T11:45:41+00:00","og_image":[{"width":876,"height":1200,"url":"https:\/\/www.editorialjuventud.es\/wp-content\/uploads\/9788426147158.jpg","type":"image\/jpeg"}],"twitter_card":"summary_large_image","schema":{"@context":"https:\/\/schema.org","@graph":[{"@type":"WebPage","@id":"https:\/\/www.editorialjuventud.es\/hola-oscuridad-no-tengas-miedo-9788426147158\/","url":"https:\/\/www.editorialjuventud.es\/hola-oscuridad-no-tengas-miedo-9788426147158\/","name":"\u00a1Hola oscuridad! \u00a1No tengas miedo! - Editorial Juventud","isPartOf":{"@id":"https:\/\/www.editorialjuventud.es\/#website"},"primaryImageOfPage":{"@id":"https:\/\/www.editorialjuventud.es\/hola-oscuridad-no-tengas-miedo-9788426147158\/#primaryimage"},"image":{"@id":"https:\/\/www.editorialjuventud.es\/hola-oscuridad-no-tengas-miedo-9788426147158\/#primaryimage"},"thumbnailUrl":"https:\/\/www.editorialjuventud.es\/wp-content\/uploads\/9788426147158.jpg","datePublished":"2021-04-12T07:46:33+00:00","dateModified":"2025-01-22T11:45:41+00:00","description":"Quiz\u00e1s tengas miedo de la oscuridad..., pero \u00bfsab\u00edas que ella te tiene miedo? \u00a1Pues s\u00ed!La oscuridad se pasa los d\u00edas escondida para que t\u00fa no la veas...La","breadcrumb":{"@id":"https:\/\/www.editorialjuventud.es\/hola-oscuridad-no-tengas-miedo-9788426147158\/#breadcrumb"},"inLanguage":"ca","potentialAction":[{"@type":"ReadAction","target":["https:\/\/www.editorialjuventud.es\/hola-oscuridad-no-tengas-miedo-9788426147158\/"]}]},{"@type":"ImageObject","inLanguage":"ca","@id":"https:\/\/www.editorialjuventud.es\/hola-oscuridad-no-tengas-miedo-9788426147158\/#primaryimage","url":"https:\/\/www.editorialjuventud.es\/wp-content\/uploads\/9788426147158.jpg","contentUrl":"https:\/\/www.editorialjuventud.es\/wp-content\/uploads\/9788426147158.jpg","width":876,"height":1200,"caption":"9788426147158.jpg"},{"@type":"BreadcrumbList","@id":"https:\/\/www.editorialjuventud.es\/hola-oscuridad-no-tengas-miedo-9788426147158\/#breadcrumb","itemListElement":[{"@type":"ListItem","position":1,"name":"Portada","item":"https:\/\/www.editorialjuventud.es\/"},{"@type":"ListItem","position":2,"name":"cat\u00e1logo","item":"https:\/\/www.editorialjuventud.es\/coleccion\/catalogo\/"},{"@type":"ListItem","position":3,"name":"castellano","item":"https:\/\/www.editorialjuventud.es\/coleccion\/castellano\/"},{"@type":"ListItem","position":4,"name":"\u00c1lbumes Ilustrados","item":"https:\/\/www.editorialjuventud.es\/coleccion\/albumes-ilustrados\/"},{"@type":"ListItem","position":5,"name":"Cuentos para Ir a la Cama","item":"https:\/\/www.editorialjuventud.es\/coleccion\/cuentos-para-ir-a-la-cama\/"},{"@type":"ListItem","position":6,"name":"\u00a1Hola oscuridad! \u00a1No tengas miedo!"}]},{"@type":"WebSite","@id":"https:\/\/www.editorialjuventud.es\/#website","url":"https:\/\/www.editorialjuventud.es\/","name":"Editorial Juventud","description":"","potentialAction":[{"@type":"SearchAction","target":{"@type":"EntryPoint","urlTemplate":"https:\/\/www.editorialjuventud.es\/?s={search_term_string}"},"query-input":{"@type":"PropertyValueSpecification","valueRequired":true,"valueName":"search_term_string"}}],"inLanguage":"ca"}]}},"_links":{"self":[{"href":"https:\/\/www.editorialjuventud.es\/ca\/wp-json\/wp\/v2\/product\/52246","targetHints":{"allow":["GET"]}}],"collection":[{"href":"https:\/\/www.editorialjuventud.es\/ca\/wp-json\/wp\/v2\/product"}],"about":[{"href":"https:\/\/www.editorialjuventud.es\/ca\/wp-json\/wp\/v2\/types\/product"}],"wp:featuredmedia":[{"embeddable":true,"href":"https:\/\/www.editorialjuventud.es\/ca\/wp-json\/wp\/v2\/media\/52247"}],"wp:attachment":[{"href":"https:\/\/www.editorialjuventud.es\/ca\/wp-json\/wp\/v2\/media?parent=52246"}],"wp:term":[{"taxonomy":"product_brand","embeddable":true,"href":"https:\/\/www.editorialjuventud.es\/ca\/wp-json\/wp\/v2\/product_brand?post=52246"},{"taxonomy":"product_cat","embeddable":true,"href":"https:\/\/www.editorialjuventud.es\/ca\/wp-json\/wp\/v2\/product_cat?post=52246"},{"taxonomy":"product_tag","embeddable":true,"href":"https:\/\/www.editorialjuventud.es\/ca\/wp-json\/wp\/v2\/product_tag?post=52246"},{"taxonomy":"coleccion","embeddable":true,"href":"https:\/\/www.editorialjuventud.es\/ca\/wp-json\/wp\/v2\/coleccion?post=52246"}],"curies":[{"name":"wp","href":"https:\/\/api.w.org\/{rel}","templated":true}]}}