{"id":5130,"date":"2018-08-24T12:25:10","date_gmt":"2018-08-24T08:25:10","guid":{"rendered":"http:\/\/www.editorialjuventud.es\/el-cadaques-de-pla\/"},"modified":"2025-07-23T09:26:12","modified_gmt":"2025-07-23T07:26:12","slug":"el-cadaques-de-pla-9788426129925","status":"publish","type":"product","link":"https:\/\/www.editorialjuventud.es\/ca\/el-cadaques-de-pla-9788426129925\/","title":{"rendered":"El Cadaqu\u00e9s de Pla"},"content":{"rendered":"<p>Hay quien considera que Cadaqu\u00e9s es uno de los lugares m\u00e1s bellos del Mediterr\u00e1neo, pero por discreci\u00f3n y timidez se abstiene de manifestarlo. Otros, empeque\u00f1eciendo el Mediterr\u00e1neo, proclaman a los cuatro vientos que Cadaqu\u00e9s es el pueblo m\u00e1s bonito del mundo. Esta es la opini\u00f3n de Salvador Dal\u00ed&#8230; Josep Pla me mostr\u00f3 el camino para disfrutar del encanto de m\u00e1s de un rinc\u00f3n de la villa por donde hab\u00eda pasado centenares de veces sin prestarle atenci\u00f3n; aprend\u00ed a deleitarme con la luz sutil de un atardecer de calma blanca, y a\u00fan a disfrutar de una visi\u00f3n de la bah\u00eda convertida en una alfombra de un azul intenso con manchas blancas y verdes bajo el azote del fuerte temporal de tramontana. Josep Pla dec\u00eda que alg\u00fan d\u00eda se escribir\u00eda un libro, un gran libro sobre mi pueblo. Yo, francamente, no soy de la misma opini\u00f3n, porque el Cadaqu\u00e9s que \u00e9l escribi\u00f3, es dif\u00edcilmente superable, incluso me atrever\u00eda a afirmar que es pr\u00e1cticamente imposible.  Pero el eminente escritor no sab\u00eda que un d\u00eda aparecer\u00eda este libro de magn\u00edficas fotograf\u00edas, en las cuales Joaqu\u00edn Castells plasma con una fuerza cautivadora toda la belleza de un Cadaqu\u00e9s que incluso parece vaporoso, intangible, irreal&#8230; Y si estas im\u00e1genes van acompa\u00f1adas de escogidos fragmentos del Cadaqu\u00e9s de Josep Pla, el efecto del resultado no puede ser sino absolutamente sorprendente&#8230;Heribert Gispert i Ribot.<\/p>\n","protected":false},"excerpt":{"rendered":"Hay quien considera que Cadaqu\u00e9s es uno de los lugares m\u00e1s bellos del Mediterr\u00e1neo, pero por discreci\u00f3n y timidez se abstiene de manifestarlo. Otros, empeque\u00f1eciendo el Mediterr\u00e1neo, proclaman a los cuatro vientos que Cadaqu\u00e9s es el pueblo m\u00e1s bonito del [&hellip;]","protected":false},"featured_media":7224,"template":"","meta":{"_acf_changed":false,"_exactmetrics_skip_tracking":false,"_exactmetrics_sitenote_active":false,"_exactmetrics_sitenote_note":"","_exactmetrics_sitenote_category":0},"product_brand":[],"product_cat":[905,1117],"product_tag":[],"coleccion":[936,1088],"class_list":{"0":"post-5130","1":"product","2":"type-product","3":"status-publish","4":"has-post-thumbnail","6":"product_cat-adulto","7":"product_cat-no-ficcion-adulto","8":"coleccion-lecturas-en-torno-al-mar","9":"coleccion-narrativa-maritima-lecturas-entorno-al-mar","11":"first","12":"outofstock","13":"taxable","14":"shipping-taxable","15":"purchasable","16":"product-type-simple"},"acf":{"autor":"Castells, Kim","codart":"2992-7","ediciones":"0","encuadernacion":"Geltex","fecha_de_publicacion":"19\/07\/1996","novedad":"0","paginas":"166","subtitulo":"","texto_web_adicional":"","texto_web_novedad":"","orden":"999","portada":"0","texto_web_resaltado":"","autores-libros":[16271]},"yoast_head":"<!-- This site is optimized with the Yoast SEO plugin v27.3 - https:\/\/yoast.com\/product\/yoast-seo-wordpress\/ -->\n<title>El Cadaqu\u00e9s de Pla - Editorial Juventud<\/title>\n<meta name=\"description\" content=\"Hay quien considera que Cadaqu\u00e9s es uno de los lugares m\u00e1s bellos del Mediterr\u00e1neo, pero por discreci\u00f3n y timidez se abstiene de manifestarlo. Otros,\" \/>\n<meta name=\"robots\" content=\"index, follow, max-snippet:-1, max-image-preview:large, max-video-preview:-1\" \/>\n<link rel=\"canonical\" href=\"https:\/\/www.editorialjuventud.es\/el-cadaques-de-pla-9788426129925\/\" \/>\n<meta property=\"og:locale\" content=\"ca_ES\" \/>\n<meta property=\"og:type\" content=\"article\" \/>\n<meta property=\"og:title\" content=\"El Cadaqu\u00e9s de Pla - Editorial Juventud\" \/>\n<meta property=\"og:description\" content=\"Hay quien considera que Cadaqu\u00e9s es uno de los lugares m\u00e1s bellos del Mediterr\u00e1neo, pero por discreci\u00f3n y timidez se abstiene de manifestarlo. Otros,\" \/>\n<meta property=\"og:url\" content=\"https:\/\/www.editorialjuventud.es\/el-cadaques-de-pla-9788426129925\/\" \/>\n<meta property=\"og:site_name\" content=\"Editorial Juventud\" \/>\n<meta property=\"article:modified_time\" content=\"2025-07-23T07:26:12+00:00\" \/>\n<meta property=\"og:image\" content=\"https:\/\/www.editorialjuventud.es\/wp-content\/uploads\/2992.jpg\" \/>\n\t<meta property=\"og:image:width\" content=\"296\" \/>\n\t<meta property=\"og:image:height\" content=\"230\" \/>\n\t<meta property=\"og:image:type\" content=\"image\/jpeg\" \/>\n<meta name=\"twitter:card\" content=\"summary_large_image\" \/>\n<meta name=\"twitter:label1\" content=\"Temps estimat de lectura\" \/>\n\t<meta name=\"twitter:data1\" content=\"1 minut\" \/>\n<script type=\"application\/ld+json\" class=\"yoast-schema-graph\">{\"@context\":\"https:\\\/\\\/schema.org\",\"@graph\":[{\"@type\":\"WebPage\",\"@id\":\"https:\\\/\\\/www.editorialjuventud.es\\\/el-cadaques-de-pla-9788426129925\\\/\",\"url\":\"https:\\\/\\\/www.editorialjuventud.es\\\/el-cadaques-de-pla-9788426129925\\\/\",\"name\":\"El Cadaqu\u00e9s de Pla - Editorial Juventud\",\"isPartOf\":{\"@id\":\"https:\\\/\\\/www.editorialjuventud.es\\\/#website\"},\"primaryImageOfPage\":{\"@id\":\"https:\\\/\\\/www.editorialjuventud.es\\\/el-cadaques-de-pla-9788426129925\\\/#primaryimage\"},\"image\":{\"@id\":\"https:\\\/\\\/www.editorialjuventud.es\\\/el-cadaques-de-pla-9788426129925\\\/#primaryimage\"},\"thumbnailUrl\":\"https:\\\/\\\/www.editorialjuventud.es\\\/wp-content\\\/uploads\\\/2992.jpg\",\"datePublished\":\"2018-08-24T08:25:10+00:00\",\"dateModified\":\"2025-07-23T07:26:12+00:00\",\"description\":\"Hay quien considera que Cadaqu\u00e9s es uno de los lugares m\u00e1s bellos del Mediterr\u00e1neo, pero por discreci\u00f3n y timidez se abstiene de manifestarlo. Otros,\",\"breadcrumb\":{\"@id\":\"https:\\\/\\\/www.editorialjuventud.es\\\/el-cadaques-de-pla-9788426129925\\\/#breadcrumb\"},\"inLanguage\":\"ca\",\"potentialAction\":[{\"@type\":\"ReadAction\",\"target\":[\"https:\\\/\\\/www.editorialjuventud.es\\\/el-cadaques-de-pla-9788426129925\\\/\"]}]},{\"@type\":\"ImageObject\",\"inLanguage\":\"ca\",\"@id\":\"https:\\\/\\\/www.editorialjuventud.es\\\/el-cadaques-de-pla-9788426129925\\\/#primaryimage\",\"url\":\"https:\\\/\\\/www.editorialjuventud.es\\\/wp-content\\\/uploads\\\/2992.jpg\",\"contentUrl\":\"https:\\\/\\\/www.editorialjuventud.es\\\/wp-content\\\/uploads\\\/2992.jpg\",\"width\":296,\"height\":230,\"caption\":\"2992.jpg\"},{\"@type\":\"BreadcrumbList\",\"@id\":\"https:\\\/\\\/www.editorialjuventud.es\\\/el-cadaques-de-pla-9788426129925\\\/#breadcrumb\",\"itemListElement\":[{\"@type\":\"ListItem\",\"position\":1,\"name\":\"Portada\",\"item\":\"https:\\\/\\\/www.editorialjuventud.es\\\/\"},{\"@type\":\"ListItem\",\"position\":2,\"name\":\"cat\u00e1logo\",\"item\":\"https:\\\/\\\/www.editorialjuventud.es\\\/coleccion\\\/catalogo\\\/\"},{\"@type\":\"ListItem\",\"position\":3,\"name\":\"castellano\",\"item\":\"https:\\\/\\\/www.editorialjuventud.es\\\/coleccion\\\/castellano\\\/\"},{\"@type\":\"ListItem\",\"position\":4,\"name\":\"Lecturas En torno al Mar\",\"item\":\"https:\\\/\\\/www.editorialjuventud.es\\\/coleccion\\\/lecturas-en-torno-al-mar\\\/\"},{\"@type\":\"ListItem\",\"position\":5,\"name\":\"Narrativa Mar\u00edtima\",\"item\":\"https:\\\/\\\/www.editorialjuventud.es\\\/ca\\\/coleccion\\\/narrativa-maritima-lecturas-entorno-al-mar\\\/\"},{\"@type\":\"ListItem\",\"position\":6,\"name\":\"El Cadaqu\u00e9s de Pla\"}]},{\"@type\":\"WebSite\",\"@id\":\"https:\\\/\\\/www.editorialjuventud.es\\\/#website\",\"url\":\"https:\\\/\\\/www.editorialjuventud.es\\\/\",\"name\":\"Editorial Juventud\",\"description\":\"\",\"potentialAction\":[{\"@type\":\"SearchAction\",\"target\":{\"@type\":\"EntryPoint\",\"urlTemplate\":\"https:\\\/\\\/www.editorialjuventud.es\\\/?s={search_term_string}\"},\"query-input\":{\"@type\":\"PropertyValueSpecification\",\"valueRequired\":true,\"valueName\":\"search_term_string\"}}],\"inLanguage\":\"ca\"}]}<\/script>\n<!-- \/ Yoast SEO plugin. -->","yoast_head_json":{"title":"El Cadaqu\u00e9s de Pla - Editorial Juventud","description":"Hay quien considera que Cadaqu\u00e9s es uno de los lugares m\u00e1s bellos del Mediterr\u00e1neo, pero por discreci\u00f3n y timidez se abstiene de manifestarlo. Otros,","robots":{"index":"index","follow":"follow","max-snippet":"max-snippet:-1","max-image-preview":"max-image-preview:large","max-video-preview":"max-video-preview:-1"},"canonical":"https:\/\/www.editorialjuventud.es\/el-cadaques-de-pla-9788426129925\/","og_locale":"ca_ES","og_type":"article","og_title":"El Cadaqu\u00e9s de Pla - Editorial Juventud","og_description":"Hay quien considera que Cadaqu\u00e9s es uno de los lugares m\u00e1s bellos del Mediterr\u00e1neo, pero por discreci\u00f3n y timidez se abstiene de manifestarlo. Otros,","og_url":"https:\/\/www.editorialjuventud.es\/el-cadaques-de-pla-9788426129925\/","og_site_name":"Editorial Juventud","article_modified_time":"2025-07-23T07:26:12+00:00","og_image":[{"width":296,"height":230,"url":"https:\/\/www.editorialjuventud.es\/wp-content\/uploads\/2992.jpg","type":"image\/jpeg"}],"twitter_card":"summary_large_image","twitter_misc":{"Temps estimat de lectura":"1 minut"},"schema":{"@context":"https:\/\/schema.org","@graph":[{"@type":"WebPage","@id":"https:\/\/www.editorialjuventud.es\/el-cadaques-de-pla-9788426129925\/","url":"https:\/\/www.editorialjuventud.es\/el-cadaques-de-pla-9788426129925\/","name":"El Cadaqu\u00e9s de Pla - Editorial Juventud","isPartOf":{"@id":"https:\/\/www.editorialjuventud.es\/#website"},"primaryImageOfPage":{"@id":"https:\/\/www.editorialjuventud.es\/el-cadaques-de-pla-9788426129925\/#primaryimage"},"image":{"@id":"https:\/\/www.editorialjuventud.es\/el-cadaques-de-pla-9788426129925\/#primaryimage"},"thumbnailUrl":"https:\/\/www.editorialjuventud.es\/wp-content\/uploads\/2992.jpg","datePublished":"2018-08-24T08:25:10+00:00","dateModified":"2025-07-23T07:26:12+00:00","description":"Hay quien considera que Cadaqu\u00e9s es uno de los lugares m\u00e1s bellos del Mediterr\u00e1neo, pero por discreci\u00f3n y timidez se abstiene de manifestarlo. Otros,","breadcrumb":{"@id":"https:\/\/www.editorialjuventud.es\/el-cadaques-de-pla-9788426129925\/#breadcrumb"},"inLanguage":"ca","potentialAction":[{"@type":"ReadAction","target":["https:\/\/www.editorialjuventud.es\/el-cadaques-de-pla-9788426129925\/"]}]},{"@type":"ImageObject","inLanguage":"ca","@id":"https:\/\/www.editorialjuventud.es\/el-cadaques-de-pla-9788426129925\/#primaryimage","url":"https:\/\/www.editorialjuventud.es\/wp-content\/uploads\/2992.jpg","contentUrl":"https:\/\/www.editorialjuventud.es\/wp-content\/uploads\/2992.jpg","width":296,"height":230,"caption":"2992.jpg"},{"@type":"BreadcrumbList","@id":"https:\/\/www.editorialjuventud.es\/el-cadaques-de-pla-9788426129925\/#breadcrumb","itemListElement":[{"@type":"ListItem","position":1,"name":"Portada","item":"https:\/\/www.editorialjuventud.es\/"},{"@type":"ListItem","position":2,"name":"cat\u00e1logo","item":"https:\/\/www.editorialjuventud.es\/coleccion\/catalogo\/"},{"@type":"ListItem","position":3,"name":"castellano","item":"https:\/\/www.editorialjuventud.es\/coleccion\/castellano\/"},{"@type":"ListItem","position":4,"name":"Lecturas En torno al Mar","item":"https:\/\/www.editorialjuventud.es\/coleccion\/lecturas-en-torno-al-mar\/"},{"@type":"ListItem","position":5,"name":"Narrativa Mar\u00edtima","item":"https:\/\/www.editorialjuventud.es\/ca\/coleccion\/narrativa-maritima-lecturas-entorno-al-mar\/"},{"@type":"ListItem","position":6,"name":"El Cadaqu\u00e9s de Pla"}]},{"@type":"WebSite","@id":"https:\/\/www.editorialjuventud.es\/#website","url":"https:\/\/www.editorialjuventud.es\/","name":"Editorial Juventud","description":"","potentialAction":[{"@type":"SearchAction","target":{"@type":"EntryPoint","urlTemplate":"https:\/\/www.editorialjuventud.es\/?s={search_term_string}"},"query-input":{"@type":"PropertyValueSpecification","valueRequired":true,"valueName":"search_term_string"}}],"inLanguage":"ca"}]}},"_links":{"self":[{"href":"https:\/\/www.editorialjuventud.es\/ca\/wp-json\/wp\/v2\/product\/5130","targetHints":{"allow":["GET"]}}],"collection":[{"href":"https:\/\/www.editorialjuventud.es\/ca\/wp-json\/wp\/v2\/product"}],"about":[{"href":"https:\/\/www.editorialjuventud.es\/ca\/wp-json\/wp\/v2\/types\/product"}],"wp:featuredmedia":[{"embeddable":true,"href":"https:\/\/www.editorialjuventud.es\/ca\/wp-json\/wp\/v2\/media\/7224"}],"wp:attachment":[{"href":"https:\/\/www.editorialjuventud.es\/ca\/wp-json\/wp\/v2\/media?parent=5130"}],"wp:term":[{"taxonomy":"product_brand","embeddable":true,"href":"https:\/\/www.editorialjuventud.es\/ca\/wp-json\/wp\/v2\/product_brand?post=5130"},{"taxonomy":"product_cat","embeddable":true,"href":"https:\/\/www.editorialjuventud.es\/ca\/wp-json\/wp\/v2\/product_cat?post=5130"},{"taxonomy":"product_tag","embeddable":true,"href":"https:\/\/www.editorialjuventud.es\/ca\/wp-json\/wp\/v2\/product_tag?post=5130"},{"taxonomy":"coleccion","embeddable":true,"href":"https:\/\/www.editorialjuventud.es\/ca\/wp-json\/wp\/v2\/coleccion?post=5130"}],"curies":[{"name":"wp","href":"https:\/\/api.w.org\/{rel}","templated":true}]}}