{"id":5126,"date":"2018-08-24T12:24:47","date_gmt":"2018-08-24T08:24:47","guid":{"rendered":"http:\/\/www.editorialjuventud.es\/libro-de-imagenes\/"},"modified":"2025-04-23T23:04:42","modified_gmt":"2025-04-23T21:04:42","slug":"libro-de-imagenes-9788426129512","status":"publish","type":"product","link":"https:\/\/www.editorialjuventud.es\/ca\/libro-de-imagenes-9788426129512\/","title":{"rendered":"Libro de im\u00e1genes"},"content":{"rendered":"<p>El primer libro de im\u00e1genes para los m\u00e1s peque\u00f1os. En cada p\u00e1gina se encuentra una espectacular ilustraci\u00f3n con la palabra que la define. Aunque todos los conceptos del libro forman parte del primer vocabulario de los beb\u00e9s (animales, juguetes, objetos cotidianos o del entorno, etc.) las acuarelas de Ian Beck le dan un punto surrealista que hacen de este libro una verdadera obra de arte a partir de la cual so\u00f1ar. Acompa\u00f1a a la entra\u00f1able protagonista a dar un paseo por su m\u00e1gico mundo y ense\u00f1a a los m\u00e1s peque\u00f1os sus primeras palabras incentivando su imaginaci\u00f3n.<\/p>\n","protected":false},"excerpt":{"rendered":"El primer libro de im\u00e1genes para los m\u00e1s peque\u00f1os. En cada p\u00e1gina se encuentra una espectacular ilustraci\u00f3n con la palabra que la define. Aunque todos los conceptos del libro forman parte del primer vocabulario de los beb\u00e9s (animales, juguetes, objetos [&hellip;]","protected":false},"featured_media":7200,"template":"","meta":{"_acf_changed":false,"_exactmetrics_skip_tracking":false,"_exactmetrics_sitenote_active":false,"_exactmetrics_sitenote_note":"","_exactmetrics_sitenote_category":0},"product_brand":[],"product_cat":[898,1121,907,1377,1213,1128],"product_tag":[],"coleccion":[928,916],"class_list":{"0":"post-5126","1":"product","2":"type-product","3":"status-publish","4":"has-post-thumbnail","6":"product_cat-a-partir-de-2-anos","7":"product_cat-albumes-ilustrados","8":"product_cat-de-0-a-2-anos","9":"product_cat-mis-imaginarios","10":"product_cat-primeros-conceptos","11":"product_cat-tematica","12":"coleccion-albumes-ilustrados","13":"coleccion-castellano","15":"first","16":"outofstock","17":"taxable","18":"shipping-taxable","19":"purchasable","20":"product-type-simple"},"acf":{"autor":"Beck, Ian","codart":"2951-X","ediciones":"0","encuadernacion":"Carton\u00e9","fecha_de_publicacion":"30\/11\/1995","novedad":"0","paginas":"40","subtitulo":"","texto_web_adicional":"","texto_web_novedad":"","orden":"999","portada":"0","texto_web_resaltado":"","autores-libros":[16219],"ilustradores-libros":[16219]},"yoast_head":"<!-- This site is optimized with the Yoast SEO plugin v27.3 - https:\/\/yoast.com\/product\/yoast-seo-wordpress\/ -->\n<title>Libro de im\u00e1genes - Editorial Juventud<\/title>\n<meta name=\"description\" content=\"El primer libro de im\u00e1genes para los m\u00e1s peque\u00f1os. En cada p\u00e1gina se encuentra una espectacular ilustraci\u00f3n con la palabra que la define. Aunque todos los\" \/>\n<meta name=\"robots\" content=\"index, follow, max-snippet:-1, max-image-preview:large, max-video-preview:-1\" \/>\n<link rel=\"canonical\" href=\"https:\/\/www.editorialjuventud.es\/libro-de-imagenes-9788426129512\/\" \/>\n<meta property=\"og:locale\" content=\"ca_ES\" \/>\n<meta property=\"og:type\" content=\"article\" \/>\n<meta property=\"og:title\" content=\"Libro de im\u00e1genes - Editorial Juventud\" \/>\n<meta property=\"og:description\" content=\"El primer libro de im\u00e1genes para los m\u00e1s peque\u00f1os. En cada p\u00e1gina se encuentra una espectacular ilustraci\u00f3n con la palabra que la define. Aunque todos los\" \/>\n<meta property=\"og:url\" content=\"https:\/\/www.editorialjuventud.es\/libro-de-imagenes-9788426129512\/\" \/>\n<meta property=\"og:site_name\" content=\"Editorial Juventud\" \/>\n<meta property=\"article:modified_time\" content=\"2025-04-23T21:04:42+00:00\" \/>\n<meta property=\"og:image\" content=\"https:\/\/www.editorialjuventud.es\/wp-content\/uploads\/2951.jpg\" \/>\n\t<meta property=\"og:image:width\" content=\"368\" \/>\n\t<meta property=\"og:image:height\" content=\"450\" \/>\n\t<meta property=\"og:image:type\" content=\"image\/jpeg\" \/>\n<meta name=\"twitter:card\" content=\"summary_large_image\" \/>\n<meta name=\"twitter:label1\" content=\"Temps estimat de lectura\" \/>\n\t<meta name=\"twitter:data1\" content=\"1 minut\" \/>\n<script type=\"application\/ld+json\" class=\"yoast-schema-graph\">{\"@context\":\"https:\\\/\\\/schema.org\",\"@graph\":[{\"@type\":\"WebPage\",\"@id\":\"https:\\\/\\\/www.editorialjuventud.es\\\/libro-de-imagenes-9788426129512\\\/\",\"url\":\"https:\\\/\\\/www.editorialjuventud.es\\\/libro-de-imagenes-9788426129512\\\/\",\"name\":\"Libro de im\u00e1genes - Editorial Juventud\",\"isPartOf\":{\"@id\":\"https:\\\/\\\/www.editorialjuventud.es\\\/#website\"},\"primaryImageOfPage\":{\"@id\":\"https:\\\/\\\/www.editorialjuventud.es\\\/libro-de-imagenes-9788426129512\\\/#primaryimage\"},\"image\":{\"@id\":\"https:\\\/\\\/www.editorialjuventud.es\\\/libro-de-imagenes-9788426129512\\\/#primaryimage\"},\"thumbnailUrl\":\"https:\\\/\\\/www.editorialjuventud.es\\\/wp-content\\\/uploads\\\/2951.jpg\",\"datePublished\":\"2018-08-24T08:24:47+00:00\",\"dateModified\":\"2025-04-23T21:04:42+00:00\",\"description\":\"El primer libro de im\u00e1genes para los m\u00e1s peque\u00f1os. En cada p\u00e1gina se encuentra una espectacular ilustraci\u00f3n con la palabra que la define. Aunque todos los\",\"breadcrumb\":{\"@id\":\"https:\\\/\\\/www.editorialjuventud.es\\\/libro-de-imagenes-9788426129512\\\/#breadcrumb\"},\"inLanguage\":\"ca\",\"potentialAction\":[{\"@type\":\"ReadAction\",\"target\":[\"https:\\\/\\\/www.editorialjuventud.es\\\/libro-de-imagenes-9788426129512\\\/\"]}]},{\"@type\":\"ImageObject\",\"inLanguage\":\"ca\",\"@id\":\"https:\\\/\\\/www.editorialjuventud.es\\\/libro-de-imagenes-9788426129512\\\/#primaryimage\",\"url\":\"https:\\\/\\\/www.editorialjuventud.es\\\/wp-content\\\/uploads\\\/2951.jpg\",\"contentUrl\":\"https:\\\/\\\/www.editorialjuventud.es\\\/wp-content\\\/uploads\\\/2951.jpg\",\"width\":368,\"height\":450,\"caption\":\"2951.jpg\"},{\"@type\":\"BreadcrumbList\",\"@id\":\"https:\\\/\\\/www.editorialjuventud.es\\\/libro-de-imagenes-9788426129512\\\/#breadcrumb\",\"itemListElement\":[{\"@type\":\"ListItem\",\"position\":1,\"name\":\"Portada\",\"item\":\"https:\\\/\\\/www.editorialjuventud.es\\\/\"},{\"@type\":\"ListItem\",\"position\":2,\"name\":\"cat\u00e1logo\",\"item\":\"https:\\\/\\\/www.editorialjuventud.es\\\/coleccion\\\/catalogo\\\/\"},{\"@type\":\"ListItem\",\"position\":3,\"name\":\"castellano\",\"item\":\"https:\\\/\\\/www.editorialjuventud.es\\\/coleccion\\\/castellano\\\/\"},{\"@type\":\"ListItem\",\"position\":4,\"name\":\"Mis Primeros Libros\",\"item\":\"https:\\\/\\\/www.editorialjuventud.es\\\/coleccion\\\/mis-primeros-libros\\\/\"},{\"@type\":\"ListItem\",\"position\":5,\"name\":\"Libro de im\u00e1genes\"}]},{\"@type\":\"WebSite\",\"@id\":\"https:\\\/\\\/www.editorialjuventud.es\\\/#website\",\"url\":\"https:\\\/\\\/www.editorialjuventud.es\\\/\",\"name\":\"Editorial Juventud\",\"description\":\"\",\"potentialAction\":[{\"@type\":\"SearchAction\",\"target\":{\"@type\":\"EntryPoint\",\"urlTemplate\":\"https:\\\/\\\/www.editorialjuventud.es\\\/?s={search_term_string}\"},\"query-input\":{\"@type\":\"PropertyValueSpecification\",\"valueRequired\":true,\"valueName\":\"search_term_string\"}}],\"inLanguage\":\"ca\"}]}<\/script>\n<!-- \/ Yoast SEO plugin. -->","yoast_head_json":{"title":"Libro de im\u00e1genes - Editorial Juventud","description":"El primer libro de im\u00e1genes para los m\u00e1s peque\u00f1os. En cada p\u00e1gina se encuentra una espectacular ilustraci\u00f3n con la palabra que la define. Aunque todos los","robots":{"index":"index","follow":"follow","max-snippet":"max-snippet:-1","max-image-preview":"max-image-preview:large","max-video-preview":"max-video-preview:-1"},"canonical":"https:\/\/www.editorialjuventud.es\/libro-de-imagenes-9788426129512\/","og_locale":"ca_ES","og_type":"article","og_title":"Libro de im\u00e1genes - Editorial Juventud","og_description":"El primer libro de im\u00e1genes para los m\u00e1s peque\u00f1os. En cada p\u00e1gina se encuentra una espectacular ilustraci\u00f3n con la palabra que la define. Aunque todos los","og_url":"https:\/\/www.editorialjuventud.es\/libro-de-imagenes-9788426129512\/","og_site_name":"Editorial Juventud","article_modified_time":"2025-04-23T21:04:42+00:00","og_image":[{"width":368,"height":450,"url":"https:\/\/www.editorialjuventud.es\/wp-content\/uploads\/2951.jpg","type":"image\/jpeg"}],"twitter_card":"summary_large_image","twitter_misc":{"Temps estimat de lectura":"1 minut"},"schema":{"@context":"https:\/\/schema.org","@graph":[{"@type":"WebPage","@id":"https:\/\/www.editorialjuventud.es\/libro-de-imagenes-9788426129512\/","url":"https:\/\/www.editorialjuventud.es\/libro-de-imagenes-9788426129512\/","name":"Libro de im\u00e1genes - Editorial Juventud","isPartOf":{"@id":"https:\/\/www.editorialjuventud.es\/#website"},"primaryImageOfPage":{"@id":"https:\/\/www.editorialjuventud.es\/libro-de-imagenes-9788426129512\/#primaryimage"},"image":{"@id":"https:\/\/www.editorialjuventud.es\/libro-de-imagenes-9788426129512\/#primaryimage"},"thumbnailUrl":"https:\/\/www.editorialjuventud.es\/wp-content\/uploads\/2951.jpg","datePublished":"2018-08-24T08:24:47+00:00","dateModified":"2025-04-23T21:04:42+00:00","description":"El primer libro de im\u00e1genes para los m\u00e1s peque\u00f1os. En cada p\u00e1gina se encuentra una espectacular ilustraci\u00f3n con la palabra que la define. Aunque todos los","breadcrumb":{"@id":"https:\/\/www.editorialjuventud.es\/libro-de-imagenes-9788426129512\/#breadcrumb"},"inLanguage":"ca","potentialAction":[{"@type":"ReadAction","target":["https:\/\/www.editorialjuventud.es\/libro-de-imagenes-9788426129512\/"]}]},{"@type":"ImageObject","inLanguage":"ca","@id":"https:\/\/www.editorialjuventud.es\/libro-de-imagenes-9788426129512\/#primaryimage","url":"https:\/\/www.editorialjuventud.es\/wp-content\/uploads\/2951.jpg","contentUrl":"https:\/\/www.editorialjuventud.es\/wp-content\/uploads\/2951.jpg","width":368,"height":450,"caption":"2951.jpg"},{"@type":"BreadcrumbList","@id":"https:\/\/www.editorialjuventud.es\/libro-de-imagenes-9788426129512\/#breadcrumb","itemListElement":[{"@type":"ListItem","position":1,"name":"Portada","item":"https:\/\/www.editorialjuventud.es\/"},{"@type":"ListItem","position":2,"name":"cat\u00e1logo","item":"https:\/\/www.editorialjuventud.es\/coleccion\/catalogo\/"},{"@type":"ListItem","position":3,"name":"castellano","item":"https:\/\/www.editorialjuventud.es\/coleccion\/castellano\/"},{"@type":"ListItem","position":4,"name":"Mis Primeros Libros","item":"https:\/\/www.editorialjuventud.es\/coleccion\/mis-primeros-libros\/"},{"@type":"ListItem","position":5,"name":"Libro de im\u00e1genes"}]},{"@type":"WebSite","@id":"https:\/\/www.editorialjuventud.es\/#website","url":"https:\/\/www.editorialjuventud.es\/","name":"Editorial Juventud","description":"","potentialAction":[{"@type":"SearchAction","target":{"@type":"EntryPoint","urlTemplate":"https:\/\/www.editorialjuventud.es\/?s={search_term_string}"},"query-input":{"@type":"PropertyValueSpecification","valueRequired":true,"valueName":"search_term_string"}}],"inLanguage":"ca"}]}},"_links":{"self":[{"href":"https:\/\/www.editorialjuventud.es\/ca\/wp-json\/wp\/v2\/product\/5126","targetHints":{"allow":["GET"]}}],"collection":[{"href":"https:\/\/www.editorialjuventud.es\/ca\/wp-json\/wp\/v2\/product"}],"about":[{"href":"https:\/\/www.editorialjuventud.es\/ca\/wp-json\/wp\/v2\/types\/product"}],"wp:featuredmedia":[{"embeddable":true,"href":"https:\/\/www.editorialjuventud.es\/ca\/wp-json\/wp\/v2\/media\/7200"}],"wp:attachment":[{"href":"https:\/\/www.editorialjuventud.es\/ca\/wp-json\/wp\/v2\/media?parent=5126"}],"wp:term":[{"taxonomy":"product_brand","embeddable":true,"href":"https:\/\/www.editorialjuventud.es\/ca\/wp-json\/wp\/v2\/product_brand?post=5126"},{"taxonomy":"product_cat","embeddable":true,"href":"https:\/\/www.editorialjuventud.es\/ca\/wp-json\/wp\/v2\/product_cat?post=5126"},{"taxonomy":"product_tag","embeddable":true,"href":"https:\/\/www.editorialjuventud.es\/ca\/wp-json\/wp\/v2\/product_tag?post=5126"},{"taxonomy":"coleccion","embeddable":true,"href":"https:\/\/www.editorialjuventud.es\/ca\/wp-json\/wp\/v2\/coleccion?post=5126"}],"curies":[{"name":"wp","href":"https:\/\/api.w.org\/{rel}","templated":true}]}}