{"id":4935,"date":"2018-08-24T10:10:28","date_gmt":"2018-08-24T08:10:28","guid":{"rendered":"http:\/\/www.editorialjuventud.es\/lafer-tornassol\/"},"modified":"2025-01-22T13:51:43","modified_gmt":"2025-01-22T12:51:43","slug":"lafer-tornassol-9788426110602","status":"publish","type":"product","link":"https:\/\/www.editorialjuventud.es\/ca\/lafer-tornassol-9788426110602\/","title":{"rendered":"L&#8217;afer Tornassol"},"content":{"rendered":"<p>Aquesta \u00e9s una obra mestra del c\u00f2mic. Des de bon comen\u00e7ament, els fets s\u2019encadenen en un ritme trepidant: se sent l\u2019esclat d\u2019una explosi\u00f3, esclata una tempesta, hi ha objectes que es fan a trossos, hi ha un tall de corrent i en Seraf\u00ed Llanti\u00f3 apareix a la s\u00e8rie per primera vegada. Al llarg de tota la hist\u00f2ria no hi haur\u00e0 pr\u00e0cticament ni un punt mort. L\u2019Herg\u00e9 va voler fer els decorats el m\u00e9s prec\u00eds possible. La hist\u00f2ria, que transcorre la major part a Su\u00efssa, reflecteix tamb\u00e9 la guerra freda que en aquell temps tenia lloc entre els dos blocs estatals, representats en la rivalitat entre Bord\u00faria i Sild\u00e0via. L\u2019Afer Tornassol fou publicat el 1956.<\/p>\n","protected":false},"excerpt":{"rendered":"Aquesta \u00e9s una obra mestra del c\u00f2mic. Des de bon comen\u00e7ament, els fets s\u2019encadenen en un ritme trepidant: se sent l\u2019esclat d\u2019una explosi\u00f3, esclata una tempesta, hi ha objectes que es fan a trossos, hi ha un tall de corrent [&hellip;]","protected":false},"featured_media":77382,"template":"","meta":{"_acf_changed":false,"_exactmetrics_skip_tracking":false,"_exactmetrics_sitenote_active":false,"_exactmetrics_sitenote_note":"","_exactmetrics_sitenote_category":0},"product_brand":[],"product_cat":[902,1142,1127,892,1128],"product_tag":[],"coleccion":[1087,925],"class_list":{"0":"post-4935","1":"product","2":"type-product","3":"status-publish","4":"has-post-thumbnail","6":"product_cat-a-partir-de-7-anos","7":"product_cat-aventura","8":"product_cat-comic","9":"product_cat-edades","10":"product_cat-tematica","11":"coleccion-les-aventures-de-tintin-llibres-de-tintin","12":"coleccion-llibres-de-tintin","14":"first","15":"instock","16":"taxable","17":"shipping-taxable","18":"purchasable","19":"product-type-simple"},"acf":{"autor":"HERGE-TINTIN CATALAN","codart":"1060-6","ediciones":"0","encuadernacion":"Carton\u00e9","fecha_de_publicacion":"11\/10\/1989","novedad":"0","paginas":"64","subtitulo":"","texto_web_adicional":"","texto_web_novedad":"","orden":"999","portada":"0","texto_web_resaltado":"","indice":"","autores-libros":[16407],"ilustradores-libros":[16407],"traductores-libros":[18322],"fecha_de_reimpresion":"","descripcion_corta":"","recomendamos":"","mas_vendido":"","idioma-libro":"","color":false,"formato":"","mas_informacion_del_producto":false,"premios":false,"deshabilitar_compra":[],"titulo-fr":"","texto-fr":"","texto_enlace_cubierta":"","enlace_cubierta":{"ID":77384,"id":77384,"title":"cover ASUNTO catalan.indd","filename":"Tintin_L-AFER-TORNASSOL-scaled.jpg","filesize":692562,"url":"https:\/\/www.editorialjuventud.es\/wp-content\/uploads\/Tintin_L-AFER-TORNASSOL-scaled.jpg","link":"https:\/\/www.editorialjuventud.es\/ca\/?attachment_id=77384","alt":"","author":"50","description":"","caption":"","name":"cover-asunto-catalan-indd-2","status":"inherit","uploaded_to":4935,"date":"2023-11-23 11:11:51","modified":"2023-11-23 11:11:51","menu_order":0,"mime_type":"image\/jpeg","type":"image","subtype":"jpeg","icon":"https:\/\/www.editorialjuventud.es\/wp-includes\/images\/media\/default.png","width":1909,"height":2560,"sizes":{"thumbnail":"https:\/\/www.editorialjuventud.es\/wp-content\/uploads\/Tintin_L-AFER-TORNASSOL-200x200.jpg","thumbnail-width":200,"thumbnail-height":200,"medium":"https:\/\/www.editorialjuventud.es\/wp-content\/uploads\/Tintin_L-AFER-TORNASSOL-scaled.jpg","medium-width":1909,"medium-height":2560,"medium_large":"https:\/\/www.editorialjuventud.es\/wp-content\/uploads\/Tintin_L-AFER-TORNASSOL-768x1030.jpg","medium_large-width":768,"medium_large-height":1030,"large":"https:\/\/www.editorialjuventud.es\/wp-content\/uploads\/Tintin_L-AFER-TORNASSOL-scaled.jpg","large-width":1909,"large-height":2560,"1536x1536":"https:\/\/www.editorialjuventud.es\/wp-content\/uploads\/Tintin_L-AFER-TORNASSOL-1145x1536.jpg","1536x1536-width":1145,"1536x1536-height":1536,"2048x2048":"https:\/\/www.editorialjuventud.es\/wp-content\/uploads\/Tintin_L-AFER-TORNASSOL-1527x2048.jpg","2048x2048-width":1527,"2048x2048-height":2048,"woocommerce_thumbnail":"https:\/\/www.editorialjuventud.es\/wp-content\/uploads\/Tintin_L-AFER-TORNASSOL-350x469.jpg","woocommerce_thumbnail-width":350,"woocommerce_thumbnail-height":469,"woocommerce_single":"https:\/\/www.editorialjuventud.es\/wp-content\/uploads\/Tintin_L-AFER-TORNASSOL-900x1207.jpg","woocommerce_single-width":900,"woocommerce_single-height":1207,"woocommerce_gallery_thumbnail":"https:\/\/www.editorialjuventud.es\/wp-content\/uploads\/Tintin_L-AFER-TORNASSOL-100x100.jpg","woocommerce_gallery_thumbnail-width":100,"woocommerce_gallery_thumbnail-height":100,"ppec_logo_image_size":"https:\/\/www.editorialjuventud.es\/wp-content\/uploads\/Tintin_L-AFER-TORNASSOL-45x60.jpg","ppec_logo_image_size-width":45,"ppec_logo_image_size-height":60,"ppec_header_image_size":"https:\/\/www.editorialjuventud.es\/wp-content\/uploads\/Tintin_L-AFER-TORNASSOL-67x90.jpg","ppec_header_image_size-width":67,"ppec_header_image_size-height":90}},"texto_enlace_ficha_tecnica":"","enlace_ficha_tecnica":false,"ficheros":false},"yoast_head":"<!-- This site is optimized with the Yoast SEO plugin v27.3 - https:\/\/yoast.com\/product\/yoast-seo-wordpress\/ -->\n<title>L&#039;afer Tornassol - Editorial Juventud<\/title>\n<meta name=\"description\" content=\"Aquesta \u00e9s una obra mestra del c\u00f2mic. Des de bon comen\u00e7ament, els fets s\u2019encadenen en un ritme trepidant: se sent l\u2019esclat d\u2019una explosi\u00f3, esclata una\" \/>\n<meta name=\"robots\" content=\"index, follow, max-snippet:-1, max-image-preview:large, max-video-preview:-1\" \/>\n<link rel=\"canonical\" href=\"https:\/\/www.editorialjuventud.es\/lafer-tornassol-9788426110602\/\" \/>\n<meta property=\"og:locale\" content=\"ca_ES\" \/>\n<meta property=\"og:type\" content=\"article\" \/>\n<meta property=\"og:title\" content=\"L&#039;afer Tornassol - Editorial Juventud\" \/>\n<meta property=\"og:description\" content=\"Aquesta \u00e9s una obra mestra del c\u00f2mic. Des de bon comen\u00e7ament, els fets s\u2019encadenen en un ritme trepidant: se sent l\u2019esclat d\u2019una explosi\u00f3, esclata una\" \/>\n<meta property=\"og:url\" content=\"https:\/\/www.editorialjuventud.es\/lafer-tornassol-9788426110602\/\" \/>\n<meta property=\"og:site_name\" content=\"Editorial Juventud\" \/>\n<meta property=\"article:modified_time\" content=\"2025-01-22T12:51:43+00:00\" \/>\n<meta property=\"og:image\" content=\"https:\/\/www.editorialjuventud.es\/wp-content\/uploads\/Tintin_L-AFER-TORNASSOL_web.jpg\" \/>\n\t<meta property=\"og:image:width\" content=\"500\" \/>\n\t<meta property=\"og:image:height\" content=\"671\" \/>\n\t<meta property=\"og:image:type\" content=\"image\/jpeg\" \/>\n<meta name=\"twitter:card\" content=\"summary_large_image\" \/>\n<meta name=\"twitter:label1\" content=\"Temps estimat de lectura\" \/>\n\t<meta name=\"twitter:data1\" content=\"1 minut\" \/>\n<script type=\"application\/ld+json\" class=\"yoast-schema-graph\">{\"@context\":\"https:\\\/\\\/schema.org\",\"@graph\":[{\"@type\":\"WebPage\",\"@id\":\"https:\\\/\\\/www.editorialjuventud.es\\\/lafer-tornassol-9788426110602\\\/\",\"url\":\"https:\\\/\\\/www.editorialjuventud.es\\\/lafer-tornassol-9788426110602\\\/\",\"name\":\"L'afer Tornassol - Editorial Juventud\",\"isPartOf\":{\"@id\":\"https:\\\/\\\/www.editorialjuventud.es\\\/#website\"},\"primaryImageOfPage\":{\"@id\":\"https:\\\/\\\/www.editorialjuventud.es\\\/lafer-tornassol-9788426110602\\\/#primaryimage\"},\"image\":{\"@id\":\"https:\\\/\\\/www.editorialjuventud.es\\\/lafer-tornassol-9788426110602\\\/#primaryimage\"},\"thumbnailUrl\":\"https:\\\/\\\/www.editorialjuventud.es\\\/wp-content\\\/uploads\\\/Tintin_L-AFER-TORNASSOL_web.jpg\",\"datePublished\":\"2018-08-24T08:10:28+00:00\",\"dateModified\":\"2025-01-22T12:51:43+00:00\",\"description\":\"Aquesta \u00e9s una obra mestra del c\u00f2mic. Des de bon comen\u00e7ament, els fets s\u2019encadenen en un ritme trepidant: se sent l\u2019esclat d\u2019una explosi\u00f3, esclata una\",\"breadcrumb\":{\"@id\":\"https:\\\/\\\/www.editorialjuventud.es\\\/lafer-tornassol-9788426110602\\\/#breadcrumb\"},\"inLanguage\":\"ca\",\"potentialAction\":[{\"@type\":\"ReadAction\",\"target\":[\"https:\\\/\\\/www.editorialjuventud.es\\\/lafer-tornassol-9788426110602\\\/\"]}]},{\"@type\":\"ImageObject\",\"inLanguage\":\"ca\",\"@id\":\"https:\\\/\\\/www.editorialjuventud.es\\\/lafer-tornassol-9788426110602\\\/#primaryimage\",\"url\":\"https:\\\/\\\/www.editorialjuventud.es\\\/wp-content\\\/uploads\\\/Tintin_L-AFER-TORNASSOL_web.jpg\",\"contentUrl\":\"https:\\\/\\\/www.editorialjuventud.es\\\/wp-content\\\/uploads\\\/Tintin_L-AFER-TORNASSOL_web.jpg\",\"width\":500,\"height\":671},{\"@type\":\"BreadcrumbList\",\"@id\":\"https:\\\/\\\/www.editorialjuventud.es\\\/lafer-tornassol-9788426110602\\\/#breadcrumb\",\"itemListElement\":[{\"@type\":\"ListItem\",\"position\":1,\"name\":\"Portada\",\"item\":\"https:\\\/\\\/www.editorialjuventud.es\\\/\"},{\"@type\":\"ListItem\",\"position\":2,\"name\":\"cat\u00e1logo\",\"item\":\"https:\\\/\\\/www.editorialjuventud.es\\\/coleccion\\\/catalogo\\\/\"},{\"@type\":\"ListItem\",\"position\":3,\"name\":\"catal\u00e0\",\"item\":\"https:\\\/\\\/www.editorialjuventud.es\\\/coleccion\\\/catala\\\/\"},{\"@type\":\"ListItem\",\"position\":4,\"name\":\"Llibres de Tint\u00edn\",\"item\":\"https:\\\/\\\/www.editorialjuventud.es\\\/ca\\\/coleccion\\\/llibres-de-tintin\\\/\"},{\"@type\":\"ListItem\",\"position\":5,\"name\":\"Les Aventures de Tint\u00edn\",\"item\":\"https:\\\/\\\/www.editorialjuventud.es\\\/ca\\\/coleccion\\\/les-aventures-de-tintin-llibres-de-tintin\\\/\"},{\"@type\":\"ListItem\",\"position\":6,\"name\":\"L'afer Tornassol\"}]},{\"@type\":\"WebSite\",\"@id\":\"https:\\\/\\\/www.editorialjuventud.es\\\/#website\",\"url\":\"https:\\\/\\\/www.editorialjuventud.es\\\/\",\"name\":\"Editorial Juventud\",\"description\":\"\",\"potentialAction\":[{\"@type\":\"SearchAction\",\"target\":{\"@type\":\"EntryPoint\",\"urlTemplate\":\"https:\\\/\\\/www.editorialjuventud.es\\\/?s={search_term_string}\"},\"query-input\":{\"@type\":\"PropertyValueSpecification\",\"valueRequired\":true,\"valueName\":\"search_term_string\"}}],\"inLanguage\":\"ca\"}]}<\/script>\n<!-- \/ Yoast SEO plugin. -->","yoast_head_json":{"title":"L'afer Tornassol - Editorial Juventud","description":"Aquesta \u00e9s una obra mestra del c\u00f2mic. Des de bon comen\u00e7ament, els fets s\u2019encadenen en un ritme trepidant: se sent l\u2019esclat d\u2019una explosi\u00f3, esclata una","robots":{"index":"index","follow":"follow","max-snippet":"max-snippet:-1","max-image-preview":"max-image-preview:large","max-video-preview":"max-video-preview:-1"},"canonical":"https:\/\/www.editorialjuventud.es\/lafer-tornassol-9788426110602\/","og_locale":"ca_ES","og_type":"article","og_title":"L'afer Tornassol - Editorial Juventud","og_description":"Aquesta \u00e9s una obra mestra del c\u00f2mic. Des de bon comen\u00e7ament, els fets s\u2019encadenen en un ritme trepidant: se sent l\u2019esclat d\u2019una explosi\u00f3, esclata una","og_url":"https:\/\/www.editorialjuventud.es\/lafer-tornassol-9788426110602\/","og_site_name":"Editorial Juventud","article_modified_time":"2025-01-22T12:51:43+00:00","og_image":[{"width":500,"height":671,"url":"https:\/\/www.editorialjuventud.es\/wp-content\/uploads\/Tintin_L-AFER-TORNASSOL_web.jpg","type":"image\/jpeg"}],"twitter_card":"summary_large_image","twitter_misc":{"Temps estimat de lectura":"1 minut"},"schema":{"@context":"https:\/\/schema.org","@graph":[{"@type":"WebPage","@id":"https:\/\/www.editorialjuventud.es\/lafer-tornassol-9788426110602\/","url":"https:\/\/www.editorialjuventud.es\/lafer-tornassol-9788426110602\/","name":"L'afer Tornassol - Editorial Juventud","isPartOf":{"@id":"https:\/\/www.editorialjuventud.es\/#website"},"primaryImageOfPage":{"@id":"https:\/\/www.editorialjuventud.es\/lafer-tornassol-9788426110602\/#primaryimage"},"image":{"@id":"https:\/\/www.editorialjuventud.es\/lafer-tornassol-9788426110602\/#primaryimage"},"thumbnailUrl":"https:\/\/www.editorialjuventud.es\/wp-content\/uploads\/Tintin_L-AFER-TORNASSOL_web.jpg","datePublished":"2018-08-24T08:10:28+00:00","dateModified":"2025-01-22T12:51:43+00:00","description":"Aquesta \u00e9s una obra mestra del c\u00f2mic. Des de bon comen\u00e7ament, els fets s\u2019encadenen en un ritme trepidant: se sent l\u2019esclat d\u2019una explosi\u00f3, esclata una","breadcrumb":{"@id":"https:\/\/www.editorialjuventud.es\/lafer-tornassol-9788426110602\/#breadcrumb"},"inLanguage":"ca","potentialAction":[{"@type":"ReadAction","target":["https:\/\/www.editorialjuventud.es\/lafer-tornassol-9788426110602\/"]}]},{"@type":"ImageObject","inLanguage":"ca","@id":"https:\/\/www.editorialjuventud.es\/lafer-tornassol-9788426110602\/#primaryimage","url":"https:\/\/www.editorialjuventud.es\/wp-content\/uploads\/Tintin_L-AFER-TORNASSOL_web.jpg","contentUrl":"https:\/\/www.editorialjuventud.es\/wp-content\/uploads\/Tintin_L-AFER-TORNASSOL_web.jpg","width":500,"height":671},{"@type":"BreadcrumbList","@id":"https:\/\/www.editorialjuventud.es\/lafer-tornassol-9788426110602\/#breadcrumb","itemListElement":[{"@type":"ListItem","position":1,"name":"Portada","item":"https:\/\/www.editorialjuventud.es\/"},{"@type":"ListItem","position":2,"name":"cat\u00e1logo","item":"https:\/\/www.editorialjuventud.es\/coleccion\/catalogo\/"},{"@type":"ListItem","position":3,"name":"catal\u00e0","item":"https:\/\/www.editorialjuventud.es\/coleccion\/catala\/"},{"@type":"ListItem","position":4,"name":"Llibres de Tint\u00edn","item":"https:\/\/www.editorialjuventud.es\/ca\/coleccion\/llibres-de-tintin\/"},{"@type":"ListItem","position":5,"name":"Les Aventures de Tint\u00edn","item":"https:\/\/www.editorialjuventud.es\/ca\/coleccion\/les-aventures-de-tintin-llibres-de-tintin\/"},{"@type":"ListItem","position":6,"name":"L'afer Tornassol"}]},{"@type":"WebSite","@id":"https:\/\/www.editorialjuventud.es\/#website","url":"https:\/\/www.editorialjuventud.es\/","name":"Editorial Juventud","description":"","potentialAction":[{"@type":"SearchAction","target":{"@type":"EntryPoint","urlTemplate":"https:\/\/www.editorialjuventud.es\/?s={search_term_string}"},"query-input":{"@type":"PropertyValueSpecification","valueRequired":true,"valueName":"search_term_string"}}],"inLanguage":"ca"}]}},"_links":{"self":[{"href":"https:\/\/www.editorialjuventud.es\/ca\/wp-json\/wp\/v2\/product\/4935","targetHints":{"allow":["GET"]}}],"collection":[{"href":"https:\/\/www.editorialjuventud.es\/ca\/wp-json\/wp\/v2\/product"}],"about":[{"href":"https:\/\/www.editorialjuventud.es\/ca\/wp-json\/wp\/v2\/types\/product"}],"wp:featuredmedia":[{"embeddable":true,"href":"https:\/\/www.editorialjuventud.es\/ca\/wp-json\/wp\/v2\/media\/77382"}],"wp:attachment":[{"href":"https:\/\/www.editorialjuventud.es\/ca\/wp-json\/wp\/v2\/media?parent=4935"}],"wp:term":[{"taxonomy":"product_brand","embeddable":true,"href":"https:\/\/www.editorialjuventud.es\/ca\/wp-json\/wp\/v2\/product_brand?post=4935"},{"taxonomy":"product_cat","embeddable":true,"href":"https:\/\/www.editorialjuventud.es\/ca\/wp-json\/wp\/v2\/product_cat?post=4935"},{"taxonomy":"product_tag","embeddable":true,"href":"https:\/\/www.editorialjuventud.es\/ca\/wp-json\/wp\/v2\/product_tag?post=4935"},{"taxonomy":"coleccion","embeddable":true,"href":"https:\/\/www.editorialjuventud.es\/ca\/wp-json\/wp\/v2\/coleccion?post=4935"}],"curies":[{"name":"wp","href":"https:\/\/api.w.org\/{rel}","templated":true}]}}