{"id":29739,"date":"2019-07-05T09:23:58","date_gmt":"2019-07-05T07:23:58","guid":{"rendered":"https:\/\/www.editorialjuventud.es\/la-joven-maestra-y-la-gran-serpiente-9788426145987\/"},"modified":"2026-01-08T10:35:22","modified_gmt":"2026-01-08T09:35:22","slug":"la-joven-maestra-y-la-gran-serpiente-9788426145987","status":"publish","type":"product","link":"https:\/\/www.editorialjuventud.es\/ca\/la-joven-maestra-y-la-gran-serpiente-9788426145987\/","title":{"rendered":"La joven maestra y la gran serpiente"},"content":{"rendered":"<p>La joven maestra fue destinada a una escuela en la selva amaz\u00f3nica, y all\u00ed lleg\u00f3 cargada con sus libros.<br \/>\nA sus alumnos lo que m\u00e1s les gustaba era que les leyera cuentos. Luego se los llevaban a sus casas, y las madres y abuelas, aunque no sab\u00edan leer, miraban esos libros con curiosidad.<br \/>\nLos habitantes de los pueblos de la selva sol\u00edan contar muchas leyendas, pero en aquel entonces la joven maestra cre\u00eda que eran solo eso: leyendas.<\/p>\n<p>Acostumbrada a la ciudad y a los libros, la joven maestra tendr\u00e1 un choque cultural al encontrarse con una realidad diferente. Pero pronto se dar\u00e1 cuenta que ella no es la \u00fanica que tiene cosas que ense\u00f1ar.<br \/>\nEste libro es un homenaje a las maestras latinoamericanas, que todo lo dejan por perseguir el sue\u00f1o de la educaci\u00f3n, pero tambi\u00e9n a las leyendas de los pueblos m\u00e1s remotos, que sus gentes han transmitido a trav\u00e9s de generaciones preservando as\u00ed su riqueza cultural y sabidur\u00eda popular.<\/p>\n","protected":false},"excerpt":{"rendered":"La joven maestra fue destinada a una escuela en la selva amaz\u00f3nica, y all\u00ed lleg\u00f3 cargada con sus libros. A sus alumnos lo que m\u00e1s les gustaba era que les leyera cuentos. Luego se los llevaban a sus casas, y [&hellip;]","protected":false},"featured_media":29740,"template":"","meta":{"_acf_changed":false,"_exactmetrics_skip_tracking":false,"_exactmetrics_sitenote_active":false,"_exactmetrics_sitenote_note":"","_exactmetrics_sitenote_category":0},"product_brand":[],"product_cat":[902,1121,1135,1144,1220,892,1173,1115,893,1128],"product_tag":[],"coleccion":[928,916,1233],"class_list":{"0":"post-29739","1":"product","2":"type-product","3":"status-publish","4":"has-post-thumbnail","6":"product_cat-a-partir-de-7-anos","7":"product_cat-albumes-ilustrados","8":"product_cat-america-latina","9":"product_cat-bibliotecas-libros-sobre-libros","10":"product_cat-convivencia-relaciones-interculturales","11":"product_cat-edades","12":"product_cat-escuela","13":"product_cat-generos","14":"product_cat-novedades","15":"product_cat-tematica","16":"coleccion-albumes-ilustrados","17":"coleccion-castellano","18":"coleccion-libros-y-bibliotecas-albumes-ilustrados","20":"first","21":"instock","22":"taxable","23":"shipping-taxable","24":"purchasable","25":"product-type-simple"},"acf":{"indice":"","autor":"Vasco, Irene","codart":"4598","ediciones":"1","encuadernacion":"Carton\u00e9","fecha_de_publicacion":"01\/07\/2019","novedad":"0","paginas":"40","subtitulo":"","texto_web_adicional":"","autores-libros":[16662],"ilustradores-libros":[17964],"texto_web_novedad":"","orden":"999","portada":"0","texto_web_resaltado":"","traductores-libros":"","descripcion_corta":"La joven maestra fue destinada a una escuela en la selva amaz\u00f3nica, y all\u00ed lleg\u00f3 cargada con sus libros. A sus alumnos lo que m\u00e1s les gustaba era que les leyera cuentos. ","recomendamos":"","mas_vendido":"","idioma-libro":"","color":false,"formato":"","mas_informacion_del_producto":false,"premios":[{"premio":"USBBY Outstanding International Book","anyo_del_premio":"2024","pais_del_premio":"EE.UU."},{"premio":"The Original Art por la Society of Illustrators Original Art Exhibit","anyo_del_premio":"2023","pais_del_premio":"Nueva York, EE.UU."},{"premio":"Premiado por la Fundaci\u00f3n Cuatrogatos","anyo_del_premio":"2020","pais_del_premio":"Miami,  EE.UU."},{"premio":"Seleccionado entre los 10 mejores libros para ni\u00f1os por NY Public Library  ","anyo_del_premio":"2019","pais_del_premio":" New York, EE.UU."}],"texto_enlace_cubierta":"","enlace_cubierta":{"ID":29827,"id":29827,"title":"cover MAESTRA y SERPIENTE.indd","filename":"La-Joven-Maestra-y-la-Gran-Serpiente_300px_CAST.jpg","filesize":1245151,"url":"https:\/\/www.editorialjuventud.es\/wp-content\/uploads\/La-Joven-Maestra-y-la-Gran-Serpiente_300px_CAST.jpg","link":"https:\/\/www.editorialjuventud.es\/ca\/?attachment_id=29827","alt":"","author":"50","description":"","caption":"","name":"cover-maestra-y-serpiente-indd","status":"inherit","uploaded_to":29739,"date":"2019-07-08 10:34:50","modified":"2019-07-08 10:34:50","menu_order":0,"mime_type":"image\/jpeg","type":"image","subtype":"jpeg","icon":"https:\/\/www.editorialjuventud.es\/wp-includes\/images\/media\/default.png","width":2362,"height":2361,"sizes":{"thumbnail":"https:\/\/www.editorialjuventud.es\/wp-content\/uploads\/La-Joven-Maestra-y-la-Gran-Serpiente_300px_CAST-200x200.jpg","thumbnail-width":200,"thumbnail-height":200,"medium":"https:\/\/www.editorialjuventud.es\/wp-content\/uploads\/La-Joven-Maestra-y-la-Gran-Serpiente_300px_CAST.jpg","medium-width":2362,"medium-height":2361,"medium_large":"https:\/\/www.editorialjuventud.es\/wp-content\/uploads\/La-Joven-Maestra-y-la-Gran-Serpiente_300px_CAST-768x768.jpg","medium_large-width":768,"medium_large-height":768,"large":"https:\/\/www.editorialjuventud.es\/wp-content\/uploads\/La-Joven-Maestra-y-la-Gran-Serpiente_300px_CAST.jpg","large-width":2362,"large-height":2361,"1536x1536":"https:\/\/www.editorialjuventud.es\/wp-content\/uploads\/La-Joven-Maestra-y-la-Gran-Serpiente_300px_CAST.jpg","1536x1536-width":1536,"1536x1536-height":1536,"2048x2048":"https:\/\/www.editorialjuventud.es\/wp-content\/uploads\/La-Joven-Maestra-y-la-Gran-Serpiente_300px_CAST.jpg","2048x2048-width":2048,"2048x2048-height":2048,"woocommerce_thumbnail":"https:\/\/www.editorialjuventud.es\/wp-content\/uploads\/La-Joven-Maestra-y-la-Gran-Serpiente_300px_CAST-350x350.jpg","woocommerce_thumbnail-width":350,"woocommerce_thumbnail-height":350,"woocommerce_single":"https:\/\/www.editorialjuventud.es\/wp-content\/uploads\/La-Joven-Maestra-y-la-Gran-Serpiente_300px_CAST-900x900.jpg","woocommerce_single-width":900,"woocommerce_single-height":900,"woocommerce_gallery_thumbnail":"https:\/\/www.editorialjuventud.es\/wp-content\/uploads\/La-Joven-Maestra-y-la-Gran-Serpiente_300px_CAST-100x100.jpg","woocommerce_gallery_thumbnail-width":100,"woocommerce_gallery_thumbnail-height":100,"ppec_logo_image_size":"https:\/\/www.editorialjuventud.es\/wp-content\/uploads\/La-Joven-Maestra-y-la-Gran-Serpiente_300px_CAST.jpg","ppec_logo_image_size-width":60,"ppec_logo_image_size-height":60,"ppec_header_image_size":"https:\/\/www.editorialjuventud.es\/wp-content\/uploads\/La-Joven-Maestra-y-la-Gran-Serpiente_300px_CAST.jpg","ppec_header_image_size-width":90,"ppec_header_image_size-height":90}},"texto_enlace_ficha_tecnica":"","enlace_ficha_tecnica":{"ID":29825,"id":29825,"title":"La Joven Maetra y la Gran Serpiente_CAST_V3","filename":"La-Joven-Maetra-y-la-Gran-Serpiente_CAST_V3.pdf","filesize":1771368,"url":"https:\/\/www.editorialjuventud.es\/wp-content\/uploads\/La-Joven-Maetra-y-la-Gran-Serpiente_CAST_V3.pdf","link":"https:\/\/www.editorialjuventud.es\/ca\/?attachment_id=29825","alt":"","author":"50","description":"","caption":"","name":"la-joven-maetra-y-la-gran-serpiente_cast_v3","status":"inherit","uploaded_to":29739,"date":"2019-07-08 10:34:12","modified":"2019-07-08 10:34:12","menu_order":0,"mime_type":"application\/pdf","type":"application","subtype":"pdf","icon":"https:\/\/www.editorialjuventud.es\/wp-includes\/images\/media\/document.png"},"ficheros":false,"titulo-fr":"The Young Teacher And The Great Serpent","texto-fr":"<p>The young teacher was assigned to a school in the middle of the Amazon jungle, and there she went with a lot of her favorite books.<\/p>\n<p>Her pupils liked hearing the stories very much while she read them aloud. Then children took the books home, and their mothers and grandmas, although they didn\u2019t know how to read, looked at those books curiously.<\/p>\n<p>The inhabitants of the jungle villages used to tell many legends, but at that time the young teacher believed they were just that: legends.<\/p>\n<p>Habituated to the city and books, the young teacher will have a cultural shock when she encounters a different reality. But soon she will realize that she is not the only one who has things to teach.<\/p>\n<p>This book is a tribute to the Latin American teachers, who leave everything to pursue the dream of education, but also a tribute to the legends of the most remote villages, which their inhabitants have transmitted through generations preserving their cultural wealth and popular wisdom.<\/p>\n<p><span style=\"color: #008080;\"><em>\u203a Rights sold: France, Korea, Brazil, Italian and English<\/em><\/span><\/p>\n","fecha_de_reimpresion":"","deshabilitar_compra":[]},"yoast_head":"<!-- This site is optimized with the Yoast SEO plugin v27.3 - https:\/\/yoast.com\/product\/yoast-seo-wordpress\/ -->\n<title>La joven maestra y la gran serpiente - Editorial Juventud<\/title>\n<meta name=\"description\" content=\"La joven maestra fue destinada a una escuela en la selva amaz\u00f3nica, y all\u00ed lleg\u00f3 cargada con sus libros. A sus alumnos lo que m\u00e1s les gustaba era que les leyera cuentos.\" \/>\n<meta name=\"robots\" content=\"index, follow, max-snippet:-1, max-image-preview:large, max-video-preview:-1\" \/>\n<link rel=\"canonical\" href=\"https:\/\/www.editorialjuventud.es\/la-joven-maestra-y-la-gran-serpiente-9788426145987\/\" \/>\n<meta property=\"og:locale\" content=\"ca_ES\" \/>\n<meta property=\"og:type\" content=\"article\" \/>\n<meta property=\"og:title\" content=\"La joven maestra y la gran serpiente - Editorial Juventud\" \/>\n<meta property=\"og:description\" content=\"La joven maestra fue destinada a una escuela en la selva amaz\u00f3nica, y all\u00ed lleg\u00f3 cargada con sus libros. A sus alumnos lo que m\u00e1s les gustaba era que les leyera cuentos.\" \/>\n<meta property=\"og:url\" content=\"https:\/\/www.editorialjuventud.es\/la-joven-maestra-y-la-gran-serpiente-9788426145987\/\" \/>\n<meta property=\"og:site_name\" content=\"Editorial Juventud\" \/>\n<meta property=\"article:modified_time\" content=\"2026-01-08T09:35:22+00:00\" \/>\n<meta property=\"og:image\" content=\"https:\/\/www.editorialjuventud.es\/wp-content\/uploads\/9788426145987.jpg\" \/>\n\t<meta property=\"og:image:width\" content=\"425\" \/>\n\t<meta property=\"og:image:height\" content=\"425\" \/>\n\t<meta property=\"og:image:type\" content=\"image\/jpeg\" \/>\n<meta name=\"twitter:card\" content=\"summary_large_image\" \/>\n<meta name=\"twitter:label1\" content=\"Temps estimat de lectura\" \/>\n\t<meta name=\"twitter:data1\" content=\"1 minut\" \/>\n<script type=\"application\/ld+json\" class=\"yoast-schema-graph\">{\"@context\":\"https:\\\/\\\/schema.org\",\"@graph\":[{\"@type\":\"WebPage\",\"@id\":\"https:\\\/\\\/www.editorialjuventud.es\\\/la-joven-maestra-y-la-gran-serpiente-9788426145987\\\/\",\"url\":\"https:\\\/\\\/www.editorialjuventud.es\\\/la-joven-maestra-y-la-gran-serpiente-9788426145987\\\/\",\"name\":\"La joven maestra y la gran serpiente - Editorial Juventud\",\"isPartOf\":{\"@id\":\"https:\\\/\\\/www.editorialjuventud.es\\\/#website\"},\"primaryImageOfPage\":{\"@id\":\"https:\\\/\\\/www.editorialjuventud.es\\\/la-joven-maestra-y-la-gran-serpiente-9788426145987\\\/#primaryimage\"},\"image\":{\"@id\":\"https:\\\/\\\/www.editorialjuventud.es\\\/la-joven-maestra-y-la-gran-serpiente-9788426145987\\\/#primaryimage\"},\"thumbnailUrl\":\"https:\\\/\\\/www.editorialjuventud.es\\\/wp-content\\\/uploads\\\/9788426145987.jpg\",\"datePublished\":\"2019-07-05T07:23:58+00:00\",\"dateModified\":\"2026-01-08T09:35:22+00:00\",\"description\":\"La joven maestra fue destinada a una escuela en la selva amaz\u00f3nica, y all\u00ed lleg\u00f3 cargada con sus libros. A sus alumnos lo que m\u00e1s les gustaba era que les leyera cuentos.\",\"breadcrumb\":{\"@id\":\"https:\\\/\\\/www.editorialjuventud.es\\\/la-joven-maestra-y-la-gran-serpiente-9788426145987\\\/#breadcrumb\"},\"inLanguage\":\"ca\",\"potentialAction\":[{\"@type\":\"ReadAction\",\"target\":[\"https:\\\/\\\/www.editorialjuventud.es\\\/la-joven-maestra-y-la-gran-serpiente-9788426145987\\\/\"]}]},{\"@type\":\"ImageObject\",\"inLanguage\":\"ca\",\"@id\":\"https:\\\/\\\/www.editorialjuventud.es\\\/la-joven-maestra-y-la-gran-serpiente-9788426145987\\\/#primaryimage\",\"url\":\"https:\\\/\\\/www.editorialjuventud.es\\\/wp-content\\\/uploads\\\/9788426145987.jpg\",\"contentUrl\":\"https:\\\/\\\/www.editorialjuventud.es\\\/wp-content\\\/uploads\\\/9788426145987.jpg\",\"width\":425,\"height\":425,\"caption\":\"9788426145987.jpg\"},{\"@type\":\"BreadcrumbList\",\"@id\":\"https:\\\/\\\/www.editorialjuventud.es\\\/la-joven-maestra-y-la-gran-serpiente-9788426145987\\\/#breadcrumb\",\"itemListElement\":[{\"@type\":\"ListItem\",\"position\":1,\"name\":\"Portada\",\"item\":\"https:\\\/\\\/www.editorialjuventud.es\\\/\"},{\"@type\":\"ListItem\",\"position\":2,\"name\":\"cat\u00e1logo\",\"item\":\"https:\\\/\\\/www.editorialjuventud.es\\\/coleccion\\\/catalogo\\\/\"},{\"@type\":\"ListItem\",\"position\":3,\"name\":\"castellano\",\"item\":\"https:\\\/\\\/www.editorialjuventud.es\\\/coleccion\\\/castellano\\\/\"},{\"@type\":\"ListItem\",\"position\":4,\"name\":\"La joven maestra y la gran serpiente\"}]},{\"@type\":\"WebSite\",\"@id\":\"https:\\\/\\\/www.editorialjuventud.es\\\/#website\",\"url\":\"https:\\\/\\\/www.editorialjuventud.es\\\/\",\"name\":\"Editorial Juventud\",\"description\":\"\",\"potentialAction\":[{\"@type\":\"SearchAction\",\"target\":{\"@type\":\"EntryPoint\",\"urlTemplate\":\"https:\\\/\\\/www.editorialjuventud.es\\\/?s={search_term_string}\"},\"query-input\":{\"@type\":\"PropertyValueSpecification\",\"valueRequired\":true,\"valueName\":\"search_term_string\"}}],\"inLanguage\":\"ca\"}]}<\/script>\n<!-- \/ Yoast SEO plugin. -->","yoast_head_json":{"title":"La joven maestra y la gran serpiente - Editorial Juventud","description":"La joven maestra fue destinada a una escuela en la selva amaz\u00f3nica, y all\u00ed lleg\u00f3 cargada con sus libros. A sus alumnos lo que m\u00e1s les gustaba era que les leyera cuentos.","robots":{"index":"index","follow":"follow","max-snippet":"max-snippet:-1","max-image-preview":"max-image-preview:large","max-video-preview":"max-video-preview:-1"},"canonical":"https:\/\/www.editorialjuventud.es\/la-joven-maestra-y-la-gran-serpiente-9788426145987\/","og_locale":"ca_ES","og_type":"article","og_title":"La joven maestra y la gran serpiente - Editorial Juventud","og_description":"La joven maestra fue destinada a una escuela en la selva amaz\u00f3nica, y all\u00ed lleg\u00f3 cargada con sus libros. A sus alumnos lo que m\u00e1s les gustaba era que les leyera cuentos.","og_url":"https:\/\/www.editorialjuventud.es\/la-joven-maestra-y-la-gran-serpiente-9788426145987\/","og_site_name":"Editorial Juventud","article_modified_time":"2026-01-08T09:35:22+00:00","og_image":[{"width":425,"height":425,"url":"https:\/\/www.editorialjuventud.es\/wp-content\/uploads\/9788426145987.jpg","type":"image\/jpeg"}],"twitter_card":"summary_large_image","twitter_misc":{"Temps estimat de lectura":"1 minut"},"schema":{"@context":"https:\/\/schema.org","@graph":[{"@type":"WebPage","@id":"https:\/\/www.editorialjuventud.es\/la-joven-maestra-y-la-gran-serpiente-9788426145987\/","url":"https:\/\/www.editorialjuventud.es\/la-joven-maestra-y-la-gran-serpiente-9788426145987\/","name":"La joven maestra y la gran serpiente - Editorial Juventud","isPartOf":{"@id":"https:\/\/www.editorialjuventud.es\/#website"},"primaryImageOfPage":{"@id":"https:\/\/www.editorialjuventud.es\/la-joven-maestra-y-la-gran-serpiente-9788426145987\/#primaryimage"},"image":{"@id":"https:\/\/www.editorialjuventud.es\/la-joven-maestra-y-la-gran-serpiente-9788426145987\/#primaryimage"},"thumbnailUrl":"https:\/\/www.editorialjuventud.es\/wp-content\/uploads\/9788426145987.jpg","datePublished":"2019-07-05T07:23:58+00:00","dateModified":"2026-01-08T09:35:22+00:00","description":"La joven maestra fue destinada a una escuela en la selva amaz\u00f3nica, y all\u00ed lleg\u00f3 cargada con sus libros. A sus alumnos lo que m\u00e1s les gustaba era que les leyera cuentos.","breadcrumb":{"@id":"https:\/\/www.editorialjuventud.es\/la-joven-maestra-y-la-gran-serpiente-9788426145987\/#breadcrumb"},"inLanguage":"ca","potentialAction":[{"@type":"ReadAction","target":["https:\/\/www.editorialjuventud.es\/la-joven-maestra-y-la-gran-serpiente-9788426145987\/"]}]},{"@type":"ImageObject","inLanguage":"ca","@id":"https:\/\/www.editorialjuventud.es\/la-joven-maestra-y-la-gran-serpiente-9788426145987\/#primaryimage","url":"https:\/\/www.editorialjuventud.es\/wp-content\/uploads\/9788426145987.jpg","contentUrl":"https:\/\/www.editorialjuventud.es\/wp-content\/uploads\/9788426145987.jpg","width":425,"height":425,"caption":"9788426145987.jpg"},{"@type":"BreadcrumbList","@id":"https:\/\/www.editorialjuventud.es\/la-joven-maestra-y-la-gran-serpiente-9788426145987\/#breadcrumb","itemListElement":[{"@type":"ListItem","position":1,"name":"Portada","item":"https:\/\/www.editorialjuventud.es\/"},{"@type":"ListItem","position":2,"name":"cat\u00e1logo","item":"https:\/\/www.editorialjuventud.es\/coleccion\/catalogo\/"},{"@type":"ListItem","position":3,"name":"castellano","item":"https:\/\/www.editorialjuventud.es\/coleccion\/castellano\/"},{"@type":"ListItem","position":4,"name":"La joven maestra y la gran serpiente"}]},{"@type":"WebSite","@id":"https:\/\/www.editorialjuventud.es\/#website","url":"https:\/\/www.editorialjuventud.es\/","name":"Editorial Juventud","description":"","potentialAction":[{"@type":"SearchAction","target":{"@type":"EntryPoint","urlTemplate":"https:\/\/www.editorialjuventud.es\/?s={search_term_string}"},"query-input":{"@type":"PropertyValueSpecification","valueRequired":true,"valueName":"search_term_string"}}],"inLanguage":"ca"}]}},"_links":{"self":[{"href":"https:\/\/www.editorialjuventud.es\/ca\/wp-json\/wp\/v2\/product\/29739","targetHints":{"allow":["GET"]}}],"collection":[{"href":"https:\/\/www.editorialjuventud.es\/ca\/wp-json\/wp\/v2\/product"}],"about":[{"href":"https:\/\/www.editorialjuventud.es\/ca\/wp-json\/wp\/v2\/types\/product"}],"wp:featuredmedia":[{"embeddable":true,"href":"https:\/\/www.editorialjuventud.es\/ca\/wp-json\/wp\/v2\/media\/29740"}],"wp:attachment":[{"href":"https:\/\/www.editorialjuventud.es\/ca\/wp-json\/wp\/v2\/media?parent=29739"}],"wp:term":[{"taxonomy":"product_brand","embeddable":true,"href":"https:\/\/www.editorialjuventud.es\/ca\/wp-json\/wp\/v2\/product_brand?post=29739"},{"taxonomy":"product_cat","embeddable":true,"href":"https:\/\/www.editorialjuventud.es\/ca\/wp-json\/wp\/v2\/product_cat?post=29739"},{"taxonomy":"product_tag","embeddable":true,"href":"https:\/\/www.editorialjuventud.es\/ca\/wp-json\/wp\/v2\/product_tag?post=29739"},{"taxonomy":"coleccion","embeddable":true,"href":"https:\/\/www.editorialjuventud.es\/ca\/wp-json\/wp\/v2\/coleccion?post=29739"}],"curies":[{"name":"wp","href":"https:\/\/api.w.org\/{rel}","templated":true}]}}