{"id":20660,"date":"2019-02-01T08:54:30","date_gmt":"2019-02-01T07:54:30","guid":{"rendered":"https:\/\/www.editorialjuventud.es\/que-comenci-lespectacle-9788426145666\/"},"modified":"2021-10-19T09:52:51","modified_gmt":"2021-10-19T07:52:51","slug":"que-comenci-lespectacle-9788426145666","status":"publish","type":"product","link":"https:\/\/www.editorialjuventud.es\/ca\/que-comenci-lespectacle-9788426145666\/","title":{"rendered":"Que comenci l&#8217;espectacle!"},"content":{"rendered":"<p>Al general Tir\u00e0 el que li agrada \u00e9s l&#8217;ordre. L&#8217;ordre i la disciplina. I les medalles tamb\u00e9.<\/p>\n<p>Per\u00f2 un bon dia arriba a la seva ciutat una companyia de circ, amb els seus domadors, equilibristes, pallassos&#8230; i, sobretot, desordre, molt desordre!<br \/>\nPer\u00f2 el general no est\u00e0 disposat a deixar-los passar ni una&#8230;<\/p>\n<p>Descobreix a partir d&#8217;aquest c\u00f2mic la import\u00e0ncia del dret a la llibertat.<\/p>\n<p>En un conte infantil, no resulta gens f\u00e0cil abordar amb tacte i amb humor temes com la dictadura, la censura, l&#8217;autoritat o la llibertat d&#8217;expressi\u00f3. No obstant aix\u00f2, aquests dos <a href=\"https:\/\/www.editorialjuventud.es\/autores\/wilfrid-lupano\/\">autors<\/a> fan que aquest c\u00f2mic sigui una joia en tots els sentits. Amb intel\u00b7lig\u00e8ncia i amb ast\u00facia, Lupano ens mostra un r\u00e8gim totalitari prou grotesc per a fer-nos riure, amb molts paral\u00b7lelismes amb l&#8217;actualitat que faran reflexionar tant a grans com a petits lectors.<br \/>\nLa hist\u00f2ria no est\u00e0 completa sense la m\u00e0gia que destil\u00b7la Fert en les seves il\u00b7lustracions, qui li dona un toc inventiu i entremaliat, perfilant cada personatge a la perfecci\u00f3 i creant un veritable elenc de circ amb infinitat de detalls. Una hist\u00f2ria amb un missatge positiu que ens recorda la import\u00e0ncia vital de la llibertat d&#8217;expressi\u00f3, tan necess\u00e0ria en els dies que corren&#8230;<\/p>\n<p>A m\u00e9s, al final del llibre hi ha un Joc de Mem\u00f2ria, en qu\u00e8 els nens podran retallar les fitxes de tots els personatges de la hist\u00f2ria per a jugar al m\u00edtic joc de trobar les parelles. Un llibre l\u00fadic i did\u00e0ctic a parts iguals!<\/p>\n","protected":false},"excerpt":{"rendered":"Al general Tir\u00e0 el que li agrada \u00e9s l&#8217;ordre. L&#8217;ordre i la disciplina. I les medalles tamb\u00e9. Per\u00f2 un bon dia arriba a la seva ciutat una companyia de circ, amb els seus domadors, equilibristes, pallassos&#8230; i, sobretot, desordre, molt [&hellip;]","protected":false},"featured_media":20661,"template":"","meta":{"_acf_changed":false,"_exactmetrics_skip_tracking":false,"_exactmetrics_sitenote_active":false,"_exactmetrics_sitenote_note":"","_exactmetrics_sitenote_category":0},"product_brand":[],"product_cat":[902,1127,1158,1161,892,1115,1190,1291,1128],"product_tag":[],"coleccion":[915,922],"class_list":{"0":"post-20660","1":"product","2":"type-product","3":"status-publish","4":"has-post-thumbnail","6":"product_cat-a-partir-de-7-anos","7":"product_cat-comic","8":"product_cat-critica-social","9":"product_cat-derechos-humanos","10":"product_cat-edades","11":"product_cat-generos","12":"product_cat-libertad","13":"product_cat-libro-juego","14":"product_cat-tematica","15":"coleccion-catala","16":"coleccion-joventut-comic","18":"first","19":"instock","20":"taxable","21":"shipping-taxable","22":"purchasable","23":"product-type-simple"},"acf":{"indice":"","autor":"Lupano, Wilfrid","codart":"4566","ediciones":"1","encuadernacion":"Carton\u00e9","fecha_de_publicacion":"01\/02\/2019","novedad":"0","paginas":"32","subtitulo":"","texto_web_adicional":"","autores-libros":[20436],"ilustradores-libros":[20437],"texto_web_novedad":"","orden":"999","portada":"0","texto_web_resaltado":"","traductores-libros":[17773],"descripcion_corta":"","recomendamos":"","mas_vendido":"","idioma-libro":"","color":false,"formato":"","mas_informacion_del_producto":false,"premios":[{"premio":"Premi Livre Vivent","anyo_del_premio":"2020","pais_del_premio":"Fran\u00e7a"},{"premio":"","anyo_del_premio":"","pais_del_premio":""}],"texto_enlace_cubierta":"descarregar coberta","enlace_cubierta":{"ID":21099,"id":21099,"title":"tapas_272x356_QUE EMPIECE EL ESPECTACULO (2 idiomas).indd","filename":"portada-1.jpg","filesize":1479352,"url":"https:\/\/www.editorialjuventud.es\/wp-content\/uploads\/portada-1.jpg","link":"https:\/\/www.editorialjuventud.es\/ca\/?attachment_id=21099","alt":"","author":"47","description":"","caption":"","name":"tapas_272x356_que-empiece-el-espectaculo-2-idiomas-indd-3","status":"inherit","uploaded_to":20660,"date":"2019-02-10 22:20:10","modified":"2019-02-10 22:20:10","menu_order":0,"mime_type":"image\/jpeg","type":"image","subtype":"jpeg","icon":"https:\/\/www.editorialjuventud.es\/wp-includes\/images\/media\/default.png","width":3240,"height":4291,"sizes":{"thumbnail":"https:\/\/www.editorialjuventud.es\/wp-content\/uploads\/portada-1-200x200.jpg","thumbnail-width":200,"thumbnail-height":200,"medium":"https:\/\/www.editorialjuventud.es\/wp-content\/uploads\/portada-1.jpg","medium-width":3240,"medium-height":4291,"medium_large":"https:\/\/www.editorialjuventud.es\/wp-content\/uploads\/portada-1-768x1017.jpg","medium_large-width":768,"medium_large-height":1017,"large":"https:\/\/www.editorialjuventud.es\/wp-content\/uploads\/portada-1.jpg","large-width":3240,"large-height":4291,"1536x1536":"https:\/\/www.editorialjuventud.es\/wp-content\/uploads\/portada-1.jpg","1536x1536-width":1160,"1536x1536-height":1536,"2048x2048":"https:\/\/www.editorialjuventud.es\/wp-content\/uploads\/portada-1.jpg","2048x2048-width":1546,"2048x2048-height":2048,"woocommerce_thumbnail":"https:\/\/www.editorialjuventud.es\/wp-content\/uploads\/portada-1-350x464.jpg","woocommerce_thumbnail-width":350,"woocommerce_thumbnail-height":464,"woocommerce_single":"https:\/\/www.editorialjuventud.es\/wp-content\/uploads\/portada-1-900x1192.jpg","woocommerce_single-width":900,"woocommerce_single-height":1192,"woocommerce_gallery_thumbnail":"https:\/\/www.editorialjuventud.es\/wp-content\/uploads\/portada-1-100x100.jpg","woocommerce_gallery_thumbnail-width":100,"woocommerce_gallery_thumbnail-height":100,"ppec_logo_image_size":"https:\/\/www.editorialjuventud.es\/wp-content\/uploads\/portada-1.jpg","ppec_logo_image_size-width":45,"ppec_logo_image_size-height":60,"ppec_header_image_size":"https:\/\/www.editorialjuventud.es\/wp-content\/uploads\/portada-1.jpg","ppec_header_image_size-width":68,"ppec_header_image_size-height":90}},"texto_enlace_ficha_tecnica":"Descarregar fitxa t\u00e8cnica","enlace_ficha_tecnica":{"ID":20784,"id":20784,"title":"Que_comenci_lespectacle_","filename":"Que_comenci_lespectacle_.pdf","filesize":706513,"url":"https:\/\/www.editorialjuventud.es\/wp-content\/uploads\/Que_comenci_lespectacle_.pdf","link":"https:\/\/www.editorialjuventud.es\/ca\/?attachment_id=20784","alt":"","author":"47","description":"","caption":"","name":"que_comenci_lespectacle_","status":"inherit","uploaded_to":20660,"date":"2019-02-05 11:19:05","modified":"2019-02-05 11:19:05","menu_order":0,"mime_type":"application\/pdf","type":"application","subtype":"pdf","icon":"https:\/\/www.editorialjuventud.es\/wp-includes\/images\/media\/document.png"},"ficheros":false,"titulo-fr":"","texto-fr":"","fecha_de_reimpresion":"","deshabilitar_compra":[]},"yoast_head":"<!-- This site is optimized with the Yoast SEO plugin v27.3 - https:\/\/yoast.com\/product\/yoast-seo-wordpress\/ -->\n<title>Que comenci l&#039;espectacle! - Editorial Joventut - Joventut c\u00f2mic<\/title>\n<meta name=\"description\" content=\"Descobreix a partir d&#039;aquest c\u00f2mic la import\u00e0ncia del dret a la llibertat. Al general Tir\u00e0 el que li agrada \u00e9s l&#039;ordre. L&#039;ordre i la disciplina. I les medalles tamb\u00e9. Per\u00f2 un bon dia arriba a la seva ciutat una companyia de circ, amb els seus domadors, equilibristes, pallassos... i, sobretot, desordre, molt desordre!\" \/>\n<meta name=\"robots\" content=\"index, follow, max-snippet:-1, max-image-preview:large, max-video-preview:-1\" \/>\n<link rel=\"canonical\" href=\"https:\/\/www.editorialjuventud.es\/que-comenci-lespectacle-9788426145666\/\" \/>\n<meta property=\"og:locale\" content=\"ca_ES\" \/>\n<meta property=\"og:type\" content=\"article\" \/>\n<meta property=\"og:title\" content=\"Que comenci l&#039;espectacle! - Editorial Joventut - Joventut c\u00f2mic\" \/>\n<meta property=\"og:description\" content=\"Descobreix a partir d&#039;aquest c\u00f2mic la import\u00e0ncia del dret a la llibertat. Al general Tir\u00e0 el que li agrada \u00e9s l&#039;ordre. L&#039;ordre i la disciplina. I les medalles tamb\u00e9. Per\u00f2 un bon dia arriba a la seva ciutat una companyia de circ, amb els seus domadors, equilibristes, pallassos... i, sobretot, desordre, molt desordre!\" \/>\n<meta property=\"og:url\" content=\"https:\/\/www.editorialjuventud.es\/que-comenci-lespectacle-9788426145666\/\" \/>\n<meta property=\"og:site_name\" content=\"Editorial Juventud\" \/>\n<meta property=\"article:modified_time\" content=\"2021-10-19T07:52:51+00:00\" \/>\n<meta property=\"og:image\" content=\"https:\/\/www.editorialjuventud.es\/wp-content\/uploads\/9788426145666.jpg\" \/>\n\t<meta property=\"og:image:width\" content=\"3234\" \/>\n\t<meta property=\"og:image:height\" content=\"4276\" \/>\n\t<meta property=\"og:image:type\" content=\"image\/jpeg\" \/>\n<meta name=\"twitter:card\" content=\"summary_large_image\" \/>\n<meta name=\"twitter:label1\" content=\"Temps estimat de lectura\" \/>\n\t<meta name=\"twitter:data1\" content=\"1 minut\" \/>\n<script type=\"application\/ld+json\" class=\"yoast-schema-graph\">{\"@context\":\"https:\\\/\\\/schema.org\",\"@graph\":[{\"@type\":\"WebPage\",\"@id\":\"https:\\\/\\\/www.editorialjuventud.es\\\/que-comenci-lespectacle-9788426145666\\\/\",\"url\":\"https:\\\/\\\/www.editorialjuventud.es\\\/que-comenci-lespectacle-9788426145666\\\/\",\"name\":\"Que comenci l'espectacle! - Editorial Joventut - Joventut c\u00f2mic\",\"isPartOf\":{\"@id\":\"https:\\\/\\\/www.editorialjuventud.es\\\/#website\"},\"primaryImageOfPage\":{\"@id\":\"https:\\\/\\\/www.editorialjuventud.es\\\/que-comenci-lespectacle-9788426145666\\\/#primaryimage\"},\"image\":{\"@id\":\"https:\\\/\\\/www.editorialjuventud.es\\\/que-comenci-lespectacle-9788426145666\\\/#primaryimage\"},\"thumbnailUrl\":\"https:\\\/\\\/www.editorialjuventud.es\\\/wp-content\\\/uploads\\\/9788426145666.jpg\",\"datePublished\":\"2019-02-01T07:54:30+00:00\",\"dateModified\":\"2021-10-19T07:52:51+00:00\",\"description\":\"Descobreix a partir d'aquest c\u00f2mic la import\u00e0ncia del dret a la llibertat. Al general Tir\u00e0 el que li agrada \u00e9s l'ordre. L'ordre i la disciplina. I les medalles tamb\u00e9. Per\u00f2 un bon dia arriba a la seva ciutat una companyia de circ, amb els seus domadors, equilibristes, pallassos... i, sobretot, desordre, molt desordre!\",\"breadcrumb\":{\"@id\":\"https:\\\/\\\/www.editorialjuventud.es\\\/que-comenci-lespectacle-9788426145666\\\/#breadcrumb\"},\"inLanguage\":\"ca\",\"potentialAction\":[{\"@type\":\"ReadAction\",\"target\":[\"https:\\\/\\\/www.editorialjuventud.es\\\/que-comenci-lespectacle-9788426145666\\\/\"]}]},{\"@type\":\"ImageObject\",\"inLanguage\":\"ca\",\"@id\":\"https:\\\/\\\/www.editorialjuventud.es\\\/que-comenci-lespectacle-9788426145666\\\/#primaryimage\",\"url\":\"https:\\\/\\\/www.editorialjuventud.es\\\/wp-content\\\/uploads\\\/9788426145666.jpg\",\"contentUrl\":\"https:\\\/\\\/www.editorialjuventud.es\\\/wp-content\\\/uploads\\\/9788426145666.jpg\",\"width\":3234,\"height\":4276,\"caption\":\"9788426145666.jpg\"},{\"@type\":\"BreadcrumbList\",\"@id\":\"https:\\\/\\\/www.editorialjuventud.es\\\/que-comenci-lespectacle-9788426145666\\\/#breadcrumb\",\"itemListElement\":[{\"@type\":\"ListItem\",\"position\":1,\"name\":\"Portada\",\"item\":\"https:\\\/\\\/www.editorialjuventud.es\\\/\"},{\"@type\":\"ListItem\",\"position\":2,\"name\":\"cat\u00e1logo\",\"item\":\"https:\\\/\\\/www.editorialjuventud.es\\\/coleccion\\\/catalogo\\\/\"},{\"@type\":\"ListItem\",\"position\":3,\"name\":\"catal\u00e0\",\"item\":\"https:\\\/\\\/www.editorialjuventud.es\\\/coleccion\\\/catala\\\/\"},{\"@type\":\"ListItem\",\"position\":4,\"name\":\"Joventut C\u00f2mic\",\"item\":\"https:\\\/\\\/www.editorialjuventud.es\\\/ca\\\/coleccion\\\/joventut-comic\\\/\"},{\"@type\":\"ListItem\",\"position\":5,\"name\":\"Que comenci l&#8217;espectacle!\"}]},{\"@type\":\"WebSite\",\"@id\":\"https:\\\/\\\/www.editorialjuventud.es\\\/#website\",\"url\":\"https:\\\/\\\/www.editorialjuventud.es\\\/\",\"name\":\"Editorial Juventud\",\"description\":\"\",\"potentialAction\":[{\"@type\":\"SearchAction\",\"target\":{\"@type\":\"EntryPoint\",\"urlTemplate\":\"https:\\\/\\\/www.editorialjuventud.es\\\/?s={search_term_string}\"},\"query-input\":{\"@type\":\"PropertyValueSpecification\",\"valueRequired\":true,\"valueName\":\"search_term_string\"}}],\"inLanguage\":\"ca\"}]}<\/script>\n<!-- \/ Yoast SEO plugin. -->","yoast_head_json":{"title":"Que comenci l'espectacle! - Editorial Joventut - Joventut c\u00f2mic","description":"Descobreix a partir d'aquest c\u00f2mic la import\u00e0ncia del dret a la llibertat. Al general Tir\u00e0 el que li agrada \u00e9s l'ordre. L'ordre i la disciplina. I les medalles tamb\u00e9. Per\u00f2 un bon dia arriba a la seva ciutat una companyia de circ, amb els seus domadors, equilibristes, pallassos... i, sobretot, desordre, molt desordre!","robots":{"index":"index","follow":"follow","max-snippet":"max-snippet:-1","max-image-preview":"max-image-preview:large","max-video-preview":"max-video-preview:-1"},"canonical":"https:\/\/www.editorialjuventud.es\/que-comenci-lespectacle-9788426145666\/","og_locale":"ca_ES","og_type":"article","og_title":"Que comenci l'espectacle! - Editorial Joventut - Joventut c\u00f2mic","og_description":"Descobreix a partir d'aquest c\u00f2mic la import\u00e0ncia del dret a la llibertat. Al general Tir\u00e0 el que li agrada \u00e9s l'ordre. L'ordre i la disciplina. I les medalles tamb\u00e9. Per\u00f2 un bon dia arriba a la seva ciutat una companyia de circ, amb els seus domadors, equilibristes, pallassos... i, sobretot, desordre, molt desordre!","og_url":"https:\/\/www.editorialjuventud.es\/que-comenci-lespectacle-9788426145666\/","og_site_name":"Editorial Juventud","article_modified_time":"2021-10-19T07:52:51+00:00","og_image":[{"width":3234,"height":4276,"url":"https:\/\/www.editorialjuventud.es\/wp-content\/uploads\/9788426145666.jpg","type":"image\/jpeg"}],"twitter_card":"summary_large_image","twitter_misc":{"Temps estimat de lectura":"1 minut"},"schema":{"@context":"https:\/\/schema.org","@graph":[{"@type":"WebPage","@id":"https:\/\/www.editorialjuventud.es\/que-comenci-lespectacle-9788426145666\/","url":"https:\/\/www.editorialjuventud.es\/que-comenci-lespectacle-9788426145666\/","name":"Que comenci l'espectacle! - Editorial Joventut - Joventut c\u00f2mic","isPartOf":{"@id":"https:\/\/www.editorialjuventud.es\/#website"},"primaryImageOfPage":{"@id":"https:\/\/www.editorialjuventud.es\/que-comenci-lespectacle-9788426145666\/#primaryimage"},"image":{"@id":"https:\/\/www.editorialjuventud.es\/que-comenci-lespectacle-9788426145666\/#primaryimage"},"thumbnailUrl":"https:\/\/www.editorialjuventud.es\/wp-content\/uploads\/9788426145666.jpg","datePublished":"2019-02-01T07:54:30+00:00","dateModified":"2021-10-19T07:52:51+00:00","description":"Descobreix a partir d'aquest c\u00f2mic la import\u00e0ncia del dret a la llibertat. Al general Tir\u00e0 el que li agrada \u00e9s l'ordre. L'ordre i la disciplina. I les medalles tamb\u00e9. Per\u00f2 un bon dia arriba a la seva ciutat una companyia de circ, amb els seus domadors, equilibristes, pallassos... i, sobretot, desordre, molt desordre!","breadcrumb":{"@id":"https:\/\/www.editorialjuventud.es\/que-comenci-lespectacle-9788426145666\/#breadcrumb"},"inLanguage":"ca","potentialAction":[{"@type":"ReadAction","target":["https:\/\/www.editorialjuventud.es\/que-comenci-lespectacle-9788426145666\/"]}]},{"@type":"ImageObject","inLanguage":"ca","@id":"https:\/\/www.editorialjuventud.es\/que-comenci-lespectacle-9788426145666\/#primaryimage","url":"https:\/\/www.editorialjuventud.es\/wp-content\/uploads\/9788426145666.jpg","contentUrl":"https:\/\/www.editorialjuventud.es\/wp-content\/uploads\/9788426145666.jpg","width":3234,"height":4276,"caption":"9788426145666.jpg"},{"@type":"BreadcrumbList","@id":"https:\/\/www.editorialjuventud.es\/que-comenci-lespectacle-9788426145666\/#breadcrumb","itemListElement":[{"@type":"ListItem","position":1,"name":"Portada","item":"https:\/\/www.editorialjuventud.es\/"},{"@type":"ListItem","position":2,"name":"cat\u00e1logo","item":"https:\/\/www.editorialjuventud.es\/coleccion\/catalogo\/"},{"@type":"ListItem","position":3,"name":"catal\u00e0","item":"https:\/\/www.editorialjuventud.es\/coleccion\/catala\/"},{"@type":"ListItem","position":4,"name":"Joventut C\u00f2mic","item":"https:\/\/www.editorialjuventud.es\/ca\/coleccion\/joventut-comic\/"},{"@type":"ListItem","position":5,"name":"Que comenci l&#8217;espectacle!"}]},{"@type":"WebSite","@id":"https:\/\/www.editorialjuventud.es\/#website","url":"https:\/\/www.editorialjuventud.es\/","name":"Editorial Juventud","description":"","potentialAction":[{"@type":"SearchAction","target":{"@type":"EntryPoint","urlTemplate":"https:\/\/www.editorialjuventud.es\/?s={search_term_string}"},"query-input":{"@type":"PropertyValueSpecification","valueRequired":true,"valueName":"search_term_string"}}],"inLanguage":"ca"}]}},"_links":{"self":[{"href":"https:\/\/www.editorialjuventud.es\/ca\/wp-json\/wp\/v2\/product\/20660","targetHints":{"allow":["GET"]}}],"collection":[{"href":"https:\/\/www.editorialjuventud.es\/ca\/wp-json\/wp\/v2\/product"}],"about":[{"href":"https:\/\/www.editorialjuventud.es\/ca\/wp-json\/wp\/v2\/types\/product"}],"wp:featuredmedia":[{"embeddable":true,"href":"https:\/\/www.editorialjuventud.es\/ca\/wp-json\/wp\/v2\/media\/20661"}],"wp:attachment":[{"href":"https:\/\/www.editorialjuventud.es\/ca\/wp-json\/wp\/v2\/media?parent=20660"}],"wp:term":[{"taxonomy":"product_brand","embeddable":true,"href":"https:\/\/www.editorialjuventud.es\/ca\/wp-json\/wp\/v2\/product_brand?post=20660"},{"taxonomy":"product_cat","embeddable":true,"href":"https:\/\/www.editorialjuventud.es\/ca\/wp-json\/wp\/v2\/product_cat?post=20660"},{"taxonomy":"product_tag","embeddable":true,"href":"https:\/\/www.editorialjuventud.es\/ca\/wp-json\/wp\/v2\/product_tag?post=20660"},{"taxonomy":"coleccion","embeddable":true,"href":"https:\/\/www.editorialjuventud.es\/ca\/wp-json\/wp\/v2\/coleccion?post=20660"}],"curies":[{"name":"wp","href":"https:\/\/api.w.org\/{rel}","templated":true}]}}