{"id":20184,"date":"2018-12-20T17:59:27","date_gmt":"2018-12-20T15:59:27","guid":{"rendered":"http:\/\/www.editorialjuventud.es\/edison-dos-ratolins-a-la-recerca-dun-tresor-9788426145802\/"},"modified":"2022-09-27T14:31:50","modified_gmt":"2022-09-27T12:31:50","slug":"edison-dos-ratolins-a-la-recerca-dun-tresor-9788426145802","status":"publish","type":"product","link":"https:\/\/www.editorialjuventud.es\/ca\/edison-dos-ratolins-a-la-recerca-dun-tresor-9788426145802\/","title":{"rendered":"EDISON  Dos ratolins a la recerca d&#8217;un tresor"},"content":{"rendered":"<p>Motivat per una antiga hist\u00f2ria familiar, en Pau busca l&#8217;ajut \u00a0d&#8217;un \u00a0professor \u00a0de \u00a0la \u00a0Universitat dels \u00a0Ratolins per \u00a0inventar \u00a0un \u00a0aparell \u00a0capa\u00e7 \u00a0de \u00a0submergir-se \u00a0fins \u00a0a les profunditats de l&#8217;oce\u00e0 Atl\u00e0ntic. Junts iniciaran un labori\u00f3s \u00a0proc\u00e9s \u00a0d&#8217;estudi \u00a0que \u00a0els \u00a0portar\u00e0 \u00a0a \u00a0trobar \u00a0una arqueta \u00a0perduda \u00a0al \u00a0mar \u00a0amb \u00a0una \u00a0sorpresa \u00a0en \u00a0el \u00a0seu interior: \u00a0el \u00a0diari \u00a0d&#8217;un \u00a0avantpassat \u00a0d&#8217;en \u00a0Pau \u00a0que \u00a0el relacionar\u00e0 amb un dels inventors m\u00e9s importants de la hist\u00f2ria. Com a les dues anteriors obres de la s\u00e8rie Ratolins Aventurers, Kuhlmann aconsegueix submergir el lector en un apassionant viatge entre la hist\u00f2ria i la fantasia. Al final del llibre trobem una breu biografia de Thomas Edison amb altres refer\u00e8ncies d&#8217;inventors que van contribuir a l&#8217;aparici\u00f3 de la primera bombeta.<\/p>\n<p>&nbsp;<\/p>\n<p>&nbsp;<\/p>\n<p>Aquest llibre ha estat publicat amb el suport de:<\/p>\n<p><img loading=\"lazy\" decoding=\"async\" class=\"alignnone size-full wp-image-33299\" src=\"http:\/\/www.editorialjuventud.es\/wp-content\/uploads\/0.png\" alt=\"\" width=\"198\" height=\"57\" \/><\/p>\n","protected":false},"excerpt":{"rendered":"Motivat per una antiga hist\u00f2ria familiar, en Pau busca l&#8217;ajut \u00a0d&#8217;un \u00a0professor \u00a0de \u00a0la \u00a0Universitat dels \u00a0Ratolins per \u00a0inventar \u00a0un \u00a0aparell \u00a0capa\u00e7 \u00a0de \u00a0submergir-se \u00a0fins \u00a0a les profunditats de l&#8217;oce\u00e0 Atl\u00e0ntic. Junts iniciaran un labori\u00f3s \u00a0proc\u00e9s \u00a0d&#8217;estudi \u00a0que \u00a0els \u00a0portar\u00e0 [&hellip;]","protected":false},"featured_media":20185,"template":"","meta":{"_acf_changed":false,"_exactmetrics_skip_tracking":false,"_exactmetrics_sitenote_active":false,"_exactmetrics_sitenote_note":"","_exactmetrics_sitenote_category":0},"product_brand":[],"product_cat":[904,1121,1142,892,1115,1193,1207,1128],"product_tag":[],"coleccion":[917,915,952,1247],"class_list":{"0":"post-20184","1":"product","2":"type-product","3":"status-publish","4":"has-post-thumbnail","6":"product_cat-a-partir-de-9-anos","7":"product_cat-albumes-ilustrados","8":"product_cat-aventura","9":"product_cat-edades","10":"product_cat-generos","11":"product_cat-mar-oceano","12":"product_cat-personajes-reales","13":"product_cat-tematica","14":"coleccion-albums-illustrats","15":"coleccion-catala","16":"coleccion-ja-llegeixo-sol","17":"coleccion-ratolins-aventurers","19":"first","20":"instock","21":"taxable","22":"shipping-taxable","23":"purchasable","24":"product-type-simple"},"acf":{"indice":"","autor":"KUHLMANN, TORBEN","codart":"4580","ediciones":"1","encuadernacion":"Carton\u00e9","fecha_de_publicacion":"01\/11\/2018","novedad":"0","paginas":"112","subtitulo":"","texto_web_adicional":"","autores-libros":[16448],"ilustradores-libros":[16448],"texto_web_novedad":"","orden":"999","portada":"0","texto_web_resaltado":"","traductores-libros":[18265],"descripcion_corta":"","recomendamos":"","mas_vendido":"","color":false,"formato":"","mas_informacion_del_producto":false,"premios":false,"texto_enlace_cubierta":"","enlace_cubierta":{"ID":24246,"id":24246,"title":"COVER-9788426145802","filename":"COVER-9788426145802.jpg","filesize":96463,"url":"https:\/\/www.editorialjuventud.es\/wp-content\/uploads\/COVER-9788426145802.jpg","link":"https:\/\/www.editorialjuventud.es\/ca\/?attachment_id=24246","alt":"","author":"47","description":"","caption":"","name":"cover-9788426145802","status":"inherit","uploaded_to":20184,"date":"2019-04-15 18:23:22","modified":"2019-04-15 18:23:22","menu_order":0,"mime_type":"image\/jpeg","type":"image","subtype":"jpeg","icon":"https:\/\/www.editorialjuventud.es\/wp-includes\/images\/media\/default.png","width":526,"height":680,"sizes":{"thumbnail":"https:\/\/www.editorialjuventud.es\/wp-content\/uploads\/COVER-9788426145802-200x200.jpg","thumbnail-width":200,"thumbnail-height":200,"medium":"https:\/\/www.editorialjuventud.es\/wp-content\/uploads\/COVER-9788426145802.jpg","medium-width":526,"medium-height":680,"medium_large":"https:\/\/www.editorialjuventud.es\/wp-content\/uploads\/COVER-9788426145802.jpg","medium_large-width":526,"medium_large-height":680,"large":"https:\/\/www.editorialjuventud.es\/wp-content\/uploads\/COVER-9788426145802.jpg","large-width":526,"large-height":680,"1536x1536":"https:\/\/www.editorialjuventud.es\/wp-content\/uploads\/COVER-9788426145802.jpg","1536x1536-width":526,"1536x1536-height":680,"2048x2048":"https:\/\/www.editorialjuventud.es\/wp-content\/uploads\/COVER-9788426145802.jpg","2048x2048-width":526,"2048x2048-height":680,"woocommerce_thumbnail":"https:\/\/www.editorialjuventud.es\/wp-content\/uploads\/COVER-9788426145802-350x452.jpg","woocommerce_thumbnail-width":350,"woocommerce_thumbnail-height":452,"woocommerce_single":"https:\/\/www.editorialjuventud.es\/wp-content\/uploads\/COVER-9788426145802.jpg","woocommerce_single-width":526,"woocommerce_single-height":680,"woocommerce_gallery_thumbnail":"https:\/\/www.editorialjuventud.es\/wp-content\/uploads\/COVER-9788426145802-100x100.jpg","woocommerce_gallery_thumbnail-width":100,"woocommerce_gallery_thumbnail-height":100,"ppec_logo_image_size":"https:\/\/www.editorialjuventud.es\/wp-content\/uploads\/COVER-9788426145802.jpg","ppec_logo_image_size-width":46,"ppec_logo_image_size-height":60,"ppec_header_image_size":"https:\/\/www.editorialjuventud.es\/wp-content\/uploads\/COVER-9788426145802.jpg","ppec_header_image_size-width":70,"ppec_header_image_size-height":90}},"texto_enlace_ficha_tecnica":"","enlace_ficha_tecnica":{"ID":33463,"id":33463,"title":"Fitxa-Edison.-Dos-ratolins-a-la-recerca-dun-tresor","filename":"Fitxa-Edison.-Dos-ratolins-a-la-recerca-dun-tresor-1.pdf","filesize":540502,"url":"https:\/\/www.editorialjuventud.es\/wp-content\/uploads\/Fitxa-Edison.-Dos-ratolins-a-la-recerca-dun-tresor-1.pdf","link":"https:\/\/www.editorialjuventud.es\/ca\/?attachment_id=33463","alt":"","author":"49","description":"","caption":"","name":"fitxa-edison-dos-ratolins-a-la-recerca-dun-tresor-2","status":"inherit","uploaded_to":20184,"date":"2019-10-21 11:34:36","modified":"2019-10-21 11:34:36","menu_order":0,"mime_type":"application\/pdf","type":"application","subtype":"pdf","icon":"https:\/\/www.editorialjuventud.es\/wp-includes\/images\/media\/document.png"},"ficheros":false,"titulo-fr":"","texto-fr":"","idioma-libro":"","fecha_de_reimpresion":""},"yoast_head":"<!-- This site is optimized with the Yoast SEO plugin v27.3 - https:\/\/yoast.com\/product\/yoast-seo-wordpress\/ -->\n<title>EDISON Dos ratolins a la recerca d&#039;un tresor - Editorial Juventud<\/title>\n<meta name=\"description\" content=\"Motivat per una antiga hist\u00f2ria familiar, en Pau busca l&#039;ajut \u00a0d&#039;un \u00a0professor \u00a0de \u00a0la \u00a0Universitat dels \u00a0Ratolins per \u00a0inventar \u00a0un \u00a0aparell \u00a0capa\u00e7 \u00a0de\" \/>\n<meta name=\"robots\" content=\"index, follow, max-snippet:-1, max-image-preview:large, max-video-preview:-1\" \/>\n<link rel=\"canonical\" href=\"https:\/\/www.editorialjuventud.es\/edison-dos-ratolins-a-la-recerca-dun-tresor-9788426145802\/\" \/>\n<meta property=\"og:locale\" content=\"ca_ES\" \/>\n<meta property=\"og:type\" content=\"article\" \/>\n<meta property=\"og:title\" content=\"EDISON Dos ratolins a la recerca d&#039;un tresor - Editorial Juventud\" \/>\n<meta property=\"og:description\" content=\"Motivat per una antiga hist\u00f2ria familiar, en Pau busca l&#039;ajut \u00a0d&#039;un \u00a0professor \u00a0de \u00a0la \u00a0Universitat dels \u00a0Ratolins per \u00a0inventar \u00a0un \u00a0aparell \u00a0capa\u00e7 \u00a0de\" \/>\n<meta property=\"og:url\" content=\"https:\/\/www.editorialjuventud.es\/edison-dos-ratolins-a-la-recerca-dun-tresor-9788426145802\/\" \/>\n<meta property=\"og:site_name\" content=\"Editorial Juventud\" \/>\n<meta property=\"article:modified_time\" content=\"2022-09-27T12:31:50+00:00\" \/>\n<meta property=\"og:image\" content=\"https:\/\/www.editorialjuventud.es\/wp-content\/uploads\/9788426145802.jpg\" \/>\n\t<meta property=\"og:image:width\" content=\"526\" \/>\n\t<meta property=\"og:image:height\" content=\"680\" \/>\n\t<meta property=\"og:image:type\" content=\"image\/jpeg\" \/>\n<meta name=\"twitter:card\" content=\"summary_large_image\" \/>\n<meta name=\"twitter:label1\" content=\"Temps estimat de lectura\" \/>\n\t<meta name=\"twitter:data1\" content=\"1 minut\" \/>\n<script type=\"application\/ld+json\" class=\"yoast-schema-graph\">{\"@context\":\"https:\\\/\\\/schema.org\",\"@graph\":[{\"@type\":\"WebPage\",\"@id\":\"https:\\\/\\\/www.editorialjuventud.es\\\/edison-dos-ratolins-a-la-recerca-dun-tresor-9788426145802\\\/\",\"url\":\"https:\\\/\\\/www.editorialjuventud.es\\\/edison-dos-ratolins-a-la-recerca-dun-tresor-9788426145802\\\/\",\"name\":\"EDISON Dos ratolins a la recerca d'un tresor - Editorial Juventud\",\"isPartOf\":{\"@id\":\"https:\\\/\\\/www.editorialjuventud.es\\\/#website\"},\"primaryImageOfPage\":{\"@id\":\"https:\\\/\\\/www.editorialjuventud.es\\\/edison-dos-ratolins-a-la-recerca-dun-tresor-9788426145802\\\/#primaryimage\"},\"image\":{\"@id\":\"https:\\\/\\\/www.editorialjuventud.es\\\/edison-dos-ratolins-a-la-recerca-dun-tresor-9788426145802\\\/#primaryimage\"},\"thumbnailUrl\":\"https:\\\/\\\/www.editorialjuventud.es\\\/wp-content\\\/uploads\\\/9788426145802.jpg\",\"datePublished\":\"2018-12-20T15:59:27+00:00\",\"dateModified\":\"2022-09-27T12:31:50+00:00\",\"description\":\"Motivat per una antiga hist\u00f2ria familiar, en Pau busca l'ajut \u00a0d'un \u00a0professor \u00a0de \u00a0la \u00a0Universitat dels \u00a0Ratolins per \u00a0inventar \u00a0un \u00a0aparell \u00a0capa\u00e7 \u00a0de\",\"breadcrumb\":{\"@id\":\"https:\\\/\\\/www.editorialjuventud.es\\\/edison-dos-ratolins-a-la-recerca-dun-tresor-9788426145802\\\/#breadcrumb\"},\"inLanguage\":\"ca\",\"potentialAction\":[{\"@type\":\"ReadAction\",\"target\":[\"https:\\\/\\\/www.editorialjuventud.es\\\/edison-dos-ratolins-a-la-recerca-dun-tresor-9788426145802\\\/\"]}]},{\"@type\":\"ImageObject\",\"inLanguage\":\"ca\",\"@id\":\"https:\\\/\\\/www.editorialjuventud.es\\\/edison-dos-ratolins-a-la-recerca-dun-tresor-9788426145802\\\/#primaryimage\",\"url\":\"https:\\\/\\\/www.editorialjuventud.es\\\/wp-content\\\/uploads\\\/9788426145802.jpg\",\"contentUrl\":\"https:\\\/\\\/www.editorialjuventud.es\\\/wp-content\\\/uploads\\\/9788426145802.jpg\",\"width\":526,\"height\":680,\"caption\":\"9788426145802.jpg\"},{\"@type\":\"BreadcrumbList\",\"@id\":\"https:\\\/\\\/www.editorialjuventud.es\\\/edison-dos-ratolins-a-la-recerca-dun-tresor-9788426145802\\\/#breadcrumb\",\"itemListElement\":[{\"@type\":\"ListItem\",\"position\":1,\"name\":\"Portada\",\"item\":\"https:\\\/\\\/www.editorialjuventud.es\\\/\"},{\"@type\":\"ListItem\",\"position\":2,\"name\":\"cat\u00e1logo\",\"item\":\"https:\\\/\\\/www.editorialjuventud.es\\\/coleccion\\\/catalogo\\\/\"},{\"@type\":\"ListItem\",\"position\":3,\"name\":\"catal\u00e0\",\"item\":\"https:\\\/\\\/www.editorialjuventud.es\\\/coleccion\\\/catala\\\/\"},{\"@type\":\"ListItem\",\"position\":4,\"name\":\"\u00c0lbums Il\u00b7lustrats\",\"item\":\"https:\\\/\\\/www.editorialjuventud.es\\\/coleccion\\\/albums-il%c2%b7lustrats\\\/\"},{\"@type\":\"ListItem\",\"position\":5,\"name\":\"Ja Llegeixo Sol!\",\"item\":\"https:\\\/\\\/www.editorialjuventud.es\\\/coleccion\\\/ja-llegeixo-sol\\\/\"},{\"@type\":\"ListItem\",\"position\":6,\"name\":\"Ratolins Aventurers\",\"item\":\"https:\\\/\\\/www.editorialjuventud.es\\\/coleccion\\\/ratolins-aventurers\\\/\"},{\"@type\":\"ListItem\",\"position\":7,\"name\":\"EDISON Dos ratolins a la recerca d&#8217;un tresor\"}]},{\"@type\":\"WebSite\",\"@id\":\"https:\\\/\\\/www.editorialjuventud.es\\\/#website\",\"url\":\"https:\\\/\\\/www.editorialjuventud.es\\\/\",\"name\":\"Editorial Juventud\",\"description\":\"\",\"potentialAction\":[{\"@type\":\"SearchAction\",\"target\":{\"@type\":\"EntryPoint\",\"urlTemplate\":\"https:\\\/\\\/www.editorialjuventud.es\\\/?s={search_term_string}\"},\"query-input\":{\"@type\":\"PropertyValueSpecification\",\"valueRequired\":true,\"valueName\":\"search_term_string\"}}],\"inLanguage\":\"ca\"}]}<\/script>\n<!-- \/ Yoast SEO plugin. -->","yoast_head_json":{"title":"EDISON Dos ratolins a la recerca d'un tresor - Editorial Juventud","description":"Motivat per una antiga hist\u00f2ria familiar, en Pau busca l'ajut \u00a0d'un \u00a0professor \u00a0de \u00a0la \u00a0Universitat dels \u00a0Ratolins per \u00a0inventar \u00a0un \u00a0aparell \u00a0capa\u00e7 \u00a0de","robots":{"index":"index","follow":"follow","max-snippet":"max-snippet:-1","max-image-preview":"max-image-preview:large","max-video-preview":"max-video-preview:-1"},"canonical":"https:\/\/www.editorialjuventud.es\/edison-dos-ratolins-a-la-recerca-dun-tresor-9788426145802\/","og_locale":"ca_ES","og_type":"article","og_title":"EDISON Dos ratolins a la recerca d'un tresor - Editorial Juventud","og_description":"Motivat per una antiga hist\u00f2ria familiar, en Pau busca l'ajut \u00a0d'un \u00a0professor \u00a0de \u00a0la \u00a0Universitat dels \u00a0Ratolins per \u00a0inventar \u00a0un \u00a0aparell \u00a0capa\u00e7 \u00a0de","og_url":"https:\/\/www.editorialjuventud.es\/edison-dos-ratolins-a-la-recerca-dun-tresor-9788426145802\/","og_site_name":"Editorial Juventud","article_modified_time":"2022-09-27T12:31:50+00:00","og_image":[{"width":526,"height":680,"url":"https:\/\/www.editorialjuventud.es\/wp-content\/uploads\/9788426145802.jpg","type":"image\/jpeg"}],"twitter_card":"summary_large_image","twitter_misc":{"Temps estimat de lectura":"1 minut"},"schema":{"@context":"https:\/\/schema.org","@graph":[{"@type":"WebPage","@id":"https:\/\/www.editorialjuventud.es\/edison-dos-ratolins-a-la-recerca-dun-tresor-9788426145802\/","url":"https:\/\/www.editorialjuventud.es\/edison-dos-ratolins-a-la-recerca-dun-tresor-9788426145802\/","name":"EDISON Dos ratolins a la recerca d'un tresor - Editorial Juventud","isPartOf":{"@id":"https:\/\/www.editorialjuventud.es\/#website"},"primaryImageOfPage":{"@id":"https:\/\/www.editorialjuventud.es\/edison-dos-ratolins-a-la-recerca-dun-tresor-9788426145802\/#primaryimage"},"image":{"@id":"https:\/\/www.editorialjuventud.es\/edison-dos-ratolins-a-la-recerca-dun-tresor-9788426145802\/#primaryimage"},"thumbnailUrl":"https:\/\/www.editorialjuventud.es\/wp-content\/uploads\/9788426145802.jpg","datePublished":"2018-12-20T15:59:27+00:00","dateModified":"2022-09-27T12:31:50+00:00","description":"Motivat per una antiga hist\u00f2ria familiar, en Pau busca l'ajut \u00a0d'un \u00a0professor \u00a0de \u00a0la \u00a0Universitat dels \u00a0Ratolins per \u00a0inventar \u00a0un \u00a0aparell \u00a0capa\u00e7 \u00a0de","breadcrumb":{"@id":"https:\/\/www.editorialjuventud.es\/edison-dos-ratolins-a-la-recerca-dun-tresor-9788426145802\/#breadcrumb"},"inLanguage":"ca","potentialAction":[{"@type":"ReadAction","target":["https:\/\/www.editorialjuventud.es\/edison-dos-ratolins-a-la-recerca-dun-tresor-9788426145802\/"]}]},{"@type":"ImageObject","inLanguage":"ca","@id":"https:\/\/www.editorialjuventud.es\/edison-dos-ratolins-a-la-recerca-dun-tresor-9788426145802\/#primaryimage","url":"https:\/\/www.editorialjuventud.es\/wp-content\/uploads\/9788426145802.jpg","contentUrl":"https:\/\/www.editorialjuventud.es\/wp-content\/uploads\/9788426145802.jpg","width":526,"height":680,"caption":"9788426145802.jpg"},{"@type":"BreadcrumbList","@id":"https:\/\/www.editorialjuventud.es\/edison-dos-ratolins-a-la-recerca-dun-tresor-9788426145802\/#breadcrumb","itemListElement":[{"@type":"ListItem","position":1,"name":"Portada","item":"https:\/\/www.editorialjuventud.es\/"},{"@type":"ListItem","position":2,"name":"cat\u00e1logo","item":"https:\/\/www.editorialjuventud.es\/coleccion\/catalogo\/"},{"@type":"ListItem","position":3,"name":"catal\u00e0","item":"https:\/\/www.editorialjuventud.es\/coleccion\/catala\/"},{"@type":"ListItem","position":4,"name":"\u00c0lbums Il\u00b7lustrats","item":"https:\/\/www.editorialjuventud.es\/coleccion\/albums-il%c2%b7lustrats\/"},{"@type":"ListItem","position":5,"name":"Ja Llegeixo Sol!","item":"https:\/\/www.editorialjuventud.es\/coleccion\/ja-llegeixo-sol\/"},{"@type":"ListItem","position":6,"name":"Ratolins Aventurers","item":"https:\/\/www.editorialjuventud.es\/coleccion\/ratolins-aventurers\/"},{"@type":"ListItem","position":7,"name":"EDISON Dos ratolins a la recerca d&#8217;un tresor"}]},{"@type":"WebSite","@id":"https:\/\/www.editorialjuventud.es\/#website","url":"https:\/\/www.editorialjuventud.es\/","name":"Editorial Juventud","description":"","potentialAction":[{"@type":"SearchAction","target":{"@type":"EntryPoint","urlTemplate":"https:\/\/www.editorialjuventud.es\/?s={search_term_string}"},"query-input":{"@type":"PropertyValueSpecification","valueRequired":true,"valueName":"search_term_string"}}],"inLanguage":"ca"}]}},"_links":{"self":[{"href":"https:\/\/www.editorialjuventud.es\/ca\/wp-json\/wp\/v2\/product\/20184","targetHints":{"allow":["GET"]}}],"collection":[{"href":"https:\/\/www.editorialjuventud.es\/ca\/wp-json\/wp\/v2\/product"}],"about":[{"href":"https:\/\/www.editorialjuventud.es\/ca\/wp-json\/wp\/v2\/types\/product"}],"wp:featuredmedia":[{"embeddable":true,"href":"https:\/\/www.editorialjuventud.es\/ca\/wp-json\/wp\/v2\/media\/20185"}],"wp:attachment":[{"href":"https:\/\/www.editorialjuventud.es\/ca\/wp-json\/wp\/v2\/media?parent=20184"}],"wp:term":[{"taxonomy":"product_brand","embeddable":true,"href":"https:\/\/www.editorialjuventud.es\/ca\/wp-json\/wp\/v2\/product_brand?post=20184"},{"taxonomy":"product_cat","embeddable":true,"href":"https:\/\/www.editorialjuventud.es\/ca\/wp-json\/wp\/v2\/product_cat?post=20184"},{"taxonomy":"product_tag","embeddable":true,"href":"https:\/\/www.editorialjuventud.es\/ca\/wp-json\/wp\/v2\/product_tag?post=20184"},{"taxonomy":"coleccion","embeddable":true,"href":"https:\/\/www.editorialjuventud.es\/ca\/wp-json\/wp\/v2\/coleccion?post=20184"}],"curies":[{"name":"wp","href":"https:\/\/api.w.org\/{rel}","templated":true}]}}