{"id":3016,"date":"2018-04-09T13:46:09","date_gmt":"2018-04-09T11:46:09","guid":{"rendered":"http:\/\/www.editorialjuventud.es\/personajes\/hernandez-y-fernandez\/"},"modified":"2018-12-04T13:15:34","modified_gmt":"2018-12-04T12:15:34","slug":"hernandez-y-fernandez","status":"publish","type":"personajes","link":"https:\/\/www.editorialjuventud.es\/ca\/personajes\/hernandez-y-fernandez\/","title":{"rendered":"Dupond i Dupont"},"content":{"rendered":"<p>S\u00f3n dos policies secrets id\u00e8ntics. Les seves \u00faniques difer\u00e8ncies s\u00f3n els seus noms, cognoms i bigotis. Quasi sempre vesteixen de negre amb bast\u00f3 i barret de copa rodona. Tenen un grandi\u00f3s sentit del deure per\u00f2 la seva incre\u00efble ingenu\u00eftat junt amb la seva mala sort els porta sempre a equivocar-se. La seva primera aparici\u00f3 es produeix a <em>Els cigars del fara\u00f3<\/em>.<\/p>\n","protected":false},"author":1,"featured_media":19850,"template":"","class_list":["post-3016","personajes","type-personajes","status-publish","has-post-thumbnail","hentry"],"acf":{"foto_del_personaje":"https:\/\/www.editorialjuventud.es\/wp-content\/uploads\/Hndez-y-Fndez-galeria-personajes-COPYRIGHT-Secreto-del-unicornio-2.png","galeria_del_personaje":[{"ID":2836,"id":2836,"title":"her3","filename":"her3.jpg","filesize":109976,"url":"https:\/\/www.editorialjuventud.es\/wp-content\/uploads\/her3.jpg","link":"https:\/\/www.editorialjuventud.es\/ca\/personajes\/hernandez-y-fernandez\/her3-2\/","alt":"","author":"1","description":"","caption":"","name":"her3-2","status":"inherit","uploaded_to":3016,"date":"2018-04-09 13:45:44","modified":"2018-04-09 13:45:44","menu_order":0,"mime_type":"image\/jpeg","type":"image","subtype":"jpeg","icon":"https:\/\/www.editorialjuventud.es\/wp-includes\/images\/media\/default.png","width":0,"height":0,"sizes":{"thumbnail":"https:\/\/www.editorialjuventud.es\/wp-content\/uploads\/her3.jpg","thumbnail-width":1,"thumbnail-height":1,"medium":"https:\/\/www.editorialjuventud.es\/wp-content\/uploads\/her3.jpg","medium-width":0,"medium-height":0,"medium_large":"https:\/\/www.editorialjuventud.es\/wp-content\/uploads\/her3.jpg","medium_large-width":1,"medium_large-height":1,"large":"https:\/\/www.editorialjuventud.es\/wp-content\/uploads\/her3.jpg","large-width":0,"large-height":0,"1536x1536":"https:\/\/www.editorialjuventud.es\/wp-content\/uploads\/her3.jpg","1536x1536-width":1,"1536x1536-height":1,"2048x2048":"https:\/\/www.editorialjuventud.es\/wp-content\/uploads\/her3.jpg","2048x2048-width":1,"2048x2048-height":1,"woocommerce_thumbnail":"https:\/\/www.editorialjuventud.es\/wp-content\/uploads\/her3.jpg","woocommerce_thumbnail-width":1,"woocommerce_thumbnail-height":1,"woocommerce_single":"https:\/\/www.editorialjuventud.es\/wp-content\/uploads\/her3.jpg","woocommerce_single-width":1,"woocommerce_single-height":1,"woocommerce_gallery_thumbnail":"https:\/\/www.editorialjuventud.es\/wp-content\/uploads\/her3.jpg","woocommerce_gallery_thumbnail-width":1,"woocommerce_gallery_thumbnail-height":1,"ppec_logo_image_size":"https:\/\/www.editorialjuventud.es\/wp-content\/uploads\/her3.jpg","ppec_logo_image_size-width":1,"ppec_logo_image_size-height":1,"ppec_header_image_size":"https:\/\/www.editorialjuventud.es\/wp-content\/uploads\/her3.jpg","ppec_header_image_size-width":1,"ppec_header_image_size-height":1}},{"ID":2835,"id":2835,"title":"her2","filename":"her2.jpg","filesize":37406,"url":"https:\/\/www.editorialjuventud.es\/wp-content\/uploads\/her2.jpg","link":"https:\/\/www.editorialjuventud.es\/ca\/personajes\/hernandez-y-fernandez\/her2-2\/","alt":"","author":"1","description":"","caption":"","name":"her2-2","status":"inherit","uploaded_to":3016,"date":"2018-04-09 13:45:42","modified":"2018-04-09 13:45:42","menu_order":0,"mime_type":"image\/jpeg","type":"image","subtype":"jpeg","icon":"https:\/\/www.editorialjuventud.es\/wp-includes\/images\/media\/default.png","width":0,"height":0,"sizes":{"thumbnail":"https:\/\/www.editorialjuventud.es\/wp-content\/uploads\/her2.jpg","thumbnail-width":1,"thumbnail-height":1,"medium":"https:\/\/www.editorialjuventud.es\/wp-content\/uploads\/her2.jpg","medium-width":0,"medium-height":0,"medium_large":"https:\/\/www.editorialjuventud.es\/wp-content\/uploads\/her2.jpg","medium_large-width":1,"medium_large-height":1,"large":"https:\/\/www.editorialjuventud.es\/wp-content\/uploads\/her2.jpg","large-width":0,"large-height":0,"1536x1536":"https:\/\/www.editorialjuventud.es\/wp-content\/uploads\/her2.jpg","1536x1536-width":1,"1536x1536-height":1,"2048x2048":"https:\/\/www.editorialjuventud.es\/wp-content\/uploads\/her2.jpg","2048x2048-width":1,"2048x2048-height":1,"woocommerce_thumbnail":"https:\/\/www.editorialjuventud.es\/wp-content\/uploads\/her2.jpg","woocommerce_thumbnail-width":1,"woocommerce_thumbnail-height":1,"woocommerce_single":"https:\/\/www.editorialjuventud.es\/wp-content\/uploads\/her2.jpg","woocommerce_single-width":1,"woocommerce_single-height":1,"woocommerce_gallery_thumbnail":"https:\/\/www.editorialjuventud.es\/wp-content\/uploads\/her2.jpg","woocommerce_gallery_thumbnail-width":1,"woocommerce_gallery_thumbnail-height":1,"ppec_logo_image_size":"https:\/\/www.editorialjuventud.es\/wp-content\/uploads\/her2.jpg","ppec_logo_image_size-width":1,"ppec_logo_image_size-height":1,"ppec_header_image_size":"https:\/\/www.editorialjuventud.es\/wp-content\/uploads\/her2.jpg","ppec_header_image_size-width":1,"ppec_header_image_size-height":1}},{"ID":2834,"id":2834,"title":"her1","filename":"her1.jpg","filesize":42925,"url":"https:\/\/www.editorialjuventud.es\/wp-content\/uploads\/her1.jpg","link":"https:\/\/www.editorialjuventud.es\/ca\/personajes\/hernandez-y-fernandez\/her1-3\/","alt":"","author":"1","description":"","caption":"","name":"her1-3","status":"inherit","uploaded_to":3016,"date":"2018-04-09 13:45:15","modified":"2018-04-09 13:45:15","menu_order":0,"mime_type":"image\/jpeg","type":"image","subtype":"jpeg","icon":"https:\/\/www.editorialjuventud.es\/wp-includes\/images\/media\/default.png","width":0,"height":0,"sizes":{"thumbnail":"https:\/\/www.editorialjuventud.es\/wp-content\/uploads\/her1.jpg","thumbnail-width":1,"thumbnail-height":1,"medium":"https:\/\/www.editorialjuventud.es\/wp-content\/uploads\/her1.jpg","medium-width":0,"medium-height":0,"medium_large":"https:\/\/www.editorialjuventud.es\/wp-content\/uploads\/her1.jpg","medium_large-width":1,"medium_large-height":1,"large":"https:\/\/www.editorialjuventud.es\/wp-content\/uploads\/her1.jpg","large-width":0,"large-height":0,"1536x1536":"https:\/\/www.editorialjuventud.es\/wp-content\/uploads\/her1.jpg","1536x1536-width":1,"1536x1536-height":1,"2048x2048":"https:\/\/www.editorialjuventud.es\/wp-content\/uploads\/her1.jpg","2048x2048-width":1,"2048x2048-height":1,"woocommerce_thumbnail":"https:\/\/www.editorialjuventud.es\/wp-content\/uploads\/her1.jpg","woocommerce_thumbnail-width":1,"woocommerce_thumbnail-height":1,"woocommerce_single":"https:\/\/www.editorialjuventud.es\/wp-content\/uploads\/her1.jpg","woocommerce_single-width":1,"woocommerce_single-height":1,"woocommerce_gallery_thumbnail":"https:\/\/www.editorialjuventud.es\/wp-content\/uploads\/her1.jpg","woocommerce_gallery_thumbnail-width":1,"woocommerce_gallery_thumbnail-height":1,"ppec_logo_image_size":"https:\/\/www.editorialjuventud.es\/wp-content\/uploads\/her1.jpg","ppec_logo_image_size-width":1,"ppec_logo_image_size-height":1,"ppec_header_image_size":"https:\/\/www.editorialjuventud.es\/wp-content\/uploads\/her1.jpg","ppec_header_image_size-width":1,"ppec_header_image_size-height":1}},{"ID":2837,"id":2837,"title":"her4","filename":"her4.png","filesize":103872,"url":"https:\/\/www.editorialjuventud.es\/wp-content\/uploads\/her4.png","link":"https:\/\/www.editorialjuventud.es\/ca\/personajes\/hernandez-y-fernandez\/her4-2\/","alt":"","author":"1","description":"","caption":"","name":"her4-2","status":"inherit","uploaded_to":3016,"date":"2018-04-09 13:45:46","modified":"2018-04-09 13:45:46","menu_order":0,"mime_type":"image\/png","type":"image","subtype":"png","icon":"https:\/\/www.editorialjuventud.es\/wp-includes\/images\/media\/default.png","width":0,"height":0,"sizes":{"thumbnail":"https:\/\/www.editorialjuventud.es\/wp-content\/uploads\/her4.png","thumbnail-width":1,"thumbnail-height":1,"medium":"https:\/\/www.editorialjuventud.es\/wp-content\/uploads\/her4.png","medium-width":0,"medium-height":0,"medium_large":"https:\/\/www.editorialjuventud.es\/wp-content\/uploads\/her4.png","medium_large-width":1,"medium_large-height":1,"large":"https:\/\/www.editorialjuventud.es\/wp-content\/uploads\/her4.png","large-width":0,"large-height":0,"1536x1536":"https:\/\/www.editorialjuventud.es\/wp-content\/uploads\/her4.png","1536x1536-width":1,"1536x1536-height":1,"2048x2048":"https:\/\/www.editorialjuventud.es\/wp-content\/uploads\/her4.png","2048x2048-width":1,"2048x2048-height":1,"woocommerce_thumbnail":"https:\/\/www.editorialjuventud.es\/wp-content\/uploads\/her4.png","woocommerce_thumbnail-width":1,"woocommerce_thumbnail-height":1,"woocommerce_single":"https:\/\/www.editorialjuventud.es\/wp-content\/uploads\/her4.png","woocommerce_single-width":1,"woocommerce_single-height":1,"woocommerce_gallery_thumbnail":"https:\/\/www.editorialjuventud.es\/wp-content\/uploads\/her4.png","woocommerce_gallery_thumbnail-width":1,"woocommerce_gallery_thumbnail-height":1,"ppec_logo_image_size":"https:\/\/www.editorialjuventud.es\/wp-content\/uploads\/her4.png","ppec_logo_image_size-width":1,"ppec_logo_image_size-height":1,"ppec_header_image_size":"https:\/\/www.editorialjuventud.es\/wp-content\/uploads\/her4.png","ppec_header_image_size-width":1,"ppec_header_image_size-height":1}}],"mas_informacion_del_personaje":false,"autor_del_personaje":[18907],"libros_del_personaje":""},"yoast_head":"<!-- This site is optimized with the Yoast SEO plugin v27.3 - https:\/\/yoast.com\/product\/yoast-seo-wordpress\/ -->\n<title>Dupond i Dupont - Editorial Juventud<\/title>\n<meta name=\"robots\" content=\"index, follow, max-snippet:-1, max-image-preview:large, max-video-preview:-1\" \/>\n<link rel=\"canonical\" href=\"https:\/\/www.editorialjuventud.es\/ca\/personajes\/hernandez-y-fernandez\/\" \/>\n<meta property=\"og:locale\" content=\"ca_ES\" \/>\n<meta property=\"og:type\" content=\"article\" \/>\n<meta property=\"og:title\" content=\"Dupond i Dupont - Editorial Juventud\" \/>\n<meta property=\"og:description\" content=\"S\u00f3n dos policies secrets id\u00e8ntics. Les seves \u00faniques difer\u00e8ncies s\u00f3n els seus noms, cognoms i bigotis. Quasi sempre vesteixen de negre amb bast\u00f3 i barret de copa rodona. Tenen un grandi\u00f3s sentit del deure per\u00f2 la seva incre\u00efble ingenu\u00eftat junt [&hellip;]\" \/>\n<meta property=\"og:url\" content=\"https:\/\/www.editorialjuventud.es\/ca\/personajes\/hernandez-y-fernandez\/\" \/>\n<meta property=\"og:site_name\" content=\"Editorial Juventud\" \/>\n<meta property=\"article:modified_time\" content=\"2018-12-04T12:15:34+00:00\" \/>\n<meta property=\"og:image\" content=\"https:\/\/www.editorialjuventud.es\/wp-content\/uploads\/Hndez-y-Fndez-galeria-personajes-COPYRIGHT-Secreto-del-unicornio-2.png\" \/>\n\t<meta property=\"og:image:width\" content=\"1\" \/>\n\t<meta property=\"og:image:height\" content=\"1\" \/>\n\t<meta property=\"og:image:type\" content=\"image\/png\" \/>\n<meta name=\"twitter:card\" content=\"summary_large_image\" \/>\n<script type=\"application\/ld+json\" class=\"yoast-schema-graph\">{\"@context\":\"https:\\\/\\\/schema.org\",\"@graph\":[{\"@type\":\"WebPage\",\"@id\":\"https:\\\/\\\/www.editorialjuventud.es\\\/ca\\\/personajes\\\/hernandez-y-fernandez\\\/\",\"url\":\"https:\\\/\\\/www.editorialjuventud.es\\\/ca\\\/personajes\\\/hernandez-y-fernandez\\\/\",\"name\":\"Dupond i Dupont - Editorial Juventud\",\"isPartOf\":{\"@id\":\"https:\\\/\\\/www.editorialjuventud.es\\\/#website\"},\"primaryImageOfPage\":{\"@id\":\"https:\\\/\\\/www.editorialjuventud.es\\\/ca\\\/personajes\\\/hernandez-y-fernandez\\\/#primaryimage\"},\"image\":{\"@id\":\"https:\\\/\\\/www.editorialjuventud.es\\\/ca\\\/personajes\\\/hernandez-y-fernandez\\\/#primaryimage\"},\"thumbnailUrl\":\"https:\\\/\\\/www.editorialjuventud.es\\\/wp-content\\\/uploads\\\/Hndez-y-Fndez-galeria-personajes-COPYRIGHT-Secreto-del-unicornio-2.png\",\"datePublished\":\"2018-04-09T11:46:09+00:00\",\"dateModified\":\"2018-12-04T12:15:34+00:00\",\"breadcrumb\":{\"@id\":\"https:\\\/\\\/www.editorialjuventud.es\\\/ca\\\/personajes\\\/hernandez-y-fernandez\\\/#breadcrumb\"},\"inLanguage\":\"ca\",\"potentialAction\":[{\"@type\":\"ReadAction\",\"target\":[\"https:\\\/\\\/www.editorialjuventud.es\\\/ca\\\/personajes\\\/hernandez-y-fernandez\\\/\"]}]},{\"@type\":\"ImageObject\",\"inLanguage\":\"ca\",\"@id\":\"https:\\\/\\\/www.editorialjuventud.es\\\/ca\\\/personajes\\\/hernandez-y-fernandez\\\/#primaryimage\",\"url\":\"https:\\\/\\\/www.editorialjuventud.es\\\/wp-content\\\/uploads\\\/Hndez-y-Fndez-galeria-personajes-COPYRIGHT-Secreto-del-unicornio-2.png\",\"contentUrl\":\"https:\\\/\\\/www.editorialjuventud.es\\\/wp-content\\\/uploads\\\/Hndez-y-Fndez-galeria-personajes-COPYRIGHT-Secreto-del-unicornio-2.png\"},{\"@type\":\"BreadcrumbList\",\"@id\":\"https:\\\/\\\/www.editorialjuventud.es\\\/ca\\\/personajes\\\/hernandez-y-fernandez\\\/#breadcrumb\",\"itemListElement\":[{\"@type\":\"ListItem\",\"position\":1,\"name\":\"Portada\",\"item\":\"https:\\\/\\\/www.editorialjuventud.es\\\/\"},{\"@type\":\"ListItem\",\"position\":2,\"name\":\"Personajes\",\"item\":\"https:\\\/\\\/www.editorialjuventud.es\\\/personajes\\\/\"},{\"@type\":\"ListItem\",\"position\":3,\"name\":\"Dupond i Dupont\"}]},{\"@type\":\"WebSite\",\"@id\":\"https:\\\/\\\/www.editorialjuventud.es\\\/#website\",\"url\":\"https:\\\/\\\/www.editorialjuventud.es\\\/\",\"name\":\"Editorial Juventud\",\"description\":\"\",\"potentialAction\":[{\"@type\":\"SearchAction\",\"target\":{\"@type\":\"EntryPoint\",\"urlTemplate\":\"https:\\\/\\\/www.editorialjuventud.es\\\/?s={search_term_string}\"},\"query-input\":{\"@type\":\"PropertyValueSpecification\",\"valueRequired\":true,\"valueName\":\"search_term_string\"}}],\"inLanguage\":\"ca\"}]}<\/script>\n<!-- \/ Yoast SEO plugin. -->","yoast_head_json":{"title":"Dupond i Dupont - Editorial Juventud","robots":{"index":"index","follow":"follow","max-snippet":"max-snippet:-1","max-image-preview":"max-image-preview:large","max-video-preview":"max-video-preview:-1"},"canonical":"https:\/\/www.editorialjuventud.es\/ca\/personajes\/hernandez-y-fernandez\/","og_locale":"ca_ES","og_type":"article","og_title":"Dupond i Dupont - Editorial Juventud","og_description":"S\u00f3n dos policies secrets id\u00e8ntics. Les seves \u00faniques difer\u00e8ncies s\u00f3n els seus noms, cognoms i bigotis. Quasi sempre vesteixen de negre amb bast\u00f3 i barret de copa rodona. Tenen un grandi\u00f3s sentit del deure per\u00f2 la seva incre\u00efble ingenu\u00eftat junt [&hellip;]","og_url":"https:\/\/www.editorialjuventud.es\/ca\/personajes\/hernandez-y-fernandez\/","og_site_name":"Editorial Juventud","article_modified_time":"2018-12-04T12:15:34+00:00","og_image":[{"url":"https:\/\/www.editorialjuventud.es\/wp-content\/uploads\/Hndez-y-Fndez-galeria-personajes-COPYRIGHT-Secreto-del-unicornio-2.png","width":1,"height":1,"type":"image\/png"}],"twitter_card":"summary_large_image","schema":{"@context":"https:\/\/schema.org","@graph":[{"@type":"WebPage","@id":"https:\/\/www.editorialjuventud.es\/ca\/personajes\/hernandez-y-fernandez\/","url":"https:\/\/www.editorialjuventud.es\/ca\/personajes\/hernandez-y-fernandez\/","name":"Dupond i Dupont - Editorial Juventud","isPartOf":{"@id":"https:\/\/www.editorialjuventud.es\/#website"},"primaryImageOfPage":{"@id":"https:\/\/www.editorialjuventud.es\/ca\/personajes\/hernandez-y-fernandez\/#primaryimage"},"image":{"@id":"https:\/\/www.editorialjuventud.es\/ca\/personajes\/hernandez-y-fernandez\/#primaryimage"},"thumbnailUrl":"https:\/\/www.editorialjuventud.es\/wp-content\/uploads\/Hndez-y-Fndez-galeria-personajes-COPYRIGHT-Secreto-del-unicornio-2.png","datePublished":"2018-04-09T11:46:09+00:00","dateModified":"2018-12-04T12:15:34+00:00","breadcrumb":{"@id":"https:\/\/www.editorialjuventud.es\/ca\/personajes\/hernandez-y-fernandez\/#breadcrumb"},"inLanguage":"ca","potentialAction":[{"@type":"ReadAction","target":["https:\/\/www.editorialjuventud.es\/ca\/personajes\/hernandez-y-fernandez\/"]}]},{"@type":"ImageObject","inLanguage":"ca","@id":"https:\/\/www.editorialjuventud.es\/ca\/personajes\/hernandez-y-fernandez\/#primaryimage","url":"https:\/\/www.editorialjuventud.es\/wp-content\/uploads\/Hndez-y-Fndez-galeria-personajes-COPYRIGHT-Secreto-del-unicornio-2.png","contentUrl":"https:\/\/www.editorialjuventud.es\/wp-content\/uploads\/Hndez-y-Fndez-galeria-personajes-COPYRIGHT-Secreto-del-unicornio-2.png"},{"@type":"BreadcrumbList","@id":"https:\/\/www.editorialjuventud.es\/ca\/personajes\/hernandez-y-fernandez\/#breadcrumb","itemListElement":[{"@type":"ListItem","position":1,"name":"Portada","item":"https:\/\/www.editorialjuventud.es\/"},{"@type":"ListItem","position":2,"name":"Personajes","item":"https:\/\/www.editorialjuventud.es\/personajes\/"},{"@type":"ListItem","position":3,"name":"Dupond i Dupont"}]},{"@type":"WebSite","@id":"https:\/\/www.editorialjuventud.es\/#website","url":"https:\/\/www.editorialjuventud.es\/","name":"Editorial Juventud","description":"","potentialAction":[{"@type":"SearchAction","target":{"@type":"EntryPoint","urlTemplate":"https:\/\/www.editorialjuventud.es\/?s={search_term_string}"},"query-input":{"@type":"PropertyValueSpecification","valueRequired":true,"valueName":"search_term_string"}}],"inLanguage":"ca"}]}},"_links":{"self":[{"href":"https:\/\/www.editorialjuventud.es\/ca\/wp-json\/wp\/v2\/personajes\/3016","targetHints":{"allow":["GET"]}}],"collection":[{"href":"https:\/\/www.editorialjuventud.es\/ca\/wp-json\/wp\/v2\/personajes"}],"about":[{"href":"https:\/\/www.editorialjuventud.es\/ca\/wp-json\/wp\/v2\/types\/personajes"}],"author":[{"embeddable":true,"href":"https:\/\/www.editorialjuventud.es\/ca\/wp-json\/wp\/v2\/users\/1"}],"wp:featuredmedia":[{"embeddable":true,"href":"https:\/\/www.editorialjuventud.es\/ca\/wp-json\/wp\/v2\/media\/19850"}],"wp:attachment":[{"href":"https:\/\/www.editorialjuventud.es\/ca\/wp-json\/wp\/v2\/media?parent=3016"}],"curies":[{"name":"wp","href":"https:\/\/api.w.org\/{rel}","templated":true}]}}