{"id":20508,"date":"2019-01-28T11:11:22","date_gmt":"2019-01-28T10:11:22","guid":{"rendered":"http:\/\/www.editorialjuventud.es\/?page_id=20508"},"modified":"2021-03-25T09:40:50","modified_gmt":"2021-03-25T08:40:50","slug":"escoles","status":"publish","type":"page","link":"https:\/\/www.editorialjuventud.es\/ca\/escoles\/","title":{"rendered":"Escoles"},"content":{"rendered":"<p>\u00a0<\/p>\n<p>Benvolguts companys,<\/p>\n<p>\u00a0<\/p>\n<p>A <strong>Editorial Joventut<\/strong> estem m\u00e9s que conven\u00e7uts que els llibres il\u00b7lustrats han d&#8217;estar presents a totes les biblioteques, les escolars, les p\u00fabliques.<\/p>\n<p>Els llibres ens conviden a passar una bona estona, ja sigui sols o acompanyats, i a m\u00e9s contribueixen a fomentar la lectura i a descobrir que s\u00f3n un pou de saviesa.<\/p>\n<p>Us animem a navegar pel <strong>cercador del nostre web,<\/strong> que us guiar\u00e0 en la recerca dels llibres que m\u00e9s us puguin interessar. Podreu escollir entre moltes tem\u00e0tiques i per a totes les edats.<\/p>\n<p>Tamb\u00e9 us podeu descarregar el <strong>llistat de preus<\/strong>, en format Excel, i amb el cercador trobar de forma senzilla els llibres que esteu buscant.<\/p>\n<p>A m\u00e9s us oferim, com veureu una mica m\u00e9s avall, tallers d&#8217;autor\/-res en catal\u00e0 i recursos pedag\u00f2gics en llengua castellana.<\/p>\n<p>Bona cerca!<\/p>\n<p>\u00a0<\/p>\n<p>Ah! I per als m\u00e9s curiosos\u00a0 o els que necessiteu assessorament, em podeu contactar en aquest correu i en un tres i no res rebreu la meva resposta:<\/p>\n<p><span style=\"color: #333399;\"> <strong>amanda@editorialjuventud.es<\/strong><\/span><\/p>\n<p>\u00a0<\/p>\n<p><strong>Bona lectura!<\/strong><\/p>\n<p>\u00a0<\/p>\n<p><img loading=\"lazy\" decoding=\"async\" class=\"wp-image-20166 size-full aligncenter\" src=\"http:\/\/www.editorialjuventud.es\/wp-content\/uploads\/Interior-Edison.jpg\" alt=\"\" width=\"610\" height=\"397\" srcset=\"https:\/\/www.editorialjuventud.es\/wp-content\/uploads\/Interior-Edison.jpg 610w, https:\/\/www.editorialjuventud.es\/wp-content\/uploads\/Interior-Edison-350x228.jpg 350w\" sizes=\"auto, (max-width: 610px) 100vw, 610px\" \/><\/p>\n<p>\u00a0<\/p>\n<h3><strong>Talles d&#8217;autors\/es:<\/strong><\/h3>\n<p>\u00a0<\/p>\n<p>Us anem a viure l&#8217;experi\u00e8ncia d&#8217;acollir un autor\/a o il\u00b7lustrador\/a a les vostres aules i descobrir, aix\u00ed, el talent dels nostres artistes.<\/p>\n<p>Anirem ampliant aquesta oferta per\u00f2 de moment, us proposem els seg\u00fcents:<\/p>\n<p>\u00a0<\/p>\n<p><strong><a href=\"https:\/\/www.editorialjuventud.es\/wp-content\/uploads\/Taller-El-meu-avi-i-jo.pdf\">Taller El meu avi i jo<\/a> (N\u00faria Parera i Almudena Su\u00e1rez)<\/strong><\/p>\n<p><strong><a href=\"https:\/\/www.editorialjuventud.es\/wp-content\/uploads\/Taller-sobre-la-pubertad-con-M\u00eda-y-Bruno-se-hacen-mayores.docx\">Taller sobre la pubertad con M\u00eda y Bruno se hacen mayores<\/a> (M\u00f2nica Peitx i Cristina Losantos)<\/strong><\/p>\n<p><strong><a href=\"http:\/\/www.editorialjuventud.es\/wp-content\/uploads\/Albert-Asensio-Les-quatre-estacions.pdf\" target=\"_blank\" rel=\"noopener noreferrer\">Taller d&#8217;estampaci\u00f3 per a educaci\u00f3 prim\u00e0ria\u00a0(Albert Asensio)<\/a><\/strong><\/p>\n<p><strong><a href=\"http:\/\/www.editorialjuventud.es\/wp-content\/uploads\/Imma-Pla-Abecedari-amagat.pdf\" target=\"_blank\" rel=\"noopener noreferrer\">Taller Abecedari amagat: apendre a mirar \u00e9s apendre a llegir (Imapla)<\/a><\/strong><\/p>\n<p>\u00a0<\/p>\n<h3>\u00a0<\/h3>\n<h3><strong>Propostes de recursos pedag\u00f2gics de llibres en llengua catalana:<\/strong><\/h3>\n<p>\u00a0<\/p>\n<p><strong>Picasso i Minou<\/strong><\/p>\n<ul>\n<li><a href=\"http:\/\/xtec.gencat.cat\/web\/.content\/projectes\/lectura\/gustperlalectura\/materialdidactic\/documents\/primaria\/biografia_picasso_cm_professorat.pdf\">http:\/\/xtec.gencat.cat\/web\/.content\/projectes\/lectura\/gustperlalectura\/materialdidactic\/documents\/primaria\/biografia_picasso_cm_professorat.pdf<\/a><\/li>\n<\/ul>\n<p><strong>Quan marxaran, aquests?<\/strong><\/p>\n<ul>\n<li><a href=\"http:\/\/xtec.gencat.cat\/web\/.content\/projectes\/lectura\/gustperlalectura\/materialdidactic\/documents\/primaria\/families_Quan-marxaran-aquests_CM_VS_complet.pdf\">http:\/\/xtec.gencat.cat\/web\/.content\/projectes\/lectura\/gustperlalectura\/materialdidactic\/documents\/primaria\/families_Quan-marxaran-aquests_CM_VS_complet.pdf<\/a><\/li>\n<\/ul>\n<p><strong>Quan neix un monstre<\/strong><\/p>\n<ul>\n<li><a href=\"http:\/\/xtec.gencat.cat\/web\/.content\/projectes\/lectura\/gustperlalectura\/materialdidactic\/documents\/primaria\/mestre_quan_neix_un_monstre.pdf\">http:\/\/xtec.gencat.cat\/web\/.content\/projectes\/lectura\/gustperlalectura\/materialdidactic\/documents\/primaria\/mestre_quan_neix_un_monstre.pdf<\/a><\/li>\n<\/ul>\n<h3>\u00a0<\/h3>\n<h3><strong>Propostes de recursos pedag\u00f2gics en llengua\u00a0castellana:<\/strong><\/h3>\n<p>Os proposem una selecci\u00f3 de 9 llibres per edats compreses entre els 5\u00a0 i els 13 anys.<\/p>\n<p>Esperem que us siguin de molta ajuda!<\/p>\n<p>\u00a0<\/p>\n<p><strong>+5 anys:<\/strong><\/p>\n<p><a href=\"http:\/\/www.editorialjuventud.es\/wp-content\/uploads\/Platero-y-yo-1.pdf\">\u203a <\/a><a href=\"http:\/\/www.editorialjuventud.es\/wp-content\/uploads\/El-libro-que-se-sent\u00eda-solo.pdf\" target=\"_blank\" rel=\"noopener noreferrer\">El libro que se sent\u00eda solo<\/a><\/p>\n<p><strong>+6 anys:<\/strong><\/p>\n<p>\u203a\u00a0<a href=\"http:\/\/www.editorialjuventud.es\/wp-content\/uploads\/Fibonacci-1.pdf\" target=\"_blank\" rel=\"noopener noreferrer\">Fibonacci<\/a><\/p>\n<p><strong>+7 anys:<\/strong><\/p>\n<p><a href=\"http:\/\/www.editorialjuventud.es\/wp-content\/uploads\/Querida-Malala.pdf\" target=\"_blank\" rel=\"noopener noreferrer\">\u203a\u00a0Querida Malala<\/a><\/p>\n<p><strong>+10 anys:<\/strong><\/p>\n<p><a href=\"http:\/\/www.editorialjuventud.es\/wp-content\/uploads\/Platero-y-yo-1.pdf\">\u203a <\/a><a href=\"http:\/\/www.editorialjuventud.es\/wp-content\/uploads\/El-viento-de-los-sauces.pdf\" target=\"_blank\" rel=\"noopener noreferrer\">El viento de los sauces<br \/><\/a><a href=\"http:\/\/www.editorialjuventud.es\/wp-content\/uploads\/Platero-y-yo-1.pdf\" target=\"_blank\" rel=\"noopener noreferrer\">\u203a Platero y yo<\/a><br \/><a href=\"http:\/\/www.editorialjuventud.es\/wp-content\/uploads\/Platero-y-yo-1.pdf\">\u203a <\/a><a href=\"http:\/\/www.editorialjuventud.es\/wp-content\/uploads\/Pap\u00e1-de-noche-1.pdf\" target=\"_blank\" rel=\"noopener noreferrer\">Pap\u00e1 de noche<br \/>\u203a\u00a0<\/a><a href=\"http:\/\/www.editorialjuventud.es\/wp-content\/uploads\/Nosotros-nuestra-historia.pdf\" target=\"_blank\" rel=\"noopener noreferrer\">Nosotros nuestra historia<\/a><\/p>\n<p><strong>+13 anys:<\/strong><\/p>\n<p><a href=\"http:\/\/www.editorialjuventud.es\/wp-content\/uploads\/Platero-y-yo-1.pdf\">\u203a <\/a><a href=\"http:\/\/www.editorialjuventud.es\/wp-content\/uploads\/Los-viajes-de-Gulliver-1.pdf\" target=\"_blank\" rel=\"noopener noreferrer\">Los viajes de Gulliver<\/a><br \/><a href=\"http:\/\/www.editorialjuventud.es\/wp-content\/uploads\/Platero-y-yo-1.pdf\">\u203a <\/a><a href=\"http:\/\/www.editorialjuventud.es\/wp-content\/uploads\/Ivanhoe-1.pdf\">Ivanhoe<\/a><\/p>\n<p>\u00a0<\/p>\n<p class=\"x_x_MsoNormal\"><em>\u00a1Bona lectura!<\/em><\/p>\n<p>\u00a0<\/p>\n\n\n<p><\/p>\n","protected":false},"excerpt":{"rendered":"\u00a0 Benvolguts companys, \u00a0 A Editorial Joventut estem m\u00e9s que conven\u00e7uts que els llibres il\u00b7lustrats han d&#8217;estar presents a totes les biblioteques, les escolars, les p\u00fabliques. Els llibres ens conviden a passar una bona estona, ja sigui sols o acompanyats, [&hellip;]","protected":false},"author":2,"featured_media":0,"parent":0,"menu_order":0,"comment_status":"closed","ping_status":"closed","template":"page-template.php","meta":{"_acf_changed":false,"_exactmetrics_skip_tracking":false,"_exactmetrics_sitenote_active":false,"_exactmetrics_sitenote_note":"","_exactmetrics_sitenote_category":0,"footnotes":""},"class_list":["post-20508","page","type-page","status-publish","hentry"],"acf":[],"yoast_head":"<!-- This site is optimized with the Yoast SEO plugin v27.3 - https:\/\/yoast.com\/product\/yoast-seo-wordpress\/ -->\n<title>Escoles - Editorial Juventud<\/title>\n<meta name=\"description\" content=\"\u00a0 Benvolguts companys, \u00a0 A Editorial Joventut estem m\u00e9s que conven\u00e7uts que els llibres il\u00b7lustrats han d&#039;estar presents a totes les biblioteques, les\" \/>\n<meta name=\"robots\" content=\"index, follow, max-snippet:-1, max-image-preview:large, max-video-preview:-1\" \/>\n<link rel=\"canonical\" href=\"https:\/\/www.editorialjuventud.es\/ca\/escoles\/\" \/>\n<meta property=\"og:locale\" content=\"ca_ES\" \/>\n<meta property=\"og:type\" content=\"article\" \/>\n<meta property=\"og:title\" content=\"Escoles - Editorial Juventud\" \/>\n<meta property=\"og:description\" content=\"\u00a0 Benvolguts companys, \u00a0 A Editorial Joventut estem m\u00e9s que conven\u00e7uts que els llibres il\u00b7lustrats han d&#039;estar presents a totes les biblioteques, les\" \/>\n<meta property=\"og:url\" content=\"https:\/\/www.editorialjuventud.es\/ca\/escoles\/\" \/>\n<meta property=\"og:site_name\" content=\"Editorial Juventud\" \/>\n<meta property=\"article:modified_time\" content=\"2021-03-25T08:40:50+00:00\" \/>\n<meta property=\"og:image\" content=\"https:\/\/www.editorialjuventud.es\/wp-content\/uploads\/Interior-Edison.jpg\" \/>\n\t<meta property=\"og:image:width\" content=\"610\" \/>\n\t<meta property=\"og:image:height\" content=\"397\" \/>\n\t<meta property=\"og:image:type\" content=\"image\/jpeg\" \/>\n<meta name=\"twitter:card\" content=\"summary_large_image\" \/>\n<meta name=\"twitter:label1\" content=\"Temps estimat de lectura\" \/>\n\t<meta name=\"twitter:data1\" content=\"2 minuts\" \/>\n<script type=\"application\/ld+json\" class=\"yoast-schema-graph\">{\"@context\":\"https:\\\/\\\/schema.org\",\"@graph\":[{\"@type\":\"WebPage\",\"@id\":\"https:\\\/\\\/www.editorialjuventud.es\\\/ca\\\/escoles\\\/\",\"url\":\"https:\\\/\\\/www.editorialjuventud.es\\\/ca\\\/escoles\\\/\",\"name\":\"Escoles - Editorial Juventud\",\"isPartOf\":{\"@id\":\"https:\\\/\\\/www.editorialjuventud.es\\\/#website\"},\"primaryImageOfPage\":{\"@id\":\"https:\\\/\\\/www.editorialjuventud.es\\\/ca\\\/escoles\\\/#primaryimage\"},\"image\":{\"@id\":\"https:\\\/\\\/www.editorialjuventud.es\\\/ca\\\/escoles\\\/#primaryimage\"},\"thumbnailUrl\":\"http:\\\/\\\/www.editorialjuventud.es\\\/wp-content\\\/uploads\\\/Interior-Edison.jpg\",\"datePublished\":\"2019-01-28T10:11:22+00:00\",\"dateModified\":\"2021-03-25T08:40:50+00:00\",\"description\":\"\u00a0 Benvolguts companys, \u00a0 A Editorial Joventut estem m\u00e9s que conven\u00e7uts que els llibres il\u00b7lustrats han d'estar presents a totes les biblioteques, les\",\"breadcrumb\":{\"@id\":\"https:\\\/\\\/www.editorialjuventud.es\\\/ca\\\/escoles\\\/#breadcrumb\"},\"inLanguage\":\"ca\",\"potentialAction\":[{\"@type\":\"ReadAction\",\"target\":[\"https:\\\/\\\/www.editorialjuventud.es\\\/ca\\\/escoles\\\/\"]}]},{\"@type\":\"ImageObject\",\"inLanguage\":\"ca\",\"@id\":\"https:\\\/\\\/www.editorialjuventud.es\\\/ca\\\/escoles\\\/#primaryimage\",\"url\":\"http:\\\/\\\/www.editorialjuventud.es\\\/wp-content\\\/uploads\\\/Interior-Edison.jpg\",\"contentUrl\":\"http:\\\/\\\/www.editorialjuventud.es\\\/wp-content\\\/uploads\\\/Interior-Edison.jpg\"},{\"@type\":\"BreadcrumbList\",\"@id\":\"https:\\\/\\\/www.editorialjuventud.es\\\/ca\\\/escoles\\\/#breadcrumb\",\"itemListElement\":[{\"@type\":\"ListItem\",\"position\":1,\"name\":\"Portada\",\"item\":\"https:\\\/\\\/www.editorialjuventud.es\\\/\"},{\"@type\":\"ListItem\",\"position\":2,\"name\":\"Escoles\"}]},{\"@type\":\"WebSite\",\"@id\":\"https:\\\/\\\/www.editorialjuventud.es\\\/#website\",\"url\":\"https:\\\/\\\/www.editorialjuventud.es\\\/\",\"name\":\"Editorial Juventud\",\"description\":\"\",\"potentialAction\":[{\"@type\":\"SearchAction\",\"target\":{\"@type\":\"EntryPoint\",\"urlTemplate\":\"https:\\\/\\\/www.editorialjuventud.es\\\/?s={search_term_string}\"},\"query-input\":{\"@type\":\"PropertyValueSpecification\",\"valueRequired\":true,\"valueName\":\"search_term_string\"}}],\"inLanguage\":\"ca\"}]}<\/script>\n<!-- \/ Yoast SEO plugin. -->","yoast_head_json":{"title":"Escoles - Editorial Juventud","description":"\u00a0 Benvolguts companys, \u00a0 A Editorial Joventut estem m\u00e9s que conven\u00e7uts que els llibres il\u00b7lustrats han d'estar presents a totes les biblioteques, les","robots":{"index":"index","follow":"follow","max-snippet":"max-snippet:-1","max-image-preview":"max-image-preview:large","max-video-preview":"max-video-preview:-1"},"canonical":"https:\/\/www.editorialjuventud.es\/ca\/escoles\/","og_locale":"ca_ES","og_type":"article","og_title":"Escoles - Editorial Juventud","og_description":"\u00a0 Benvolguts companys, \u00a0 A Editorial Joventut estem m\u00e9s que conven\u00e7uts que els llibres il\u00b7lustrats han d'estar presents a totes les biblioteques, les","og_url":"https:\/\/www.editorialjuventud.es\/ca\/escoles\/","og_site_name":"Editorial Juventud","article_modified_time":"2021-03-25T08:40:50+00:00","og_image":[{"width":610,"height":397,"url":"https:\/\/www.editorialjuventud.es\/wp-content\/uploads\/Interior-Edison.jpg","type":"image\/jpeg"}],"twitter_card":"summary_large_image","twitter_misc":{"Temps estimat de lectura":"2 minuts"},"schema":{"@context":"https:\/\/schema.org","@graph":[{"@type":"WebPage","@id":"https:\/\/www.editorialjuventud.es\/ca\/escoles\/","url":"https:\/\/www.editorialjuventud.es\/ca\/escoles\/","name":"Escoles - Editorial Juventud","isPartOf":{"@id":"https:\/\/www.editorialjuventud.es\/#website"},"primaryImageOfPage":{"@id":"https:\/\/www.editorialjuventud.es\/ca\/escoles\/#primaryimage"},"image":{"@id":"https:\/\/www.editorialjuventud.es\/ca\/escoles\/#primaryimage"},"thumbnailUrl":"http:\/\/www.editorialjuventud.es\/wp-content\/uploads\/Interior-Edison.jpg","datePublished":"2019-01-28T10:11:22+00:00","dateModified":"2021-03-25T08:40:50+00:00","description":"\u00a0 Benvolguts companys, \u00a0 A Editorial Joventut estem m\u00e9s que conven\u00e7uts que els llibres il\u00b7lustrats han d'estar presents a totes les biblioteques, les","breadcrumb":{"@id":"https:\/\/www.editorialjuventud.es\/ca\/escoles\/#breadcrumb"},"inLanguage":"ca","potentialAction":[{"@type":"ReadAction","target":["https:\/\/www.editorialjuventud.es\/ca\/escoles\/"]}]},{"@type":"ImageObject","inLanguage":"ca","@id":"https:\/\/www.editorialjuventud.es\/ca\/escoles\/#primaryimage","url":"http:\/\/www.editorialjuventud.es\/wp-content\/uploads\/Interior-Edison.jpg","contentUrl":"http:\/\/www.editorialjuventud.es\/wp-content\/uploads\/Interior-Edison.jpg"},{"@type":"BreadcrumbList","@id":"https:\/\/www.editorialjuventud.es\/ca\/escoles\/#breadcrumb","itemListElement":[{"@type":"ListItem","position":1,"name":"Portada","item":"https:\/\/www.editorialjuventud.es\/"},{"@type":"ListItem","position":2,"name":"Escoles"}]},{"@type":"WebSite","@id":"https:\/\/www.editorialjuventud.es\/#website","url":"https:\/\/www.editorialjuventud.es\/","name":"Editorial Juventud","description":"","potentialAction":[{"@type":"SearchAction","target":{"@type":"EntryPoint","urlTemplate":"https:\/\/www.editorialjuventud.es\/?s={search_term_string}"},"query-input":{"@type":"PropertyValueSpecification","valueRequired":true,"valueName":"search_term_string"}}],"inLanguage":"ca"}]}},"_links":{"self":[{"href":"https:\/\/www.editorialjuventud.es\/ca\/wp-json\/wp\/v2\/pages\/20508","targetHints":{"allow":["GET"]}}],"collection":[{"href":"https:\/\/www.editorialjuventud.es\/ca\/wp-json\/wp\/v2\/pages"}],"about":[{"href":"https:\/\/www.editorialjuventud.es\/ca\/wp-json\/wp\/v2\/types\/page"}],"author":[{"embeddable":true,"href":"https:\/\/www.editorialjuventud.es\/ca\/wp-json\/wp\/v2\/users\/2"}],"replies":[{"embeddable":true,"href":"https:\/\/www.editorialjuventud.es\/ca\/wp-json\/wp\/v2\/comments?post=20508"}],"version-history":[{"count":19,"href":"https:\/\/www.editorialjuventud.es\/ca\/wp-json\/wp\/v2\/pages\/20508\/revisions"}],"predecessor-version":[{"id":51716,"href":"https:\/\/www.editorialjuventud.es\/ca\/wp-json\/wp\/v2\/pages\/20508\/revisions\/51716"}],"wp:attachment":[{"href":"https:\/\/www.editorialjuventud.es\/ca\/wp-json\/wp\/v2\/media?parent=20508"}],"curies":[{"name":"wp","href":"https:\/\/api.w.org\/{rel}","templated":true}]}}