{"id":52222,"date":"2023-06-22T00:10:44","date_gmt":"2023-06-21T20:10:44","guid":{"rendered":"https:\/\/www.editorialjuventud.es\/?post_type=autores&#038;p=52222"},"modified":"2025-01-27T15:36:28","modified_gmt":"2025-01-27T14:36:28","slug":"joan-manuel-soldevilla","status":"publish","type":"autores","link":"https:\/\/www.editorialjuventud.es\/ca\/autores\/joan-manuel-soldevilla\/","title":{"rendered":"Soldevilla, Joan Manuel"},"content":{"rendered":"\n<p><strong>Joan Manuel Soldevilla<\/strong> naci\u00f3\nen Barcelona en 1964 y reside en Figueres. Es catedr\u00e1tico de literatura y\nlengua espa\u00f1ola en un instituto de la ciudad, y especialista en c\u00f3mic y en\ncomunicaci\u00f3n de masas. Compagina el trabajo docente con el de escritor,\ncomisario de exposiciones, y podemos encontrar art\u00edculos suyos en diversos\nmedios en los que colabora puntualmente. Pero si tenemos que destacar una\nfaceta suya, es sin duda la de experto tintin\u00f3logo, que le ha llevado a\nescribir <em>Abecedari de Tint\u00edn<\/em> y <em>Univers Herg\u00e9<\/em> entre otras obras basadas\nen el periodista belga. <\/p>\n","protected":false},"author":2,"featured_media":0,"template":"","class_list":["post-52222","autores","type-autores","status-publish","hentry"],"acf":{"autores_relacionados":"","foto_del_autor":false,"autores-libros":[52228,52231],"ilustradores-libros":"","traductores-libros":"","galeria_del_autor":false,"mas_informacion_del_autor":false,"texto-autor-ca":"<p><strong>Joan Manuel Soldevilla<\/strong> va n\u00e9ixer a Barcelona el 1964 i resideix a Figueres. \u00c9s catedr\u00e0tic de literatura i llengua espanyola a l\u2019institut de la ciutat, i especialista en c\u00f2mic i comunicaci\u00f3 de masses. Compagina el treball docent amb el d\u2019escriptor, comissari d\u2019exposicions, i podem trobar articles seus en diversos mitjans amb qu\u00e8 col\u00b7labora puntualment. Per\u00f2 si hem de destacar una faceta seva, \u00e9s la de l\u2019expert tintin\u00f2leg, que l\u2019ha dut a escriure <em>Abecedari de Tint\u00edn<\/em> i <em>Univers Herg\u00e9<\/em> entre altres obres basades en el periodista belga.<\/p>\n","biografia-ca":"","texto-autor-fr":"","biografia-fr":"","nombre":"Joan Manuel","apellidos":"Soldevilla"},"yoast_head":"<!-- This site is optimized with the Yoast SEO plugin v27.3 - https:\/\/yoast.com\/product\/yoast-seo-wordpress\/ -->\n<title>Soldevilla, Joan Manuel - Editorial Juventud<\/title>\n<meta name=\"description\" content=\"Joan Manuel Soldevilla naci\u00f3 en Barcelona en 1964 y reside en Figueres. Es catedr\u00e1tico de literatura y lengua espa\u00f1ola en un instituto de la ciudad, y\" \/>\n<meta name=\"robots\" content=\"index, follow, max-snippet:-1, max-image-preview:large, max-video-preview:-1\" \/>\n<link rel=\"canonical\" href=\"https:\/\/www.editorialjuventud.es\/autores\/joan-manuel-soldevilla\/\" \/>\n<meta property=\"og:locale\" content=\"ca_ES\" \/>\n<meta property=\"og:type\" content=\"article\" \/>\n<meta property=\"og:title\" content=\"Soldevilla, Joan Manuel - Editorial Juventud\" \/>\n<meta property=\"og:description\" content=\"Joan Manuel Soldevilla naci\u00f3 en Barcelona en 1964 y reside en Figueres. Es catedr\u00e1tico de literatura y lengua espa\u00f1ola en un instituto de la ciudad, y\" \/>\n<meta property=\"og:url\" content=\"https:\/\/www.editorialjuventud.es\/autores\/joan-manuel-soldevilla\/\" \/>\n<meta property=\"og:site_name\" content=\"Editorial Juventud\" \/>\n<meta property=\"article:modified_time\" content=\"2025-01-27T14:36:28+00:00\" \/>\n<meta name=\"twitter:card\" content=\"summary_large_image\" \/>\n<script type=\"application\/ld+json\" class=\"yoast-schema-graph\">{\"@context\":\"https:\\\/\\\/schema.org\",\"@graph\":[{\"@type\":\"WebPage\",\"@id\":\"https:\\\/\\\/www.editorialjuventud.es\\\/autores\\\/joan-manuel-soldevilla\\\/\",\"url\":\"https:\\\/\\\/www.editorialjuventud.es\\\/autores\\\/joan-manuel-soldevilla\\\/\",\"name\":\"Soldevilla, Joan Manuel - Editorial Juventud\",\"isPartOf\":{\"@id\":\"https:\\\/\\\/www.editorialjuventud.es\\\/#website\"},\"datePublished\":\"2023-06-21T20:10:44+00:00\",\"dateModified\":\"2025-01-27T14:36:28+00:00\",\"description\":\"Joan Manuel Soldevilla naci\u00f3 en Barcelona en 1964 y reside en Figueres. Es catedr\u00e1tico de literatura y lengua espa\u00f1ola en un instituto de la ciudad, y\",\"breadcrumb\":{\"@id\":\"https:\\\/\\\/www.editorialjuventud.es\\\/autores\\\/joan-manuel-soldevilla\\\/#breadcrumb\"},\"inLanguage\":\"ca\",\"potentialAction\":[{\"@type\":\"ReadAction\",\"target\":[\"https:\\\/\\\/www.editorialjuventud.es\\\/autores\\\/joan-manuel-soldevilla\\\/\"]}]},{\"@type\":\"BreadcrumbList\",\"@id\":\"https:\\\/\\\/www.editorialjuventud.es\\\/autores\\\/joan-manuel-soldevilla\\\/#breadcrumb\",\"itemListElement\":[{\"@type\":\"ListItem\",\"position\":1,\"name\":\"Portada\",\"item\":\"https:\\\/\\\/www.editorialjuventud.es\\\/\"},{\"@type\":\"ListItem\",\"position\":2,\"name\":\"Soldevilla, Joan Manuel\"}]},{\"@type\":\"WebSite\",\"@id\":\"https:\\\/\\\/www.editorialjuventud.es\\\/#website\",\"url\":\"https:\\\/\\\/www.editorialjuventud.es\\\/\",\"name\":\"Editorial Juventud\",\"description\":\"\",\"potentialAction\":[{\"@type\":\"SearchAction\",\"target\":{\"@type\":\"EntryPoint\",\"urlTemplate\":\"https:\\\/\\\/www.editorialjuventud.es\\\/?s={search_term_string}\"},\"query-input\":{\"@type\":\"PropertyValueSpecification\",\"valueRequired\":true,\"valueName\":\"search_term_string\"}}],\"inLanguage\":\"ca\"}]}<\/script>\n<!-- \/ Yoast SEO plugin. -->","yoast_head_json":{"title":"Soldevilla, Joan Manuel - Editorial Juventud","description":"Joan Manuel Soldevilla naci\u00f3 en Barcelona en 1964 y reside en Figueres. Es catedr\u00e1tico de literatura y lengua espa\u00f1ola en un instituto de la ciudad, y","robots":{"index":"index","follow":"follow","max-snippet":"max-snippet:-1","max-image-preview":"max-image-preview:large","max-video-preview":"max-video-preview:-1"},"canonical":"https:\/\/www.editorialjuventud.es\/autores\/joan-manuel-soldevilla\/","og_locale":"ca_ES","og_type":"article","og_title":"Soldevilla, Joan Manuel - Editorial Juventud","og_description":"Joan Manuel Soldevilla naci\u00f3 en Barcelona en 1964 y reside en Figueres. Es catedr\u00e1tico de literatura y lengua espa\u00f1ola en un instituto de la ciudad, y","og_url":"https:\/\/www.editorialjuventud.es\/autores\/joan-manuel-soldevilla\/","og_site_name":"Editorial Juventud","article_modified_time":"2025-01-27T14:36:28+00:00","twitter_card":"summary_large_image","schema":{"@context":"https:\/\/schema.org","@graph":[{"@type":"WebPage","@id":"https:\/\/www.editorialjuventud.es\/autores\/joan-manuel-soldevilla\/","url":"https:\/\/www.editorialjuventud.es\/autores\/joan-manuel-soldevilla\/","name":"Soldevilla, Joan Manuel - Editorial Juventud","isPartOf":{"@id":"https:\/\/www.editorialjuventud.es\/#website"},"datePublished":"2023-06-21T20:10:44+00:00","dateModified":"2025-01-27T14:36:28+00:00","description":"Joan Manuel Soldevilla naci\u00f3 en Barcelona en 1964 y reside en Figueres. Es catedr\u00e1tico de literatura y lengua espa\u00f1ola en un instituto de la ciudad, y","breadcrumb":{"@id":"https:\/\/www.editorialjuventud.es\/autores\/joan-manuel-soldevilla\/#breadcrumb"},"inLanguage":"ca","potentialAction":[{"@type":"ReadAction","target":["https:\/\/www.editorialjuventud.es\/autores\/joan-manuel-soldevilla\/"]}]},{"@type":"BreadcrumbList","@id":"https:\/\/www.editorialjuventud.es\/autores\/joan-manuel-soldevilla\/#breadcrumb","itemListElement":[{"@type":"ListItem","position":1,"name":"Portada","item":"https:\/\/www.editorialjuventud.es\/"},{"@type":"ListItem","position":2,"name":"Soldevilla, Joan Manuel"}]},{"@type":"WebSite","@id":"https:\/\/www.editorialjuventud.es\/#website","url":"https:\/\/www.editorialjuventud.es\/","name":"Editorial Juventud","description":"","potentialAction":[{"@type":"SearchAction","target":{"@type":"EntryPoint","urlTemplate":"https:\/\/www.editorialjuventud.es\/?s={search_term_string}"},"query-input":{"@type":"PropertyValueSpecification","valueRequired":true,"valueName":"search_term_string"}}],"inLanguage":"ca"}]}},"_links":{"self":[{"href":"https:\/\/www.editorialjuventud.es\/ca\/wp-json\/wp\/v2\/autores\/52222","targetHints":{"allow":["GET"]}}],"collection":[{"href":"https:\/\/www.editorialjuventud.es\/ca\/wp-json\/wp\/v2\/autores"}],"about":[{"href":"https:\/\/www.editorialjuventud.es\/ca\/wp-json\/wp\/v2\/types\/autores"}],"author":[{"embeddable":true,"href":"https:\/\/www.editorialjuventud.es\/ca\/wp-json\/wp\/v2\/users\/2"}],"wp:attachment":[{"href":"https:\/\/www.editorialjuventud.es\/ca\/wp-json\/wp\/v2\/media?parent=52222"}],"curies":[{"name":"wp","href":"https:\/\/api.w.org\/{rel}","templated":true}]}}