{"id":16407,"date":"2024-10-09T16:41:33","date_gmt":"2024-10-09T12:41:33","guid":{"rendered":"http:\/\/www.editorialjuventud.es\/?post_type=autores&#038;p=16407"},"modified":"2025-01-27T15:01:59","modified_gmt":"2025-01-27T14:01:59","slug":"herge","status":"publish","type":"autores","link":"https:\/\/www.editorialjuventud.es\/ca\/autores\/herge\/","title":{"rendered":"Herg\u00e9"},"content":{"rendered":"<p>Es el seud\u00f3nimo de George Rem\u00ed, haciendo un juego con las iniciales de su nombre invertidas. A lo largo de la evoluci\u00f3n de su personaje estrella, Tint\u00edn, podemos ver los progresos de este autor: desde los primeros t\u00edtulos marcados por la doctrina ultraconservadora del director del diario <em>Le Petit Vingti\u00e8me<\/em>, hasta la ruptura de convencionalismos plasmada a partir de <em>El loto azul<\/em>, as\u00ed como la evoluci\u00f3n de la sociedad de su \u00e9poca. La investigaci\u00f3n realizada por Herg\u00e9 para contextualizar hist\u00f3ricamente sus Aventuras, as\u00ed como su impl\u00edcita cr\u00edtica social han convertido a Tint\u00edn en una obra maestra del siglo XX.<\/p>\n","protected":false},"author":2,"featured_media":18491,"template":"","class_list":["post-16407","autores","type-autores","status-publish","has-post-thumbnail","hentry"],"acf":{"autores_relacionados":"","fecha_de_nacimiento":"","foto_del_autor":"https:\/\/www.editorialjuventud.es\/wp-content\/uploads\/herge-padre-de-tintin.jpg","lugar_de_nacimiento":"","autores-libros":[0],"web_del_autor":"","correo_del_autor":"","telefono_del_autor":"","galeria_del_autor":[{"ID":18492,"id":18492,"title":"herge-padre-de-tintin","filename":"herge-padre-de-tintin.jpg","filesize":230067,"url":"https:\/\/www.editorialjuventud.es\/wp-content\/uploads\/herge-padre-de-tintin.jpg","link":"https:\/\/www.editorialjuventud.es\/ca\/herge-padre-de-tintin-2\/","alt":"","author":"1","description":"","caption":"","name":"herge-padre-de-tintin-2","status":"inherit","uploaded_to":0,"date":"2018-10-03 21:56:07","modified":"2018-10-03 21:56:07","menu_order":0,"mime_type":"image\/jpeg","type":"image","subtype":"jpeg","icon":"https:\/\/www.editorialjuventud.es\/wp-includes\/images\/media\/default.png","width":1491,"height":985,"sizes":{"thumbnail":"https:\/\/www.editorialjuventud.es\/wp-content\/uploads\/herge-padre-de-tintin-200x200.jpg","thumbnail-width":200,"thumbnail-height":200,"medium":"https:\/\/www.editorialjuventud.es\/wp-content\/uploads\/herge-padre-de-tintin.jpg","medium-width":1491,"medium-height":985,"medium_large":"https:\/\/www.editorialjuventud.es\/wp-content\/uploads\/herge-padre-de-tintin-768x507.jpg","medium_large-width":768,"medium_large-height":507,"large":"https:\/\/www.editorialjuventud.es\/wp-content\/uploads\/herge-padre-de-tintin.jpg","large-width":1491,"large-height":985,"1536x1536":"https:\/\/www.editorialjuventud.es\/wp-content\/uploads\/herge-padre-de-tintin.jpg","1536x1536-width":1491,"1536x1536-height":985,"2048x2048":"https:\/\/www.editorialjuventud.es\/wp-content\/uploads\/herge-padre-de-tintin.jpg","2048x2048-width":1491,"2048x2048-height":985,"woocommerce_thumbnail":"https:\/\/www.editorialjuventud.es\/wp-content\/uploads\/herge-padre-de-tintin-350x231.jpg","woocommerce_thumbnail-width":350,"woocommerce_thumbnail-height":231,"woocommerce_single":"https:\/\/www.editorialjuventud.es\/wp-content\/uploads\/herge-padre-de-tintin-900x595.jpg","woocommerce_single-width":900,"woocommerce_single-height":595,"woocommerce_gallery_thumbnail":"https:\/\/www.editorialjuventud.es\/wp-content\/uploads\/herge-padre-de-tintin-100x100.jpg","woocommerce_gallery_thumbnail-width":100,"woocommerce_gallery_thumbnail-height":100,"ppec_logo_image_size":"https:\/\/www.editorialjuventud.es\/wp-content\/uploads\/herge-padre-de-tintin.jpg","ppec_logo_image_size-width":91,"ppec_logo_image_size-height":60,"ppec_header_image_size":"https:\/\/www.editorialjuventud.es\/wp-content\/uploads\/herge-padre-de-tintin.jpg","ppec_header_image_size-width":136,"ppec_header_image_size-height":90}},{"ID":19365,"id":19365,"title":"1 vi\u00f1eta - Tin Tin en el congo","filename":"1-vi\u00f1eta-Tin-Tin-en-el-congo.jpg","filesize":82878,"url":"https:\/\/www.editorialjuventud.es\/wp-content\/uploads\/1-vi\u00f1eta-Tin-Tin-en-el-congo.jpg","link":"https:\/\/www.editorialjuventud.es\/ca\/personajes\/tintin\/1-vineta-tin-tin-en-el-congo-2\/","alt":"","author":"47","description":"","caption":"","name":"1-vineta-tin-tin-en-el-congo-2","status":"inherit","uploaded_to":3028,"date":"2018-11-15 13:16:48","modified":"2018-11-15 13:16:48","menu_order":0,"mime_type":"image\/jpeg","type":"image","subtype":"jpeg","icon":"https:\/\/www.editorialjuventud.es\/wp-includes\/images\/media\/default.png","width":0,"height":0,"sizes":{"thumbnail":"https:\/\/www.editorialjuventud.es\/wp-content\/uploads\/1-vi\u00f1eta-Tin-Tin-en-el-congo.jpg","thumbnail-width":1,"thumbnail-height":1,"medium":"https:\/\/www.editorialjuventud.es\/wp-content\/uploads\/1-vi\u00f1eta-Tin-Tin-en-el-congo.jpg","medium-width":0,"medium-height":0,"medium_large":"https:\/\/www.editorialjuventud.es\/wp-content\/uploads\/1-vi\u00f1eta-Tin-Tin-en-el-congo.jpg","medium_large-width":1,"medium_large-height":1,"large":"https:\/\/www.editorialjuventud.es\/wp-content\/uploads\/1-vi\u00f1eta-Tin-Tin-en-el-congo.jpg","large-width":0,"large-height":0,"1536x1536":"https:\/\/www.editorialjuventud.es\/wp-content\/uploads\/1-vi\u00f1eta-Tin-Tin-en-el-congo.jpg","1536x1536-width":1,"1536x1536-height":1,"2048x2048":"https:\/\/www.editorialjuventud.es\/wp-content\/uploads\/1-vi\u00f1eta-Tin-Tin-en-el-congo.jpg","2048x2048-width":1,"2048x2048-height":1,"woocommerce_thumbnail":"https:\/\/www.editorialjuventud.es\/wp-content\/uploads\/1-vi\u00f1eta-Tin-Tin-en-el-congo.jpg","woocommerce_thumbnail-width":1,"woocommerce_thumbnail-height":1,"woocommerce_single":"https:\/\/www.editorialjuventud.es\/wp-content\/uploads\/1-vi\u00f1eta-Tin-Tin-en-el-congo.jpg","woocommerce_single-width":1,"woocommerce_single-height":1,"woocommerce_gallery_thumbnail":"https:\/\/www.editorialjuventud.es\/wp-content\/uploads\/1-vi\u00f1eta-Tin-Tin-en-el-congo.jpg","woocommerce_gallery_thumbnail-width":1,"woocommerce_gallery_thumbnail-height":1,"ppec_logo_image_size":"https:\/\/www.editorialjuventud.es\/wp-content\/uploads\/1-vi\u00f1eta-Tin-Tin-en-el-congo.jpg","ppec_logo_image_size-width":1,"ppec_logo_image_size-height":1,"ppec_header_image_size":"https:\/\/www.editorialjuventud.es\/wp-content\/uploads\/1-vi\u00f1eta-Tin-Tin-en-el-congo.jpg","ppec_header_image_size-width":1,"ppec_header_image_size-height":1}},{"ID":20124,"id":20124,"title":"Herg\u00e9 con estatua Tintin","filename":"Herg\u00e9-con-estatua-Tintin.jpg","filesize":72198,"url":"https:\/\/www.editorialjuventud.es\/wp-content\/uploads\/Herg\u00e9-con-estatua-Tintin.jpg","link":"https:\/\/www.editorialjuventud.es\/ca\/herge-con-estatua-tintin-2\/","alt":"","author":"47","description":"","caption":"","name":"herge-con-estatua-tintin-2","status":"inherit","uploaded_to":0,"date":"2018-12-14 09:10:43","modified":"2018-12-14 09:10:43","menu_order":0,"mime_type":"image\/jpeg","type":"image","subtype":"jpeg","icon":"https:\/\/www.editorialjuventud.es\/wp-includes\/images\/media\/default.png","width":500,"height":708,"sizes":{"thumbnail":"https:\/\/www.editorialjuventud.es\/wp-content\/uploads\/Herg\u00e9-con-estatua-Tintin-200x200.jpg","thumbnail-width":200,"thumbnail-height":200,"medium":"https:\/\/www.editorialjuventud.es\/wp-content\/uploads\/Herg\u00e9-con-estatua-Tintin.jpg","medium-width":500,"medium-height":708,"medium_large":"https:\/\/www.editorialjuventud.es\/wp-content\/uploads\/Herg\u00e9-con-estatua-Tintin.jpg","medium_large-width":500,"medium_large-height":708,"large":"https:\/\/www.editorialjuventud.es\/wp-content\/uploads\/Herg\u00e9-con-estatua-Tintin.jpg","large-width":500,"large-height":708,"1536x1536":"https:\/\/www.editorialjuventud.es\/wp-content\/uploads\/Herg\u00e9-con-estatua-Tintin.jpg","1536x1536-width":500,"1536x1536-height":708,"2048x2048":"https:\/\/www.editorialjuventud.es\/wp-content\/uploads\/Herg\u00e9-con-estatua-Tintin.jpg","2048x2048-width":500,"2048x2048-height":708,"woocommerce_thumbnail":"https:\/\/www.editorialjuventud.es\/wp-content\/uploads\/Herg\u00e9-con-estatua-Tintin-350x496.jpg","woocommerce_thumbnail-width":350,"woocommerce_thumbnail-height":496,"woocommerce_single":"https:\/\/www.editorialjuventud.es\/wp-content\/uploads\/Herg\u00e9-con-estatua-Tintin.jpg","woocommerce_single-width":500,"woocommerce_single-height":708,"woocommerce_gallery_thumbnail":"https:\/\/www.editorialjuventud.es\/wp-content\/uploads\/Herg\u00e9-con-estatua-Tintin-100x100.jpg","woocommerce_gallery_thumbnail-width":100,"woocommerce_gallery_thumbnail-height":100,"ppec_logo_image_size":"https:\/\/www.editorialjuventud.es\/wp-content\/uploads\/Herg\u00e9-con-estatua-Tintin.jpg","ppec_logo_image_size-width":42,"ppec_logo_image_size-height":60,"ppec_header_image_size":"https:\/\/www.editorialjuventud.es\/wp-content\/uploads\/Herg\u00e9-con-estatua-Tintin.jpg","ppec_header_image_size-width":64,"ppec_header_image_size-height":90}}],"mas_informacion_del_autor":false,"texto-autor-fr":"","biografia-fr":"","ilustradores-libros":[4808,4816,4821,4826,4827,4828,4829,4830,4839,4840,4841,4871,4872,4877,4879,4880,4884,4889,4899,4909,4910,4921,4922,4928,4931,4933,4934,4935,4936,4937,4938,4939,4947,4948,4949,4950,4951,4952,4953,4954,4955,4956,4957,5764,5765,5775,5776,5820,5822,5842,5843,6298,6299,6418,6429,6431,4808,4816,4821,4827,4828,4829,4830,4839,4840,4841,4871,4872,4877,4879,4880,4884,4889,4899,4909,4910,4921,4928,4931,4933,4934,4935,4936,4937,4938,4939,4947,4948,4949,4950,4951,4952,4953,4954,4955,4956,4957,5764,5765,5775,5776,5820,5822,5842,5843,6298,6299,6418,6429,6431,18449,18449,4826,4922,24908,24908,5842,59486,59489,70104,77131,79200,79200,92201,92201,92204,92204,97794,97794,97797,97797],"traductores-libros":"","texto-autor-ca":"<p>\u00c9s el pseud\u00f2nim de George Rem\u00ed, fent un joc amb les inicials del seu nom invertides. Al llarg de l&#8217;evoluci\u00f3 del seu personatge estrella, Tint\u00edn, podem veure els progressos d&#8217;aquest autor: des dels primers t\u00edtols marcats per la doctrina ultraconservadora del director del diari <em>Le Petit Vingti\u00e8me<\/em>, fins a la ruptura de convencionalismes plasmada a partir del <em>Lotus Blau<\/em> , aix\u00ed com l&#8217;evoluci\u00f3 de la societat de la seva \u00e8poca. La investigaci\u00f3 realitzada per Herg\u00e9 per contextualitzar hist\u00f2ricament les seves Aventures, aix\u00ed com la seva impl\u00edcita cr\u00edtica social han convertit a Tint\u00edn en una obra mestra del segle XX.<\/p>\n","biografia-ca":"","nombre":"","apellidos":"Herg\u00e9"},"yoast_head":"<!-- This site is optimized with the Yoast SEO plugin v27.3 - https:\/\/yoast.com\/product\/yoast-seo-wordpress\/ -->\n<title>Herg\u00e9 - Editorial Juventud<\/title>\n<meta name=\"description\" content=\"Herg\u00e9 fue el creador de\u00a0Las aventuras de Tint\u00edn\u00a0en 1929, que a d\u00eda de hoy siguen ejerciendo una importante influencia en el mundo del c\u00f3mic, particularmente en\u00a0Europa.\" \/>\n<meta name=\"robots\" content=\"index, follow, max-snippet:-1, max-image-preview:large, max-video-preview:-1\" \/>\n<link rel=\"canonical\" href=\"https:\/\/www.editorialjuventud.es\/autores\/herge\/\" \/>\n<meta property=\"og:locale\" content=\"ca_ES\" \/>\n<meta property=\"og:type\" content=\"article\" \/>\n<meta property=\"og:title\" content=\"Herg\u00e9 - Editorial Juventud\" \/>\n<meta property=\"og:description\" content=\"Herg\u00e9 fue el creador de\u00a0Las aventuras de Tint\u00edn\u00a0en 1929, que a d\u00eda de hoy siguen ejerciendo una importante influencia en el mundo del c\u00f3mic, particularmente en\u00a0Europa.\" \/>\n<meta property=\"og:url\" content=\"https:\/\/www.editorialjuventud.es\/autores\/herge\/\" \/>\n<meta property=\"og:site_name\" content=\"Editorial Juventud\" \/>\n<meta property=\"article:modified_time\" content=\"2025-01-27T14:01:59+00:00\" \/>\n<meta property=\"og:image\" content=\"https:\/\/www.editorialjuventud.es\/wp-content\/uploads\/herge-padre-de-tintin.jpg\" \/>\n\t<meta property=\"og:image:width\" content=\"1491\" \/>\n\t<meta property=\"og:image:height\" content=\"985\" \/>\n\t<meta property=\"og:image:type\" content=\"image\/jpeg\" \/>\n<meta name=\"twitter:card\" content=\"summary_large_image\" \/>\n<meta name=\"twitter:label1\" content=\"Temps estimat de lectura\" \/>\n\t<meta name=\"twitter:data1\" content=\"1 minut\" \/>\n<script type=\"application\/ld+json\" class=\"yoast-schema-graph\">{\"@context\":\"https:\\\/\\\/schema.org\",\"@graph\":[{\"@type\":\"WebPage\",\"@id\":\"https:\\\/\\\/www.editorialjuventud.es\\\/autores\\\/herge\\\/\",\"url\":\"https:\\\/\\\/www.editorialjuventud.es\\\/autores\\\/herge\\\/\",\"name\":\"Herg\u00e9 - Editorial Juventud\",\"isPartOf\":{\"@id\":\"https:\\\/\\\/www.editorialjuventud.es\\\/#website\"},\"primaryImageOfPage\":{\"@id\":\"https:\\\/\\\/www.editorialjuventud.es\\\/autores\\\/herge\\\/#primaryimage\"},\"image\":{\"@id\":\"https:\\\/\\\/www.editorialjuventud.es\\\/autores\\\/herge\\\/#primaryimage\"},\"thumbnailUrl\":\"https:\\\/\\\/www.editorialjuventud.es\\\/wp-content\\\/uploads\\\/herge-padre-de-tintin.jpg\",\"datePublished\":\"2024-10-09T12:41:33+00:00\",\"dateModified\":\"2025-01-27T14:01:59+00:00\",\"description\":\"Herg\u00e9 fue el creador de\u00a0Las aventuras de Tint\u00edn\u00a0en 1929, que a d\u00eda de hoy siguen ejerciendo una importante influencia en el mundo del c\u00f3mic, particularmente en\u00a0Europa.\",\"breadcrumb\":{\"@id\":\"https:\\\/\\\/www.editorialjuventud.es\\\/autores\\\/herge\\\/#breadcrumb\"},\"inLanguage\":\"ca\",\"potentialAction\":[{\"@type\":\"ReadAction\",\"target\":[\"https:\\\/\\\/www.editorialjuventud.es\\\/autores\\\/herge\\\/\"]}]},{\"@type\":\"ImageObject\",\"inLanguage\":\"ca\",\"@id\":\"https:\\\/\\\/www.editorialjuventud.es\\\/autores\\\/herge\\\/#primaryimage\",\"url\":\"https:\\\/\\\/www.editorialjuventud.es\\\/wp-content\\\/uploads\\\/herge-padre-de-tintin.jpg\",\"contentUrl\":\"https:\\\/\\\/www.editorialjuventud.es\\\/wp-content\\\/uploads\\\/herge-padre-de-tintin.jpg\",\"width\":1491,\"height\":985},{\"@type\":\"BreadcrumbList\",\"@id\":\"https:\\\/\\\/www.editorialjuventud.es\\\/autores\\\/herge\\\/#breadcrumb\",\"itemListElement\":[{\"@type\":\"ListItem\",\"position\":1,\"name\":\"Portada\",\"item\":\"https:\\\/\\\/www.editorialjuventud.es\\\/\"},{\"@type\":\"ListItem\",\"position\":2,\"name\":\"Herg\u00e9\"}]},{\"@type\":\"WebSite\",\"@id\":\"https:\\\/\\\/www.editorialjuventud.es\\\/#website\",\"url\":\"https:\\\/\\\/www.editorialjuventud.es\\\/\",\"name\":\"Editorial Juventud\",\"description\":\"\",\"potentialAction\":[{\"@type\":\"SearchAction\",\"target\":{\"@type\":\"EntryPoint\",\"urlTemplate\":\"https:\\\/\\\/www.editorialjuventud.es\\\/?s={search_term_string}\"},\"query-input\":{\"@type\":\"PropertyValueSpecification\",\"valueRequired\":true,\"valueName\":\"search_term_string\"}}],\"inLanguage\":\"ca\"}]}<\/script>\n<!-- \/ Yoast SEO plugin. -->","yoast_head_json":{"title":"Herg\u00e9 - Editorial Juventud","description":"Herg\u00e9 fue el creador de\u00a0Las aventuras de Tint\u00edn\u00a0en 1929, que a d\u00eda de hoy siguen ejerciendo una importante influencia en el mundo del c\u00f3mic, particularmente en\u00a0Europa.","robots":{"index":"index","follow":"follow","max-snippet":"max-snippet:-1","max-image-preview":"max-image-preview:large","max-video-preview":"max-video-preview:-1"},"canonical":"https:\/\/www.editorialjuventud.es\/autores\/herge\/","og_locale":"ca_ES","og_type":"article","og_title":"Herg\u00e9 - Editorial Juventud","og_description":"Herg\u00e9 fue el creador de\u00a0Las aventuras de Tint\u00edn\u00a0en 1929, que a d\u00eda de hoy siguen ejerciendo una importante influencia en el mundo del c\u00f3mic, particularmente en\u00a0Europa.","og_url":"https:\/\/www.editorialjuventud.es\/autores\/herge\/","og_site_name":"Editorial Juventud","article_modified_time":"2025-01-27T14:01:59+00:00","og_image":[{"width":1491,"height":985,"url":"https:\/\/www.editorialjuventud.es\/wp-content\/uploads\/herge-padre-de-tintin.jpg","type":"image\/jpeg"}],"twitter_card":"summary_large_image","twitter_misc":{"Temps estimat de lectura":"1 minut"},"schema":{"@context":"https:\/\/schema.org","@graph":[{"@type":"WebPage","@id":"https:\/\/www.editorialjuventud.es\/autores\/herge\/","url":"https:\/\/www.editorialjuventud.es\/autores\/herge\/","name":"Herg\u00e9 - Editorial Juventud","isPartOf":{"@id":"https:\/\/www.editorialjuventud.es\/#website"},"primaryImageOfPage":{"@id":"https:\/\/www.editorialjuventud.es\/autores\/herge\/#primaryimage"},"image":{"@id":"https:\/\/www.editorialjuventud.es\/autores\/herge\/#primaryimage"},"thumbnailUrl":"https:\/\/www.editorialjuventud.es\/wp-content\/uploads\/herge-padre-de-tintin.jpg","datePublished":"2024-10-09T12:41:33+00:00","dateModified":"2025-01-27T14:01:59+00:00","description":"Herg\u00e9 fue el creador de\u00a0Las aventuras de Tint\u00edn\u00a0en 1929, que a d\u00eda de hoy siguen ejerciendo una importante influencia en el mundo del c\u00f3mic, particularmente en\u00a0Europa.","breadcrumb":{"@id":"https:\/\/www.editorialjuventud.es\/autores\/herge\/#breadcrumb"},"inLanguage":"ca","potentialAction":[{"@type":"ReadAction","target":["https:\/\/www.editorialjuventud.es\/autores\/herge\/"]}]},{"@type":"ImageObject","inLanguage":"ca","@id":"https:\/\/www.editorialjuventud.es\/autores\/herge\/#primaryimage","url":"https:\/\/www.editorialjuventud.es\/wp-content\/uploads\/herge-padre-de-tintin.jpg","contentUrl":"https:\/\/www.editorialjuventud.es\/wp-content\/uploads\/herge-padre-de-tintin.jpg","width":1491,"height":985},{"@type":"BreadcrumbList","@id":"https:\/\/www.editorialjuventud.es\/autores\/herge\/#breadcrumb","itemListElement":[{"@type":"ListItem","position":1,"name":"Portada","item":"https:\/\/www.editorialjuventud.es\/"},{"@type":"ListItem","position":2,"name":"Herg\u00e9"}]},{"@type":"WebSite","@id":"https:\/\/www.editorialjuventud.es\/#website","url":"https:\/\/www.editorialjuventud.es\/","name":"Editorial Juventud","description":"","potentialAction":[{"@type":"SearchAction","target":{"@type":"EntryPoint","urlTemplate":"https:\/\/www.editorialjuventud.es\/?s={search_term_string}"},"query-input":{"@type":"PropertyValueSpecification","valueRequired":true,"valueName":"search_term_string"}}],"inLanguage":"ca"}]}},"_links":{"self":[{"href":"https:\/\/www.editorialjuventud.es\/ca\/wp-json\/wp\/v2\/autores\/16407","targetHints":{"allow":["GET"]}}],"collection":[{"href":"https:\/\/www.editorialjuventud.es\/ca\/wp-json\/wp\/v2\/autores"}],"about":[{"href":"https:\/\/www.editorialjuventud.es\/ca\/wp-json\/wp\/v2\/types\/autores"}],"author":[{"embeddable":true,"href":"https:\/\/www.editorialjuventud.es\/ca\/wp-json\/wp\/v2\/users\/2"}],"wp:featuredmedia":[{"embeddable":true,"href":"https:\/\/www.editorialjuventud.es\/ca\/wp-json\/wp\/v2\/media\/18491"}],"wp:attachment":[{"href":"https:\/\/www.editorialjuventud.es\/ca\/wp-json\/wp\/v2\/media?parent=16407"}],"curies":[{"name":"wp","href":"https:\/\/api.w.org\/{rel}","templated":true}]}}